{"id":246469,"date":"2026-01-06T19:40:34","date_gmt":"2026-01-06T18:40:34","guid":{"rendered":"https:\/\/itsw.edu.pl\/szkola-podstawowa-fr\/"},"modified":"2026-01-12T21:33:54","modified_gmt":"2026-01-12T20:33:54","slug":"ecole-primaire","status":"publish","type":"page","link":"https:\/\/itsw.edu.pl\/fr\/ecole-primaire\/","title":{"rendered":"\u00c9cole primaire internationale"},"content":{"rendered":"<div class=\"et_pb_section_0 et_pb_section et_section_regular et_block_section\">\n<div class=\"et_pb_row_0 et_pb_row et_block_row\">\n<div class=\"et_pb_column_0 et_pb_column et_pb_column_4_4 et-last-child et_block_column et_pb_css_mix_blend_mode_passthrough\">\n<div class=\"et_pb_heading_0 et_pb_heading et_pb_module et_block_module\"><div class=\"et_pb_heading_container\"><h1 class=\"et_pb_module_header\">\u00c9cole Primaire Internationale ITSW \u00e0 Varsovie<\/h1><\/div><\/div>\n<\/div>\n<\/div>\n\n<div class=\"et_pb_row_1 et_pb_row et_flex_row\">\n<div class=\"et_pb_column_1 et_pb_column et_block_column et_pb_css_mix_blend_mode_passthrough et_flex_column_2_5 et_flex_column_24_24_tablet et_flex_column_24_24_phone\">\n<div class=\"et_pb_text_0 et_pb_text et_pb_bg_layout_light et_pb_module et_block_module\"><div class=\"et_pb_text_inner\"><p><strong>Nous cr\u00e9ons un environnement \u00e9ducatif dans lequel les enfants grandissent avec un esprit d\u2019ouverture, de curiosit\u00e9 et de d\u00e9veloppement individuel.<\/strong><\/p>\n<p>L\u2019\u00c9cole Primaire Internationale ITSW est un lieu o\u00f9 l\u2019\u00e9ducation rencontre la passion, et o\u00f9 les \u00e9l\u00e8ves apprennent de mani\u00e8re moderne et \u00e9quilibr\u00e9e \u2013 en anglais, en polonais et dans une troisi\u00e8me langue qu\u2019ils apprennent depuis la cr\u00e8che ou la maternelle dans notre \u00e9tablissement, selon les normes internationales et le programme national polonais.<\/p>\n<\/div><\/div>\n<\/div>\n\n<div class=\"et_pb_column_2 et_pb_column et-last-child et_block_column et_pb_css_mix_blend_mode_passthrough et_flex_column_16_24 et_flex_column_16_24_tablet et_flex_column_24_24_phone\">\n<div class=\"et_pb_group_0 et_pb_group et-last-child et_pb_module et_flex_group et_pb_css_mix_blend_mode_passthrough\">\n<div class=\"et_pb_group_1 et_pb_group et_pb_module et_flex_group et_pb_css_mix_blend_mode_passthrough\">\n<div class=\"et_pb_image_0 et_pb_image et_pb_module et_block_module\"><span class=\"et_pb_image_wrap\"><img decoding=\"async\" src=\"https:\/\/itsw.edu.pl\/wp-content\/uploads\/itsw-szkola-podstawowa-edukacja-trojjezyczna-w-warszawie.jpg\" alt=\"Jedyna szko\u0142a tr\u00f3jj\u0119zyczna w Polsce\" title=\"ITSW Szko\u0142a podstawowa edukacja tro\u0301jje\u0328zyczna w Warszawie\" width=\"1200\" height=\"675\" srcset=\"https:\/\/itsw.edu.pl\/wp-content\/uploads\/itsw-szkola-podstawowa-edukacja-trojjezyczna-w-warszawie.jpg 1200w, https:\/\/itsw.edu.pl\/wp-content\/uploads\/itsw-szkola-podstawowa-edukacja-trojjezyczna-w-warszawie-980x551.jpg 980w, https:\/\/itsw.edu.pl\/wp-content\/uploads\/itsw-szkola-podstawowa-edukacja-trojjezyczna-w-warszawie-480x270.jpg 480w\" sizes=\"(min-width: 0px) and (max-width: 480px) 480px, (min-width: 481px) and (max-width: 980px) 980px, (min-width: 981px) 1200px, 100vw\" class=\"wp-image-246360\" \/><\/span><\/div>\n<\/div>\n\n<div class=\"et_pb_image_1 et_pb_image et_pb_module et_flex_module\"><span class=\"et_pb_image_wrap\"><img decoding=\"async\" src=\"https:\/\/itsw.edu.pl\/wp-content\/uploads\/decor.svg\" title=\"decor\" width=\"50\" height=\"200\" srcset=\"https:\/\/itsw.edu.pl\/wp-content\/uploads\/decor.svg 50w\" sizes=\"(min-width: 0px) and (max-width: 0px) 0px, (min-width: 1px) 50px, 100vw\" class=\"wp-image-244688\" \/><\/span><\/div>\n<\/div>\n<\/div>\n<\/div>\n\n<div class=\"et_pb_row_2 et_pb_row et_flex_row\">\n<div class=\"et_pb_column_3 et_pb_column et_block_column et_pb_css_mix_blend_mode_passthrough et_flex_column_2_5 et_flex_column_24_24_tablet et_flex_column_24_24_phone\">\n<div class=\"et_pb_image_2 et_pb_image et_pb_module et_block_module\"><span class=\"et_pb_image_wrap\"><img decoding=\"async\" src=\"https:\/\/itsw.edu.pl\/wp-content\/uploads\/klasa-1-3-kampus-aldony.jpg\" title=\"Klasa 1-3 Kampus Aldony\" width=\"751\" height=\"875\" srcset=\"https:\/\/itsw.edu.pl\/wp-content\/uploads\/klasa-1-3-kampus-aldony.jpg 751w, https:\/\/itsw.edu.pl\/wp-content\/uploads\/klasa-1-3-kampus-aldony-480x559.jpg 480w\" sizes=\"(min-width: 0px) and (max-width: 480px) 480px, (min-width: 481px) 751px, 100vw\" class=\"wp-image-246353\" \/><\/span><\/div>\n<\/div>\n\n<div class=\"et_pb_column_4 et_pb_column et-last-child et_block_column et_pb_css_mix_blend_mode_passthrough et_flex_column_3_5 et_flex_column_24_24_tablet et_flex_column_24_24_phone\">\n<div class=\"et_pb_text_1 et_pb_text et_pb_bg_layout_light et_pb_module et_block_module\"><div class=\"et_pb_text_inner\"><h2 style=\"margin-bottom: 15px;\">Classes 1\u20133 \u2013 Primaire Inf\u00e9rieure<\/h2>\n<p>Dans les premi\u00e8res classes, nous mettons l\u2019accent sur la confiance en soi, les comp\u00e9tences de communication et sociales. Nos plus jeunes \u00e9l\u00e8ves apprennent par l\u2019exp\u00e9rience, le jeu et l\u2019exploration. Gr\u00e2ce \u00e0 de petits groupes et \u00e0 des enseignants qualifi\u00e9s et natifs, chaque enfant b\u00e9n\u00e9ficie d\u2019un accompagnement personnalis\u00e9 et progresse \u00e0 son propre rythme.<br \/>\nLe programme \u00e9ducatif est bas\u00e9 sur la p\u00e9dagogie Reggio Emilia et combine le programme polonais avec des \u00e9l\u00e9ments internationaux, favorisant le d\u00e9veloppement linguistique et la cr\u00e9ativit\u00e9.<\/p>\n<\/div><\/div>\n\n<div class=\"et_pb_module et_pb_button_module_wrapper et_pb_button_0_wrapper\"><a class=\"et_pb_button_0 et_pb_button et_pb_bg_layout_light et_pb_module et_block_module\" href=\"https:\/\/itsw.edu.pl\/szkola-podstawowa\/klasy-1-3\/\">Rejoignez les classes 1-3<\/a><\/div>\n<\/div>\n<\/div>\n<\/div>\n\n<div class=\"et_pb_section_1 et_pb_section et_section_regular et_block_section\">\n<div class=\"et_pb_row_3 et_pb_row et_flex_row\">\n<div class=\"et_pb_column_5 et_pb_column et_block_column et_pb_css_mix_blend_mode_passthrough et_flex_column_24_24 et_flex_column_24_24_tablet et_flex_column_24_24_phone\">\n<div class=\"et_pb_text_2 et_pb_text et_pb_bg_layout_light et_pb_module et_block_module\"><div class=\"et_pb_text_inner\"><h2 style=\"margin-bottom: 15px;\">Classes 4\u20136 \u2013 Primaire Sup\u00e9rieure<\/h2>\n<p>\u00c0 ce stade, les \u00e9l\u00e8ves d\u00e9veloppent la pens\u00e9e autonome, le travail en projet et l\u2019analyse critique. Nous \u00e9largissons les mati\u00e8res enseign\u00e9es en anglais et introduisons des \u00e9l\u00e9ments du programme Cambridge Primary afin de pr\u00e9parer les enfants \u00e0 un environnement d\u2019apprentissage international.<br \/>\nL'interdisciplinarit\u00e9 et le d\u00e9veloppement de comp\u00e9tences cl\u00e9s \u2013 comme la collaboration, la pens\u00e9e critique, l\u2019innovation et la responsabilit\u00e9 sociale \u2013 sont des priorit\u00e9s \u00e9ducatives essentielles.<\/p>\n<\/div><\/div>\n\n<div class=\"et_pb_module et_pb_button_module_wrapper et_pb_button_1_wrapper\"><a class=\"et_pb_button_1 et_pb_button et_pb_bg_layout_light et_pb_module et_block_module\" href=\"https:\/\/itsw.edu.pl\/szkola-podstawowa\/klasy-4-6\/\">Rejoignez les classes 4-6<\/a><\/div>\n<\/div>\n\n<div class=\"et_pb_column_6 et_pb_column et-last-child et_block_column et_pb_css_mix_blend_mode_passthrough et_flex_column_24_24 et_flex_column_24_24_tablet et_flex_column_24_24_phone\">\n<div class=\"et_pb_image_3 et_pb_image et_pb_module et_block_module\"><span class=\"et_pb_image_wrap\"><img decoding=\"async\" src=\"https:\/\/itsw.edu.pl\/wp-content\/uploads\/uczniowie-klas-4-6-kampus-nobla.jpg\" alt=\"Szko\u0142a mi\u0119dzynarodowa klasy 4-6\" title=\"Uczniowie klas 4-6 Kampus Nobla\" width=\"555\" height=\"450\" srcset=\"https:\/\/itsw.edu.pl\/wp-content\/uploads\/uczniowie-klas-4-6-kampus-nobla.jpg 555w, https:\/\/itsw.edu.pl\/wp-content\/uploads\/uczniowie-klas-4-6-kampus-nobla-480x389.jpg 480w\" sizes=\"(min-width: 0px) and (max-width: 480px) 480px, (min-width: 481px) 555px, 100vw\" class=\"wp-image-246331\" \/><\/span><\/div>\n<\/div>\n<\/div>\n<\/div>\n\n<div class=\"et_pb_section_2 et_pb_section et_section_regular et_flex_section\">\n<div class=\"et_pb_row_4 et_pb_row et_flex_row custom_row\">\n<div class=\"et_pb_column_7 et_pb_column et_block_column et_pb_css_mix_blend_mode_passthrough et_flex_column_24_24 et_flex_column_24_24_tablet et_flex_column_24_24_phone second-on-mobile\">\n<div class=\"et_pb_image_4 et_pb_image et_pb_module et_block_module\"><span class=\"et_pb_image_wrap\"><img decoding=\"async\" src=\"https:\/\/itsw.edu.pl\/wp-content\/uploads\/uczniownie-klas-7-8-szkola-miedzynarodowa.jpg\" alt=\"Szko\u0142a mi\u0119dzynarodowa w Warszawie na Saskiej K\u0119pie\" title=\"Uczniownie klas 7-8 szkola miedzynarodowa\" width=\"751\" height=\"875\" srcset=\"https:\/\/itsw.edu.pl\/wp-content\/uploads\/uczniownie-klas-7-8-szkola-miedzynarodowa.jpg 751w, https:\/\/itsw.edu.pl\/wp-content\/uploads\/uczniownie-klas-7-8-szkola-miedzynarodowa-480x559.jpg 480w\" sizes=\"(min-width: 0px) and (max-width: 480px) 480px, (min-width: 481px) 751px, 100vw\" class=\"wp-image-246338\" \/><\/span><\/div>\n<\/div>\n\n<div class=\"et_pb_column_8 et_pb_column et-last-child et_block_column et_pb_css_mix_blend_mode_passthrough et_flex_column_24_24 et_flex_column_24_24_tablet et_flex_column_24_24_phone first-on-mobile\">\n<div class=\"et_pb_text_3 et_pb_text et_pb_bg_layout_light et_pb_module et_block_module\"><div class=\"et_pb_text_inner\"><h2 style=\"margin-bottom: 15px;\">Classes 7\u20138 \u2013 Coll\u00e8ge (Middle School)<\/h2>\n<p>En classes 7\u20138, nous pr\u00e9parons consciemment les \u00e9l\u00e8ves \u00e0 la prochaine \u00e9tape de leur parcours scolaire \u2013 en Pologne ou dans des \u00e9coles internationales. Nos \u00e9l\u00e8ves d\u00e9veloppent des connaissances sp\u00e9cialis\u00e9es en sciences, en lettres et en arts, gr\u00e2ce \u00e0 un programme enrichi incluant les composants du Cambridge Lower Secondary.<br \/>\nNous accompagnons \u00e9galement leur d\u00e9veloppement \u00e9motionnel et social, en cultivant des qualit\u00e9s de leadership adapt\u00e9es aux d\u00e9fis du monde moderne.<\/p>\n<\/div><\/div>\n\n<div class=\"et_pb_module et_pb_button_module_wrapper et_pb_button_2_wrapper\"><a class=\"et_pb_button_2 et_pb_button et_pb_bg_layout_light et_pb_module et_block_module\" href=\"https:\/\/itsw.edu.pl\/szkola-podstawowa\/klasy-7-8\/\" target=\"_blank\">Rejoignez les classes 7\u20138<\/a><\/div>\n<\/div>\n<\/div>\n<\/div>\n\n<div class=\"et_pb_section_3 et_pb_section et_section_regular et_flex_section\">\n<div class=\"et_pb_row_5 et_pb_row et_flex_row\">\n<div class=\"et_pb_column_9 et_pb_column et_block_column et_pb_css_mix_blend_mode_passthrough et_flex_column_24_24 et_flex_column_24_24_tablet et_flex_column_24_24_phone\">\n<div class=\"et_pb_text_4 et_pb_text et_pb_bg_layout_light et_pb_module et_block_module\"><div class=\"et_pb_text_inner\"><h2 style=\"margin-bottom: 15px;\">Deux campus \u2013 une seule philosophie \u00e9ducative<\/h2>\n<p>Notre \u00e9cole primaire fonctionne sur deux sites : <strong>Campus Aldona (Saska K\u0119pa)<\/strong> \u2013 classes 1\u20133, et <strong>Campus Nobla (Saska K\u0119pa)<\/strong> \u2013 classes 4\u20138. Les deux sites partagent les m\u00eames langues d\u2019enseignement, m\u00e9thodologie \u00e9ducative, programmes, valeurs et ambiance communautaire.<\/p>\n<\/div><\/div>\n\n<div class=\"et_pb_module et_pb_button_module_wrapper et_pb_button_3_wrapper\"><a class=\"et_pb_button_3 et_pb_button et_pb_bg_layout_light et_pb_module et_block_module\" href=\"https:\/\/itsw.edu.pl\/ankieta-wstepna\/\">Inscrivez votre enfant \u00e0 l\u2019ITSW d\u00e8s aujourd\u2019hui !<\/a><\/div>\n<\/div>\n\n<div class=\"et_pb_column_10 et_pb_column et-last-child et_block_column et_pb_css_mix_blend_mode_passthrough et_flex_column_24_24 et_flex_column_24_24_tablet et_flex_column_24_24_phone\">\n<div class=\"et_pb_image_5 et_pb_image et_pb_module et_block_module\"><span class=\"et_pb_image_wrap\"><img decoding=\"async\" src=\"https:\/\/itsw.edu.pl\/wp-content\/uploads\/itsw-w-warszawie-szkola-podstawowa.jpg\" title=\"ITSW w Warszawie szkola podstawowa\" width=\"555\" height=\"450\" srcset=\"https:\/\/itsw.edu.pl\/wp-content\/uploads\/itsw-w-warszawie-szkola-podstawowa.jpg 555w, https:\/\/itsw.edu.pl\/wp-content\/uploads\/itsw-w-warszawie-szkola-podstawowa-480x389.jpg 480w\" sizes=\"(min-width: 0px) and (max-width: 480px) 480px, (min-width: 481px) 555px, 100vw\" class=\"wp-image-246372\" alt=\"Mi\u0119dzynarodowa szko\u0142a podstawowa ITSW zaj\u0119cia plastyczne\" \/><\/span><\/div>\n<\/div>\n<\/div>\n<\/div>\n\n<div class=\"et_pb_section_4 et_pb_section et_section_regular et_block_section\">\n<div class=\"et_pb_row_6 et_pb_row et_block_row\">\n<div class=\"et_pb_column_11 et_pb_column et_pb_column_2_3 et_block_column et_pb_css_mix_blend_mode_passthrough\">\n<div class=\"et_pb_text_5 et_pb_text et_pb_bg_layout_light et_pb_module et_block_module\"><div class=\"et_pb_text_inner\"><div class=\"flex max-w-full flex-col flex-grow\">\n<div data-message-author-role=\"assistant\" data-message-id=\"e041fd6a-a14f-4a8b-b1a3-71b59274b3d7\" dir=\"auto\" class=\"min-h-8 text-message flex w-full flex-col items-end gap-2 whitespace-normal break-words text-start [.text-message+&amp;]:mt-5\" data-message-model-slug=\"gpt-4o\">\n<div class=\"flex w-full flex-col gap-1 empty:hidden first:pt-[3px]\">\n<div class=\"markdown prose w-full break-words dark:prose-invert light\">\nAidez votre enfant \u00e0 d\u00e9velopper des super-pouvoirs \u2013 r\u00e9servez une place et d\u00e9bloquez le trilinguisme !\n<\/div>\n<\/div>\n<\/div>\n<\/div>\n<div class=\"mb-2 flex gap-3 empty:hidden -ml-2\">\n<div class=\"items-center justify-start rounded-xl p-1 flex\">\n<div class=\"flex items-center\"><span class=\"hidden\"><\/span><\/div>\n<\/div>\n<\/div>\n<\/div><\/div>\n<\/div>\n\n<div class=\"et_pb_column_12 et_pb_column et_pb_column_1_3 et-last-child et_block_column et_pb_css_mix_blend_mode_passthrough\">\n<div class=\"et_pb_module et_pb_button_module_wrapper et_pb_button_4_wrapper\"><a class=\"et_pb_button_4 et_pb_button et_pb_bg_layout_light et_pb_module et_block_module\" href=\"https:\/\/itsw.edu.pl\/fr\/formulaire-admission\/\" target=\"_blank\">Inscrire votre enfant<\/a><\/div>\n<\/div>\n<\/div>\n<\/div>","protected":false},"excerpt":{"rendered":"","protected":false},"author":3,"featured_media":0,"parent":0,"menu_order":0,"comment_status":"closed","ping_status":"closed","template":"","meta":{"_acf_changed":false,"inline_featured_image":false,"footnotes":""},"class_list":["post-246469","page","type-page","status-publish","hentry"],"acf":[],"yoast_head":"<!-- This site is optimized with the Yoast SEO plugin v27.4 - https:\/\/yoast.com\/product\/yoast-seo-wordpress\/ -->\n<title>Mi\u0119dzynarodowa Szko\u0142a Podstawowa ITSW w Warszawie<\/title>\n<meta name=\"description\" content=\"Nowoczesna szko\u0142a podstawowa w Warszawie z nauczaniem w 3 j\u0119zykach. Klasy 1\u20138. Zapisz dziecko ju\u017c dzi\u015b!\" \/>\n<meta name=\"robots\" content=\"index, follow, max-snippet:-1, max-image-preview:large, max-video-preview:-1\" \/>\n<link rel=\"canonical\" href=\"https:\/\/itsw.edu.pl\/fr\/ecole-primaire\/\" \/>\n<meta property=\"og:locale\" content=\"fr_FR\" \/>\n<meta property=\"og:type\" content=\"article\" \/>\n<meta property=\"og:title\" content=\"Mi\u0119dzynarodowa Szko\u0142a Podstawowa ITSW w Warszawie\" \/>\n<meta property=\"og:description\" content=\"Nowoczesna szko\u0142a podstawowa w Warszawie z nauczaniem w 3 j\u0119zykach. Klasy 1\u20138. Zapisz dziecko ju\u017c dzi\u015b!\" \/>\n<meta property=\"og:url\" content=\"https:\/\/itsw.edu.pl\/fr\/ecole-primaire\/\" \/>\n<meta property=\"og:site_name\" content=\"ITSW\" \/>\n<meta property=\"article:publisher\" content=\"https:\/\/www.facebook.com\/ITSW.School.Escuela.Ecole.XueXiao.Gakko.Warsaw\" \/>\n<meta property=\"article:modified_time\" content=\"2026-01-12T20:33:54+00:00\" \/>\n<meta name=\"twitter:card\" content=\"summary_large_image\" \/>\n<script type=\"application\/ld+json\" class=\"yoast-schema-graph\">{\"@context\":\"https:\\\/\\\/schema.org\",\"@graph\":[{\"@type\":\"Article\",\"@id\":\"https:\\\/\\\/itsw.edu.pl\\\/fr\\\/ecole-primaire\\\/#article\",\"isPartOf\":{\"@id\":\"https:\\\/\\\/itsw.edu.pl\\\/fr\\\/ecole-primaire\\\/\"},\"author\":{\"name\":\"M.K.\",\"@id\":\"https:\\\/\\\/itsw.edu.pl\\\/#\\\/schema\\\/person\\\/4a89b345dd3285b6de291f440f753c8f\"},\"headline\":\"\u00c9cole primaire internationale\",\"datePublished\":\"2026-01-06T18:40:34+00:00\",\"dateModified\":\"2026-01-12T20:33:54+00:00\",\"mainEntityOfPage\":{\"@id\":\"https:\\\/\\\/itsw.edu.pl\\\/fr\\\/ecole-primaire\\\/\"},\"wordCount\":3,\"publisher\":{\"@id\":\"https:\\\/\\\/itsw.edu.pl\\\/#organization\"},\"inLanguage\":\"fr-FR\"},{\"@type\":\"WebPage\",\"@id\":\"https:\\\/\\\/itsw.edu.pl\\\/fr\\\/ecole-primaire\\\/\",\"url\":\"https:\\\/\\\/itsw.edu.pl\\\/fr\\\/ecole-primaire\\\/\",\"name\":\"Mi\u0119dzynarodowa Szko\u0142a Podstawowa ITSW w Warszawie\",\"isPartOf\":{\"@id\":\"https:\\\/\\\/itsw.edu.pl\\\/#website\"},\"datePublished\":\"2026-01-06T18:40:34+00:00\",\"dateModified\":\"2026-01-12T20:33:54+00:00\",\"description\":\"Nowoczesna szko\u0142a podstawowa w Warszawie z nauczaniem w 3 j\u0119zykach. Klasy 1\u20138. Zapisz dziecko ju\u017c dzi\u015b!\",\"breadcrumb\":{\"@id\":\"https:\\\/\\\/itsw.edu.pl\\\/fr\\\/ecole-primaire\\\/#breadcrumb\"},\"inLanguage\":\"fr-FR\",\"potentialAction\":[{\"@type\":\"ReadAction\",\"target\":[\"https:\\\/\\\/itsw.edu.pl\\\/fr\\\/ecole-primaire\\\/\"]}]},{\"@type\":\"BreadcrumbList\",\"@id\":\"https:\\\/\\\/itsw.edu.pl\\\/fr\\\/ecole-primaire\\\/#breadcrumb\",\"itemListElement\":[{\"@type\":\"ListItem\",\"position\":1,\"name\":\"ITSW\",\"item\":\"https:\\\/\\\/itsw.edu.pl\\\/fr\\\/\"},{\"@type\":\"ListItem\",\"position\":2,\"name\":\"\u00c9cole primaire internationale\"}]},{\"@type\":\"WebSite\",\"@id\":\"https:\\\/\\\/itsw.edu.pl\\\/#website\",\"url\":\"https:\\\/\\\/itsw.edu.pl\\\/\",\"name\":\"ITSW\",\"description\":\"\",\"publisher\":{\"@id\":\"https:\\\/\\\/itsw.edu.pl\\\/#organization\"},\"alternateName\":\"International Trilingual School of Warsaw\",\"potentialAction\":[{\"@type\":\"SearchAction\",\"target\":{\"@type\":\"EntryPoint\",\"urlTemplate\":\"https:\\\/\\\/itsw.edu.pl\\\/?s={search_term_string}\"},\"query-input\":{\"@type\":\"PropertyValueSpecification\",\"valueRequired\":true,\"valueName\":\"search_term_string\"}}],\"inLanguage\":\"fr-FR\"},{\"@type\":\"Organization\",\"@id\":\"https:\\\/\\\/itsw.edu.pl\\\/#organization\",\"name\":\"International Trilingual School of Warsaw\",\"alternateName\":\"International Trilingual School of Warsaw\",\"url\":\"https:\\\/\\\/itsw.edu.pl\\\/\",\"logo\":{\"@type\":\"ImageObject\",\"inLanguage\":\"fr-FR\",\"@id\":\"https:\\\/\\\/itsw.edu.pl\\\/#\\\/schema\\\/logo\\\/image\\\/\",\"url\":\"https:\\\/\\\/itsw.edu.pl\\\/wp-content\\\/uploads\\\/itsw-logo.png\",\"contentUrl\":\"https:\\\/\\\/itsw.edu.pl\\\/wp-content\\\/uploads\\\/itsw-logo.png\",\"width\":350,\"height\":103,\"caption\":\"International Trilingual School of Warsaw\"},\"image\":{\"@id\":\"https:\\\/\\\/itsw.edu.pl\\\/#\\\/schema\\\/logo\\\/image\\\/\"},\"sameAs\":[\"https:\\\/\\\/www.facebook.com\\\/ITSW.School.Escuela.Ecole.XueXiao.Gakko.Warsaw\"]},{\"@type\":\"Person\",\"@id\":\"https:\\\/\\\/itsw.edu.pl\\\/#\\\/schema\\\/person\\\/4a89b345dd3285b6de291f440f753c8f\",\"name\":\"M.K.\"}]}<\/script>\n<!-- \/ Yoast SEO plugin. -->","yoast_head_json":{"title":"Mi\u0119dzynarodowa Szko\u0142a Podstawowa ITSW w Warszawie","description":"Nowoczesna szko\u0142a podstawowa w Warszawie z nauczaniem w 3 j\u0119zykach. Klasy 1\u20138. Zapisz dziecko ju\u017c dzi\u015b!","robots":{"index":"index","follow":"follow","max-snippet":"max-snippet:-1","max-image-preview":"max-image-preview:large","max-video-preview":"max-video-preview:-1"},"canonical":"https:\/\/itsw.edu.pl\/fr\/ecole-primaire\/","og_locale":"fr_FR","og_type":"article","og_title":"Mi\u0119dzynarodowa Szko\u0142a Podstawowa ITSW w Warszawie","og_description":"Nowoczesna szko\u0142a podstawowa w Warszawie z nauczaniem w 3 j\u0119zykach. Klasy 1\u20138. Zapisz dziecko ju\u017c dzi\u015b!","og_url":"https:\/\/itsw.edu.pl\/fr\/ecole-primaire\/","og_site_name":"ITSW","article_publisher":"https:\/\/www.facebook.com\/ITSW.School.Escuela.Ecole.XueXiao.Gakko.Warsaw","article_modified_time":"2026-01-12T20:33:54+00:00","twitter_card":"summary_large_image","schema":{"@context":"https:\/\/schema.org","@graph":[{"@type":"Article","@id":"https:\/\/itsw.edu.pl\/fr\/ecole-primaire\/#article","isPartOf":{"@id":"https:\/\/itsw.edu.pl\/fr\/ecole-primaire\/"},"author":{"name":"M.K.","@id":"https:\/\/itsw.edu.pl\/#\/schema\/person\/4a89b345dd3285b6de291f440f753c8f"},"headline":"\u00c9cole primaire internationale","datePublished":"2026-01-06T18:40:34+00:00","dateModified":"2026-01-12T20:33:54+00:00","mainEntityOfPage":{"@id":"https:\/\/itsw.edu.pl\/fr\/ecole-primaire\/"},"wordCount":3,"publisher":{"@id":"https:\/\/itsw.edu.pl\/#organization"},"inLanguage":"fr-FR"},{"@type":"WebPage","@id":"https:\/\/itsw.edu.pl\/fr\/ecole-primaire\/","url":"https:\/\/itsw.edu.pl\/fr\/ecole-primaire\/","name":"Mi\u0119dzynarodowa Szko\u0142a Podstawowa ITSW w Warszawie","isPartOf":{"@id":"https:\/\/itsw.edu.pl\/#website"},"datePublished":"2026-01-06T18:40:34+00:00","dateModified":"2026-01-12T20:33:54+00:00","description":"Nowoczesna szko\u0142a podstawowa w Warszawie z nauczaniem w 3 j\u0119zykach. Klasy 1\u20138. Zapisz dziecko ju\u017c dzi\u015b!","breadcrumb":{"@id":"https:\/\/itsw.edu.pl\/fr\/ecole-primaire\/#breadcrumb"},"inLanguage":"fr-FR","potentialAction":[{"@type":"ReadAction","target":["https:\/\/itsw.edu.pl\/fr\/ecole-primaire\/"]}]},{"@type":"BreadcrumbList","@id":"https:\/\/itsw.edu.pl\/fr\/ecole-primaire\/#breadcrumb","itemListElement":[{"@type":"ListItem","position":1,"name":"ITSW","item":"https:\/\/itsw.edu.pl\/fr\/"},{"@type":"ListItem","position":2,"name":"\u00c9cole primaire internationale"}]},{"@type":"WebSite","@id":"https:\/\/itsw.edu.pl\/#website","url":"https:\/\/itsw.edu.pl\/","name":"ITSW","description":"","publisher":{"@id":"https:\/\/itsw.edu.pl\/#organization"},"alternateName":"International Trilingual School of Warsaw","potentialAction":[{"@type":"SearchAction","target":{"@type":"EntryPoint","urlTemplate":"https:\/\/itsw.edu.pl\/?s={search_term_string}"},"query-input":{"@type":"PropertyValueSpecification","valueRequired":true,"valueName":"search_term_string"}}],"inLanguage":"fr-FR"},{"@type":"Organization","@id":"https:\/\/itsw.edu.pl\/#organization","name":"International Trilingual School of Warsaw","alternateName":"International Trilingual School of Warsaw","url":"https:\/\/itsw.edu.pl\/","logo":{"@type":"ImageObject","inLanguage":"fr-FR","@id":"https:\/\/itsw.edu.pl\/#\/schema\/logo\/image\/","url":"https:\/\/itsw.edu.pl\/wp-content\/uploads\/itsw-logo.png","contentUrl":"https:\/\/itsw.edu.pl\/wp-content\/uploads\/itsw-logo.png","width":350,"height":103,"caption":"International Trilingual School of Warsaw"},"image":{"@id":"https:\/\/itsw.edu.pl\/#\/schema\/logo\/image\/"},"sameAs":["https:\/\/www.facebook.com\/ITSW.School.Escuela.Ecole.XueXiao.Gakko.Warsaw"]},{"@type":"Person","@id":"https:\/\/itsw.edu.pl\/#\/schema\/person\/4a89b345dd3285b6de291f440f753c8f","name":"M.K."}]}},"_links":{"self":[{"href":"https:\/\/itsw.edu.pl\/fr\/wp-json\/wp\/v2\/pages\/246469","targetHints":{"allow":["GET"]}}],"collection":[{"href":"https:\/\/itsw.edu.pl\/fr\/wp-json\/wp\/v2\/pages"}],"about":[{"href":"https:\/\/itsw.edu.pl\/fr\/wp-json\/wp\/v2\/types\/page"}],"author":[{"embeddable":true,"href":"https:\/\/itsw.edu.pl\/fr\/wp-json\/wp\/v2\/users\/3"}],"replies":[{"embeddable":true,"href":"https:\/\/itsw.edu.pl\/fr\/wp-json\/wp\/v2\/comments?post=246469"}],"version-history":[{"count":8,"href":"https:\/\/itsw.edu.pl\/fr\/wp-json\/wp\/v2\/pages\/246469\/revisions"}],"predecessor-version":[{"id":249579,"href":"https:\/\/itsw.edu.pl\/fr\/wp-json\/wp\/v2\/pages\/246469\/revisions\/249579"}],"wp:attachment":[{"href":"https:\/\/itsw.edu.pl\/fr\/wp-json\/wp\/v2\/media?parent=246469"}],"curies":[{"name":"wp","href":"https:\/\/api.w.org\/{rel}","templated":true}]}}