{"id":243939,"date":"2026-01-06T13:39:20","date_gmt":"2026-01-06T12:39:20","guid":{"rendered":"https:\/\/itsw.edu.pl\/?page_id=243939"},"modified":"2026-02-24T19:45:16","modified_gmt":"2026-02-24T18:45:16","slug":"a-propos-nous","status":"publish","type":"page","link":"https:\/\/itsw.edu.pl\/fr\/a-propos-nous\/","title":{"rendered":"\u00c0 propos nous"},"content":{"rendered":"<div class=\"et_pb_section_0 et_pb_section et_section_regular et_block_section\">\n<div class=\"et_pb_row_0 et_pb_row et_block_row\">\n<div class=\"et_pb_column_0 et_pb_column et_pb_column_4_4 et-last-child et_block_column et_pb_css_mix_blend_mode_passthrough\">\n<div class=\"et_pb_heading_0 et_pb_heading et_pb_module et_block_module\"><div class=\"et_pb_heading_container\"><h1 class=\"et_pb_module_header\">ITSW \u2013 Coll\u00e8ge, \u00e9cole primaire, maternelle et cr\u00e8che internationales \u00e0 Varsovie<\/h1><\/div><\/div>\n\n<div class=\"et_pb_text_0 et_pb_text et_pb_bg_layout_light et_pb_module et_block_module\"><div class=\"et_pb_text_inner\"><p>ITSW est bien plus qu'une simple \u00e9cole. C'est une communaut\u00e9 internationale bas\u00e9e au c\u0153ur de Varsovie qui soutient avec passion le d\u00e9veloppement des enfants depuis 2001. Nous cr\u00e9ons un lieu unique o\u00f9 l'apprentissage, les langues, le multiculturalisme, l'ouverture et le d\u00e9veloppement des comp\u00e9tences de demain se conjuguent harmonieusement dans un climat chaleureux et s\u00e9curisant.<\/p>\n<\/div><\/div>\n<\/div>\n<\/div>\n\n<div class=\"et_pb_row_1 et_pb_row et_block_row\">\n<div class=\"et_pb_column_1 et_pb_column et_pb_column_1_2 et_block_column et_pb_css_mix_blend_mode_passthrough\">\n<div class=\"et_pb_image_0 et_pb_image et_pb_module et_block_module\"><span class=\"et_pb_image_wrap\"><img decoding=\"async\" src=\"https:\/\/itsw.edu.pl\/wp-content\/uploads\/troska-i-ciepla-opieka.jpg\" title=\"troska-i-ciepla-opieka\" width=\"555\" height=\"450\" srcset=\"https:\/\/itsw.edu.pl\/wp-content\/uploads\/troska-i-ciepla-opieka.jpg 555w, https:\/\/itsw.edu.pl\/wp-content\/uploads\/troska-i-ciepla-opieka-480x389.jpg 480w\" sizes=\"(min-width: 0px) and (max-width: 480px) 480px, (min-width: 481px) 555px, 100vw\" class=\"wp-image-245667\" \/><\/span><\/div>\n<\/div>\n\n<div class=\"et_pb_column_2 et_pb_column et_pb_column_1_2 et-last-child et_block_column et_pb_css_mix_blend_mode_passthrough\">\n<div class=\"et_pb_text_1 et_pb_text et_pb_bg_layout_light et_pb_module et_block_module\"><div class=\"et_pb_text_inner\"><h2 style=\"margin-bottom: 15px;\">Un parcours \u00e9ducatif complet \u2013 de la cr\u00e8che au coll\u00e8ge<\/h2>\n<p>ITSW consiste en deux cr\u00e8ches, deux \u00e9coles maternelles, une \u00e9cole primaire et un coll\u00e8ge. Cela permet \u00e0 votre enfant d'apprendre dans un environnement coh\u00e9rent de la petite enfance \u00e0 la 4\u00e8me, assurant ainsi une continuit\u00e9 linguistique et p\u00e9dagogique.<\/p>\n<\/div><\/div>\n<\/div>\n<\/div>\n<\/div>\n\n<div class=\"et_pb_section_1 et_pb_section et_section_regular et_block_section\">\n<div class=\"et_pb_row_2 et_pb_row et_block_row\">\n<div class=\"et_pb_column_3 et_pb_column et_pb_column_1_2 et_block_column et_pb_css_mix_blend_mode_passthrough\">\n<div class=\"et_pb_text_2 et_pb_text et_pb_bg_layout_light et_pb_module et_block_module\"><div class=\"et_pb_text_inner\"><h3 style=\"margin-bottom: 15px;\">Nous formons des citoyens du monde<\/h3>\n<p>Au quotidien, nous encourageons les enfants \u00e0 \u00eatre ouverts, empathiques et autonomes. Nous privil\u00e9gions une \u00e9ducation multiculturelle et trilingue\u00a0: nous enseignons en polonais, anglais, fran\u00e7ais, espagnol, chinois et japonais, pr\u00e9parant ainsi nos \u00e9l\u00e8ves \u00e0 vivre dans un monde sans fronti\u00e8res.<\/p>\n<p>\u00a0<\/p>\n<\/div><\/div>\n<\/div>\n\n<div class=\"et_pb_column_4 et_pb_column et_pb_column_1_2 et-last-child et_block_column et_pb_css_mix_blend_mode_passthrough\">\n<div class=\"et_pb_image_1 et_pb_image et_pb_module et_block_module\"><span class=\"et_pb_image_wrap\"><img decoding=\"async\" src=\"https:\/\/itsw.edu.pl\/wp-content\/uploads\/roznorodnosc-kulturowa.jpg\" title=\"roznorodnosc-kulturowa\" width=\"555\" height=\"450\" srcset=\"https:\/\/itsw.edu.pl\/wp-content\/uploads\/roznorodnosc-kulturowa.jpg 555w, https:\/\/itsw.edu.pl\/wp-content\/uploads\/roznorodnosc-kulturowa-480x389.jpg 480w\" sizes=\"(min-width: 0px) and (max-width: 480px) 480px, (min-width: 481px) 555px, 100vw\" class=\"wp-image-245653\" alt=\"Grupa dzieci siedz\u0105ca w k\u00f3\u0142ku uczy sie j\u0119zyka\" \/><\/span><\/div>\n<\/div>\n<\/div>\n\n<div class=\"et_pb_row_3 et_pb_row et_block_row\">\n<div class=\"et_pb_column_5 et_pb_column et_pb_column_1_2 et_block_column et_pb_css_mix_blend_mode_passthrough\">\n<div class=\"et_pb_image_2 et_pb_image et_pb_module et_block_module\"><span class=\"et_pb_image_wrap\"><img decoding=\"async\" src=\"https:\/\/itsw.edu.pl\/wp-content\/uploads\/radosc-odkrywania-swiata.jpg\" title=\"radosc-odkrywania-swiata\" width=\"555\" height=\"450\" srcset=\"https:\/\/itsw.edu.pl\/wp-content\/uploads\/radosc-odkrywania-swiata.jpg 555w, https:\/\/itsw.edu.pl\/wp-content\/uploads\/radosc-odkrywania-swiata-480x389.jpg 480w\" sizes=\"(min-width: 0px) and (max-width: 480px) 480px, (min-width: 481px) 555px, 100vw\" class=\"wp-image-245646\" alt=\"Grupa dzieci siedz\u0105ca w k\u00f3\u0142ku uczy sie j\u0119zyka\" \/><\/span><\/div>\n<\/div>\n\n<div class=\"et_pb_column_6 et_pb_column et_pb_column_1_2 et-last-child et_block_column et_pb_css_mix_blend_mode_passthrough\">\n<div class=\"et_pb_text_3 et_pb_text et_pb_bg_layout_light et_pb_module et_block_module\"><div class=\"et_pb_text_inner\"><h3 style=\"margin-bottom: 15px;\">Notre philosophie ? Trilinguisme, qualit\u00e9 et bien-\u00eatre vont de pair.<\/h3>\n<p>Nous allions excellence acad\u00e9mique et engagement envers le bien-\u00eatre des enfants. Nous veillons \u00e0 ce que chaque enfant se sente reconnu, valoris\u00e9 et en s\u00e9curit\u00e9, car c'est dans un tel environnement qu'il s'\u00e9panouit.<\/p>\n<p>\u00a0<\/p>\n<\/div><\/div>\n<\/div>\n<\/div>\n\n<div class=\"et_pb_row_4 et_pb_row et_block_row\">\n<div class=\"et_pb_column_7 et_pb_column et_pb_column_1_2 et_block_column et_pb_css_mix_blend_mode_passthrough\">\n<div class=\"et_pb_text_4 et_pb_text et_pb_bg_layout_light et_pb_module et_block_module\"><div class=\"et_pb_text_inner\"><h3 style=\"margin-bottom: 15px;\">Les r\u00e9sultats parlent d'eux-m\u00eames.<\/h3>\n<p>Les dipl\u00f4m\u00e9s ITSW poursuivent avec succ\u00e8s leurs \u00e9tudes dans des lyc\u00e9es internationaux de renom\u00e9e et dans les meilleurs \u00e9tablissements scolaires de Pologne. Notre m\u00e9thodologie donne des r\u00e9sultats concrets et ouvre de nombreuses perspectives d'avenir.<\/p>\n<h4>ITSW \u2013 L\u2019avenir sans fronti\u00e8res de votre enfant commence ici<\/h4>\n<\/div><\/div>\n\n<div class=\"et_pb_module et_pb_button_module_wrapper et_pb_button_0_wrapper\"><a class=\"et_pb_button_0 et_pb_button et_pb_bg_layout_light et_pb_module et_block_module\" href=\"https:\/\/itsw.edu.pl\/en\/trilingualism\/educational-pathway\/\">D\u00e9couvrez le parcours de d\u00e9veloppement<\/a><\/div>\n<\/div>\n\n<div class=\"et_pb_column_8 et_pb_column et_pb_column_1_2 et-last-child et_block_column et_pb_css_mix_blend_mode_passthrough\">\n<div class=\"et_pb_image_3 et_pb_image et_pb_module et_block_module\"><span class=\"et_pb_image_wrap\"><img decoding=\"async\" src=\"https:\/\/itsw.edu.pl\/wp-content\/uploads\/zakonczenie-roku.jpg\" title=\"zakonczenie-roku\" width=\"763\" height=\"619\" srcset=\"https:\/\/itsw.edu.pl\/wp-content\/uploads\/zakonczenie-roku.jpg 763w, https:\/\/itsw.edu.pl\/wp-content\/uploads\/zakonczenie-roku-480x389.jpg 480w\" sizes=\"(min-width: 0px) and (max-width: 480px) 480px, (min-width: 481px) 763px, 100vw\" class=\"wp-image-245674\" alt=\"Grupa dzieci siedz\u0105ca w k\u00f3\u0142ku uczy sie j\u0119zyka\" \/><\/span><\/div>\n<\/div>\n<\/div>\n<\/div>\n\n<div class=\"et_pb_section_2 et_pb_section et_section_regular et_block_section\">\n<div class=\"et_pb_row_5 et_pb_row et_flex_row\">\n<div class=\"et_pb_column_9 et_pb_column et-last-child et_flex_column et_pb_css_mix_blend_mode_passthrough et_flex_column_24_24 et_flex_column_24_24_tablet et_flex_column_24_24_phone\">\n<div class=\"et_pb_heading_1 et_pb_heading et_pb_module et_flex_module\"><div class=\"et_pb_heading_container\"><h2 class=\"et_pb_module_header\">Nasze \"dlaczego\" \u2013 Our Why, Notre Pourquoi, \u00bfPor qu\u00e9?<\/h2><\/div>\n<div class=\"et_pb_text_5 et_pb_text et_pb_bg_layout_light et_pb_module et_block_module\"><div class=\"et_pb_text_inner\"><p>Dans un monde marqu\u00e9 par le changement constant, l'incertitude et la complexit\u00e9, o\u00f9 les voies traditionnelles disparaissent plus vite que les nouvelles n'\u00e9mergent, ITSW d\u00e9fend une conviction profonde\u00a0: l'\u00e9ducation doit pr\u00e9parer les enfants non seulement au pr\u00e9sent, mais aussi \u00e0 un avenir exceptionnel.<\/p>\n<p>Apprendre non pas une, ni deux, mais trois langues ouvre bien plus que de simples portes vers la communication. Cela renforce les capacit\u00e9s cognitives, approfondit la compr\u00e9hension culturelle, d\u00e9veloppe l'intelligence \u00e9motionnelle et forge la confiance en soi n\u00e9cessaire \u00e0 l'\u00e9panouissement de chaque enfant, quel que soit son parcours. Chez ITSW, l'enseignement trilingue permet aux \u00e9l\u00e8ves internationaux de s'adapter, de tisser des liens et de r\u00e9ussir dans un monde v\u00e9ritablement globalis\u00e9.<\/p>\n<p>\u00a0<\/p>\n<h4>Offrez \u00e0 votre enfant un v\u00e9ritable superpouvoir : celui d'\u00eatre trilingue.<\/h4>\n<h4>Avec ITSW, l'avenir n'a pas de fronti\u00e8res.<\/h4>\n<\/div><\/div>\n\n<div class=\"et_pb_module et_pb_button_module_wrapper et_pb_button_1_wrapper\"><a class=\"et_pb_button_1 et_pb_button et_pb_bg_layout_light et_pb_module et_block_module\" href=\"https:\/\/itsw.edu.pl\/fr\/contactez-nous\/\">Inscrivez votre enfant d\u00e8s aujourd&#039;hui !<\/a><\/div>\n<\/div>\n<\/div>\n<\/div>\n<\/div>\n\n<div class=\"et_pb_section_3 et_pb_section et_section_regular et_block_section\">\n<div class=\"et_pb_row_6 et_pb_row et_block_row custom_row\">\n<div class=\"et_pb_column_10 et_pb_column et_pb_column_1_2 et_block_column et_pb_css_mix_blend_mode_passthrough first-on-mobile\">\n<div class=\"et_pb_text_6 et_pb_text et_pb_bg_layout_light et_pb_module et_block_module\"><div class=\"et_pb_text_inner\"><h2 style=\"margin-bottom: 15px;\">Bien-\u00eatre et autonomie des \u00e9l\u00e8ves \u2013 une \u00e9ducation fond\u00e9e sur le soutien et l\u2019engagement<\/h2>\n<p>Chez ITSW, nous croyons qu'une v\u00e9ritable \u00e9ducation ne se limite pas au d\u00e9veloppement acad\u00e9mique, mais englobe \u00e9galement l'\u00e9panouissement \u00e9motionnel et social. C'est pourquoi nous cr\u00e9ons un environnement o\u00f9 chaque enfant se sent en s\u00e9curit\u00e9, reconnu et important, aussi bien en classe qu'en dehors.<\/p>\n<p>Le programme \u00ab\u00a0Bien-\u00eatre et Autonomie des \u00e9l\u00e8ves\u00a0\u00bb offre aux \u00e9l\u00e8ves la possibilit\u00e9 de s'exprimer, de prendre des d\u00e9cisions et de co-construire leur vie scolaire. Nous les accompagnons gr\u00e2ce \u00e0 un conseil des \u00e9l\u00e8ves, un suivi p\u00e9dagogique personnalis\u00e9 et la pr\u00e9sence d'un coach bien-\u00eatre et de sp\u00e9cialistes.<\/p>\n<\/div><\/div>\n<\/div>\n\n<div class=\"et_pb_column_11 et_pb_column et_pb_column_1_2 et-last-child et_block_column et_pb_css_mix_blend_mode_passthrough second-on-mobile\">\n<div class=\"et_pb_image_4 et_pb_image et_pb_module et_block_module\"><span class=\"et_pb_image_wrap\"><img decoding=\"async\" src=\"https:\/\/itsw.edu.pl\/wp-content\/uploads\/dobrostan-nastolatkow.jpg\" title=\"dobrostan-nastolatkow\" width=\"555\" height=\"450\" srcset=\"https:\/\/itsw.edu.pl\/wp-content\/uploads\/dobrostan-nastolatkow.jpg 555w, https:\/\/itsw.edu.pl\/wp-content\/uploads\/dobrostan-nastolatkow-480x389.jpg 480w\" sizes=\"(min-width: 0px) and (max-width: 480px) 480px, (min-width: 481px) 555px, 100vw\" class=\"wp-image-245632\" alt=\"ITSW dzieci ucza si\u0119 przez zabaw\u0119\" \/><\/span><\/div>\n<\/div>\n<\/div>\n\n<div class=\"et_pb_row_7 et_pb_row et_flex_row\">\n<div class=\"et_pb_column_12 et_pb_column et-last-child et_flex_column et_pb_css_mix_blend_mode_passthrough et_flex_column_24_24 et_flex_column_24_24_tablet et_flex_column_24_24_phone\">\n<div class=\"et_pb_text_7 et_pb_text et_pb_bg_layout_light et_pb_module et_block_module\"><div class=\"et_pb_text_inner\"><p>Ainsi, les enfants d\u00e9veloppent non seulement des connaissances, mais aussi de l'empathie, de la r\u00e9silience et de l'autonomie\u00a0: des comp\u00e9tences essentielles pour \u00e9voluer dans un monde en constante mutation.<\/p>\n<p>Chez ITSW, nous veillons \u00e0 ce que les \u00e9l\u00e8ves acqui\u00e8rent non seulement des connaissances, mais aussi le sentiment d'appartenir \u00e0 une communaut\u00e9 inspirante et bienveillante, qui leur offre un espace propice \u00e0 leur d\u00e9veloppement personnel.<\/p>\n<\/div><\/div>\n\n<div class=\"et_pb_module et_pb_button_module_wrapper et_pb_button_2_wrapper\"><a class=\"et_pb_button_2 et_pb_button et_pb_bg_layout_light et_pb_module et_block_module\" href=\"https:\/\/itsw.edu.pl\/en\/preschool-warsaw\/campuses\/\">Prenez rendez-vous chez ITSW<\/a><\/div>\n<\/div>\n<\/div>\n<\/div>","protected":false},"excerpt":{"rendered":"","protected":false},"author":3,"featured_media":0,"parent":0,"menu_order":5,"comment_status":"closed","ping_status":"closed","template":"","meta":{"_acf_changed":false,"inline_featured_image":false,"footnotes":""},"class_list":["post-243939","page","type-page","status-publish","hentry"],"acf":[],"yoast_head":"<!-- This site is optimized with the Yoast SEO plugin v27.5 - https:\/\/yoast.com\/product\/yoast-seo-wordpress\/ -->\n<title>O ITSW \u2013 Mi\u0119dzynarodowa, tr\u00f3jj\u0119zyczna szko\u0142a podstawowa, przedszkole i \u017c\u0142obek w Warszawie - ITSW<\/title>\n<meta name=\"description\" content=\"Od 2001 roku ITSW rozwija dzieci w trzech j\u0119zykach, wspiera ich rozw\u00f3j i buduje globalne kompetencje. Poznaj mi\u0119dzynarodow\u0105 szko\u0142\u0119 podstawow\u0105, przedszkole i \u017c\u0142obek w Warszawie.\" \/>\n<meta name=\"robots\" content=\"index, follow, max-snippet:-1, max-image-preview:large, max-video-preview:-1\" \/>\n<link rel=\"canonical\" href=\"https:\/\/itsw.edu.pl\/fr\/a-propos-nous\/\" \/>\n<meta property=\"og:locale\" content=\"fr_FR\" \/>\n<meta property=\"og:type\" content=\"article\" \/>\n<meta property=\"og:title\" content=\"ITSW \u2013 Mi\u0119dzynarodowa i tr\u00f3jj\u0119zyczna \u015bcie\u017cka edukacyjna w Warszawie\" \/>\n<meta property=\"og:description\" content=\"Poznaj ITSW \u2013 mi\u0119dzynarodow\u0105 spo\u0142eczno\u015b\u0107 edukacyjn\u0105 od \u017c\u0142obka po szko\u0142\u0119 podstawow\u0105. Tr\u00f3jj\u0119zyczna nauka, globalne kompetencje, wszechstronny rozw\u00f3j i otwarto\u015b\u0107 na \u015bwiat.\" \/>\n<meta property=\"og:url\" content=\"https:\/\/itsw.edu.pl\/fr\/a-propos-nous\/\" \/>\n<meta property=\"og:site_name\" content=\"ITSW\" \/>\n<meta property=\"article:publisher\" content=\"https:\/\/www.facebook.com\/ITSW.School.Escuela.Ecole.XueXiao.Gakko.Warsaw\" \/>\n<meta property=\"article:modified_time\" content=\"2026-02-24T18:45:16+00:00\" \/>\n<meta name=\"twitter:card\" content=\"summary_large_image\" \/>\n<script type=\"application\/ld+json\" class=\"yoast-schema-graph\">{\"@context\":\"https:\\\/\\\/schema.org\",\"@graph\":[{\"@type\":\"Article\",\"@id\":\"https:\\\/\\\/itsw.edu.pl\\\/fr\\\/a-propos-nous\\\/#article\",\"isPartOf\":{\"@id\":\"https:\\\/\\\/itsw.edu.pl\\\/fr\\\/a-propos-nous\\\/\"},\"author\":{\"name\":\"M.K.\",\"@id\":\"https:\\\/\\\/itsw.edu.pl\\\/#\\\/schema\\\/person\\\/4a89b345dd3285b6de291f440f753c8f\"},\"headline\":\"\u00c0 propos nous\",\"datePublished\":\"2026-01-06T12:39:20+00:00\",\"dateModified\":\"2026-02-24T18:45:16+00:00\",\"mainEntityOfPage\":{\"@id\":\"https:\\\/\\\/itsw.edu.pl\\\/fr\\\/a-propos-nous\\\/\"},\"wordCount\":2,\"publisher\":{\"@id\":\"https:\\\/\\\/itsw.edu.pl\\\/#organization\"},\"inLanguage\":\"fr-FR\"},{\"@type\":\"WebPage\",\"@id\":\"https:\\\/\\\/itsw.edu.pl\\\/fr\\\/a-propos-nous\\\/\",\"url\":\"https:\\\/\\\/itsw.edu.pl\\\/fr\\\/a-propos-nous\\\/\",\"name\":\"O ITSW \u2013 Mi\u0119dzynarodowa, tr\u00f3jj\u0119zyczna szko\u0142a podstawowa, przedszkole i \u017c\u0142obek w Warszawie - ITSW\",\"isPartOf\":{\"@id\":\"https:\\\/\\\/itsw.edu.pl\\\/#website\"},\"datePublished\":\"2026-01-06T12:39:20+00:00\",\"dateModified\":\"2026-02-24T18:45:16+00:00\",\"description\":\"Od 2001 roku ITSW rozwija dzieci w trzech j\u0119zykach, wspiera ich rozw\u00f3j i buduje globalne kompetencje. Poznaj mi\u0119dzynarodow\u0105 szko\u0142\u0119 podstawow\u0105, przedszkole i \u017c\u0142obek w Warszawie.\",\"breadcrumb\":{\"@id\":\"https:\\\/\\\/itsw.edu.pl\\\/fr\\\/a-propos-nous\\\/#breadcrumb\"},\"inLanguage\":\"fr-FR\",\"potentialAction\":[{\"@type\":\"ReadAction\",\"target\":[\"https:\\\/\\\/itsw.edu.pl\\\/fr\\\/a-propos-nous\\\/\"]}]},{\"@type\":\"BreadcrumbList\",\"@id\":\"https:\\\/\\\/itsw.edu.pl\\\/fr\\\/a-propos-nous\\\/#breadcrumb\",\"itemListElement\":[{\"@type\":\"ListItem\",\"position\":1,\"name\":\"ITSW\",\"item\":\"https:\\\/\\\/itsw.edu.pl\\\/fr\\\/\"},{\"@type\":\"ListItem\",\"position\":2,\"name\":\"\u00c0 propos nous\"}]},{\"@type\":\"WebSite\",\"@id\":\"https:\\\/\\\/itsw.edu.pl\\\/#website\",\"url\":\"https:\\\/\\\/itsw.edu.pl\\\/\",\"name\":\"ITSW\",\"description\":\"\",\"publisher\":{\"@id\":\"https:\\\/\\\/itsw.edu.pl\\\/#organization\"},\"alternateName\":\"International Trilingual School of Warsaw\",\"potentialAction\":[{\"@type\":\"SearchAction\",\"target\":{\"@type\":\"EntryPoint\",\"urlTemplate\":\"https:\\\/\\\/itsw.edu.pl\\\/?s={search_term_string}\"},\"query-input\":{\"@type\":\"PropertyValueSpecification\",\"valueRequired\":true,\"valueName\":\"search_term_string\"}}],\"inLanguage\":\"fr-FR\"},{\"@type\":\"Organization\",\"@id\":\"https:\\\/\\\/itsw.edu.pl\\\/#organization\",\"name\":\"International Trilingual School of Warsaw\",\"alternateName\":\"International Trilingual School of Warsaw\",\"url\":\"https:\\\/\\\/itsw.edu.pl\\\/\",\"logo\":{\"@type\":\"ImageObject\",\"inLanguage\":\"fr-FR\",\"@id\":\"https:\\\/\\\/itsw.edu.pl\\\/#\\\/schema\\\/logo\\\/image\\\/\",\"url\":\"https:\\\/\\\/itsw.edu.pl\\\/wp-content\\\/uploads\\\/itsw-logo.png\",\"contentUrl\":\"https:\\\/\\\/itsw.edu.pl\\\/wp-content\\\/uploads\\\/itsw-logo.png\",\"width\":350,\"height\":103,\"caption\":\"International Trilingual School of Warsaw\"},\"image\":{\"@id\":\"https:\\\/\\\/itsw.edu.pl\\\/#\\\/schema\\\/logo\\\/image\\\/\"},\"sameAs\":[\"https:\\\/\\\/www.facebook.com\\\/ITSW.School.Escuela.Ecole.XueXiao.Gakko.Warsaw\"]},{\"@type\":\"Person\",\"@id\":\"https:\\\/\\\/itsw.edu.pl\\\/#\\\/schema\\\/person\\\/4a89b345dd3285b6de291f440f753c8f\",\"name\":\"M.K.\"}]}<\/script>\n<!-- \/ Yoast SEO plugin. -->","yoast_head_json":{"title":"O ITSW \u2013 Mi\u0119dzynarodowa, tr\u00f3jj\u0119zyczna szko\u0142a podstawowa, przedszkole i \u017c\u0142obek w Warszawie - ITSW","description":"Od 2001 roku ITSW rozwija dzieci w trzech j\u0119zykach, wspiera ich rozw\u00f3j i buduje globalne kompetencje. Poznaj mi\u0119dzynarodow\u0105 szko\u0142\u0119 podstawow\u0105, przedszkole i \u017c\u0142obek w Warszawie.","robots":{"index":"index","follow":"follow","max-snippet":"max-snippet:-1","max-image-preview":"max-image-preview:large","max-video-preview":"max-video-preview:-1"},"canonical":"https:\/\/itsw.edu.pl\/fr\/a-propos-nous\/","og_locale":"fr_FR","og_type":"article","og_title":"ITSW \u2013 Mi\u0119dzynarodowa i tr\u00f3jj\u0119zyczna \u015bcie\u017cka edukacyjna w Warszawie","og_description":"Poznaj ITSW \u2013 mi\u0119dzynarodow\u0105 spo\u0142eczno\u015b\u0107 edukacyjn\u0105 od \u017c\u0142obka po szko\u0142\u0119 podstawow\u0105. Tr\u00f3jj\u0119zyczna nauka, globalne kompetencje, wszechstronny rozw\u00f3j i otwarto\u015b\u0107 na \u015bwiat.","og_url":"https:\/\/itsw.edu.pl\/fr\/a-propos-nous\/","og_site_name":"ITSW","article_publisher":"https:\/\/www.facebook.com\/ITSW.School.Escuela.Ecole.XueXiao.Gakko.Warsaw","article_modified_time":"2026-02-24T18:45:16+00:00","twitter_card":"summary_large_image","schema":{"@context":"https:\/\/schema.org","@graph":[{"@type":"Article","@id":"https:\/\/itsw.edu.pl\/fr\/a-propos-nous\/#article","isPartOf":{"@id":"https:\/\/itsw.edu.pl\/fr\/a-propos-nous\/"},"author":{"name":"M.K.","@id":"https:\/\/itsw.edu.pl\/#\/schema\/person\/4a89b345dd3285b6de291f440f753c8f"},"headline":"\u00c0 propos nous","datePublished":"2026-01-06T12:39:20+00:00","dateModified":"2026-02-24T18:45:16+00:00","mainEntityOfPage":{"@id":"https:\/\/itsw.edu.pl\/fr\/a-propos-nous\/"},"wordCount":2,"publisher":{"@id":"https:\/\/itsw.edu.pl\/#organization"},"inLanguage":"fr-FR"},{"@type":"WebPage","@id":"https:\/\/itsw.edu.pl\/fr\/a-propos-nous\/","url":"https:\/\/itsw.edu.pl\/fr\/a-propos-nous\/","name":"O ITSW \u2013 Mi\u0119dzynarodowa, tr\u00f3jj\u0119zyczna szko\u0142a podstawowa, przedszkole i \u017c\u0142obek w Warszawie - ITSW","isPartOf":{"@id":"https:\/\/itsw.edu.pl\/#website"},"datePublished":"2026-01-06T12:39:20+00:00","dateModified":"2026-02-24T18:45:16+00:00","description":"Od 2001 roku ITSW rozwija dzieci w trzech j\u0119zykach, wspiera ich rozw\u00f3j i buduje globalne kompetencje. Poznaj mi\u0119dzynarodow\u0105 szko\u0142\u0119 podstawow\u0105, przedszkole i \u017c\u0142obek w Warszawie.","breadcrumb":{"@id":"https:\/\/itsw.edu.pl\/fr\/a-propos-nous\/#breadcrumb"},"inLanguage":"fr-FR","potentialAction":[{"@type":"ReadAction","target":["https:\/\/itsw.edu.pl\/fr\/a-propos-nous\/"]}]},{"@type":"BreadcrumbList","@id":"https:\/\/itsw.edu.pl\/fr\/a-propos-nous\/#breadcrumb","itemListElement":[{"@type":"ListItem","position":1,"name":"ITSW","item":"https:\/\/itsw.edu.pl\/fr\/"},{"@type":"ListItem","position":2,"name":"\u00c0 propos nous"}]},{"@type":"WebSite","@id":"https:\/\/itsw.edu.pl\/#website","url":"https:\/\/itsw.edu.pl\/","name":"ITSW","description":"","publisher":{"@id":"https:\/\/itsw.edu.pl\/#organization"},"alternateName":"International Trilingual School of Warsaw","potentialAction":[{"@type":"SearchAction","target":{"@type":"EntryPoint","urlTemplate":"https:\/\/itsw.edu.pl\/?s={search_term_string}"},"query-input":{"@type":"PropertyValueSpecification","valueRequired":true,"valueName":"search_term_string"}}],"inLanguage":"fr-FR"},{"@type":"Organization","@id":"https:\/\/itsw.edu.pl\/#organization","name":"International Trilingual School of Warsaw","alternateName":"International Trilingual School of Warsaw","url":"https:\/\/itsw.edu.pl\/","logo":{"@type":"ImageObject","inLanguage":"fr-FR","@id":"https:\/\/itsw.edu.pl\/#\/schema\/logo\/image\/","url":"https:\/\/itsw.edu.pl\/wp-content\/uploads\/itsw-logo.png","contentUrl":"https:\/\/itsw.edu.pl\/wp-content\/uploads\/itsw-logo.png","width":350,"height":103,"caption":"International Trilingual School of Warsaw"},"image":{"@id":"https:\/\/itsw.edu.pl\/#\/schema\/logo\/image\/"},"sameAs":["https:\/\/www.facebook.com\/ITSW.School.Escuela.Ecole.XueXiao.Gakko.Warsaw"]},{"@type":"Person","@id":"https:\/\/itsw.edu.pl\/#\/schema\/person\/4a89b345dd3285b6de291f440f753c8f","name":"M.K."}]}},"_links":{"self":[{"href":"https:\/\/itsw.edu.pl\/fr\/wp-json\/wp\/v2\/pages\/243939","targetHints":{"allow":["GET"]}}],"collection":[{"href":"https:\/\/itsw.edu.pl\/fr\/wp-json\/wp\/v2\/pages"}],"about":[{"href":"https:\/\/itsw.edu.pl\/fr\/wp-json\/wp\/v2\/types\/page"}],"author":[{"embeddable":true,"href":"https:\/\/itsw.edu.pl\/fr\/wp-json\/wp\/v2\/users\/3"}],"replies":[{"embeddable":true,"href":"https:\/\/itsw.edu.pl\/fr\/wp-json\/wp\/v2\/comments?post=243939"}],"version-history":[{"count":7,"href":"https:\/\/itsw.edu.pl\/fr\/wp-json\/wp\/v2\/pages\/243939\/revisions"}],"predecessor-version":[{"id":251236,"href":"https:\/\/itsw.edu.pl\/fr\/wp-json\/wp\/v2\/pages\/243939\/revisions\/251236"}],"wp:attachment":[{"href":"https:\/\/itsw.edu.pl\/fr\/wp-json\/wp\/v2\/media?parent=243939"}],"curies":[{"name":"wp","href":"https:\/\/api.w.org\/{rel}","templated":true}]}}