{"id":243704,"date":"2026-01-06T11:08:22","date_gmt":"2026-01-06T10:08:22","guid":{"rendered":"https:\/\/itsw.edu.pl\/?page_id=243704"},"modified":"2026-01-14T04:44:03","modified_gmt":"2026-01-14T03:44:03","slug":"inscriptions-et-frais-de-scolarite","status":"publish","type":"page","link":"https:\/\/itsw.edu.pl\/fr\/ecole-primaire\/cp-ce1-ce2\/inscriptions-et-frais-de-scolarite\/","title":{"rendered":"Inscriptions et frais de scolarit\u00e9"},"content":{"rendered":"<div class=\"et_pb_section_0 et_pb_section et_section_regular et_block_section\">\n<div class=\"et_pb_row_0 et_pb_row et_block_row\">\n<div class=\"et_pb_column_0 et_pb_column et_pb_column_4_4 et-last-child et_block_column et_pb_css_mix_blend_mode_passthrough\">\n<div class=\"et_pb_heading_0 et_pb_heading et_pb_module et_block_module\"><div class=\"et_pb_heading_container\"><h1 class=\"et_pb_module_header\">Inscriptions et accueil pour l'ann\u00e9e scolaire 2026\/27 \u00e0 l'\u00e9cole primaire trilingue ITSW (CP au CE2)<\/h1><\/div><\/div>\n<\/div>\n<\/div>\n<\/div>\n\n<div class=\"et_pb_section_1 et_pb_section et_section_regular et_block_section\">\n<div class=\"et_pb_row_1 et_pb_row et_flex_row\">\n<div class=\"et_pb_column_1 et_pb_column et-last-child et_block_column et_pb_css_mix_blend_mode_passthrough et_flex_column_24_24 et_flex_column_24_24_tablet et_flex_column_24_24_phone\">\n<div class=\"et_pb_text_0 et_pb_text et_pb_bg_layout_light et_pb_module et_block_module\"><div class=\"et_pb_text_inner\"><p>Votre enfant m\u00e9rite une \u00e9ducation qui favorise son d\u00e9veloppement linguistique, social, \u00e9motionnel et scolaire. Les inscriptions en CP, CE1 et CE2 \u00e0 l'\u00e9cole primaire ITSW de Varsovie sont ouvertes toute l'ann\u00e9e.<\/p>\n<\/div><\/div>\n<\/div>\n<\/div>\n<\/div>\n\n<div class=\"et_pb_section_2 et_pb_section et_section_regular et_block_section\">\n<div class=\"et_pb_row_2 et_pb_row et_block_row\">\n<div class=\"et_pb_column_2 et_pb_column et_pb_column_1_2 et_block_column et_pb_css_mix_blend_mode_passthrough\">\n<div class=\"et_pb_text_1 et_pb_text et_pb_bg_layout_light et_pb_module et_block_module\"><div class=\"et_pb_text_inner\"><h2>Politique d'admission \u00e0 l'\u00e9cole primaire ITSW \u2013 Quelle est la proc\u00e9dure\u00a0?<\/h2>\n<p><strong>Les inscriptions sont ouvertes toute l'ann\u00e9e, mais les places en CP, CE1 et CE2 sont limit\u00e9es. Nous vous encourageons donc \u00e0 entamer les d\u00e9marches le plus t\u00f4t possible<\/strong>.<\/p>\n<h3>Comment inscrire votre enfant\u00a0?<\/h3>\n<p>Veuillez remplir le questionnaire initial\u00a0: cela nous permettra de mieux comprendre les besoins et les pr\u00e9f\u00e9rences linguistiques de votre enfant.<\/p>\n<p><strong>Nous vous contacterons<\/strong> pour discuter des disponibilit\u00e9s, du programme trilingue et vous inviterons \u00e0 une visite de l'\u00e9tablissement.<\/p>\n<p>Lors de la <strong>r\u00e9union d'admission<\/strong>, votre enfant rencontrera les enseignants et d\u00e9couvrira les locaux. Les parents recevront \u00e9galement toutes les informations concernant le programme.<\/p>\n<p><strong>Documents \u00e0 fournir<\/strong>\u00a0: formulaire d'inscription, photo de l'enfant, copie scann\u00e9e du passeport ou de l'acte de naissance, et contrat sign\u00e9.<\/p>\n<\/div><\/div>\n\n<div class=\"et_pb_module et_pb_button_module_wrapper et_pb_button_0_wrapper\"><a class=\"et_pb_button_0 et_pb_button et_pb_bg_layout_light et_pb_module et_block_module\" href=\"https:\/\/itsw.edu.pl\/fr\/ecole-primaire\/college-5e-4e\/inscriptions-et-frais-de-scolarite\/\" target=\"_blank\">Inscrire votre enfant<\/a><\/div>\n<\/div>\n\n<div class=\"et_pb_column_3 et_pb_column et_pb_column_1_2 et-last-child et_block_column et_pb_css_mix_blend_mode_passthrough\">\n<div class=\"et_pb_image_0 et_pb_image et_pb_module et_block_module\"><span class=\"et_pb_image_wrap\"><img decoding=\"async\" src=\"https:\/\/itsw.edu.pl\/wp-content\/uploads\/dodakowe-wsparcie-jezykowe-dla-dziecka.jpg\" title=\"dodakowe-wsparcie-jezykowe-dla-dziecka\" width=\"555\" height=\"450\" srcset=\"https:\/\/itsw.edu.pl\/wp-content\/uploads\/dodakowe-wsparcie-jezykowe-dla-dziecka.jpg 555w, https:\/\/itsw.edu.pl\/wp-content\/uploads\/dodakowe-wsparcie-jezykowe-dla-dziecka-480x389.jpg 480w\" sizes=\"(min-width: 0px) and (max-width: 480px) 480px, (min-width: 481px) 555px, 100vw\" class=\"wp-image-245955\" alt=\"Children learning by play ITSW\" \/><\/span><\/div>\n<\/div>\n<\/div>\n\n<div class=\"et_pb_row_3 et_pb_row et_flex_row\">\n<div class=\"et_pb_column_4 et_pb_column et_flex_column et_pb_css_mix_blend_mode_passthrough et_flex_column_12_24 et_flex_column_12_24_tablet et_flex_column_24_24_phone\">\n<div class=\"et_pb_image_1 et_pb_image et_pb_module et_block_module\"><span class=\"et_pb_image_wrap\"><img decoding=\"async\" src=\"https:\/\/itsw.edu.pl\/wp-content\/uploads\/wsparcie-jezykowe-dla-nowych-dzieci.jpg\" alt=\"Wsparcie j\u0119zykowe dla nowych dzieci\" title=\"wsparcie-jezykowe-dla-nowych-dzieci\" width=\"751\" height=\"875\" srcset=\"https:\/\/itsw.edu.pl\/wp-content\/uploads\/wsparcie-jezykowe-dla-nowych-dzieci.jpg 751w, https:\/\/itsw.edu.pl\/wp-content\/uploads\/wsparcie-jezykowe-dla-nowych-dzieci-480x559.jpg 480w\" sizes=\"(min-width: 0px) and (max-width: 480px) 480px, (min-width: 481px) 751px, 100vw\" class=\"wp-image-245963\" \/><\/span><\/div>\n<\/div>\n\n<div class=\"et_pb_column_5 et_pb_column et-last-child et_block_column et_pb_css_mix_blend_mode_passthrough et_flex_column_12_24 et_flex_column_12_24_tablet et_flex_column_24_24_phone\">\n<div class=\"et_pb_text_2 et_pb_text et_pb_bg_layout_light et_pb_module et_block_module\"><div class=\"et_pb_text_inner\"><h2>Votre enfant est-il pr\u00eat pour les classes du CP au CE2 de ITSW ?<\/h2>\n<p><strong>En Cp, CE1, Ce2, la langue est un outil p\u00e9dagogique, et non une mati\u00e8re au sens traditionnel du terme. Cela signifie que<\/strong>\u00a0:<\/p>\n<ul>\n<li>l\u2019\u00e9l\u00e8ve doit ma\u00eetriser une des langues d\u2019enseignement (anglais, fran\u00e7ais, espagnol, chinois ou japonais) \u00e0 un niveau communicatif ;<\/li>\n<li>l\u2019enfant doit \u00eatre pr\u00eat \u00e0 apprendre dans un environnement trilingue ;<\/li>\n<li>les autres langues sont d\u00e9velopp\u00e9es naturellement par immersion linguistique.<\/li>\n<\/ul>\n<p>Les \u00e9l\u00e8ves monolingues b\u00e9n\u00e9ficient d\u2019un soutien. <strong>Le programme de soutien linguistique les aide\u00e0<\/strong> :<\/p>\n<ul>\n<li>combler leurs lacunes linguistiques en 1 \u00e0 2 ans;<\/li>\n<li>suivre simultan\u00e9ment un programme scolaire complet;<\/li>\n<li>int\u00e9grer en toute s\u00e9curit\u00e9 l\u2019environnement trilingue de l\u2019ITSW.<\/li>\n<\/ul>\n<p>Gr\u00e2ce \u00e0 des cours suppl\u00e9mentaires, les \u00e9l\u00e8ves peuvent toujours travailler dans la langue qu\u2019ils ma\u00eetrisent d\u00e9j\u00e0 tout en d\u00e9veloppant progressivement leurs comp\u00e9tences dans les autres langues d\u2019enseignement.<\/p>\n<\/div><\/div>\n\n<div class=\"et_pb_module et_pb_button_module_wrapper et_pb_button_1_wrapper\"><a class=\"et_pb_button_1 et_pb_button et_pb_bg_layout_light et_pb_module et_block_module\" href=\"\">D\u00e9couvrez notre parcours \u00e9ducatif<\/a><\/div>\n<\/div>\n<\/div>\n<\/div>\n\n<div class=\"et_pb_section_3 et_pb_section et_section_regular et_block_section\">\n<div class=\"et_pb_row_4 et_pb_row et_flex_row\">\n<div class=\"et_pb_column_6 et_pb_column et-last-child et_flex_column et_pb_css_mix_blend_mode_passthrough et_flex_column_24_24 et_flex_column_24_24_tablet et_flex_column_24_24_phone\">\n<div class=\"et_pb_row_5 et_pb_row et_pb_row_nested et_block_row\">\n<div class=\"et_pb_column_7 et_pb_column et_pb_column_4_4 et-last-child et_block_column et_pb_css_mix_blend_mode_passthrough\">\n<div class=\"et_pb_text_3 et_pb_text et_pb_bg_layout_light et_pb_module et_block_module\"><div class=\"et_pb_text_inner\"><h2><strong>Processus de recrutement \u2013 ouvert toute l\u2019ann\u00e9e. Comment rejoindre l\u2019ITSW ?<\/strong><\/h2>\n<p><strong><\/strong><\/p>\n<p data-start=\"92\" data-end=\"447\" data-is-last-node=\"\" data-is-only-node=\"\">Le recrutement pour les classes 1\u20133 de l\u2019International Trilingual School of Warsaw est ouvert tout au long de l\u2019ann\u00e9e, sous r\u00e9serve des places disponibles. Nous accueillons des \u00e9l\u00e8ves pr\u00eats \u00e0 \u00e9voluer dans un environnement trilingue et ma\u00eetrisant l\u2019une des langues d\u2019enseignement (anglais, fran\u00e7ais, espagnol, japonais ou chinois) \u00e0 un niveau communicatif.<\/p>\n<\/div><\/div>\n<\/div>\n<\/div>\n<\/div>\n<\/div>\n\n<div class=\"et_pb_row_6 et_pb_row et_block_row\">\n<div class=\"et_pb_column_8 et_pb_column et_pb_column_4_4 et-last-child et_block_column et_pb_css_mix_blend_mode_passthrough\">\n<div class=\"et_pb_text_4 et_pb_text et_pb_bg_layout_light et_pb_module et_block_module\"><div class=\"et_pb_text_inner\"><h2 style=\"text-align: center;\"><strong>Frais de scolarit\u00e9 de l'\u00e9cole primaire ITSW (classes du CP au CE2) \u2013 Ann\u00e9e scolaire 2026\/2027<\/strong><\/h2>\n<p>&nbsp;<\/p>\n<p>Vous trouverez ci-dessous un tableau des frais de scolarit\u00e9 et des frais administratifs.<\/p>\n<p><strong>Les frais de scolarit\u00e9 comprennent<\/strong>\u00a0:<\/p>\n<ul>\n<li>L\u2019enseignement en trois langues par les enseignants locuteurs natifs,<\/li>\n<li>Des projets \u00e9ducatifs internationaux<\/li>\n<li>Le mat\u00e9riel p\u00e9dagogique,<\/li>\n<li>Un programme de soutien linguistique intensif (pour les \u00e9tudiants qui en ont besoin),<\/li>\n<li>Des ateliers extrascolaires l\u2019apr\u00e8s-midi,<\/li>\n<li>Des excursions et des ateliers \u00e0 Varsovie,<\/li>\n<li>La participation \u00e0 des activit\u00e9s artistiques, sociales et sportives.<\/li>\n<\/ul>\n<p>&nbsp;<\/p>\n<\/div><\/div>\n<\/div>\n<\/div>\n\n<div class=\"et_pb_row_7 et_pb_row et_block_row\">\n<div class=\"et_pb_column_9 et_pb_column et_pb_column_4_4 et-last-child et_block_column et_pb_css_mix_blend_mode_passthrough\">\n<div class=\"et_pb_code_0 et_pb_code et_pb_module\"><div class=\"et_pb_code_inner\"><table class=\"fees-table\" ><tbody><tr><td>Frais de r\u00e9servation (frais d\u2019inscription)<\/td><td>2670&nbsp;PLN<\/td><\/tr><tr><td>Garantie des frais de scolarit\u00e9 (paiement anticip\u00e9 pour la derni\u00e8re cotisation dans la p\u00e9riode de scolarisation)<\/td><td>2950&nbsp;PLN<\/td><\/tr><tr><td>Frais mensuels<\/td><td>4574 PLN<\/td><\/tr><tr><td>R\u00e9duction pour le deuxi\u00e8me et suivant enfant<\/td><td>-10%<\/td><\/tr><tr><td>Paiement pour toute ann\u00e9e scolaire<\/td><td>-5%<\/td><\/tr><tr><td>Repas quotidiens (d\u00e9jeuner)<\/td><td>18,75 PLN<\/td><\/tr><\/tbody><\/table>\n<style>\n.fees-table {\n  width: 100%;\n  border-collapse: collapse;\n  border:1px solid #16447a;\n  border-radius: 5px;\n}\n\n.fees-table th,\n.fees-table td {\n  border: 1px solid #16447a;\n  padding: 12px 14px !important;\n  vertical-align: top;\n  background: #DBE9FB;\n  color: #16447a !important;\n  vertical-align: middle;   \n  text-align: center;\n}\n  .fees-table tr,  .fees-table tr td{\n    border: 2px solid #16447a;\n  }\n.fees-table th {\n  font-weight: 700;\n  text-align: left;\n  white-space: nowrap;\n  font-size:20px;\n  color: #16447a;\n  background: #16447a;\n  border-bottom: 2px solid #DBE9FB;\n}\n\n\/* \u015arodkowe kolumny (opis + cena) *\/\n.fees-table__mid {\n  background: #DBE9FB;\n  border-color: #16447a;\n  color: #16447a;\n}\n\n\/* Cena *\/\n.fees-table__price {\n  white-space: nowrap;\n  text-align: right;\n  font-weight: 700;\n}\n  <\/style><\/div><\/div>\n\n<div class=\"et_pb_module et_pb_button_module_wrapper et_pb_button_2_wrapper\"><a class=\"et_pb_button_2 et_pb_button et_pb_bg_layout_light et_pb_module et_block_module\" href=\"https:\/\/itsw.edu.pl\/fr\/formulaire-admission\/\">Remplissez le formulaire de demande<\/a><\/div>\n<\/div>\n<\/div>\n<\/div>\n\n<div class=\"et_pb_section_4 et_pb_section et_section_regular et_block_section\">\n<div class=\"et_pb_row_8 et_pb_row et_block_row\">\n<div class=\"et_pb_column_10 et_pb_column et_pb_column_4_4 et-last-child et_block_column et_pb_css_mix_blend_mode_passthrough\">\n<div class=\"et_pb_heading_1 et_pb_heading et_pb_module et_block_module\"><div class=\"et_pb_heading_container\"><h2 class=\"et_pb_module_header\">FAQ : informations essentielles pour les parents<\/h2><\/div><\/div>\n<\/div>\n<\/div>\n\n<div class=\"et_pb_row_9 et_pb_row et_block_row\">\n<div class=\"et_pb_column_11 et_pb_column et_pb_column_4_4 et-last-child et_block_column et_pb_css_mix_blend_mode_passthrough\">\n<div class=\"et_pb_accordion_0 et_pb_accordion et_pb_module et_block_module\">\n<div class=\"et_pb_accordion_item_0 et_pb_accordion_item et_pb_toggle et_pb_module et_pb_toggle_open et_block_module\"><h5 class=\"et_pb_toggle_title\">Les inscriptions en CP, CE1 et CE2 sont-elles ouvertes toute l'ann\u00e9e\u00a0?<\/h5><div class=\"et_pb_toggle_content\"><p>Oui. Les inscriptions sont ouvertes 12\u00a0mois sur 12, sous r\u00e9serve de places disponibles.<\/p>\n<\/div><\/div>\n\n<div class=\"et_pb_accordion_item_1 et_pb_accordion_item et_pb_toggle et_pb_module et_pb_toggle_close et_block_module\"><h5 class=\"et_pb_toggle_title\">Un enfant doit-il parler trois langues\u00a0?<\/h5><div class=\"et_pb_toggle_content\"><p>Non. Une connaissance suffisante d'une des langues d'enseignement est requise. L'enfant d\u00e9veloppe les autres langues par immersion.<\/p>\n<\/div><\/div>\n\n<div class=\"et_pb_accordion_item_2 et_pb_accordion_item et_pb_toggle et_pb_module et_pb_toggle_close et_block_module\"><h5 class=\"et_pb_toggle_title\">Que comprennent les frais de scolarit\u00e9 en CP, CE1 et CE2\u00a0?<\/h5><div class=\"et_pb_toggle_content\"><p>L'enseignement trilingue par des enseignants- locuteurs natifs, le mat\u00e9riel p\u00e9dagogique, les projets scolaires et le programme de soutien linguistique.<\/p>\n<\/div><\/div>\n\n<div class=\"et_pb_accordion_item_3 et_pb_accordion_item et_pb_toggle et_pb_module et_pb_toggle_close et_block_module\"><h5 class=\"et_pb_toggle_title\">Quels documents sont n\u00e9cessaires pour l'inscription\u00a0?<\/h5><div class=\"et_pb_toggle_content\"><p>Un formulaire de candidature, une photo de l'\u00e9l\u00e8ve, une copie scann\u00e9e du passeport ou de l'acte de naissance et une contrat d'inscription sign\u00e9e.<\/p>\n<\/div><\/div>\n\n<div class=\"et_pb_accordion_item_4 et_pb_accordion_item et_pb_toggle et_pb_module et_pb_toggle_close et_block_module\"><h5 class=\"et_pb_toggle_title\">Comment inscrire mon enfant \u00e0 ITSW\u00a0?<\/h5><div class=\"et_pb_toggle_content\"><p>Remplissez le questionnaire en ligne et prenez rendez-vous pour une inscription sur place.<\/p>\n<\/div><\/div>\n<\/div>\n<\/div>\n<\/div>\n\n<div class=\"et_pb_row_10 et_pb_row et_flex_row\">\n<div class=\"et_pb_column_12 et_pb_column et_flex_column et_pb_css_mix_blend_mode_passthrough et_flex_column_12_24 et_flex_column_12_24_tablet et_flex_column_24_24_phone\">\n<div class=\"et_pb_module et_pb_button_module_wrapper et_pb_button_3_wrapper\"><a class=\"et_pb_button_3 et_pb_button et_pb_bg_layout_light et_pb_module et_block_module\" href=\"https:\/\/itsw.edu.pl\/fr\/formulaire-admission\/\">Remplissez le questionnaire <\/a><\/div>\n<\/div>\n\n<div class=\"et_pb_column_13 et_pb_column et-last-child et_flex_column et_pb_css_mix_blend_mode_passthrough et_flex_column_12_24 et_flex_column_12_24_tablet et_flex_column_24_24_phone\">\n<div class=\"et_pb_module et_pb_button_module_wrapper et_pb_button_4_wrapper\"><a class=\"et_pb_button_4 et_pb_button et_pb_bg_layout_light et_pb_module et_block_module\" href=\"https:\/\/itsw.edu.pl\/fr\/a-propos-nous\/itsw\/\">D\u00e9couvrez ITSW<\/a><\/div>\n<\/div>\n<\/div>\n<\/div>","protected":false},"excerpt":{"rendered":"","protected":false},"author":3,"featured_media":0,"parent":245070,"menu_order":4,"comment_status":"closed","ping_status":"closed","template":"","meta":{"_acf_changed":false,"inline_featured_image":false,"footnotes":""},"class_list":["post-243704","page","type-page","status-publish","hentry"],"acf":[],"yoast_head":"<!-- This site is optimized with the Yoast SEO plugin v27.5 - https:\/\/yoast.com\/product\/yoast-seo-wordpress\/ -->\n<title>Inscriptions et frais de scolarit\u00e9 - ITSW<\/title>\n<meta name=\"robots\" content=\"index, follow, max-snippet:-1, max-image-preview:large, max-video-preview:-1\" \/>\n<link rel=\"canonical\" href=\"https:\/\/itsw.edu.pl\/fr\/ecole-primaire\/cp-ce1-ce2\/inscriptions-et-frais-de-scolarite\/\" \/>\n<meta property=\"og:locale\" content=\"fr_FR\" \/>\n<meta property=\"og:type\" content=\"article\" \/>\n<meta property=\"og:title\" content=\"Inscriptions et frais de scolarit\u00e9 - ITSW\" \/>\n<meta property=\"og:url\" content=\"https:\/\/itsw.edu.pl\/fr\/ecole-primaire\/cp-ce1-ce2\/inscriptions-et-frais-de-scolarite\/\" \/>\n<meta property=\"og:site_name\" content=\"ITSW\" \/>\n<meta property=\"article:publisher\" content=\"https:\/\/www.facebook.com\/ITSW.School.Escuela.Ecole.XueXiao.Gakko.Warsaw\" \/>\n<meta property=\"article:modified_time\" content=\"2026-01-14T03:44:03+00:00\" \/>\n<meta name=\"twitter:card\" content=\"summary_large_image\" \/>\n<script type=\"application\/ld+json\" class=\"yoast-schema-graph\">{\"@context\":\"https:\\\/\\\/schema.org\",\"@graph\":[{\"@type\":\"Article\",\"@id\":\"https:\\\/\\\/itsw.edu.pl\\\/fr\\\/ecole-primaire\\\/cp-ce1-ce2\\\/inscriptions-et-frais-de-scolarite\\\/#article\",\"isPartOf\":{\"@id\":\"https:\\\/\\\/itsw.edu.pl\\\/fr\\\/ecole-primaire\\\/cp-ce1-ce2\\\/inscriptions-et-frais-de-scolarite\\\/\"},\"author\":{\"name\":\"M.K.\",\"@id\":\"https:\\\/\\\/itsw.edu.pl\\\/#\\\/schema\\\/person\\\/4a89b345dd3285b6de291f440f753c8f\"},\"headline\":\"Inscriptions et frais de scolarit\u00e9\",\"datePublished\":\"2026-01-06T10:08:22+00:00\",\"dateModified\":\"2026-01-14T03:44:03+00:00\",\"mainEntityOfPage\":{\"@id\":\"https:\\\/\\\/itsw.edu.pl\\\/fr\\\/ecole-primaire\\\/cp-ce1-ce2\\\/inscriptions-et-frais-de-scolarite\\\/\"},\"wordCount\":5,\"publisher\":{\"@id\":\"https:\\\/\\\/itsw.edu.pl\\\/#organization\"},\"inLanguage\":\"fr-FR\"},{\"@type\":\"WebPage\",\"@id\":\"https:\\\/\\\/itsw.edu.pl\\\/fr\\\/ecole-primaire\\\/cp-ce1-ce2\\\/inscriptions-et-frais-de-scolarite\\\/\",\"url\":\"https:\\\/\\\/itsw.edu.pl\\\/fr\\\/ecole-primaire\\\/cp-ce1-ce2\\\/inscriptions-et-frais-de-scolarite\\\/\",\"name\":\"Inscriptions et frais de scolarit\u00e9 - ITSW\",\"isPartOf\":{\"@id\":\"https:\\\/\\\/itsw.edu.pl\\\/#website\"},\"datePublished\":\"2026-01-06T10:08:22+00:00\",\"dateModified\":\"2026-01-14T03:44:03+00:00\",\"breadcrumb\":{\"@id\":\"https:\\\/\\\/itsw.edu.pl\\\/fr\\\/ecole-primaire\\\/cp-ce1-ce2\\\/inscriptions-et-frais-de-scolarite\\\/#breadcrumb\"},\"inLanguage\":\"fr-FR\",\"potentialAction\":[{\"@type\":\"ReadAction\",\"target\":[\"https:\\\/\\\/itsw.edu.pl\\\/fr\\\/ecole-primaire\\\/cp-ce1-ce2\\\/inscriptions-et-frais-de-scolarite\\\/\"]}]},{\"@type\":\"BreadcrumbList\",\"@id\":\"https:\\\/\\\/itsw.edu.pl\\\/fr\\\/ecole-primaire\\\/cp-ce1-ce2\\\/inscriptions-et-frais-de-scolarite\\\/#breadcrumb\",\"itemListElement\":[{\"@type\":\"ListItem\",\"position\":1,\"name\":\"ITSW\",\"item\":\"https:\\\/\\\/itsw.edu.pl\\\/fr\\\/\"},{\"@type\":\"ListItem\",\"position\":2,\"name\":\"\u00c9cole primaire internationale\",\"item\":\"https:\\\/\\\/itsw.edu.pl\\\/fr\\\/ecole-primaire\\\/\"},{\"@type\":\"ListItem\",\"position\":3,\"name\":\"\u00c9cole primaire CP, CE1, CE2\",\"item\":\"https:\\\/\\\/itsw.edu.pl\\\/fr\\\/ecole-primaire\\\/cp-ce1-ce2\\\/\"},{\"@type\":\"ListItem\",\"position\":4,\"name\":\"Inscriptions et frais de scolarit\u00e9\"}]},{\"@type\":\"WebSite\",\"@id\":\"https:\\\/\\\/itsw.edu.pl\\\/#website\",\"url\":\"https:\\\/\\\/itsw.edu.pl\\\/\",\"name\":\"ITSW\",\"description\":\"\",\"publisher\":{\"@id\":\"https:\\\/\\\/itsw.edu.pl\\\/#organization\"},\"alternateName\":\"International Trilingual School of Warsaw\",\"potentialAction\":[{\"@type\":\"SearchAction\",\"target\":{\"@type\":\"EntryPoint\",\"urlTemplate\":\"https:\\\/\\\/itsw.edu.pl\\\/?s={search_term_string}\"},\"query-input\":{\"@type\":\"PropertyValueSpecification\",\"valueRequired\":true,\"valueName\":\"search_term_string\"}}],\"inLanguage\":\"fr-FR\"},{\"@type\":\"Organization\",\"@id\":\"https:\\\/\\\/itsw.edu.pl\\\/#organization\",\"name\":\"International Trilingual School of Warsaw\",\"alternateName\":\"International Trilingual School of Warsaw\",\"url\":\"https:\\\/\\\/itsw.edu.pl\\\/\",\"logo\":{\"@type\":\"ImageObject\",\"inLanguage\":\"fr-FR\",\"@id\":\"https:\\\/\\\/itsw.edu.pl\\\/#\\\/schema\\\/logo\\\/image\\\/\",\"url\":\"https:\\\/\\\/itsw.edu.pl\\\/wp-content\\\/uploads\\\/itsw-logo.png\",\"contentUrl\":\"https:\\\/\\\/itsw.edu.pl\\\/wp-content\\\/uploads\\\/itsw-logo.png\",\"width\":350,\"height\":103,\"caption\":\"International Trilingual School of Warsaw\"},\"image\":{\"@id\":\"https:\\\/\\\/itsw.edu.pl\\\/#\\\/schema\\\/logo\\\/image\\\/\"},\"sameAs\":[\"https:\\\/\\\/www.facebook.com\\\/ITSW.School.Escuela.Ecole.XueXiao.Gakko.Warsaw\"]},{\"@type\":\"Person\",\"@id\":\"https:\\\/\\\/itsw.edu.pl\\\/#\\\/schema\\\/person\\\/4a89b345dd3285b6de291f440f753c8f\",\"name\":\"M.K.\"}]}<\/script>\n<!-- \/ Yoast SEO plugin. -->","yoast_head_json":{"title":"Inscriptions et frais de scolarit\u00e9 - ITSW","robots":{"index":"index","follow":"follow","max-snippet":"max-snippet:-1","max-image-preview":"max-image-preview:large","max-video-preview":"max-video-preview:-1"},"canonical":"https:\/\/itsw.edu.pl\/fr\/ecole-primaire\/cp-ce1-ce2\/inscriptions-et-frais-de-scolarite\/","og_locale":"fr_FR","og_type":"article","og_title":"Inscriptions et frais de scolarit\u00e9 - ITSW","og_url":"https:\/\/itsw.edu.pl\/fr\/ecole-primaire\/cp-ce1-ce2\/inscriptions-et-frais-de-scolarite\/","og_site_name":"ITSW","article_publisher":"https:\/\/www.facebook.com\/ITSW.School.Escuela.Ecole.XueXiao.Gakko.Warsaw","article_modified_time":"2026-01-14T03:44:03+00:00","twitter_card":"summary_large_image","schema":{"@context":"https:\/\/schema.org","@graph":[{"@type":"Article","@id":"https:\/\/itsw.edu.pl\/fr\/ecole-primaire\/cp-ce1-ce2\/inscriptions-et-frais-de-scolarite\/#article","isPartOf":{"@id":"https:\/\/itsw.edu.pl\/fr\/ecole-primaire\/cp-ce1-ce2\/inscriptions-et-frais-de-scolarite\/"},"author":{"name":"M.K.","@id":"https:\/\/itsw.edu.pl\/#\/schema\/person\/4a89b345dd3285b6de291f440f753c8f"},"headline":"Inscriptions et frais de scolarit\u00e9","datePublished":"2026-01-06T10:08:22+00:00","dateModified":"2026-01-14T03:44:03+00:00","mainEntityOfPage":{"@id":"https:\/\/itsw.edu.pl\/fr\/ecole-primaire\/cp-ce1-ce2\/inscriptions-et-frais-de-scolarite\/"},"wordCount":5,"publisher":{"@id":"https:\/\/itsw.edu.pl\/#organization"},"inLanguage":"fr-FR"},{"@type":"WebPage","@id":"https:\/\/itsw.edu.pl\/fr\/ecole-primaire\/cp-ce1-ce2\/inscriptions-et-frais-de-scolarite\/","url":"https:\/\/itsw.edu.pl\/fr\/ecole-primaire\/cp-ce1-ce2\/inscriptions-et-frais-de-scolarite\/","name":"Inscriptions et frais de scolarit\u00e9 - ITSW","isPartOf":{"@id":"https:\/\/itsw.edu.pl\/#website"},"datePublished":"2026-01-06T10:08:22+00:00","dateModified":"2026-01-14T03:44:03+00:00","breadcrumb":{"@id":"https:\/\/itsw.edu.pl\/fr\/ecole-primaire\/cp-ce1-ce2\/inscriptions-et-frais-de-scolarite\/#breadcrumb"},"inLanguage":"fr-FR","potentialAction":[{"@type":"ReadAction","target":["https:\/\/itsw.edu.pl\/fr\/ecole-primaire\/cp-ce1-ce2\/inscriptions-et-frais-de-scolarite\/"]}]},{"@type":"BreadcrumbList","@id":"https:\/\/itsw.edu.pl\/fr\/ecole-primaire\/cp-ce1-ce2\/inscriptions-et-frais-de-scolarite\/#breadcrumb","itemListElement":[{"@type":"ListItem","position":1,"name":"ITSW","item":"https:\/\/itsw.edu.pl\/fr\/"},{"@type":"ListItem","position":2,"name":"\u00c9cole primaire internationale","item":"https:\/\/itsw.edu.pl\/fr\/ecole-primaire\/"},{"@type":"ListItem","position":3,"name":"\u00c9cole primaire CP, CE1, CE2","item":"https:\/\/itsw.edu.pl\/fr\/ecole-primaire\/cp-ce1-ce2\/"},{"@type":"ListItem","position":4,"name":"Inscriptions et frais de scolarit\u00e9"}]},{"@type":"WebSite","@id":"https:\/\/itsw.edu.pl\/#website","url":"https:\/\/itsw.edu.pl\/","name":"ITSW","description":"","publisher":{"@id":"https:\/\/itsw.edu.pl\/#organization"},"alternateName":"International Trilingual School of Warsaw","potentialAction":[{"@type":"SearchAction","target":{"@type":"EntryPoint","urlTemplate":"https:\/\/itsw.edu.pl\/?s={search_term_string}"},"query-input":{"@type":"PropertyValueSpecification","valueRequired":true,"valueName":"search_term_string"}}],"inLanguage":"fr-FR"},{"@type":"Organization","@id":"https:\/\/itsw.edu.pl\/#organization","name":"International Trilingual School of Warsaw","alternateName":"International Trilingual School of Warsaw","url":"https:\/\/itsw.edu.pl\/","logo":{"@type":"ImageObject","inLanguage":"fr-FR","@id":"https:\/\/itsw.edu.pl\/#\/schema\/logo\/image\/","url":"https:\/\/itsw.edu.pl\/wp-content\/uploads\/itsw-logo.png","contentUrl":"https:\/\/itsw.edu.pl\/wp-content\/uploads\/itsw-logo.png","width":350,"height":103,"caption":"International Trilingual School of Warsaw"},"image":{"@id":"https:\/\/itsw.edu.pl\/#\/schema\/logo\/image\/"},"sameAs":["https:\/\/www.facebook.com\/ITSW.School.Escuela.Ecole.XueXiao.Gakko.Warsaw"]},{"@type":"Person","@id":"https:\/\/itsw.edu.pl\/#\/schema\/person\/4a89b345dd3285b6de291f440f753c8f","name":"M.K."}]}},"_links":{"self":[{"href":"https:\/\/itsw.edu.pl\/fr\/wp-json\/wp\/v2\/pages\/243704","targetHints":{"allow":["GET"]}}],"collection":[{"href":"https:\/\/itsw.edu.pl\/fr\/wp-json\/wp\/v2\/pages"}],"about":[{"href":"https:\/\/itsw.edu.pl\/fr\/wp-json\/wp\/v2\/types\/page"}],"author":[{"embeddable":true,"href":"https:\/\/itsw.edu.pl\/fr\/wp-json\/wp\/v2\/users\/3"}],"replies":[{"embeddable":true,"href":"https:\/\/itsw.edu.pl\/fr\/wp-json\/wp\/v2\/comments?post=243704"}],"version-history":[{"count":10,"href":"https:\/\/itsw.edu.pl\/fr\/wp-json\/wp\/v2\/pages\/243704\/revisions"}],"predecessor-version":[{"id":249974,"href":"https:\/\/itsw.edu.pl\/fr\/wp-json\/wp\/v2\/pages\/243704\/revisions\/249974"}],"up":[{"embeddable":true,"href":"https:\/\/itsw.edu.pl\/fr\/wp-json\/wp\/v2\/pages\/245070"}],"wp:attachment":[{"href":"https:\/\/itsw.edu.pl\/fr\/wp-json\/wp\/v2\/media?parent=243704"}],"curies":[{"name":"wp","href":"https:\/\/api.w.org\/{rel}","templated":true}]}}