{"id":243524,"date":"2026-01-06T11:11:36","date_gmt":"2026-01-06T10:11:36","guid":{"rendered":"https:\/\/itsw.edu.pl\/?page_id=243524"},"modified":"2026-01-14T03:57:45","modified_gmt":"2026-01-14T02:57:45","slug":"inscriptions-et-frais-de-scolarite","status":"publish","type":"page","link":"https:\/\/itsw.edu.pl\/fr\/ecole-maternelle\/inscriptions-et-frais-de-scolarite\/","title":{"rendered":"Inscriptions et frais de scolarit\u00e9"},"content":{"rendered":"<div class=\"et_pb_section_0 et_pb_section et_section_regular et_block_section\">\n<div class=\"et_pb_row_0 et_pb_row et_block_row\">\n<div class=\"et_pb_column_0 et_pb_column et_pb_column_4_4 et-last-child et_block_column et_pb_css_mix_blend_mode_passthrough\">\n<div class=\"et_pb_heading_0 et_pb_heading et_pb_module et_block_module\"><div class=\"et_pb_heading_container\"><h1 class=\"et_pb_module_header\">Inscriptions et frais de scolarit\u00e9 \u00e0 la maternelle ITSW pour les enfants de 2,5 \u00e0 6 ans<\/h1><\/div><\/div>\n<\/div>\n<\/div>\n<\/div>\n\n<div class=\"et_pb_section_1 et_pb_section et_section_regular et_block_section\">\n<div class=\"et_pb_row_1 et_pb_row et_block_row\">\n<div class=\"et_pb_column_1 et_pb_column et_pb_column_1_2 et_block_column et_pb_css_mix_blend_mode_passthrough\">\n<div class=\"et_pb_text_0 et_pb_text et_pb_bg_layout_light et_pb_module et_block_module\"><div class=\"et_pb_text_inner\"><h2>Les inscriptions \u00e0 ITSW sont ouvertes toute l'ann\u00e9e<\/h2>\n<p><strong>L'\u00c9cole Internationale Trilingue de Varsovie accepte des \u00e9l\u00e8ves tout au long de l'ann\u00e9e scolaire<\/strong>. Les places \u00e9tant limit\u00e9es, nous vous encourageons \u00e0 entamer les d\u00e9marches d'inscription le plus t\u00f4t possible afin d'optimiser les chances d'admission de votre enfant dans la classe ou le programme trilingue de son choix.<\/p>\n<p>Nous invitons les parents int\u00e9ress\u00e9s par ITSW \u00e0 nous contacter pour convenir d'un rendez-vous sur l'un de nos campus. Nous serons ravis de r\u00e9pondre \u00e0 toutes vos questions et de vous accompagner \u00e0 chaque \u00e9tape.<\/p>\n<p><span style=\"color: #16447a;\"><strong>Les documents requis pour l'inscription<\/strong>\u00a0:<\/span><\/p>\n<ul>\n<li>formulaire d'inscription,<\/li>\n<li>photo d'identit\u00e9 r\u00e9cente de l'\u00e9l\u00e8ve,<\/li>\n<li>copie scann\u00e9e ou photo du passeport ou de l'acte de naissance de l'enfant,<\/li>\n<li>contrat d'inscription sign\u00e9 et ses annexes.<\/li>\n<\/ul>\n<\/div><\/div>\n<\/div>\n\n<div class=\"et_pb_column_2 et_pb_column et_pb_column_1_2 et-last-child et_block_column et_pb_css_mix_blend_mode_passthrough\">\n<div class=\"et_pb_image_0 et_pb_image et_pb_module et_block_module\"><span class=\"et_pb_image_wrap\"><img decoding=\"async\" src=\"https:\/\/itsw.edu.pl\/wp-content\/uploads\/dzieci-rysujace-kolorowanki.jpg\" title=\"dzieci rysuj\u0105ce kolorowanki\" width=\"555\" height=\"450\" srcset=\"https:\/\/itsw.edu.pl\/wp-content\/uploads\/dzieci-rysujace-kolorowanki.jpg 555w, https:\/\/itsw.edu.pl\/wp-content\/uploads\/dzieci-rysujace-kolorowanki-480x389.jpg 480w\" sizes=\"(min-width: 0px) and (max-width: 480px) 480px, (min-width: 481px) 555px, 100vw\" class=\"wp-image-243479\" alt=\"Children learning by play ITSW\" \/><\/span><\/div>\n<\/div>\n<\/div>\n\n<div class=\"et_pb_row_2 et_pb_row et_flex_row\">\n<div class=\"et_pb_column_3 et_pb_column et-last-child et_block_column et_pb_css_mix_blend_mode_passthrough et_flex_column_24_24 et_flex_column_24_24_tablet et_flex_column_24_24_phone\">\n<div class=\"et_pb_text_1 et_pb_text et_pb_bg_layout_light et_pb_module et_block_module\"><div class=\"et_pb_text_inner\"><p>Pour toute question, notre \u00e9quipe se tient \u00e0 votre disposition.<\/p>\n<\/div><\/div>\n\n<div class=\"et_pb_module et_pb_button_module_wrapper et_pb_button_0_wrapper\"><a class=\"et_pb_button_0 et_pb_button et_pb_bg_layout_light et_pb_module et_block_module\" href=\"https:\/\/itsw.edu.pl\/fr\/ecole-primaire\/college-5e-4e\/inscriptions-et-frais-de-scolarite\/\">Inscrivez votre enfant \u00e0 ITSW<\/a><\/div>\n<\/div>\n<\/div>\n<\/div>\n\n<div class=\"et_pb_section_2 et_pb_section et_section_regular et_block_section\">\n<div class=\"et_pb_row_3 et_pb_row et_flex_row\">\n<div class=\"et_pb_column_4 et_pb_column et_block_column et_pb_css_mix_blend_mode_passthrough et_flex_column_16_24 et_flex_column_16_24_tablet et_flex_column_24_24_phone\">\n<div class=\"et_pb_text_2 et_pb_text et_pb_bg_layout_light et_pb_module et_block_module\"><div class=\"et_pb_text_inner\"><p><span style=\"color: #ffffff;\">L'\u00c9cole Internationale Trilingue de Varsovie accueille les \u00e9l\u00e8ves d\u00e9sireux de d\u00e9velopper leur potentiel, de profiter des opportunit\u00e9s exceptionnelles offertes par notre \u00e9tablissement et de construire avec nous une communaut\u00e9 fond\u00e9e sur des valeurs, une mission et une ouverture sur le monde.<\/span><\/p>\n<\/div><\/div>\n<\/div>\n\n<div class=\"et_pb_column_5 et_pb_column et-last-child et_block_column et_pb_css_mix_blend_mode_passthrough et_flex_column_8_24 et_flex_column_8_24_tablet et_flex_column_24_24_phone\">\n<div class=\"et_pb_module et_pb_button_module_wrapper et_pb_button_1_wrapper\"><a class=\"et_pb_button_1 et_pb_button et_pb_bg_layout_light et_pb_module et_block_module\" href=\"https:\/\/itsw.edu.pl\/fr\/ecole-primaire\/college-5e-4e\/inscriptions-et-frais-de-scolarite\/\">Inscrivez-vous d\u00e8s aujourd&#039;hui\u00a0!<\/a><\/div>\n<\/div>\n<\/div>\n<\/div>\n\n<div class=\"et_pb_section_3 et_pb_section et_section_regular et_block_section\">\n<div class=\"et_pb_row_4 et_pb_row et_block_row\">\n<div class=\"et_pb_column_6 et_pb_column et_pb_column_4_4 et-last-child et_block_column et_pb_css_mix_blend_mode_passthrough\">\n<div class=\"et_pb_text_3 et_pb_text et_pb_bg_layout_light et_pb_module et_block_module\"><div class=\"et_pb_text_inner\"><h2 style=\"text-align: center;\"><strong>Tarifs de maternelle 2025\/2026 \u2013 enfants de 2,5 \u00e0 6 ans<\/strong><\/h2>\n<\/div><\/div>\n<\/div>\n<\/div>\n\n<div class=\"et_pb_row_5 et_pb_row et_block_row\">\n<div class=\"et_pb_column_7 et_pb_column et_pb_column_4_4 et-last-child et_block_column et_pb_css_mix_blend_mode_passthrough\">\n<div class=\"et_pb_code_0 et_pb_code et_pb_module\"><div class=\"et_pb_code_inner\"><table class=\"fees-table\">\n <tbody><tr><th style=\"width: 99.1833px;\">Droit d\u2019entr\u00e9e<\/th><td style=\"width: 559.967px;\">Frais d\u2019inscription<\/td><td style=\"width: 84.15px;\">1920 PLN<\/td><td style=\"width: 402.7px;\">A payer \u00e0 la signature du contrat. Les enfants venant de la cr\u00e8che ITSW sont exempt\u00e9s de frais d\u2019inscription \u00e0 la Maternelle.<\/td><\/tr><tr><th style=\"width: 99.1833px;\" rowspan=\"5\">Frais de scolarit\u00e9<\/th><td style=\"width: 559.967px;\">D\u00e9p\u00f4t de garantie<\/td><td style=\"width: 84.15px;\">1000 PLN<\/td><td style=\"width: 402.7px;\">Caution rembours\u00e9e \u00e0 la fin de la scolarisation. Les enfants venant de la cr\u00e8che ITSW sont exempt\u00e9s de frais de caution \u00e0 la Maternelle.<\/td><\/tr><tr><td style=\"width: 559.967px;\">Frais de scolarit\u00e9 mensuels<\/td><td style=\"width: 84.15px;\">3219 PLN<\/td><td style=\"width: 402.7px;\">Paiement au 5\u00e8me jour ouvrable du mois. Pour les enfants b\u00e9n\u00e9ficiant du programme \u00ab&nbsp;Aktywny w domu&nbsp;\u00bb de 2,5 ans \u00e0 3 ans (31 \u00e0 36 mois), le montant de 500 PLN est vers\u00e9 par ZUS directement aux Parents. Vous devez v\u00e9rifier vos droits aupr\u00e8s du ZUS.<\/td><\/tr><tr><td style=\"width: 559.967px;\">Paiement par jour (uniquement pendant les mois de vacances d\u00e9clar\u00e9s)<\/td><td style=\"width: 84.15px;\">175 PLN<\/td><td style=\"width: 402.7px;\"><\/td><\/tr><tr><td style=\"width: 559.967px;\">R\u00e9duction pour le deuxi\u00e8me enfant et suivants<\/td><td style=\"width: 84.15px;\">-10%<\/td><td style=\"width: 402.7px;\"><\/td><\/tr><tr><td style=\"width: 559.967px;\">Paiement de la Scolarit\u00e9 annuelle d\u2019avance<\/td><td style=\"width: 84.15px;\">-5%<\/td><td style=\"width: 402.7px;\"><\/td><\/tr><tr><th style=\"width: 99.1833px;\">Repas<\/th><td style=\"width: 559.967px;\">Repas quotidiens (petit-d\u00e9jeuner, d\u00e9jeuner, go\u00fbter)<\/td><td style=\"width: 84.15px;\">26.60 PLN<\/td><td style=\"width: 402.7px;\">Paiement des repas apr\u00e8s la commande mensuelle. La commande peut \u00eatre annul\u00e9e jusqu\u2019\u00e0 8h du matin le jour m\u00eame.<\/td><\/tr><\/tbody>\n<\/table>\n<style>\n.fees-table {\n  width: 100%;\n  border-collapse: collapse;\n  border:1px solid #f1b23c;\n  border-radius: 5px;\n}\n\n.fees-table th,\n.fees-table td {\n  border: 1px solid #f1b23c;\n  padding: 12px 14px !important;\n  vertical-align: top;\n  background: #ffeec9;\n  color: #16447a !important;\n  vertical-align: middle;   \n  text-align: center;\n}\n  .fees-table tr,  .fees-table tr td{\n    border: 2px solid #f1b23c;\n  }\n.fees-table th {\n  font-weight: 700;\n  text-align: left;\n  white-space: nowrap;\n  font-size:20px;\n  color: #16447a;\n  background: #f1b23c;\n  border-bottom: 2px solid #ffeec9;\n}\n\n\/* \u015arodkowe kolumny (opis + cena) *\/\n.fees-table__mid {\n  background: #ffeec9;\n  border-color: #f1b23c;\n  color: #16447a;\n}\n\n\/* Cena *\/\n.fees-table__price {\n  white-space: nowrap;\n  text-align: right;\n  font-weight: 700;\n}\n  <\/style><\/div><\/div>\n<\/div>\n<\/div>\n\n<div class=\"et_pb_row_6 et_pb_row et_flex_row\">\n<div class=\"et_pb_column_8 et_pb_column et-last-child et_flex_column et_pb_css_mix_blend_mode_passthrough et_flex_column_24_24 et_flex_column_24_24_tablet et_flex_column_24_24_phone\">\n<div class=\"et_pb_text_4 et_pb_text et_pb_bg_layout_light et_pb_module et_flex_module\"><div class=\"et_pb_text_inner\"><p>Si vous souhaitez offrir \u00e0 votre enfant la possibilit\u00e9 de d\u00e9couvrir le monde chaque jour, de se d\u00e9velopper dans trois langues et de b\u00e9n\u00e9ficier de la chaleur et de l'attention d'enseignants bienveillants, ITSW constitue un point de d\u00e9part exceptionnel.<\/p>\n<\/div><\/div>\n\n<div class=\"et_pb_module et_pb_button_module_wrapper et_pb_button_2_wrapper\"><a class=\"et_pb_button_2 et_pb_button et_pb_bg_layout_light et_pb_module et_block_module\" href=\"https:\/\/itsw.edu.pl\/fr\/ecole-primaire\/college-5e-4e\/inscriptions-et-frais-de-scolarite\/\">Inscrivez votre enfant \u00e0 ITSW<\/a><\/div>\n<\/div>\n<\/div>\n<\/div>","protected":false},"excerpt":{"rendered":"","protected":false},"author":3,"featured_media":0,"parent":245822,"menu_order":4,"comment_status":"closed","ping_status":"closed","template":"","meta":{"_acf_changed":false,"inline_featured_image":false,"footnotes":""},"class_list":["post-243524","page","type-page","status-publish","hentry"],"acf":[],"yoast_head":"<!-- This site is optimized with the Yoast SEO plugin v27.5 - https:\/\/yoast.com\/product\/yoast-seo-wordpress\/ -->\n<title>Op\u0142aty za przedszkole ITSW w Warszawie \u2013 Tr\u00f3jj\u0119zyczna edukacja- ITSW<\/title>\n<meta name=\"description\" content=\"Poznaj op\u0142aty za przedszkole ITSW na rok 2025\/2026. Edukacja w trzech j\u0119zykach dla dzieci 2,5\u20136 lat. Kampusy w Warszawie: Powi\u015ble i Saska K\u0119pa. Rekrutacja trwa ca\u0142y rok!\" \/>\n<meta name=\"robots\" content=\"index, follow, max-snippet:-1, max-image-preview:large, max-video-preview:-1\" \/>\n<link rel=\"canonical\" href=\"https:\/\/itsw.edu.pl\/fr\/ecole-maternelle\/inscriptions-et-frais-de-scolarite\/\" \/>\n<meta property=\"og:locale\" content=\"fr_FR\" \/>\n<meta property=\"og:type\" content=\"article\" \/>\n<meta property=\"og:title\" content=\"Przedszkole ITSW \u2013 Sprawd\u017a op\u0142aty i zapisz dziecko do tr\u00f3jj\u0119zycznej edukacji\" \/>\n<meta property=\"og:description\" content=\"Dowiedz si\u0119, ile kosztuje nauka w mi\u0119dzynarodowym przedszkolu ITSW w Warszawie. Trzy j\u0119zyki, certyfikowani native speakerzy i wyj\u0105tkowa atmosfera. Zapisz dziecko ju\u017c dzi\u015b!\" \/>\n<meta property=\"og:url\" content=\"https:\/\/itsw.edu.pl\/fr\/ecole-maternelle\/inscriptions-et-frais-de-scolarite\/\" \/>\n<meta property=\"og:site_name\" content=\"ITSW\" \/>\n<meta property=\"article:publisher\" content=\"https:\/\/www.facebook.com\/ITSW.School.Escuela.Ecole.XueXiao.Gakko.Warsaw\" \/>\n<meta property=\"article:modified_time\" content=\"2026-01-14T02:57:45+00:00\" \/>\n<meta name=\"twitter:card\" content=\"summary_large_image\" \/>\n<script type=\"application\/ld+json\" class=\"yoast-schema-graph\">{\"@context\":\"https:\\\/\\\/schema.org\",\"@graph\":[{\"@type\":\"Article\",\"@id\":\"https:\\\/\\\/itsw.edu.pl\\\/fr\\\/ecole-maternelle\\\/inscriptions-et-frais-de-scolarite\\\/#article\",\"isPartOf\":{\"@id\":\"https:\\\/\\\/itsw.edu.pl\\\/fr\\\/ecole-maternelle\\\/inscriptions-et-frais-de-scolarite\\\/\"},\"author\":{\"name\":\"M.K.\",\"@id\":\"https:\\\/\\\/itsw.edu.pl\\\/#\\\/schema\\\/person\\\/4a89b345dd3285b6de291f440f753c8f\"},\"headline\":\"Inscriptions et frais de scolarit\u00e9\",\"datePublished\":\"2026-01-06T10:11:36+00:00\",\"dateModified\":\"2026-01-14T02:57:45+00:00\",\"mainEntityOfPage\":{\"@id\":\"https:\\\/\\\/itsw.edu.pl\\\/fr\\\/ecole-maternelle\\\/inscriptions-et-frais-de-scolarite\\\/\"},\"wordCount\":5,\"publisher\":{\"@id\":\"https:\\\/\\\/itsw.edu.pl\\\/#organization\"},\"inLanguage\":\"fr-FR\"},{\"@type\":\"WebPage\",\"@id\":\"https:\\\/\\\/itsw.edu.pl\\\/fr\\\/ecole-maternelle\\\/inscriptions-et-frais-de-scolarite\\\/\",\"url\":\"https:\\\/\\\/itsw.edu.pl\\\/fr\\\/ecole-maternelle\\\/inscriptions-et-frais-de-scolarite\\\/\",\"name\":\"Op\u0142aty za przedszkole ITSW w Warszawie \u2013 Tr\u00f3jj\u0119zyczna edukacja- ITSW\",\"isPartOf\":{\"@id\":\"https:\\\/\\\/itsw.edu.pl\\\/#website\"},\"datePublished\":\"2026-01-06T10:11:36+00:00\",\"dateModified\":\"2026-01-14T02:57:45+00:00\",\"description\":\"Poznaj op\u0142aty za przedszkole ITSW na rok 2025\\\/2026. Edukacja w trzech j\u0119zykach dla dzieci 2,5\u20136 lat. Kampusy w Warszawie: Powi\u015ble i Saska K\u0119pa. Rekrutacja trwa ca\u0142y rok!\",\"breadcrumb\":{\"@id\":\"https:\\\/\\\/itsw.edu.pl\\\/fr\\\/ecole-maternelle\\\/inscriptions-et-frais-de-scolarite\\\/#breadcrumb\"},\"inLanguage\":\"fr-FR\",\"potentialAction\":[{\"@type\":\"ReadAction\",\"target\":[\"https:\\\/\\\/itsw.edu.pl\\\/fr\\\/ecole-maternelle\\\/inscriptions-et-frais-de-scolarite\\\/\"]}]},{\"@type\":\"BreadcrumbList\",\"@id\":\"https:\\\/\\\/itsw.edu.pl\\\/fr\\\/ecole-maternelle\\\/inscriptions-et-frais-de-scolarite\\\/#breadcrumb\",\"itemListElement\":[{\"@type\":\"ListItem\",\"position\":1,\"name\":\"ITSW\",\"item\":\"https:\\\/\\\/itsw.edu.pl\\\/fr\\\/\"},{\"@type\":\"ListItem\",\"position\":2,\"name\":\"\u00c9cole maternelle\",\"item\":\"https:\\\/\\\/itsw.edu.pl\\\/fr\\\/ecole-maternelle\\\/\"},{\"@type\":\"ListItem\",\"position\":3,\"name\":\"Inscriptions et frais de scolarit\u00e9\"}]},{\"@type\":\"WebSite\",\"@id\":\"https:\\\/\\\/itsw.edu.pl\\\/#website\",\"url\":\"https:\\\/\\\/itsw.edu.pl\\\/\",\"name\":\"ITSW\",\"description\":\"\",\"publisher\":{\"@id\":\"https:\\\/\\\/itsw.edu.pl\\\/#organization\"},\"alternateName\":\"International Trilingual School of Warsaw\",\"potentialAction\":[{\"@type\":\"SearchAction\",\"target\":{\"@type\":\"EntryPoint\",\"urlTemplate\":\"https:\\\/\\\/itsw.edu.pl\\\/?s={search_term_string}\"},\"query-input\":{\"@type\":\"PropertyValueSpecification\",\"valueRequired\":true,\"valueName\":\"search_term_string\"}}],\"inLanguage\":\"fr-FR\"},{\"@type\":\"Organization\",\"@id\":\"https:\\\/\\\/itsw.edu.pl\\\/#organization\",\"name\":\"International Trilingual School of Warsaw\",\"alternateName\":\"International Trilingual School of Warsaw\",\"url\":\"https:\\\/\\\/itsw.edu.pl\\\/\",\"logo\":{\"@type\":\"ImageObject\",\"inLanguage\":\"fr-FR\",\"@id\":\"https:\\\/\\\/itsw.edu.pl\\\/#\\\/schema\\\/logo\\\/image\\\/\",\"url\":\"https:\\\/\\\/itsw.edu.pl\\\/wp-content\\\/uploads\\\/itsw-logo.png\",\"contentUrl\":\"https:\\\/\\\/itsw.edu.pl\\\/wp-content\\\/uploads\\\/itsw-logo.png\",\"width\":350,\"height\":103,\"caption\":\"International Trilingual School of Warsaw\"},\"image\":{\"@id\":\"https:\\\/\\\/itsw.edu.pl\\\/#\\\/schema\\\/logo\\\/image\\\/\"},\"sameAs\":[\"https:\\\/\\\/www.facebook.com\\\/ITSW.School.Escuela.Ecole.XueXiao.Gakko.Warsaw\"]},{\"@type\":\"Person\",\"@id\":\"https:\\\/\\\/itsw.edu.pl\\\/#\\\/schema\\\/person\\\/4a89b345dd3285b6de291f440f753c8f\",\"name\":\"M.K.\"}]}<\/script>\n<!-- \/ Yoast SEO plugin. -->","yoast_head_json":{"title":"Op\u0142aty za przedszkole ITSW w Warszawie \u2013 Tr\u00f3jj\u0119zyczna edukacja- ITSW","description":"Poznaj op\u0142aty za przedszkole ITSW na rok 2025\/2026. Edukacja w trzech j\u0119zykach dla dzieci 2,5\u20136 lat. Kampusy w Warszawie: Powi\u015ble i Saska K\u0119pa. Rekrutacja trwa ca\u0142y rok!","robots":{"index":"index","follow":"follow","max-snippet":"max-snippet:-1","max-image-preview":"max-image-preview:large","max-video-preview":"max-video-preview:-1"},"canonical":"https:\/\/itsw.edu.pl\/fr\/ecole-maternelle\/inscriptions-et-frais-de-scolarite\/","og_locale":"fr_FR","og_type":"article","og_title":"Przedszkole ITSW \u2013 Sprawd\u017a op\u0142aty i zapisz dziecko do tr\u00f3jj\u0119zycznej edukacji","og_description":"Dowiedz si\u0119, ile kosztuje nauka w mi\u0119dzynarodowym przedszkolu ITSW w Warszawie. Trzy j\u0119zyki, certyfikowani native speakerzy i wyj\u0105tkowa atmosfera. Zapisz dziecko ju\u017c dzi\u015b!","og_url":"https:\/\/itsw.edu.pl\/fr\/ecole-maternelle\/inscriptions-et-frais-de-scolarite\/","og_site_name":"ITSW","article_publisher":"https:\/\/www.facebook.com\/ITSW.School.Escuela.Ecole.XueXiao.Gakko.Warsaw","article_modified_time":"2026-01-14T02:57:45+00:00","twitter_card":"summary_large_image","schema":{"@context":"https:\/\/schema.org","@graph":[{"@type":"Article","@id":"https:\/\/itsw.edu.pl\/fr\/ecole-maternelle\/inscriptions-et-frais-de-scolarite\/#article","isPartOf":{"@id":"https:\/\/itsw.edu.pl\/fr\/ecole-maternelle\/inscriptions-et-frais-de-scolarite\/"},"author":{"name":"M.K.","@id":"https:\/\/itsw.edu.pl\/#\/schema\/person\/4a89b345dd3285b6de291f440f753c8f"},"headline":"Inscriptions et frais de scolarit\u00e9","datePublished":"2026-01-06T10:11:36+00:00","dateModified":"2026-01-14T02:57:45+00:00","mainEntityOfPage":{"@id":"https:\/\/itsw.edu.pl\/fr\/ecole-maternelle\/inscriptions-et-frais-de-scolarite\/"},"wordCount":5,"publisher":{"@id":"https:\/\/itsw.edu.pl\/#organization"},"inLanguage":"fr-FR"},{"@type":"WebPage","@id":"https:\/\/itsw.edu.pl\/fr\/ecole-maternelle\/inscriptions-et-frais-de-scolarite\/","url":"https:\/\/itsw.edu.pl\/fr\/ecole-maternelle\/inscriptions-et-frais-de-scolarite\/","name":"Op\u0142aty za przedszkole ITSW w Warszawie \u2013 Tr\u00f3jj\u0119zyczna edukacja- ITSW","isPartOf":{"@id":"https:\/\/itsw.edu.pl\/#website"},"datePublished":"2026-01-06T10:11:36+00:00","dateModified":"2026-01-14T02:57:45+00:00","description":"Poznaj op\u0142aty za przedszkole ITSW na rok 2025\/2026. Edukacja w trzech j\u0119zykach dla dzieci 2,5\u20136 lat. Kampusy w Warszawie: Powi\u015ble i Saska K\u0119pa. Rekrutacja trwa ca\u0142y rok!","breadcrumb":{"@id":"https:\/\/itsw.edu.pl\/fr\/ecole-maternelle\/inscriptions-et-frais-de-scolarite\/#breadcrumb"},"inLanguage":"fr-FR","potentialAction":[{"@type":"ReadAction","target":["https:\/\/itsw.edu.pl\/fr\/ecole-maternelle\/inscriptions-et-frais-de-scolarite\/"]}]},{"@type":"BreadcrumbList","@id":"https:\/\/itsw.edu.pl\/fr\/ecole-maternelle\/inscriptions-et-frais-de-scolarite\/#breadcrumb","itemListElement":[{"@type":"ListItem","position":1,"name":"ITSW","item":"https:\/\/itsw.edu.pl\/fr\/"},{"@type":"ListItem","position":2,"name":"\u00c9cole maternelle","item":"https:\/\/itsw.edu.pl\/fr\/ecole-maternelle\/"},{"@type":"ListItem","position":3,"name":"Inscriptions et frais de scolarit\u00e9"}]},{"@type":"WebSite","@id":"https:\/\/itsw.edu.pl\/#website","url":"https:\/\/itsw.edu.pl\/","name":"ITSW","description":"","publisher":{"@id":"https:\/\/itsw.edu.pl\/#organization"},"alternateName":"International Trilingual School of Warsaw","potentialAction":[{"@type":"SearchAction","target":{"@type":"EntryPoint","urlTemplate":"https:\/\/itsw.edu.pl\/?s={search_term_string}"},"query-input":{"@type":"PropertyValueSpecification","valueRequired":true,"valueName":"search_term_string"}}],"inLanguage":"fr-FR"},{"@type":"Organization","@id":"https:\/\/itsw.edu.pl\/#organization","name":"International Trilingual School of Warsaw","alternateName":"International Trilingual School of Warsaw","url":"https:\/\/itsw.edu.pl\/","logo":{"@type":"ImageObject","inLanguage":"fr-FR","@id":"https:\/\/itsw.edu.pl\/#\/schema\/logo\/image\/","url":"https:\/\/itsw.edu.pl\/wp-content\/uploads\/itsw-logo.png","contentUrl":"https:\/\/itsw.edu.pl\/wp-content\/uploads\/itsw-logo.png","width":350,"height":103,"caption":"International Trilingual School of Warsaw"},"image":{"@id":"https:\/\/itsw.edu.pl\/#\/schema\/logo\/image\/"},"sameAs":["https:\/\/www.facebook.com\/ITSW.School.Escuela.Ecole.XueXiao.Gakko.Warsaw"]},{"@type":"Person","@id":"https:\/\/itsw.edu.pl\/#\/schema\/person\/4a89b345dd3285b6de291f440f753c8f","name":"M.K."}]}},"_links":{"self":[{"href":"https:\/\/itsw.edu.pl\/fr\/wp-json\/wp\/v2\/pages\/243524","targetHints":{"allow":["GET"]}}],"collection":[{"href":"https:\/\/itsw.edu.pl\/fr\/wp-json\/wp\/v2\/pages"}],"about":[{"href":"https:\/\/itsw.edu.pl\/fr\/wp-json\/wp\/v2\/types\/page"}],"author":[{"embeddable":true,"href":"https:\/\/itsw.edu.pl\/fr\/wp-json\/wp\/v2\/users\/3"}],"replies":[{"embeddable":true,"href":"https:\/\/itsw.edu.pl\/fr\/wp-json\/wp\/v2\/comments?post=243524"}],"version-history":[{"count":9,"href":"https:\/\/itsw.edu.pl\/fr\/wp-json\/wp\/v2\/pages\/243524\/revisions"}],"predecessor-version":[{"id":249954,"href":"https:\/\/itsw.edu.pl\/fr\/wp-json\/wp\/v2\/pages\/243524\/revisions\/249954"}],"up":[{"embeddable":true,"href":"https:\/\/itsw.edu.pl\/fr\/wp-json\/wp\/v2\/pages\/245822"}],"wp:attachment":[{"href":"https:\/\/itsw.edu.pl\/fr\/wp-json\/wp\/v2\/media?parent=243524"}],"curies":[{"name":"wp","href":"https:\/\/api.w.org\/{rel}","templated":true}]}}