{"id":239054,"date":"2025-02-16T22:14:24","date_gmt":"2025-02-16T21:14:24","guid":{"rendered":"https:\/\/itsw.edu.pl\/inscription\/"},"modified":"2026-02-24T19:19:59","modified_gmt":"2026-02-24T18:19:59","slug":"inscriptions-et-frais-de-scolarite","status":"publish","type":"page","link":"https:\/\/itsw.edu.pl\/fr\/creche\/inscriptions-et-frais-de-scolarite\/","title":{"rendered":"Inscriptions et frais de scolarit\u00e9"},"content":{"rendered":"<div class=\"et_pb_section_0 et_pb_section et_section_regular et_block_section\">\n<div class=\"et_pb_row_0 et_pb_row et_block_row\">\n<div class=\"et_pb_column_0 et_pb_column et_pb_column_4_4 et-last-child et_block_column et_pb_css_mix_blend_mode_passthrough\">\n<div class=\"et_pb_heading_0 et_pb_heading et_pb_module et_block_module\"><div class=\"et_pb_heading_container\"><h1 class=\"et_pb_module_header\">R\u00e8gles d'inscription et de paiement \u00e0 ITSW<\/h1><\/div><\/div>\n<\/div>\n<\/div>\n<\/div>\n\n<div class=\"et_pb_section_1 et_pb_section et_section_regular et_block_section\">\n<div class=\"et_pb_row_1 et_pb_row et_flex_row\">\n<div class=\"et_pb_column_1 et_pb_column et_block_column et_pb_css_mix_blend_mode_passthrough et_flex_column_24_24 et_flex_column_24_24_tablet et_flex_column_24_24_phone\">\n<div class=\"et_pb_text_0 et_pb_text et_pb_bg_layout_light et_pb_module et_block_module\"><div class=\"et_pb_text_inner\"><p><strong>Nous sommes ravis que vous envisagiez une \u00e9ducation trilingue pour votre enfant. Merci de l\u2019int\u00e9r\u00eat que vous portez \u00e0 notre cr\u00e8che au sein de l'\u00c9cole Trilingue Internationale de Varsovie (ITSW).<\/strong><\/p>\n<p>La cr\u00e8che trilingue est le moment id\u00e9al pour entamer le parcours vers le trilinguisme. Nos groupes se remplissent tr\u00e8s vite et les parents inscrivent souvent leurs enfants et leurs fr\u00e8res et s\u0153urs longtemps \u00e0 l'avance. C'est pourquoi nous vous encourageons \u00e0 nous contacter d\u00e8s que vous aurez pris votre d\u00e9cision afin d'assurer \u00e0 votre enfant un avenir trilingue.<\/p>\n<\/div><\/div>\n\n<div class=\"et_pb_module et_pb_button_module_wrapper et_pb_button_0_wrapper\"><a class=\"et_pb_button_0 et_pb_button et_pb_bg_layout_light et_pb_module et_block_module\" href=\"https:\/\/itsw.edu.pl\/fr\/ecole-primaire\/college-5e-4e\/inscriptions-et-frais-de-scolarite\/\">Inscription \u00e0 ITSW<\/a><\/div>\n<\/div>\n\n<div class=\"et_pb_column_2 et_pb_column et-last-child et_block_column et_pb_css_mix_blend_mode_passthrough et_flex_column_24_24 et_flex_column_24_24_tablet et_flex_column_24_24_phone\">\n<div class=\"et_pb_image_0 et_pb_image et_pb_module et_block_module\"><span class=\"et_pb_image_wrap\"><img decoding=\"async\" src=\"https:\/\/itsw.edu.pl\/wp-content\/uploads\/dolacz-do-zlobka-jezykowego-itsw.jpg\" title=\"dolacz do zlobka jezykowego ITSW\" width=\"555\" height=\"450\" srcset=\"https:\/\/itsw.edu.pl\/wp-content\/uploads\/dolacz-do-zlobka-jezykowego-itsw.jpg 555w, https:\/\/itsw.edu.pl\/wp-content\/uploads\/dolacz-do-zlobka-jezykowego-itsw-480x389.jpg 480w\" sizes=\"(min-width: 0px) and (max-width: 480px) 480px, (min-width: 481px) 555px, 100vw\" class=\"wp-image-248460\" alt=\"Children learning by play ITSW\" \/><\/span><\/div>\n<\/div>\n<\/div>\n\n<div class=\"et_pb_row_2 et_pb_row et_flex_row\">\n<div class=\"et_pb_column_3 et_pb_column et_block_column et_pb_css_mix_blend_mode_passthrough et_flex_column_24_24 et_flex_column_24_24_tablet et_flex_column_24_24_phone\">\n<div class=\"et_pb_image_1 et_pb_image et_pb_module et_block_module\"><span class=\"et_pb_image_wrap\"><img decoding=\"async\" src=\"https:\/\/itsw.edu.pl\/wp-content\/uploads\/itsw-jest-otarty-caly-rok.jpg\" title=\"ITSW jest otarty ca\u0142y rok\" width=\"555\" height=\"450\" srcset=\"https:\/\/itsw.edu.pl\/wp-content\/uploads\/itsw-jest-otarty-caly-rok.jpg 555w, https:\/\/itsw.edu.pl\/wp-content\/uploads\/itsw-jest-otarty-caly-rok-480x389.jpg 480w\" sizes=\"(min-width: 0px) and (max-width: 480px) 480px, (min-width: 481px) 555px, 100vw\" class=\"wp-image-248468\" alt=\"Children learning by play ITSW\" \/><\/span><\/div>\n<\/div>\n\n<div class=\"et_pb_column_4 et_pb_column et-last-child et_block_column et_pb_css_mix_blend_mode_passthrough et_flex_column_24_24 et_flex_column_24_24_tablet et_flex_column_24_24_phone\">\n<div class=\"et_pb_text_1 et_pb_text et_pb_bg_layout_light et_pb_module et_block_module\"><div class=\"et_pb_text_inner\"><h2>Et que se passe-t-il apr\u00e8s la cr\u00e8che trilingue\u00a0? Parcours \u00e9ducatif ITSW<\/h2>\n<p><strong>Apr\u00e8s la cr\u00e8che, la quasi-totalit\u00e9 des enfants poursuivent leur scolarit\u00e9 dans notre \u00e9cole maternelle ensuite dans notre \u00e9cole primaire et coll\u00e8ge trilingues.<\/strong> C'est pourquoi le nombre de places en maternelle et en CP \u00e0 ITSW est limit\u00e9.<br \/>Nous accueillons les enfants de 2,5 ans \u00e0 cinq ans en \u00e9cole maternelle et ceux de six ans en CP de l'\u00e9cole primaire . L'admission en maternelle, en primaire et au coll\u00e8ge est s\u00e9lective.<br \/>Pour en savoir plus sur les opportunit\u00e9s offertes par notre cr\u00e8che trilingue \u00e0 Powi\u015ble et Saska K\u0119pa, veuillez remplir notre questionnaire d'inscription. Suite \u00e0 sa r\u00e9ception, nous vous inviterons \u00e0 une rencontre informelle sur l'un de nos campus.<\/p>\n<p><strong>Nous serons ravis de vous accueillir !<\/strong><\/p>\n<\/div><\/div>\n\n<div class=\"et_pb_module et_pb_button_module_wrapper et_pb_button_1_wrapper\"><a class=\"et_pb_button_1 et_pb_button et_pb_bg_layout_light et_pb_module et_block_module\" href=\"https:\/\/itsw.edu.pl\/fr\/contactez-nous\/\">S&#039;inscrire<\/a><\/div>\n<\/div>\n<\/div>\n<\/div>\n\n<div class=\"et_pb_section_2 et_pb_section et_section_regular et_flex_section\">\n<div class=\"et_pb_row_3 et_pb_row et_flex_row\">\n<div class=\"et_pb_column_5 et_pb_column et-last-child et_flex_column et_pb_css_mix_blend_mode_passthrough et_flex_column_24_24 et_flex_column_24_24_tablet et_flex_column_24_24_phone\">\n<div class=\"et_pb_image_2 et_pb_image et_pb_module et_flex_module\"><span class=\"et_pb_image_wrap\"><img decoding=\"async\" src=\"https:\/\/itsw.edu.pl\/wp-content\/uploads\/aktywny-rodzic-program-itsw.webp\" alt=\"Program aktywny rodzic\" title=\"aktywny-rodzic-program-itsw\" width=\"450\" height=\"200\" srcset=\"https:\/\/itsw.edu.pl\/wp-content\/uploads\/aktywny-rodzic-program-itsw.webp 450w, https:\/\/itsw.edu.pl\/wp-content\/uploads\/aktywny-rodzic-program-itsw-300x133.webp 300w\" sizes=\"(max-width: 450px) 100vw, 450px\" class=\"wp-image-248519\" \/><\/span><\/div>\n\n<div class=\"et_pb_text_2 et_pb_text et_pb_bg_layout_light et_pb_module et_flex_module\"><div class=\"et_pb_text_inner\"><h2 style=\"text-align: center;\">Programme Parent Actif \u2013 R\u00e9duction de 1\u00a0500 PLN par mois sur les frais de cr\u00e8che<\/h2>\n<p style=\"text-align: center;\">Si vous envisagez d'inscrire votre enfant dans notre cr\u00e8che, n'oubliez pas que vous pouvez b\u00e9n\u00e9ficier du programme gouvernemental \u00ab\u00a0Parent Actif\u00a0\u00bb. <strong>Une subvention de 1\u00a0500 PLN<\/strong> par mois r\u00e9duit consid\u00e9rablement le co\u00fbt de la cr\u00e8che et de l\u2019\u00e9ducation \u00e0 l\u2019ITSW. Notre \u00e9tablissement r\u00e9pond \u00e0 toutes les exigences du programme et notre \u00e9quipe administrative vous accompagnera avec plaisir dans vos d\u00e9marches administratives afin que vous puissiez b\u00e9n\u00e9ficier d\u2019un soutien complet en toute simplicit\u00e9 et s\u00e9r\u00e9nit\u00e9.<\/p>\n<\/div>\n<div class=\"et_pb_module et_pb_button_module_wrapper et_pb_button_2_wrapper\"><a class=\"et_pb_button_2 et_pb_button et_pb_bg_layout_light et_pb_module et_block_module\" href=\"https:\/\/itsw.edu.pl\/fr\/contactez-nous\/\">Posez une question<\/a><\/div>\n<\/div>\n<\/div>\n<\/div>\n<\/div>\n\n<div class=\"et_pb_section_3 et_pb_section et_section_regular et_block_section\">\n<div class=\"et_pb_row_4 et_pb_row et_block_row\">\n<div class=\"et_pb_column_6 et_pb_column et_pb_column_4_4 et-last-child et_block_column et_pb_css_mix_blend_mode_passthrough\">\n<div class=\"et_pb_text_3 et_pb_text et_pb_bg_layout_light et_pb_module et_block_module\"><div class=\"et_pb_text_inner\"><h2 data-start=\"253\" data-end=\"331\" style=\"text-align: center;\"><strong data-start=\"257\" data-end=\"331\">Frais de cr\u00e8che 2025\/26 \u2013 pour les enfants de 1 \u00e0 2,5 ans (12\u201330 mois)<\/strong><\/h2>\n<\/div><\/div>\n<\/div>\n<\/div>\n\n<div class=\"et_pb_row_5 et_pb_row et_block_row\">\n<div class=\"et_pb_column_7 et_pb_column et_pb_column_4_4 et-last-child et_block_column et_pb_css_mix_blend_mode_passthrough\">\n<div class=\"et_pb_code_0 et_pb_code et_pb_module\"><div class=\"et_pb_code_inner\"><table class=\"fees-table-yellow\" style=\"height: 168px;\"><tbody><tr><td style=\"width: 99.1833px;\"><strong>Droit d\u2019entr\u00e9e<\/strong><\/td><td style=\"width: 559.967px;\">Frais d\u2019inscription<\/td><td style=\"width: 84.15px;\">1920 PLN<\/td><td style=\"width: 402.7px;\">A payer \u00e0 la signature du contrat. Les enfants venant de la cr\u00e8che ITSW sont exempt\u00e9s de frais d\u2019inscription \u00e0 la Maternelle.<\/td><\/tr><tr><td style=\"width: 99.1833px;\" rowspan=\"6\"><strong>Frais<\/strong><\/td><td style=\"width: 559.967px;\">D\u00e9p\u00f4t de garantie<\/td><td style=\"width: 84.15px;\">1000 PLN<\/td><td style=\"width: 402.7px;\">Caution rembours\u00e9e \u00e0 la fin de la scolarisation. Les enfants venant de la cr\u00e8che ITSW sont exempt\u00e9s de frais de caution \u00e0 la Maternelle.<\/td><\/tr><tr><td style=\"width: 559.967px;\">Frais mensuels de garde<\/td><td style=\"width: 84.15px;\">1500 PLN<\/td><td style=\"width: 402.7px;\">Paiement au 5\u00e8me jour ouvrable du mois. Pour les enfants b\u00e9n\u00e9ficiant du programme \u00ab\u00a0Aktywny w zlobku\u00a0\u00bb les frais mensuels de garde sont couvert en totalit\u00e9 par ZUS. Vous devez v\u00e9rifier vos droits aupr\u00e8s du ZUS.<\/td><\/tr><tr><td style=\"width: 559.967px;\">Frais mensuels d\u2019activit\u00e9s linguistiques<\/td><td style=\"width: 84.15px;\">1719 PLN<\/td><td style=\"width: 402.7px;\"><\/td><\/tr><tr><td style=\"width: 559.967px;\">Paiement par jour (uniquement pendant les mois de vacances d\u00e9clar\u00e9s)<\/td><td style=\"width: 84.15px;\">175 PLN<\/td><td style=\"width: 402.7px;\"><\/td><\/tr><tr><td style=\"width: 559.967px;\">R\u00e9duction pour le deuxi\u00e8me enfant et suivants<\/td><td style=\"width: 84.15px;\">-10%<\/td><td style=\"width: 402.7px;\"><\/td><\/tr><tr><td style=\"width: 559.967px;\">Paiement de la Scolarit\u00e9 annuelle d\u2019avance<\/td><td style=\"width: 84.15px;\">-5%<\/td><td style=\"width: 402.7px;\"><\/td><\/tr><tr><td style=\"width: 99.1833px;\"><strong>Repas<\/strong><\/td><td style=\"width: 559.967px;\">Repas quotidiens (petit-d\u00e9jeuner, d\u00e9jeuner, go\u00fbter)<\/td><td style=\"width: 84.15px;\">26.60 PLN<\/td><td style=\"width: 402.7px;\">Paiement des repas apr\u00e8s la commande mensuelle. La commande peut \u00eatre annul\u00e9e jusqu\u2019\u00e0 8h du matin le jour m\u00eame.<\/td><\/tr><\/tbody><\/table>\n<style>\n.fees-table-yellow {\n  width: 100%;\n  border-collapse: collapse;\n  border: 1px solid #f1b23c;\n  border-radius: 5px;\n}\n\n.fees-table-yellow th,\n.fees-table-yellow td {\n  border: 1px solid #f1b23c;\n  padding: 12px 14px !important;\n  vertical-align: middle;\n  text-align: center;\n  background: #fbf1df; \/* pastel \u017c\u00f3\u0142ty *\/\n  color: #16447a !important;\n}\n\n\/* Wiersze *\/\n.fees-table-yellow tr,\n.fees-table-yellow tr td {\n  border: 2px solid #f1b23c;\n}\n\n\/* Nag\u0142\u00f3wek *\/\n.fees-table-yellow th {\n  font-weight: 700;\n  font-size: 20px;\n  text-align: left;\n  white-space: nowrap;\n  background: #f1b23c; \/* ciemniejszy \u017c\u00f3\u0142ty *\/\n  color: #16447a;\n  border-bottom: 2px solid #f1b23c;\n}\n\n\/* \u015arodkowe kolumny (np. opis + cena) *\/\n.fees-table-yellow__mid {\n  background: #fbf1df; \/* pastel *\/\n  border-color: #f1b23c;\n  color: #16447a;\n}\n\n\/* Cena *\/\n.fees-table-yellow__price {\n  white-space: nowrap;\n  text-align: right;\n  font-weight: 700;\n}\n\n  <\/style><\/div><\/div>\n<\/div>\n<\/div>\n\n<div class=\"et_pb_row_6 et_pb_row et_block_row\">\n<div class=\"et_pb_column_8 et_pb_column et_pb_column_4_4 et-last-child et_block_column et_pb_css_mix_blend_mode_passthrough\">\n<div class=\"et_pb_module et_pb_button_module_wrapper et_pb_button_3_wrapper\"><a class=\"et_pb_button_3 et_pb_button et_pb_bg_layout_light et_pb_module et_block_module\" href=\"https:\/\/itsw.edu.pl\/fr\/ecole-primaire\/ecole-primaire-cm1-cm2-6e\/batiments\/\" target=\"_blank\">D\u00e9couvrez nos cr\u00e8ches au c\u0153ur de Varsovie \u2013 \u00e0 Powi\u015ble et \u00e0 Saska K\u0119pa !<\/a><\/div>\n\n<div class=\"et_pb_module et_pb_button_module_wrapper et_pb_button_4_wrapper\"><a class=\"et_pb_button_4 et_pb_button et_pb_bg_layout_light et_pb_module et_block_module\" href=\"https:\/\/itsw.edu.pl\/fr\/ecole-primaire\/college-5e-4e\/inscriptions-et-frais-de-scolarite\/\">Inscription \u00e0 ITSW<\/a><\/div>\n<\/div>\n<\/div>\n\n<div class=\"et_pb_row_7 et_pb_row et_flex_row\">\n<div class=\"et_pb_column_9 et_pb_column et-last-child et_flex_column et_pb_css_mix_blend_mode_passthrough et_flex_column_24_24 et_flex_column_24_24_tablet et_flex_column_24_24_phone\">\n<div class=\"et_pb_row_8 et_pb_row et_pb_row_nested et_flex_row\">\n<div class=\"et_pb_column_10 et_pb_column et-last-child et_flex_column et_pb_css_mix_blend_mode_passthrough et_flex_column_24_24 et_flex_column_24_24_tablet et_flex_column_24_24_phone\">\n<div class=\"et_pb_accordion_0 et_pb_accordion et_pb_module et_block_module\">\n<div class=\"et_pb_text_4 et_pb_text et_pb_bg_layout_light et_pb_module et_flex_module\"><div class=\"et_pb_text_inner\"><h2 style=\"text-align: center;\"><strong>FAQ \u2013 Les questions les plus fr\u00e9quentes des parents concernant l\u2019inscription \u00e0 la cr\u00e8che ITSW<\/strong><\/h2>\n<p>\u00a0<\/p>\n<\/div><\/div>\n\n<div class=\"et_pb_accordion_item_0 et_pb_accordion_item et_pb_toggle et_pb_module et_pb_toggle_open et_block_module\"><h5 class=\"et_pb_toggle_title\">Comment se d\u00e9roule le processus de recrutement\/inscription dans une cr\u00e8che priv\u00e9e \u00e0 Varsovie ?<\/h5><div class=\"et_pb_toggle_content\"><div class=\"flex flex-col text-sm pb-25\">\n<article class=\"text-token-text-primary w-full focus:outline-none [--shadow-height:45px] has-data-writing-block:pointer-events-none has-data-writing-block:-mt-(--shadow-height) has-data-writing-block:pt-(--shadow-height) [&amp;:has([data-writing-block])&gt;*]:pointer-events-auto scroll-mt-[calc(var(--header-height)+min(200px,max(70px,20svh)))]\" dir=\"auto\" data-turn-id=\"request-WEB:40d12d7f-0983-4b2e-8750-878373930ba8-37\" data-testid=\"conversation-turn-10\" data-scroll-anchor=\"true\" data-turn=\"assistant\" tabindex=\"-1\">\n<div class=\"text-base my-auto mx-auto pb-10 [--thread-content-margin:--spacing(4)] @w-sm\/main:[--thread-content-margin:--spacing(6)] @w-lg\/main:[--thread-content-margin:--spacing(16)] px-(--thread-content-margin)\">\n<div class=\"[--thread-content-max-width:40rem] @w-lg\/main:[--thread-content-max-width:48rem] mx-auto max-w-(--thread-content-max-width) flex-1 group\/turn-messages focus-visible:outline-hidden relative flex w-full min-w-0 flex-col agent-turn\" tabindex=\"-1\">\n<div class=\"flex max-w-full flex-col grow\">\n<div data-message-author-role=\"assistant\" data-message-id=\"0535dfeb-8e16-47ca-b6c6-f1f910f88f4d\" dir=\"auto\" class=\"min-h-8 text-message relative flex w-full flex-col items-end gap-2 text-start break-words whitespace-normal [.text-message+&amp;]:mt-1\" data-message-model-slug=\"gpt-5-2\">\n<div class=\"flex w-full flex-col gap-1 empty:hidden first:pt-[1px]\">\n<div class=\"markdown prose dark:prose-invert w-full break-words light markdown-new-styling\">D\u2019inscription sp\u00e9cifiques. C\u2019est pourquoi il est recommand\u00e9 d\u2019agir rapidement afin de garantir une place dans une cr\u00e8che linguistique locale de qualit\u00e9, par exemple dans notre \u00e9tablissement situ\u00e9 \u00e0 proximit\u00e9 du centre de Varsovie.<\/div>\n<\/div>\n<\/div>\n<\/div>\n<\/div>\n<\/div>\n<\/article>\n<\/div>\n<\/div><\/div>\n\n<div class=\"et_pb_accordion_item_1 et_pb_accordion_item et_pb_toggle et_pb_module et_pb_toggle_close et_block_module\"><h5 class=\"et_pb_toggle_title\">Recrutement \u00e0 la cr\u00e8che ITSW \u2013 quels documents faut-il pr\u00e9parer ?<\/h5><div class=\"et_pb_toggle_content\"><div class=\"flex flex-col text-sm pb-25\">\n<article class=\"text-token-text-primary w-full focus:outline-none [--shadow-height:45px] has-data-writing-block:pointer-events-none has-data-writing-block:-mt-(--shadow-height) has-data-writing-block:pt-(--shadow-height) [&amp;:has([data-writing-block])&gt;*]:pointer-events-auto scroll-mt-[calc(var(--header-height)+min(200px,max(70px,20svh)))]\" dir=\"auto\" data-turn-id=\"request-WEB:40d12d7f-0983-4b2e-8750-878373930ba8-40\" data-testid=\"conversation-turn-16\" data-scroll-anchor=\"true\" data-turn=\"assistant\" tabindex=\"-1\">\n<div class=\"text-base my-auto mx-auto pb-10 [--thread-content-margin:--spacing(4)] @w-sm\/main:[--thread-content-margin:--spacing(6)] @w-lg\/main:[--thread-content-margin:--spacing(16)] px-(--thread-content-margin)\">\n<div class=\"[--thread-content-max-width:40rem] @w-lg\/main:[--thread-content-max-width:48rem] mx-auto max-w-(--thread-content-max-width) flex-1 group\/turn-messages focus-visible:outline-hidden relative flex w-full min-w-0 flex-col agent-turn\" tabindex=\"-1\">\n<div class=\"flex max-w-full flex-col grow\">\n<div data-message-author-role=\"assistant\" data-message-id=\"8d94f3ce-6533-482f-b71f-c8646970630e\" dir=\"auto\" class=\"min-h-8 text-message relative flex w-full flex-col items-end gap-2 text-start break-words whitespace-normal [.text-message+&amp;]:mt-1\" data-message-model-slug=\"gpt-5-2\">\n<div class=\"flex w-full flex-col gap-1 empty:hidden first:pt-[1px]\">\n<div class=\"markdown prose dark:prose-invert w-full break-words light markdown-new-styling\">\n<p data-start=\"0\" data-end=\"227\">Lors du recrutement \u00e0 la cr\u00e8che ITSW, il est essentiel de pr\u00e9parer un dossier complet de documents. Vous trouverez ci-dessous la liste des documents de base qui facilitent la v\u00e9rification et acc\u00e9l\u00e8rent le processus :<\/p>\n<ul data-start=\"229\" data-end=\"375\">\n<li data-start=\"229\" data-end=\"251\">\n<p data-start=\"231\" data-end=\"251\">acte de naissance,<\/p>\n<\/li>\n<li data-start=\"252\" data-end=\"272\">\n<p data-start=\"254\" data-end=\"272\">carnet de sant\u00e9,<\/p>\n<\/li>\n<li data-start=\"273\" data-end=\"334\">\n<p data-start=\"275\" data-end=\"334\">documents attestant du lieu de r\u00e9sidence (domiciliation),<\/p>\n<\/li>\n<li data-start=\"335\" data-end=\"375\">\n<p data-start=\"337\" data-end=\"375\">formulaires compl\u00e9t\u00e9s par les parents.<\/p>\n<\/li>\n<\/ul>\n<p data-start=\"377\" data-end=\"712\" data-is-last-node=\"\" data-is-only-node=\"\">Un dossier complet nous permet de v\u00e9rifier de mani\u00e8re fiable les informations concernant l\u2019enfant et d\u2019identifier le lieu de r\u00e9sidence de la famille. Ainsi, les d\u00e9cisions de recrutement sont prises sur la base de donn\u00e9es compl\u00e8tes et fiables, ce qui se traduit par un haut niveau de soins et d\u2019\u00e9ducation dans notre cr\u00e8che linguistique.<\/p>\n<\/div>\n<\/div>\n<\/div>\n<\/div>\n<\/div>\n<\/div>\n<\/article>\n<\/div>\n<\/div><\/div>\n\n<div class=\"et_pb_accordion_item_2 et_pb_accordion_item et_pb_toggle et_pb_module et_pb_toggle_close et_block_module\"><h5 class=\"et_pb_toggle_title\">Peut-on inscrire un enfant dans une cr\u00e8che priv\u00e9e \u00e0 Varsovie en cours d\u2019ann\u00e9e ? <\/h5><div class=\"et_pb_toggle_content\"><div class=\"flex flex-col text-sm pb-25\">\n<article class=\"text-token-text-primary w-full focus:outline-none [--shadow-height:45px] has-data-writing-block:pointer-events-none has-data-writing-block:-mt-(--shadow-height) has-data-writing-block:pt-(--shadow-height) [&amp;:has([data-writing-block])&gt;*]:pointer-events-auto scroll-mt-[calc(var(--header-height)+min(200px,max(70px,20svh)))]\" dir=\"auto\" data-turn-id=\"4627951b-68a1-480a-8818-d13d7f847cf5\" data-testid=\"conversation-turn-22\" data-scroll-anchor=\"true\" data-turn=\"assistant\" tabindex=\"-1\">\n<div class=\"text-base my-auto mx-auto pb-10 [--thread-content-margin:--spacing(4)] @w-sm\/main:[--thread-content-margin:--spacing(6)] @w-lg\/main:[--thread-content-margin:--spacing(16)] px-(--thread-content-margin)\">\n<div class=\"[--thread-content-max-width:40rem] @w-lg\/main:[--thread-content-max-width:48rem] mx-auto max-w-(--thread-content-max-width) flex-1 group\/turn-messages focus-visible:outline-hidden relative flex w-full min-w-0 flex-col agent-turn\" tabindex=\"-1\">\n<div class=\"flex max-w-full flex-col grow\">\n<div data-message-author-role=\"assistant\" data-message-id=\"9d015889-ef5b-4128-94d7-7781cad88408\" dir=\"auto\" class=\"min-h-8 text-message relative flex w-full flex-col items-end gap-2 text-start break-words whitespace-normal [.text-message+&amp;]:mt-1\" data-message-model-slug=\"gpt-5-2\">\n<div class=\"flex w-full flex-col gap-1 empty:hidden first:pt-[1px]\">\n<div class=\"markdown prose dark:prose-invert w-full break-words light markdown-new-styling\">\n<p>Contrairement au syst\u00e8me public, de nombreuses cr\u00e8ches priv\u00e9es proposent une inscription continue, ce qui signifie qu\u2019il est possible d\u2019inscrire un enfant \u00e0 tout moment de l\u2019ann\u00e9e \u2014 par exemple apr\u00e8s un d\u00e9m\u00e9nagement, un changement de situation familiale ou la d\u00e9cision de commencer l\u2019accueil plus t\u00f4t.<\/p>\n<p>Il convient toutefois de garder \u00e0 l\u2019esprit que :<\/p>\n<ul>\n<li>le nombre de places peut \u00eatre limit\u00e9, en particulier dans les bonnes cr\u00e8ches locales situ\u00e9es dans le centre de Varsovie,<\/li>\n<li>un contact anticip\u00e9 et un dossier complet permettent d\u2019acc\u00e9l\u00e9rer consid\u00e9rablement la proc\u00e9dure,<\/li>\n<li>dans le cas des cr\u00e8ches linguistiques, l\u2019adaptation de l\u2019enfant est planifi\u00e9e de mani\u00e8re individuelle.<\/li>\n<\/ul>\n<\/div>\n<\/div>\n<\/div>\n<\/div>\n<\/div>\n<\/div>\n<\/article>\n<\/div>\n<\/div><\/div>\n<\/div>\n<\/div>\n<\/div>\n<\/div>\n<\/div>\n\n<div class=\"et_pb_row_9 et_pb_row et_flex_row\">\n<div class=\"et_pb_column_11 et_pb_column et-last-child et_flex_column et_pb_css_mix_blend_mode_passthrough et_flex_column_24_24 et_flex_column_24_24_tablet et_flex_column_24_24_phone\">\n<div class=\"et_pb_text_5 et_pb_text et_pb_bg_layout_light et_pb_module et_block_module\"><div class=\"et_pb_text_inner\"><p data-start=\"0\" data-end=\"288\">Dans la cr\u00e8che priv\u00e9e ITSW, nous mettons l\u2019accent sur l\u2019<strong data-start=\"67\" data-end=\"93\">immersion linguistique<\/strong> et l\u2019<strong data-start=\"99\" data-end=\"123\">exp\u00e9rience trilingue<\/strong> \u2014 nos activit\u00e9s reposent sur une immersion naturelle dans les langues, le tout dans une atmosph\u00e8re bienveillante, avec le sourire et sous une attention chaleureuse.<\/p>\n<p data-start=\"290\" data-end=\"568\" data-is-last-node=\"\" data-is-only-node=\"\">Nous vous invitons \u00e0 nous contacter \u2014 venez d\u00e9couvrir notre cr\u00e8che trilingue \u00e0 <strong>Powi\u015ble<\/strong> ou notre cr\u00e8che trilingue \u00e0 <strong>Saska K\u0119pa<\/strong> \u00e0 Varsovie et voyez par vous-m\u00eame pourquoi les parents nous recommandent comme le meilleur choix pour les petits explorateurs des langues.<\/p>\n<\/div><\/div>\n\n<div class=\"et_pb_module et_pb_button_module_wrapper et_pb_button_5_wrapper\"><a class=\"et_pb_button_5 et_pb_button et_pb_bg_layout_light et_pb_module et_block_module\" href=\"https:\/\/itsw.edu.pl\/fr\/contactez-nous\/\">Vous avez des questions sur l\u2019adaptation, le d\u00e9veloppement ou le quotidien ? Parlons-en ! <\/a><\/div>\n<\/div>\n<\/div>\n<\/div>\n\n<div class=\"et_pb_section_4 et_pb_section et_section_regular et_block_section\">\n<div class=\"et_pb_row_10 et_pb_row et_block_row\">\n<div class=\"et_pb_column_12 et_pb_column et_pb_column_2_3 et_block_column et_pb_css_mix_blend_mode_passthrough\">\n<div class=\"et_pb_text_6 et_pb_text et_pb_bg_layout_light et_pb_module et_block_module\"><div class=\"et_pb_text_inner\"><div class=\"flex max-w-full flex-col flex-grow\">\n<div data-message-author-role=\"assistant\" data-message-id=\"e041fd6a-a14f-4a8b-b1a3-71b59274b3d7\" dir=\"auto\" class=\"min-h-8 text-message flex w-full flex-col items-end gap-2 whitespace-normal break-words text-start [.text-message+&amp;]:mt-5\" data-message-model-slug=\"gpt-4o\">\n<div class=\"flex w-full flex-col gap-1 empty:hidden first:pt-[3px]\">\n<div class=\"markdown prose w-full break-words dark:prose-invert light\">\n<p>Aidez votre enfant \u00e0 d\u00e9velopper des super-pouvoirs \u2013 r\u00e9servez une place et d\u00e9bloquez le trilinguisme !<\/p>\n<\/div>\n<\/div>\n<\/div>\n<\/div>\n<div class=\"mb-2 flex gap-3 empty:hidden -ml-2\">\n<div class=\"items-center justify-start rounded-xl p-1 flex\">\n<div class=\"flex items-center\"><span class=\"hidden\"><\/span><\/div>\n<\/div>\n<\/div>\n<\/div><\/div>\n<\/div>\n\n<div class=\"et_pb_column_13 et_pb_column et_pb_column_1_3 et-last-child et_block_column et_pb_css_mix_blend_mode_passthrough\">\n<div class=\"et_pb_module et_pb_button_module_wrapper et_pb_button_6_wrapper\"><a class=\"et_pb_button_6 et_pb_button et_pb_bg_layout_light et_pb_module et_block_module\" href=\"https:\/\/itsw.edu.pl\/fr\/ecole-primaire\/college-5e-4e\/inscriptions-et-frais-de-scolarite\/\" target=\"_blank\">Inscrire votre enfant<\/a><\/div>\n<\/div>\n<\/div>\n<\/div>","protected":false},"excerpt":{"rendered":"","protected":false},"author":3,"featured_media":0,"parent":237474,"menu_order":6,"comment_status":"closed","ping_status":"closed","template":"","meta":{"_acf_changed":false,"inline_featured_image":false,"footnotes":""},"class_list":["post-239054","page","type-page","status-publish","hentry"],"acf":[],"yoast_head":"<!-- This site is optimized with the Yoast SEO plugin v27.5 - https:\/\/yoast.com\/product\/yoast-seo-wordpress\/ -->\n<title>Inscriptions et frais de scolarit\u00e9 - ITSW<\/title>\n<meta name=\"robots\" content=\"index, follow, max-snippet:-1, max-image-preview:large, max-video-preview:-1\" \/>\n<link rel=\"canonical\" href=\"https:\/\/itsw.edu.pl\/fr\/creche\/inscriptions-et-frais-de-scolarite\/\" \/>\n<meta property=\"og:locale\" content=\"fr_FR\" \/>\n<meta property=\"og:type\" content=\"article\" \/>\n<meta property=\"og:title\" content=\"Inscriptions et frais de scolarit\u00e9 - ITSW\" \/>\n<meta property=\"og:url\" content=\"https:\/\/itsw.edu.pl\/fr\/creche\/inscriptions-et-frais-de-scolarite\/\" \/>\n<meta property=\"og:site_name\" content=\"ITSW\" \/>\n<meta property=\"article:publisher\" content=\"https:\/\/www.facebook.com\/ITSW.School.Escuela.Ecole.XueXiao.Gakko.Warsaw\" \/>\n<meta property=\"article:modified_time\" content=\"2026-02-24T18:19:59+00:00\" \/>\n<meta property=\"og:image\" content=\"https:\/\/itsw.edu.pl\/wp-content\/uploads\/karowa-4-300x300.jpg\" \/>\n<meta name=\"twitter:card\" content=\"summary_large_image\" \/>\n<script type=\"application\/ld+json\" class=\"yoast-schema-graph\">{\"@context\":\"https:\\\/\\\/schema.org\",\"@graph\":[{\"@type\":\"Article\",\"@id\":\"https:\\\/\\\/itsw.edu.pl\\\/fr\\\/creche\\\/inscriptions-et-frais-de-scolarite\\\/#article\",\"isPartOf\":{\"@id\":\"https:\\\/\\\/itsw.edu.pl\\\/fr\\\/creche\\\/inscriptions-et-frais-de-scolarite\\\/\"},\"author\":{\"name\":\"M.K.\",\"@id\":\"https:\\\/\\\/itsw.edu.pl\\\/#\\\/schema\\\/person\\\/4a89b345dd3285b6de291f440f753c8f\"},\"headline\":\"Inscriptions et frais de scolarit\u00e9\",\"datePublished\":\"2025-02-16T21:14:24+00:00\",\"dateModified\":\"2026-02-24T18:19:59+00:00\",\"mainEntityOfPage\":{\"@id\":\"https:\\\/\\\/itsw.edu.pl\\\/fr\\\/creche\\\/inscriptions-et-frais-de-scolarite\\\/\"},\"wordCount\":5,\"publisher\":{\"@id\":\"https:\\\/\\\/itsw.edu.pl\\\/#organization\"},\"inLanguage\":\"fr-FR\"},{\"@type\":\"WebPage\",\"@id\":\"https:\\\/\\\/itsw.edu.pl\\\/fr\\\/creche\\\/inscriptions-et-frais-de-scolarite\\\/\",\"url\":\"https:\\\/\\\/itsw.edu.pl\\\/fr\\\/creche\\\/inscriptions-et-frais-de-scolarite\\\/\",\"name\":\"Inscriptions et frais de scolarit\u00e9 - ITSW\",\"isPartOf\":{\"@id\":\"https:\\\/\\\/itsw.edu.pl\\\/#website\"},\"datePublished\":\"2025-02-16T21:14:24+00:00\",\"dateModified\":\"2026-02-24T18:19:59+00:00\",\"breadcrumb\":{\"@id\":\"https:\\\/\\\/itsw.edu.pl\\\/fr\\\/creche\\\/inscriptions-et-frais-de-scolarite\\\/#breadcrumb\"},\"inLanguage\":\"fr-FR\",\"potentialAction\":[{\"@type\":\"ReadAction\",\"target\":[\"https:\\\/\\\/itsw.edu.pl\\\/fr\\\/creche\\\/inscriptions-et-frais-de-scolarite\\\/\"]}]},{\"@type\":\"BreadcrumbList\",\"@id\":\"https:\\\/\\\/itsw.edu.pl\\\/fr\\\/creche\\\/inscriptions-et-frais-de-scolarite\\\/#breadcrumb\",\"itemListElement\":[{\"@type\":\"ListItem\",\"position\":1,\"name\":\"ITSW\",\"item\":\"https:\\\/\\\/itsw.edu.pl\\\/fr\\\/\"},{\"@type\":\"ListItem\",\"position\":2,\"name\":\"Cr\u00e8che\",\"item\":\"https:\\\/\\\/itsw.edu.pl\\\/fr\\\/creche\\\/\"},{\"@type\":\"ListItem\",\"position\":3,\"name\":\"Inscriptions et frais de scolarit\u00e9\"}]},{\"@type\":\"WebSite\",\"@id\":\"https:\\\/\\\/itsw.edu.pl\\\/#website\",\"url\":\"https:\\\/\\\/itsw.edu.pl\\\/\",\"name\":\"ITSW\",\"description\":\"\",\"publisher\":{\"@id\":\"https:\\\/\\\/itsw.edu.pl\\\/#organization\"},\"alternateName\":\"International Trilingual School of Warsaw\",\"potentialAction\":[{\"@type\":\"SearchAction\",\"target\":{\"@type\":\"EntryPoint\",\"urlTemplate\":\"https:\\\/\\\/itsw.edu.pl\\\/?s={search_term_string}\"},\"query-input\":{\"@type\":\"PropertyValueSpecification\",\"valueRequired\":true,\"valueName\":\"search_term_string\"}}],\"inLanguage\":\"fr-FR\"},{\"@type\":\"Organization\",\"@id\":\"https:\\\/\\\/itsw.edu.pl\\\/#organization\",\"name\":\"International Trilingual School of Warsaw\",\"alternateName\":\"International Trilingual School of Warsaw\",\"url\":\"https:\\\/\\\/itsw.edu.pl\\\/\",\"logo\":{\"@type\":\"ImageObject\",\"inLanguage\":\"fr-FR\",\"@id\":\"https:\\\/\\\/itsw.edu.pl\\\/#\\\/schema\\\/logo\\\/image\\\/\",\"url\":\"https:\\\/\\\/itsw.edu.pl\\\/wp-content\\\/uploads\\\/itsw-logo.png\",\"contentUrl\":\"https:\\\/\\\/itsw.edu.pl\\\/wp-content\\\/uploads\\\/itsw-logo.png\",\"width\":350,\"height\":103,\"caption\":\"International Trilingual School of Warsaw\"},\"image\":{\"@id\":\"https:\\\/\\\/itsw.edu.pl\\\/#\\\/schema\\\/logo\\\/image\\\/\"},\"sameAs\":[\"https:\\\/\\\/www.facebook.com\\\/ITSW.School.Escuela.Ecole.XueXiao.Gakko.Warsaw\"]},{\"@type\":\"Person\",\"@id\":\"https:\\\/\\\/itsw.edu.pl\\\/#\\\/schema\\\/person\\\/4a89b345dd3285b6de291f440f753c8f\",\"name\":\"M.K.\"}]}<\/script>\n<!-- \/ Yoast SEO plugin. -->","yoast_head_json":{"title":"Inscriptions et frais de scolarit\u00e9 - ITSW","robots":{"index":"index","follow":"follow","max-snippet":"max-snippet:-1","max-image-preview":"max-image-preview:large","max-video-preview":"max-video-preview:-1"},"canonical":"https:\/\/itsw.edu.pl\/fr\/creche\/inscriptions-et-frais-de-scolarite\/","og_locale":"fr_FR","og_type":"article","og_title":"Inscriptions et frais de scolarit\u00e9 - ITSW","og_url":"https:\/\/itsw.edu.pl\/fr\/creche\/inscriptions-et-frais-de-scolarite\/","og_site_name":"ITSW","article_publisher":"https:\/\/www.facebook.com\/ITSW.School.Escuela.Ecole.XueXiao.Gakko.Warsaw","article_modified_time":"2026-02-24T18:19:59+00:00","og_image":[{"url":"https:\/\/itsw.edu.pl\/wp-content\/uploads\/karowa-4-300x300.jpg","type":"","width":"","height":""}],"twitter_card":"summary_large_image","schema":{"@context":"https:\/\/schema.org","@graph":[{"@type":"Article","@id":"https:\/\/itsw.edu.pl\/fr\/creche\/inscriptions-et-frais-de-scolarite\/#article","isPartOf":{"@id":"https:\/\/itsw.edu.pl\/fr\/creche\/inscriptions-et-frais-de-scolarite\/"},"author":{"name":"M.K.","@id":"https:\/\/itsw.edu.pl\/#\/schema\/person\/4a89b345dd3285b6de291f440f753c8f"},"headline":"Inscriptions et frais de scolarit\u00e9","datePublished":"2025-02-16T21:14:24+00:00","dateModified":"2026-02-24T18:19:59+00:00","mainEntityOfPage":{"@id":"https:\/\/itsw.edu.pl\/fr\/creche\/inscriptions-et-frais-de-scolarite\/"},"wordCount":5,"publisher":{"@id":"https:\/\/itsw.edu.pl\/#organization"},"inLanguage":"fr-FR"},{"@type":"WebPage","@id":"https:\/\/itsw.edu.pl\/fr\/creche\/inscriptions-et-frais-de-scolarite\/","url":"https:\/\/itsw.edu.pl\/fr\/creche\/inscriptions-et-frais-de-scolarite\/","name":"Inscriptions et frais de scolarit\u00e9 - ITSW","isPartOf":{"@id":"https:\/\/itsw.edu.pl\/#website"},"datePublished":"2025-02-16T21:14:24+00:00","dateModified":"2026-02-24T18:19:59+00:00","breadcrumb":{"@id":"https:\/\/itsw.edu.pl\/fr\/creche\/inscriptions-et-frais-de-scolarite\/#breadcrumb"},"inLanguage":"fr-FR","potentialAction":[{"@type":"ReadAction","target":["https:\/\/itsw.edu.pl\/fr\/creche\/inscriptions-et-frais-de-scolarite\/"]}]},{"@type":"BreadcrumbList","@id":"https:\/\/itsw.edu.pl\/fr\/creche\/inscriptions-et-frais-de-scolarite\/#breadcrumb","itemListElement":[{"@type":"ListItem","position":1,"name":"ITSW","item":"https:\/\/itsw.edu.pl\/fr\/"},{"@type":"ListItem","position":2,"name":"Cr\u00e8che","item":"https:\/\/itsw.edu.pl\/fr\/creche\/"},{"@type":"ListItem","position":3,"name":"Inscriptions et frais de scolarit\u00e9"}]},{"@type":"WebSite","@id":"https:\/\/itsw.edu.pl\/#website","url":"https:\/\/itsw.edu.pl\/","name":"ITSW","description":"","publisher":{"@id":"https:\/\/itsw.edu.pl\/#organization"},"alternateName":"International Trilingual School of Warsaw","potentialAction":[{"@type":"SearchAction","target":{"@type":"EntryPoint","urlTemplate":"https:\/\/itsw.edu.pl\/?s={search_term_string}"},"query-input":{"@type":"PropertyValueSpecification","valueRequired":true,"valueName":"search_term_string"}}],"inLanguage":"fr-FR"},{"@type":"Organization","@id":"https:\/\/itsw.edu.pl\/#organization","name":"International Trilingual School of Warsaw","alternateName":"International Trilingual School of Warsaw","url":"https:\/\/itsw.edu.pl\/","logo":{"@type":"ImageObject","inLanguage":"fr-FR","@id":"https:\/\/itsw.edu.pl\/#\/schema\/logo\/image\/","url":"https:\/\/itsw.edu.pl\/wp-content\/uploads\/itsw-logo.png","contentUrl":"https:\/\/itsw.edu.pl\/wp-content\/uploads\/itsw-logo.png","width":350,"height":103,"caption":"International Trilingual School of Warsaw"},"image":{"@id":"https:\/\/itsw.edu.pl\/#\/schema\/logo\/image\/"},"sameAs":["https:\/\/www.facebook.com\/ITSW.School.Escuela.Ecole.XueXiao.Gakko.Warsaw"]},{"@type":"Person","@id":"https:\/\/itsw.edu.pl\/#\/schema\/person\/4a89b345dd3285b6de291f440f753c8f","name":"M.K."}]}},"_links":{"self":[{"href":"https:\/\/itsw.edu.pl\/fr\/wp-json\/wp\/v2\/pages\/239054","targetHints":{"allow":["GET"]}}],"collection":[{"href":"https:\/\/itsw.edu.pl\/fr\/wp-json\/wp\/v2\/pages"}],"about":[{"href":"https:\/\/itsw.edu.pl\/fr\/wp-json\/wp\/v2\/types\/page"}],"author":[{"embeddable":true,"href":"https:\/\/itsw.edu.pl\/fr\/wp-json\/wp\/v2\/users\/3"}],"replies":[{"embeddable":true,"href":"https:\/\/itsw.edu.pl\/fr\/wp-json\/wp\/v2\/comments?post=239054"}],"version-history":[{"count":21,"href":"https:\/\/itsw.edu.pl\/fr\/wp-json\/wp\/v2\/pages\/239054\/revisions"}],"predecessor-version":[{"id":251228,"href":"https:\/\/itsw.edu.pl\/fr\/wp-json\/wp\/v2\/pages\/239054\/revisions\/251228"}],"up":[{"embeddable":true,"href":"https:\/\/itsw.edu.pl\/fr\/wp-json\/wp\/v2\/pages\/237474"}],"wp:attachment":[{"href":"https:\/\/itsw.edu.pl\/fr\/wp-json\/wp\/v2\/media?parent=239054"}],"curies":[{"name":"wp","href":"https:\/\/api.w.org\/{rel}","templated":true}]}}