{"id":248714,"date":"2026-01-11T02:00:30","date_gmt":"2026-01-11T01:00:30","guid":{"rendered":"https:\/\/itsw.edu.pl\/noticias\/"},"modified":"2026-01-12T20:39:07","modified_gmt":"2026-01-12T19:39:07","slug":"noticias","status":"publish","type":"page","link":"https:\/\/itsw.edu.pl\/es\/noticias\/","title":{"rendered":"Noticias"},"content":{"rendered":"<div class=\"et_pb_section_0 et_pb_section et_section_regular et_block_section\">\n<div class=\"et_pb_row_0 et_pb_row et_block_row\">\n<div class=\"et_pb_column_0 et_pb_column et_pb_column_4_4 et-last-child et_block_column et_pb_css_mix_blend_mode_passthrough\">\n<div class=\"et_pb_heading_0 et_pb_heading et_pb_module et_block_module\"><div class=\"et_pb_heading_container\"><h1 class=\"et_pb_module_header\">Noticias<\/h1><\/div><\/div>\n\n<div class=\"et_pb_code_0 et_pb_code et_pb_module\"><div class=\"et_pb_code_inner\"><script>\ndocument.addEventListener('DOMContentLoaded', function () {\n  \/\/ Szukamy kontenera z list\u0105\n  var blogModuleNews = document.querySelector('.pa-blog-load-more.news .et_pb_posts.et_flex_module');\n  if (!blogModuleNews) return;\n\n  var newsPosts = Array.prototype.slice.call(\n    blogModuleNews.querySelectorAll('article.et_pb_post')\n  );\n  if (!newsPosts.length) return;\n\n  \/\/ USTAWIENIA\n  var initialCount   = 4;  \/\/ ile na start\n  var step           = 4;  \/\/ ile na klik\n  var currentVisible = initialCount;\n\n  \/\/ Ukryj wszystko poza pierwszymi 4\n  newsPosts.forEach(function (post, index) {\n    if (index >= initialCount) {\n      post.style.display = 'none';\n    }\n  });\n\n  \/\/ Znajd\u017a Tw\u00f3j przycisk\n  var btn = document.getElementById('pa_load_more');\n  if (!btn) return;\n\n  \/\/ Je\u015bli mniej <= 4 wpis\u00f3w \u2192 ukryj przycisk od razu\n  if (newsPosts.length <= initialCount) {\n    btn.style.display = 'none';\n    return;\n  }\n\n  btn.addEventListener('click', function(e) {\n    \/\/ Zablokuj prze\u0142adowanie linka\n    e.preventDefault();\n    e.stopPropagation();\n\n    var nextVisible = currentVisible + step;\n\n    for (var i = currentVisible; i < nextVisible && i < newsPosts.length; i++) {\n      newsPosts[i].style.display = '';\n    }\n\n    currentVisible = nextVisible;\n\n    \/\/ Je\u015bli wszystko ju\u017c pokazane \u2192 chowamy przycisk\n    if (currentVisible >= newsPosts.length) {\n      btn.style.display = 'none';\n    }\n  });\n});\n<\/script>\n<\/div><\/div>\n<\/div>\n<\/div>\n<\/div>\n\n<div class=\"et_pb_section_1 et_pb_section et_section_regular et_flex_section\">\n<div class=\"et_pb_row_1 et_pb_row et_flex_row\">\n<div class=\"et_pb_column_1 et_pb_column et-last-child et_flex_column et_pb_css_mix_blend_mode_passthrough et_flex_column_24_24 et_flex_column_24_24_tablet et_flex_column_24_24_phone\">\n<div class=\"et_pb_blog_0 et_pb_blog et_pb_bg_layout_dark et_pb_text_align_left et_pb_posts et_pb_module pa-blog-list news pa-blog-load-more\"><div class=\"et_pb_ajax_pagination_container\"><div class=\"et_pb_posts et_flex_module\"><article class=\"et_pb_post et_pb_post_id_251407 clearfix et_pb_blog_item_0_0 post-251407 post type-post status-publish format-standard hentry category-grados-1-3 category-noticias\"><h2 class=\"entry-title\"><a href=\"https:\/\/itsw.edu.pl\/es\/diversion-en-la-semana-del-espiritu-escolar-con-nuestros-estudiantes-de-primaria-ciclo-inicial-en-itsw\/\">\u00a1Diversi\u00f3n en la Semana del Esp\u00edritu Escolar con nuestros estudiantes de Primaria (ciclo inicial) en ITSW!<\/a><\/h2><p class=\"post-meta\"><span class=\"published\">Feb 28, 2026<\/span> | <span class=\"entry-categories\"><a href=\"https:\/\/itsw.edu.pl\/es\/category\/noticias\/grados-1-3\/\" rel=\"tag\">grados-1-3<\/a>, <a href=\"https:\/\/itsw.edu.pl\/es\/category\/noticias\/\" rel=\"tag\">noticias<\/a><\/span><\/p><div class=\"post-content\"><div class=\"post-content-inner\"><p>En febrero, nuestros estudiantes de Lower Primary en ITSW celebraron la Spirit Week de la manera m\u00e1s alegre y creativa, \u00a1al mismo tiempo que&#8230;<\/p>\n<\/div><a href=\"https:\/\/itsw.edu.pl\/es\/diversion-en-la-semana-del-espiritu-escolar-con-nuestros-estudiantes-de-primaria-ciclo-inicial-en-itsw\/\" class=\"more-link\">leer m\u00e1s&#8230;<\/a><\/div><\/article><article class=\"et_pb_post et_pb_post_id_251447 clearfix et_pb_blog_item_0_1 post-251447 post type-post status-publish format-standard hentry category-escuela-infantil-2-ciclo category-noticias\"><h2 class=\"entry-title\"><a href=\"https:\/\/itsw.edu.pl\/es\/dia-de-step-up-en-itsw-un-paso-seguro-y-alegre-de-nuestros-ninos-de-5-anos-hacia-el-primer-grado\/\">D\u00eda de \u00abStep-Up\u00bb en ITSW: un paso seguro y alegre de nuestros ni\u00f1os de 5 a\u00f1os hacia el primer grado.<\/a><\/h2><p class=\"post-meta\"><span class=\"published\">Feb 27, 2026<\/span> | <span class=\"entry-categories\"><a href=\"https:\/\/itsw.edu.pl\/es\/category\/noticias\/escuela-infantil-2-ciclo\/\" rel=\"tag\">Escuela infantil 2 ciclo<\/a>, <a href=\"https:\/\/itsw.edu.pl\/es\/category\/noticias\/\" rel=\"tag\">noticias<\/a><\/span><\/p><div class=\"post-content\"><div class=\"post-content-inner\"><p>Nuestros estudiantes de 5 a\u00f1os, que actualmente se encuentran en su \u00faltimo a\u00f1o de kindergarten, participaron recientemente en un D\u00eda Step-Up&#8230;<\/p>\n<\/div><a href=\"https:\/\/itsw.edu.pl\/es\/dia-de-step-up-en-itsw-un-paso-seguro-y-alegre-de-nuestros-ninos-de-5-anos-hacia-el-primer-grado\/\" class=\"more-link\">leer m\u00e1s&#8230;<\/a><\/div><\/article><article class=\"et_pb_post et_pb_post_id_251366 clearfix et_pb_blog_item_0_2 post-251366 post type-post status-publish format-standard hentry category-grados-1-3 category-noticias\"><h2 class=\"entry-title\"><a href=\"https:\/\/itsw.edu.pl\/es\/una-dulce-celebracion-francesa-la-chandeleur-con-nuestros-estudiantes\/\">Una dulce celebraci\u00f3n francesa \u2013 \u00a1La Chandeleur con nuestros estudiantes!<\/a><\/h2><p class=\"post-meta\"><span class=\"published\">Feb 4, 2026<\/span> | <span class=\"entry-categories\"><a href=\"https:\/\/itsw.edu.pl\/es\/category\/noticias\/grados-1-3\/\" rel=\"tag\">grados-1-3<\/a>, <a href=\"https:\/\/itsw.edu.pl\/es\/category\/noticias\/\" rel=\"tag\">noticias<\/a><\/span><\/p><div class=\"post-content\"><div class=\"post-content-inner\"><p>\u00a1Nuestro grupo de franc\u00e9s se divirti\u00f3 much\u00edsimo celebrando La Chandeleur! El aula estaba llena de emoci\u00f3n mientras los alumnos descubr\u00edan esta&#8230;<\/p>\n<\/div><a href=\"https:\/\/itsw.edu.pl\/es\/una-dulce-celebracion-francesa-la-chandeleur-con-nuestros-estudiantes\/\" class=\"more-link\">leer m\u00e1s&#8230;<\/a><\/div><\/article><article class=\"et_pb_post et_pb_post_id_246414 clearfix et_pb_blog_item_0_3 post-246414 post type-post status-publish format-standard hentry category-grados-4-6 category-noticias category-secundaria\"><h2 class=\"entry-title\"><a href=\"https:\/\/itsw.edu.pl\/es\/escribe-por-los-derechos-amnistia-internacional-en-itsw\/\">Escribe por los Derechos \u2013 Amnist\u00eda Internacional en ITSW<\/a><\/h2><p class=\"post-meta\"><span class=\"published\">Ene 7, 2026<\/span> | <span class=\"entry-categories\"><a href=\"https:\/\/itsw.edu.pl\/es\/category\/noticias\/grados-4-6\/\" rel=\"tag\">grados-4-6<\/a>, <a href=\"https:\/\/itsw.edu.pl\/es\/category\/noticias\/\" rel=\"tag\">noticias<\/a>, <a href=\"https:\/\/itsw.edu.pl\/es\/category\/noticias\/secundaria\/\" rel=\"tag\">Secundaria<\/a><\/span><\/p><div class=\"post-content\"><div class=\"post-content-inner\"><p>Como parte de la iniciativa global Escribe por los Derechos de Amnist\u00eda Internacional, nuestro alumnado particip\u00f3 en un marat\u00f3n de cartas impactante&#8230;<\/p>\n<\/div><a href=\"https:\/\/itsw.edu.pl\/es\/escribe-por-los-derechos-amnistia-internacional-en-itsw\/\" class=\"more-link\">leer m\u00e1s&#8230;<\/a><\/div><\/article><article class=\"et_pb_post et_pb_post_id_246920 clearfix et_pb_blog_item_0_4 post-246920 post type-post status-publish format-standard hentry category-escuela-infantil-2-ciclo category-noticias\"><h2 class=\"entry-title\"><a href=\"https:\/\/itsw.edu.pl\/es\/nuestros-alumnos-de-preescolar-exploran-el-mundo-de-las-profesiones-importantes-para-la-comunidad\/\">\u00a1Nuestros alumnos de preescolar exploran el mundo de las profesiones importantes para la comunidad!<\/a><\/h2><p class=\"post-meta\"><span class=\"published\">Ene 7, 2026<\/span> | <span class=\"entry-categories\"><a href=\"https:\/\/itsw.edu.pl\/es\/category\/noticias\/escuela-infantil-2-ciclo\/\" rel=\"tag\">Escuela infantil 2 ciclo<\/a>, <a href=\"https:\/\/itsw.edu.pl\/es\/category\/noticias\/\" rel=\"tag\">noticias<\/a><\/span><\/p><div class=\"post-content\"><div class=\"post-content-inner\"><p>Como parte de su tema sobre las profesiones importantes para la comunidad, nuestros curiosos alumnos del preescolar visitaron la oficina de correos&#8230;<\/p>\n<\/div><a href=\"https:\/\/itsw.edu.pl\/es\/nuestros-alumnos-de-preescolar-exploran-el-mundo-de-las-profesiones-importantes-para-la-comunidad\/\" class=\"more-link\">leer m\u00e1s&#8230;<\/a><\/div><\/article><article class=\"et_pb_post et_pb_post_id_246907 clearfix et_pb_blog_item_0_5 post-246907 post type-post status-publish format-standard hentry category-escuela-infantil-1-ciclo category-noticias\"><h2 class=\"entry-title\"><a href=\"https:\/\/itsw.edu.pl\/es\/noticias-de-itsw-nuestras-pequenas-estrellas-brillan-en-su-primer-concierto\/\">Noticias de ITSW: \u00a1Nuestras peque\u00f1as estrellas brillan en su primer concierto!<\/a><\/h2><p class=\"post-meta\"><span class=\"published\">Dic 15, 2025<\/span> | <span class=\"entry-categories\"><a href=\"https:\/\/itsw.edu.pl\/es\/category\/noticias\/escuela-infantil-1-ciclo\/\" rel=\"tag\">Escuela infantil 1 ciclo<\/a>, <a href=\"https:\/\/itsw.edu.pl\/es\/category\/noticias\/\" rel=\"tag\">noticias<\/a><\/span><\/p><div class=\"post-content\"><div class=\"post-content-inner\"><p>En ITSW, creemos que el aprendizaje debe ser divertido, atractivo y estar lleno de momentos m\u00e1gicos. Por eso nos encanta acercar la m\u00fasica y las&#8230;<\/p>\n<\/div><a href=\"https:\/\/itsw.edu.pl\/es\/noticias-de-itsw-nuestras-pequenas-estrellas-brillan-en-su-primer-concierto\/\" class=\"more-link\">leer m\u00e1s&#8230;<\/a><\/div><\/article><article class=\"et_pb_post et_pb_post_id_246941 clearfix et_pb_blog_item_0_6 post-246941 post type-post status-publish format-standard hentry category-grados-1-3 category-noticias\"><h2 class=\"entry-title\"><a href=\"https:\/\/itsw.edu.pl\/es\/nuestros-alumnos-de-segundo-grado-brillan-en-japones\/\">\u00a1Nuestros alumnos de segundo grado brillan en japon\u00e9s!<\/a><\/h2><p class=\"post-meta\"><span class=\"published\">Dic 10, 2025<\/span> | <span class=\"entry-categories\"><a href=\"https:\/\/itsw.edu.pl\/es\/category\/noticias\/grados-1-3\/\" rel=\"tag\">grados-1-3<\/a>, <a href=\"https:\/\/itsw.edu.pl\/es\/category\/noticias\/\" rel=\"tag\">noticias<\/a><\/span><\/p><div class=\"post-content\"><div class=\"post-content-inner\"><p>Nuestros alumnos de segundo grado son pioneros en ITSW: \u00a1fueron los primeros en aprender japon\u00e9s hace casi 8 a\u00f1os! Hoy, dominan el japon\u00e9s, lo que&#8230;<\/p>\n<\/div><a href=\"https:\/\/itsw.edu.pl\/es\/nuestros-alumnos-de-segundo-grado-brillan-en-japones\/\" class=\"more-link\">leer m\u00e1s&#8230;<\/a><\/div><\/article><article class=\"et_pb_post et_pb_post_id_246380 clearfix et_pb_blog_item_0_7 post-246380 post type-post status-publish format-standard hentry category-noticias category-secundaria\"><h2 class=\"entry-title\"><a href=\"https:\/\/itsw.edu.pl\/es\/estudiantes-de-8-o-grado1a-eso-de-itsw-brillan-en-el-concurso-del-instituto-frances\/\">\u00a1Estudiantes de 8.\u00ba grado(1a ESO) de ITSW brillan en el concurso del Instituto Franc\u00e9s!<\/a><\/h2><p class=\"post-meta\"><span class=\"published\">Dic 5, 2025<\/span> | <span class=\"entry-categories\"><a href=\"https:\/\/itsw.edu.pl\/es\/category\/noticias\/\" rel=\"tag\">noticias<\/a>, <a href=\"https:\/\/itsw.edu.pl\/es\/category\/noticias\/secundaria\/\" rel=\"tag\">Secundaria<\/a><\/span><\/p><div class=\"post-content\"><div class=\"post-content-inner\"><p>Nuestro grupo de franc\u00e9s de 8.\u00ba grado particip\u00f3 recientemente en un prestigioso concurso organizado por el Instituto Franc\u00e9s, centrado en la vida y&#8230;<\/p>\n<\/div><a href=\"https:\/\/itsw.edu.pl\/es\/estudiantes-de-8-o-grado1a-eso-de-itsw-brillan-en-el-concurso-del-instituto-frances\/\" class=\"more-link\">leer m\u00e1s&#8230;<\/a><\/div><\/article><article class=\"et_pb_post et_pb_post_id_246386 clearfix et_pb_blog_item_0_8 post-246386 post type-post status-publish format-standard hentry category-noticias category-secundaria\"><h2 class=\"entry-title\"><a href=\"https:\/\/itsw.edu.pl\/es\/celebrando-la-excelencia-academica-estudiantes-de-8-o-grado1a-eso-reciben-sus-certificados-igcse\/\">Celebrando la Excelencia Acad\u00e9mica: Estudiantes de 8.\u00ba grado(1a ESO) reciben sus Certificados IGCSE<\/a><\/h2><p class=\"post-meta\"><span class=\"published\">Nov 26, 2025<\/span> | <span class=\"entry-categories\"><a href=\"https:\/\/itsw.edu.pl\/es\/category\/noticias\/\" rel=\"tag\">noticias<\/a>, <a href=\"https:\/\/itsw.edu.pl\/es\/category\/noticias\/secundaria\/\" rel=\"tag\">Secundaria<\/a><\/span><\/p><div class=\"post-content\"><div class=\"post-content-inner\"><p>Recientemente celebramos los logros de los estudiantes de 8.\u00ba grado del a\u00f1o pasado al recibir sus certificados IGCSE. Estos ex\u00e1menes marcan un hito&#8230;<\/p>\n<\/div><a href=\"https:\/\/itsw.edu.pl\/es\/celebrando-la-excelencia-academica-estudiantes-de-8-o-grado1a-eso-reciben-sus-certificados-igcse\/\" class=\"more-link\">leer m\u00e1s&#8230;<\/a><\/div><\/article><article class=\"et_pb_post et_pb_post_id_246953 clearfix et_pb_blog_item_0_9 post-246953 post type-post status-publish format-standard hentry category-grados-4-6 category-noticias category-secundaria\"><h2 class=\"entry-title\"><a href=\"https:\/\/itsw.edu.pl\/es\/lider-de-equipo-junior-por-un-dia-responsabilidad-y-liderazgo-en-accion\/\">L\u00edder de Equipo Junior por un D\u00eda: Responsabilidad y Liderazgo en Acci\u00f3n<\/a><\/h2><p class=\"post-meta\"><span class=\"published\">Nov 15, 2025<\/span> | <span class=\"entry-categories\"><a href=\"https:\/\/itsw.edu.pl\/es\/category\/noticias\/grados-4-6\/\" rel=\"tag\">grados-4-6<\/a>, <a href=\"https:\/\/itsw.edu.pl\/es\/category\/noticias\/\" rel=\"tag\">noticias<\/a>, <a href=\"https:\/\/itsw.edu.pl\/es\/category\/noticias\/secundaria\/\" rel=\"tag\">Secundaria<\/a><\/span><\/p><div class=\"post-content\"><div class=\"post-content-inner\"><p>En ITSW, nos encanta brindarles a nuestros estudiantes oportunidades para desarrollar habilidades de liderazgo, y recientemente, \u00a1uno de nuestros&#8230;<\/p>\n<\/div><a href=\"https:\/\/itsw.edu.pl\/es\/lider-de-equipo-junior-por-un-dia-responsabilidad-y-liderazgo-en-accion\/\" class=\"more-link\">leer m\u00e1s&#8230;<\/a><\/div><\/article><article class=\"et_pb_post et_pb_post_id_246896 clearfix et_pb_blog_item_0_10 post-246896 post type-post status-publish format-standard hentry category-grados-1-3 category-noticias\"><h2 class=\"entry-title\"><a href=\"https:\/\/itsw.edu.pl\/es\/noticias-de-itsw-alumnos-de-primer-grado-emprenden-su-primer-viaje-de-unidad\/\">Noticias de ITSW: \u00a1Alumnos de primer grado emprenden su primer viaje de unidad!<\/a><\/h2><p class=\"post-meta\"><span class=\"published\">Nov 7, 2025<\/span> | <span class=\"entry-categories\"><a href=\"https:\/\/itsw.edu.pl\/es\/category\/noticias\/grados-1-3\/\" rel=\"tag\">grados-1-3<\/a>, <a href=\"https:\/\/itsw.edu.pl\/es\/category\/noticias\/\" rel=\"tag\">noticias<\/a><\/span><\/p><div class=\"post-content\"><div class=\"post-content-inner\"><p>Este a\u00f1o, por primera vez, nuestros alumnos de primer grado experimentaron su primer viaje como parte del curr\u00edculo de ITSW, estrechamente vinculado&#8230;<\/p>\n<\/div><a href=\"https:\/\/itsw.edu.pl\/es\/noticias-de-itsw-alumnos-de-primer-grado-emprenden-su-primer-viaje-de-unidad\/\" class=\"more-link\">leer m\u00e1s&#8230;<\/a><\/div><\/article><article class=\"et_pb_post et_pb_post_id_246930 clearfix et_pb_blog_item_0_11 post-246930 post type-post status-publish format-standard hentry category-escuela-infantil-2-ciclo category-noticias\"><h2 class=\"entry-title\"><a href=\"https:\/\/itsw.edu.pl\/es\/nuestros-ninos-de-4-anos-estan-dando-sus-primeros-pasos-en-la-escritura\/\">\u00a1Nuestros ni\u00f1os de 4 a\u00f1os est\u00e1n dando sus primeros pasos en la escritura!<\/a><\/h2><p class=\"post-meta\"><span class=\"published\">Oct 21, 2025<\/span> | <span class=\"entry-categories\"><a href=\"https:\/\/itsw.edu.pl\/es\/category\/noticias\/escuela-infantil-2-ciclo\/\" rel=\"tag\">Escuela infantil 2 ciclo<\/a>, <a href=\"https:\/\/itsw.edu.pl\/es\/category\/noticias\/\" rel=\"tag\">noticias<\/a><\/span><\/p><div class=\"post-content\"><div class=\"post-content-inner\"><p>Nuestros grupos de 4 a\u00f1os ya exploran las letras, practican trazos y descubren el placer de la escritura, sentando las bases para la lectura y la&#8230;<\/p>\n<\/div><a href=\"https:\/\/itsw.edu.pl\/es\/nuestros-ninos-de-4-anos-estan-dando-sus-primeros-pasos-en-la-escritura\/\" class=\"more-link\">leer m\u00e1s&#8230;<\/a><\/div><\/article><article class=\"et_pb_post et_pb_post_id_246947 clearfix et_pb_blog_item_0_12 post-246947 post type-post status-publish format-standard hentry category-grados-4-6 category-noticias\"><h2 class=\"entry-title\"><a href=\"https:\/\/itsw.edu.pl\/es\/estudiantes-de-itsw-se-preparan-para-los-examenes-anuales-de-ciclismo\/\">Estudiantes de ITSW se preparan para los Ex\u00e1menes Anuales de Ciclismo<\/a><\/h2><p class=\"post-meta\"><span class=\"published\">Oct 20, 2025<\/span> | <span class=\"entry-categories\"><a href=\"https:\/\/itsw.edu.pl\/es\/category\/noticias\/grados-4-6\/\" rel=\"tag\">grados-4-6<\/a>, <a href=\"https:\/\/itsw.edu.pl\/es\/category\/noticias\/\" rel=\"tag\">noticias<\/a><\/span><\/p><div class=\"post-content\"><div class=\"post-content-inner\"><p>Cada a\u00f1o, nuestros estudiantes participan en el Examen de Ciclismo de ITSW, una tradici\u00f3n emocionante y educativa que les ense\u00f1a habilidades&#8230;<\/p>\n<\/div><a href=\"https:\/\/itsw.edu.pl\/es\/estudiantes-de-itsw-se-preparan-para-los-examenes-anuales-de-ciclismo\/\" class=\"more-link\">leer m\u00e1s&#8230;<\/a><\/div><\/article><article class=\"et_pb_post et_pb_post_id_246901 clearfix et_pb_blog_item_0_13 post-246901 post type-post status-publish format-standard hentry category-escuela-infantil-1-ciclo category-noticias\"><h2 class=\"entry-title\"><a href=\"https:\/\/itsw.edu.pl\/es\/decirle-adios-a-los-panales-un-pequeno-gran-logro-en-itsw\/\">Decirle adi\u00f3s a los pa\u00f1ales: \u00a1Un peque\u00f1o gran logro en ITSW!<\/a><\/h2><p class=\"post-meta\"><span class=\"published\">Oct 7, 2025<\/span> | <span class=\"entry-categories\"><a href=\"https:\/\/itsw.edu.pl\/es\/category\/noticias\/escuela-infantil-1-ciclo\/\" rel=\"tag\">Escuela infantil 1 ciclo<\/a>, <a href=\"https:\/\/itsw.edu.pl\/es\/category\/noticias\/\" rel=\"tag\">noticias<\/a><\/span><\/p><div class=\"post-content\"><div class=\"post-content-inner\"><p>En ITSW, trabajamos junto con los padres para que dejar los pa\u00f1ales sea una experiencia positiva y compartida para todos. A lo largo del a\u00f1o,&#8230;<\/p>\n<\/div><a href=\"https:\/\/itsw.edu.pl\/es\/decirle-adios-a-los-panales-un-pequeno-gran-logro-en-itsw\/\" class=\"more-link\">leer m\u00e1s&#8230;<\/a><\/div><\/article><article class=\"et_pb_post et_pb_post_id_246881 clearfix et_pb_blog_item_0_14 post-246881 post type-post status-publish format-standard hentry category-grados-4-6 category-noticias category-secundaria\"><h2 class=\"entry-title\"><a href=\"https:\/\/itsw.edu.pl\/es\/estudiantes-de-itsw-experimentan-el-idioma-chino-en-chongqing\/\">Estudiantes de ITSW experimentan el idioma chino en Chongqing<\/a><\/h2><p class=\"post-meta\"><span class=\"published\">Abr 15, 2025<\/span> | <span class=\"entry-categories\"><a href=\"https:\/\/itsw.edu.pl\/es\/category\/noticias\/grados-4-6\/\" rel=\"tag\">grados-4-6<\/a>, <a href=\"https:\/\/itsw.edu.pl\/es\/category\/noticias\/\" rel=\"tag\">noticias<\/a>, <a href=\"https:\/\/itsw.edu.pl\/es\/category\/noticias\/secundaria\/\" rel=\"tag\">Secundaria<\/a><\/span><\/p><div class=\"post-content\"><div class=\"post-content-inner\"><p>En abril de 2025, estudiantes de 4.\u00ba a 8.\u00ba grado de la Escuela Internacional Triling\u00fce de Varsovia participaron en un inolvidable viaje de&#8230;<\/p>\n<\/div><a href=\"https:\/\/itsw.edu.pl\/es\/estudiantes-de-itsw-experimentan-el-idioma-chino-en-chongqing\/\" class=\"more-link\">leer m\u00e1s&#8230;<\/a><\/div><\/article><article class=\"et_pb_post et_pb_post_id_246876 clearfix et_pb_blog_item_0_15 post-246876 post type-post status-publish format-standard hentry category-escuela-infantil-1-ciclo category-noticias\"><h2 class=\"entry-title\"><a href=\"https:\/\/itsw.edu.pl\/es\/creciendo-juntos-nuestros-ninos-de-1-ano-alcanzan-un-hito-especial\/\">Creciendo Juntos: \u00a1Nuestros ni\u00f1os de 1 a\u00f1o alcanzan un hito especial!<\/a><\/h2><p class=\"post-meta\"><span class=\"published\">Mar 7, 2025<\/span> | <span class=\"entry-categories\"><a href=\"https:\/\/itsw.edu.pl\/es\/category\/noticias\/escuela-infantil-1-ciclo\/\" rel=\"tag\">Escuela infantil 1 ciclo<\/a>, <a href=\"https:\/\/itsw.edu.pl\/es\/category\/noticias\/\" rel=\"tag\">noticias<\/a><\/span><\/p><div class=\"post-content\"><div class=\"post-content-inner\"><p>\u00a1Nuestro grupo de 1 a\u00f1o se fortalece como equipo! Esta peque\u00f1a clase especial de tan solo 10 peque\u00f1os estudiantes, inmersos en ingl\u00e9s, polaco y&#8230;<\/p>\n<\/div><a href=\"https:\/\/itsw.edu.pl\/es\/creciendo-juntos-nuestros-ninos-de-1-ano-alcanzan-un-hito-especial\/\" class=\"more-link\">leer m\u00e1s&#8230;<\/a><\/div><\/article><article class=\"et_pb_post et_pb_post_id_246915 clearfix et_pb_blog_item_0_16 post-246915 post type-post status-publish format-standard hentry category-grados-1-3 category-noticias\"><h2 class=\"entry-title\"><a href=\"https:\/\/itsw.edu.pl\/es\/alumnos-de-3-er-grado-de-itsw-exploran-la-vida-submarina-en-wroclaw\/\">\u00a1Alumnos de 3.er grado de ITSW exploran la vida submarina en Wroc\u0142aw<\/a><\/h2><p class=\"post-meta\"><span class=\"published\">Ene 10, 2025<\/span> | <span class=\"entry-categories\"><a href=\"https:\/\/itsw.edu.pl\/es\/category\/noticias\/grados-1-3\/\" rel=\"tag\">grados-1-3<\/a>, <a href=\"https:\/\/itsw.edu.pl\/es\/category\/noticias\/\" rel=\"tag\">noticias<\/a><\/span><\/p><div class=\"post-content\"><div class=\"post-content-inner\"><p>Del 1 al 3 de octubre, nuestros alumnos de 3.er grado se embarcaron en un emocionante viaje a Breslavia, donde se adentraron en el fascinante mundo&#8230;<\/p>\n<\/div><a href=\"https:\/\/itsw.edu.pl\/es\/alumnos-de-3-er-grado-de-itsw-exploran-la-vida-submarina-en-wroclaw\/\" class=\"more-link\">leer m\u00e1s&#8230;<\/a><\/div><\/article><article class=\"et_pb_post et_pb_post_id_246871 clearfix et_pb_blog_item_0_17 post-246871 post type-post status-publish format-standard hentry category-escuela-infantil-1-ciclo category-noticias\"><h2 class=\"entry-title\"><a href=\"https:\/\/itsw.edu.pl\/es\/noticias-de-itsw-nuestros-pequenos-estan-prosperando-en-sus-rutinas-diarias\/\">Noticias de ITSW: \u00a1Nuestros peque\u00f1os est\u00e1n prosperando en sus rutinas diarias!<\/a><\/h2><p class=\"post-meta\"><span class=\"published\">Ene 7, 2025<\/span> | <span class=\"entry-categories\"><a href=\"https:\/\/itsw.edu.pl\/es\/category\/noticias\/escuela-infantil-1-ciclo\/\" rel=\"tag\">Escuela infantil 1 ciclo<\/a>, <a href=\"https:\/\/itsw.edu.pl\/es\/category\/noticias\/\" rel=\"tag\">noticias<\/a><\/span><\/p><div class=\"post-content\"><div class=\"post-content-inner\"><p>Nuestras estrellas de la guarder\u00eda est\u00e1n adoptando plenamente sus rutinas diarias, desde cepillarse los dientes hasta disfrutar de un momento de&#8230;<\/p>\n<\/div><a href=\"https:\/\/itsw.edu.pl\/es\/noticias-de-itsw-nuestros-pequenos-estan-prosperando-en-sus-rutinas-diarias\/\" class=\"more-link\">leer m\u00e1s&#8230;<\/a><\/div><\/article><article class=\"et_pb_post et_pb_post_id_242615 clearfix et_pb_blog_item_0_18 post-242615 post type-post status-publish format-standard has-post-thumbnail hentry category-edublog category-escuela-infantil-1-ciclo category-escuela-infantil-2-ciclo\"><h2 class=\"entry-title\"><a href=\"https:\/\/itsw.edu.pl\/es\/chino-y-japones-por-que-tiene-sentido-aprender-idiomas-asiaticos\/\">Chino y japon\u00e9s: \u00bfpor qu\u00e9 tiene sentido aprender idiomas asi\u00e1ticos?<\/a><\/h2><p class=\"post-meta\"><span class=\"published\">Mar 27, 2024<\/span> | <span class=\"entry-categories\"><a href=\"https:\/\/itsw.edu.pl\/es\/category\/edublog\/\" rel=\"tag\">Edublog<\/a>, <a href=\"https:\/\/itsw.edu.pl\/es\/category\/edublog\/escuela-infantil-1-ciclo\/\" rel=\"tag\">Escuela infantil 1 ciclo<\/a>, <a href=\"https:\/\/itsw.edu.pl\/es\/category\/noticias\/escuela-infantil-1-ciclo\/\" rel=\"tag\">Escuela infantil 1 ciclo<\/a>, <a href=\"https:\/\/itsw.edu.pl\/es\/category\/noticias\/escuela-infantil-2-ciclo\/\" rel=\"tag\">Escuela infantil 2 ciclo<\/a>, <a href=\"https:\/\/itsw.edu.pl\/es\/category\/edublog\/escuela-infantil-2-ciclo\/\" rel=\"tag\">Escuela infantil 2 ciclo<\/a><\/span><\/p><div class=\"post-content\"><div class=\"post-content-inner\"><p>Alem\u00e1n, ingl\u00e9s, espa\u00f1ol o franc\u00e9s: estos son los idiomas que m\u00e1s com\u00fanmente aprenden los estudiantes en las escuelas tradicionales. Mientras tanto,&#8230;<\/p>\n<\/div><a href=\"https:\/\/itsw.edu.pl\/es\/chino-y-japones-por-que-tiene-sentido-aprender-idiomas-asiaticos\/\" class=\"more-link\">leer m\u00e1s&#8230;<\/a><\/div><\/article><\/div><\/div><\/div>\n\n<div class=\"et_pb_module et_pb_button_module_wrapper et_pb_button_0_wrapper\"><a class=\"et_pb_button_0 et_pb_button et_pb_bg_layout_light et_pb_module et_block_module pa-load-more-btn\" href=\"#\" id=\"pa_load_more\">Ver m\u00e1s<\/a><\/div>\n<\/div>\n<\/div>\n<\/div>\n\n<div class=\"et_pb_section_2 et_pb_section et_section_regular et_block_section\">\n<div class=\"et_pb_row_2 et_pb_row et_block_row\">\n<div class=\"et_pb_column_2 et_pb_column et_pb_column_2_3 et_block_column et_pb_css_mix_blend_mode_passthrough\">\n<div class=\"et_pb_text_0 et_pb_text et_pb_bg_layout_light et_pb_module et_block_module\"><div class=\"et_pb_text_inner\"><div class=\"flex max-w-full flex-col flex-grow\">\n<div data-message-author-role=\"assistant\" data-message-id=\"e041fd6a-a14f-4a8b-b1a3-71b59274b3d7\" dir=\"auto\" class=\"min-h-8 text-message flex w-full flex-col items-end gap-2 whitespace-normal break-words text-start [.text-message+&amp;]:mt-5\" data-message-model-slug=\"gpt-4o\">\n<div class=\"flex w-full flex-col gap-1 empty:hidden first:pt-[3px]\">\n<div class=\"markdown prose w-full break-words dark:prose-invert light\">\n<div class=\"flex max-w-full flex-col flex-grow\">\n<div data-message-author-role=\"assistant\" data-message-id=\"e041fd6a-a14f-4a8b-b1a3-71b59274b3d7\" dir=\"auto\" class=\"min-h-8 text-message flex w-full flex-col items-end gap-2 whitespace-normal break-words text-start [.text-message+&amp;]:mt-5\" data-message-model-slug=\"gpt-4o\">\n<div class=\"flex w-full flex-col gap-1 empty:hidden first:pt-[3px]\">\n<div class=\"markdown prose w-full break-words dark:prose-invert light\">\n<p>Ayuda a tu hijo a conseguir superpoderes: \u00a1reserva una plaza y br\u00edndale la oportunidad del triling\u00fcismo!<\/p>\n<\/div>\n<\/div>\n<\/div>\n<\/div>\n<\/div>\n<\/div>\n<\/div>\n<\/div>\n<div class=\"mb-2 flex gap-3 empty:hidden -ml-2\">\n<div class=\"items-center justify-start rounded-xl p-1 flex\">\n<div class=\"flex items-center\"><span class=\"hidden\"><\/span><\/div>\n<\/div>\n<\/div>\n<\/div><\/div>\n<\/div>\n\n<div class=\"et_pb_column_3 et_pb_column et_pb_column_1_3 et-last-child et_block_column et_pb_css_mix_blend_mode_passthrough\">\n<div class=\"et_pb_module et_pb_button_module_wrapper et_pb_button_1_wrapper\"><a class=\"et_pb_button_1 et_pb_button et_pb_bg_layout_light et_pb_module et_block_module\" href=\"https:\/\/itsw.edu.pl\/es\/formulario-de-admision\/\">Inscr\u00edbete<\/a><\/div>\n<\/div>\n<\/div>\n<\/div>","protected":false},"excerpt":{"rendered":"","protected":false},"author":2,"featured_media":0,"parent":0,"menu_order":0,"comment_status":"closed","ping_status":"closed","template":"","meta":{"_acf_changed":false,"inline_featured_image":false,"footnotes":""},"class_list":["post-248714","page","type-page","status-publish","hentry"],"acf":[],"yoast_head":"<!-- This site is optimized with the Yoast SEO plugin v27.5 - https:\/\/yoast.com\/product\/yoast-seo-wordpress\/ -->\n<title>Noticias - ITSW<\/title>\n<meta name=\"robots\" content=\"index, follow, max-snippet:-1, max-image-preview:large, max-video-preview:-1\" \/>\n<link rel=\"canonical\" href=\"https:\/\/itsw.edu.pl\/es\/noticias\/\" \/>\n<meta property=\"og:locale\" content=\"es_ES\" \/>\n<meta property=\"og:type\" content=\"article\" \/>\n<meta property=\"og:title\" content=\"Noticias - ITSW\" \/>\n<meta property=\"og:url\" content=\"https:\/\/itsw.edu.pl\/es\/noticias\/\" \/>\n<meta property=\"og:site_name\" content=\"ITSW\" \/>\n<meta property=\"article:publisher\" content=\"https:\/\/www.facebook.com\/ITSW.School.Escuela.Ecole.XueXiao.Gakko.Warsaw\" \/>\n<meta property=\"article:modified_time\" content=\"2026-01-12T19:39:07+00:00\" \/>\n<meta name=\"twitter:card\" content=\"summary_large_image\" \/>\n<script type=\"application\/ld+json\" class=\"yoast-schema-graph\">{\"@context\":\"https:\\\/\\\/schema.org\",\"@graph\":[{\"@type\":\"Article\",\"@id\":\"https:\\\/\\\/itsw.edu.pl\\\/es\\\/noticias\\\/#article\",\"isPartOf\":{\"@id\":\"https:\\\/\\\/itsw.edu.pl\\\/es\\\/noticias\\\/\"},\"author\":{\"name\":\"C.F.\",\"@id\":\"https:\\\/\\\/itsw.edu.pl\\\/#\\\/schema\\\/person\\\/eb547fe7481aa9aa056fa874cc499b03\"},\"headline\":\"Noticias\",\"datePublished\":\"2026-01-11T01:00:30+00:00\",\"dateModified\":\"2026-01-12T19:39:07+00:00\",\"mainEntityOfPage\":{\"@id\":\"https:\\\/\\\/itsw.edu.pl\\\/es\\\/noticias\\\/\"},\"wordCount\":1,\"publisher\":{\"@id\":\"https:\\\/\\\/itsw.edu.pl\\\/#organization\"},\"inLanguage\":\"es\"},{\"@type\":\"WebPage\",\"@id\":\"https:\\\/\\\/itsw.edu.pl\\\/es\\\/noticias\\\/\",\"url\":\"https:\\\/\\\/itsw.edu.pl\\\/es\\\/noticias\\\/\",\"name\":\"Noticias - ITSW\",\"isPartOf\":{\"@id\":\"https:\\\/\\\/itsw.edu.pl\\\/#website\"},\"datePublished\":\"2026-01-11T01:00:30+00:00\",\"dateModified\":\"2026-01-12T19:39:07+00:00\",\"breadcrumb\":{\"@id\":\"https:\\\/\\\/itsw.edu.pl\\\/es\\\/noticias\\\/#breadcrumb\"},\"inLanguage\":\"es\",\"potentialAction\":[{\"@type\":\"ReadAction\",\"target\":[\"https:\\\/\\\/itsw.edu.pl\\\/es\\\/noticias\\\/\"]}]},{\"@type\":\"BreadcrumbList\",\"@id\":\"https:\\\/\\\/itsw.edu.pl\\\/es\\\/noticias\\\/#breadcrumb\",\"itemListElement\":[{\"@type\":\"ListItem\",\"position\":1,\"name\":\"ITSW\",\"item\":\"https:\\\/\\\/itsw.edu.pl\\\/es\\\/\"},{\"@type\":\"ListItem\",\"position\":2,\"name\":\"Noticias\"}]},{\"@type\":\"WebSite\",\"@id\":\"https:\\\/\\\/itsw.edu.pl\\\/#website\",\"url\":\"https:\\\/\\\/itsw.edu.pl\\\/\",\"name\":\"ITSW\",\"description\":\"\",\"publisher\":{\"@id\":\"https:\\\/\\\/itsw.edu.pl\\\/#organization\"},\"alternateName\":\"International Trilingual School of Warsaw\",\"potentialAction\":[{\"@type\":\"SearchAction\",\"target\":{\"@type\":\"EntryPoint\",\"urlTemplate\":\"https:\\\/\\\/itsw.edu.pl\\\/?s={search_term_string}\"},\"query-input\":{\"@type\":\"PropertyValueSpecification\",\"valueRequired\":true,\"valueName\":\"search_term_string\"}}],\"inLanguage\":\"es\"},{\"@type\":\"Organization\",\"@id\":\"https:\\\/\\\/itsw.edu.pl\\\/#organization\",\"name\":\"International Trilingual School of Warsaw\",\"alternateName\":\"International Trilingual School of Warsaw\",\"url\":\"https:\\\/\\\/itsw.edu.pl\\\/\",\"logo\":{\"@type\":\"ImageObject\",\"inLanguage\":\"es\",\"@id\":\"https:\\\/\\\/itsw.edu.pl\\\/#\\\/schema\\\/logo\\\/image\\\/\",\"url\":\"https:\\\/\\\/itsw.edu.pl\\\/wp-content\\\/uploads\\\/itsw-logo.png\",\"contentUrl\":\"https:\\\/\\\/itsw.edu.pl\\\/wp-content\\\/uploads\\\/itsw-logo.png\",\"width\":350,\"height\":103,\"caption\":\"International Trilingual School of Warsaw\"},\"image\":{\"@id\":\"https:\\\/\\\/itsw.edu.pl\\\/#\\\/schema\\\/logo\\\/image\\\/\"},\"sameAs\":[\"https:\\\/\\\/www.facebook.com\\\/ITSW.School.Escuela.Ecole.XueXiao.Gakko.Warsaw\"]},{\"@type\":\"Person\",\"@id\":\"https:\\\/\\\/itsw.edu.pl\\\/#\\\/schema\\\/person\\\/eb547fe7481aa9aa056fa874cc499b03\",\"name\":\"C.F.\",\"sameAs\":[\"https:\\\/\\\/businesstank.pl\"]}]}<\/script>\n<!-- \/ Yoast SEO plugin. -->","yoast_head_json":{"title":"Noticias - ITSW","robots":{"index":"index","follow":"follow","max-snippet":"max-snippet:-1","max-image-preview":"max-image-preview:large","max-video-preview":"max-video-preview:-1"},"canonical":"https:\/\/itsw.edu.pl\/es\/noticias\/","og_locale":"es_ES","og_type":"article","og_title":"Noticias - ITSW","og_url":"https:\/\/itsw.edu.pl\/es\/noticias\/","og_site_name":"ITSW","article_publisher":"https:\/\/www.facebook.com\/ITSW.School.Escuela.Ecole.XueXiao.Gakko.Warsaw","article_modified_time":"2026-01-12T19:39:07+00:00","twitter_card":"summary_large_image","schema":{"@context":"https:\/\/schema.org","@graph":[{"@type":"Article","@id":"https:\/\/itsw.edu.pl\/es\/noticias\/#article","isPartOf":{"@id":"https:\/\/itsw.edu.pl\/es\/noticias\/"},"author":{"name":"C.F.","@id":"https:\/\/itsw.edu.pl\/#\/schema\/person\/eb547fe7481aa9aa056fa874cc499b03"},"headline":"Noticias","datePublished":"2026-01-11T01:00:30+00:00","dateModified":"2026-01-12T19:39:07+00:00","mainEntityOfPage":{"@id":"https:\/\/itsw.edu.pl\/es\/noticias\/"},"wordCount":1,"publisher":{"@id":"https:\/\/itsw.edu.pl\/#organization"},"inLanguage":"es"},{"@type":"WebPage","@id":"https:\/\/itsw.edu.pl\/es\/noticias\/","url":"https:\/\/itsw.edu.pl\/es\/noticias\/","name":"Noticias - ITSW","isPartOf":{"@id":"https:\/\/itsw.edu.pl\/#website"},"datePublished":"2026-01-11T01:00:30+00:00","dateModified":"2026-01-12T19:39:07+00:00","breadcrumb":{"@id":"https:\/\/itsw.edu.pl\/es\/noticias\/#breadcrumb"},"inLanguage":"es","potentialAction":[{"@type":"ReadAction","target":["https:\/\/itsw.edu.pl\/es\/noticias\/"]}]},{"@type":"BreadcrumbList","@id":"https:\/\/itsw.edu.pl\/es\/noticias\/#breadcrumb","itemListElement":[{"@type":"ListItem","position":1,"name":"ITSW","item":"https:\/\/itsw.edu.pl\/es\/"},{"@type":"ListItem","position":2,"name":"Noticias"}]},{"@type":"WebSite","@id":"https:\/\/itsw.edu.pl\/#website","url":"https:\/\/itsw.edu.pl\/","name":"ITSW","description":"","publisher":{"@id":"https:\/\/itsw.edu.pl\/#organization"},"alternateName":"International Trilingual School of Warsaw","potentialAction":[{"@type":"SearchAction","target":{"@type":"EntryPoint","urlTemplate":"https:\/\/itsw.edu.pl\/?s={search_term_string}"},"query-input":{"@type":"PropertyValueSpecification","valueRequired":true,"valueName":"search_term_string"}}],"inLanguage":"es"},{"@type":"Organization","@id":"https:\/\/itsw.edu.pl\/#organization","name":"International Trilingual School of Warsaw","alternateName":"International Trilingual School of Warsaw","url":"https:\/\/itsw.edu.pl\/","logo":{"@type":"ImageObject","inLanguage":"es","@id":"https:\/\/itsw.edu.pl\/#\/schema\/logo\/image\/","url":"https:\/\/itsw.edu.pl\/wp-content\/uploads\/itsw-logo.png","contentUrl":"https:\/\/itsw.edu.pl\/wp-content\/uploads\/itsw-logo.png","width":350,"height":103,"caption":"International Trilingual School of Warsaw"},"image":{"@id":"https:\/\/itsw.edu.pl\/#\/schema\/logo\/image\/"},"sameAs":["https:\/\/www.facebook.com\/ITSW.School.Escuela.Ecole.XueXiao.Gakko.Warsaw"]},{"@type":"Person","@id":"https:\/\/itsw.edu.pl\/#\/schema\/person\/eb547fe7481aa9aa056fa874cc499b03","name":"C.F.","sameAs":["https:\/\/businesstank.pl"]}]}},"_links":{"self":[{"href":"https:\/\/itsw.edu.pl\/es\/wp-json\/wp\/v2\/pages\/248714","targetHints":{"allow":["GET"]}}],"collection":[{"href":"https:\/\/itsw.edu.pl\/es\/wp-json\/wp\/v2\/pages"}],"about":[{"href":"https:\/\/itsw.edu.pl\/es\/wp-json\/wp\/v2\/types\/page"}],"author":[{"embeddable":true,"href":"https:\/\/itsw.edu.pl\/es\/wp-json\/wp\/v2\/users\/2"}],"replies":[{"embeddable":true,"href":"https:\/\/itsw.edu.pl\/es\/wp-json\/wp\/v2\/comments?post=248714"}],"version-history":[{"count":7,"href":"https:\/\/itsw.edu.pl\/es\/wp-json\/wp\/v2\/pages\/248714\/revisions"}],"predecessor-version":[{"id":249559,"href":"https:\/\/itsw.edu.pl\/es\/wp-json\/wp\/v2\/pages\/248714\/revisions\/249559"}],"wp:attachment":[{"href":"https:\/\/itsw.edu.pl\/es\/wp-json\/wp\/v2\/media?parent=248714"}],"curies":[{"name":"wp","href":"https:\/\/api.w.org\/{rel}","templated":true}]}}