{"id":246473,"date":"2026-01-06T19:40:34","date_gmt":"2026-01-06T18:40:34","guid":{"rendered":"https:\/\/itsw.edu.pl\/szkola-podstawowa-es\/"},"modified":"2026-04-20T03:49:21","modified_gmt":"2026-04-20T01:49:21","slug":"escuela-primaria","status":"publish","type":"page","link":"https:\/\/itsw.edu.pl\/es\/escuela-primaria\/","title":{"rendered":"Szko\u0142a podstawowa es"},"content":{"rendered":"<div class=\"et_pb_section_0 et_pb_section et_section_regular et_block_section\">\n<div class=\"et_pb_row_0 et_pb_row et_block_row\">\n<div class=\"et_pb_column_0 et_pb_column et_pb_column_4_4 et-last-child et_block_column et_pb_css_mix_blend_mode_passthrough\">\n<div class=\"et_pb_heading_0 et_pb_heading et_pb_module et_block_module\"><div class=\"et_pb_heading_container\"><h1 class=\"et_pb_module_header\">ITSW \u2013 Escuela Primaria y Secundaria Internacional en Varsovia<\/h1><\/div><\/div>\n<\/div>\n<\/div>\n\n<div class=\"et_pb_row_1 et_pb_row et_flex_row\">\n<div class=\"et_pb_column_1 et_pb_column et_block_column et_pb_css_mix_blend_mode_passthrough et_flex_column_2_5 et_flex_column_24_24_tablet et_flex_column_24_24_phone\">\n<div class=\"et_pb_text_0 et_pb_text et_pb_bg_layout_light et_pb_module et_block_module\"><div class=\"et_pb_text_inner\"><p><span style=\"font-weight: 400;\"><strong>Creamos un entorno educativo donde los ni\u00f1os crecen con esp\u00edritu de apertura, curiosidad por el mundo y desarrollo individualizado.<\/strong> <\/span><\/p>\n<p><span style=\"font-weight: 400;\">La Escuela Primaria Internacional ITSW es un lugar donde la educaci\u00f3n se une con la pasi\u00f3n, y los estudiantes aprenden de forma moderna y equilibrada \u2013 en ingl\u00e9s, polaco y un tercer idioma que aprenden desde la guarder\u00eda o el jard\u00edn infantil en nuestra escuela, conforme a los est\u00e1ndares internacionales y el curr\u00edculo nacional polaco.<\/span><\/p>\n<\/div><\/div>\n<\/div>\n\n<div class=\"et_pb_column_2 et_pb_column et-last-child et_block_column et_pb_css_mix_blend_mode_passthrough et_flex_column_16_24 et_flex_column_16_24_tablet et_flex_column_24_24_phone\">\n<div class=\"et_pb_group_0 et_pb_group et-last-child et_pb_module et_flex_group et_pb_css_mix_blend_mode_passthrough\">\n<div class=\"et_pb_group_1 et_pb_group et_pb_module et_flex_group et_pb_css_mix_blend_mode_passthrough\">\n<div class=\"et_pb_image_0 et_pb_image et_pb_module et_block_module\"><span class=\"et_pb_image_wrap\"><img decoding=\"async\" src=\"https:\/\/itsw.edu.pl\/wp-content\/uploads\/itsw-szkola-podstawowa-edukacja-trojjezyczna-w-warszawie.jpg\" alt=\"Jedyna szko\u0142a tr\u00f3jj\u0119zyczna w Polsce\" title=\"ITSW Szko\u0142a podstawowa edukacja tro\u0301jje\u0328zyczna w Warszawie\" width=\"1200\" height=\"675\" srcset=\"https:\/\/itsw.edu.pl\/wp-content\/uploads\/itsw-szkola-podstawowa-edukacja-trojjezyczna-w-warszawie.jpg 1200w, https:\/\/itsw.edu.pl\/wp-content\/uploads\/itsw-szkola-podstawowa-edukacja-trojjezyczna-w-warszawie-980x551.jpg 980w, https:\/\/itsw.edu.pl\/wp-content\/uploads\/itsw-szkola-podstawowa-edukacja-trojjezyczna-w-warszawie-480x270.jpg 480w\" sizes=\"(min-width: 0px) and (max-width: 480px) 480px, (min-width: 481px) and (max-width: 980px) 980px, (min-width: 981px) 1200px, 100vw\" class=\"wp-image-246360\" \/><\/span><\/div>\n<\/div>\n\n<div class=\"et_pb_image_1 et_pb_image et_pb_module et_flex_module\"><span class=\"et_pb_image_wrap\"><img decoding=\"async\" src=\"https:\/\/itsw.edu.pl\/wp-content\/uploads\/decor.svg\" title=\"decor\" width=\"50\" height=\"200\" srcset=\"https:\/\/itsw.edu.pl\/wp-content\/uploads\/decor.svg 50w\" sizes=\"(min-width: 0px) and (max-width: 0px) 0px, (min-width: 1px) 50px, 100vw\" class=\"wp-image-244688\" \/><\/span><\/div>\n<\/div>\n<\/div>\n<\/div>\n\n<div class=\"et_pb_row_2 et_pb_row et_flex_row\">\n<div class=\"et_pb_column_3 et_pb_column et_block_column et_pb_css_mix_blend_mode_passthrough et_flex_column_2_5 et_flex_column_24_24_tablet et_flex_column_24_24_phone\">\n<div class=\"et_pb_image_2 et_pb_image et_pb_module et_block_module\"><span class=\"et_pb_image_wrap\"><img decoding=\"async\" src=\"https:\/\/itsw.edu.pl\/wp-content\/uploads\/klasa-1-3-kampus-aldony.jpg\" title=\"Klasa 1-3 Kampus Aldony\" width=\"751\" height=\"875\" srcset=\"https:\/\/itsw.edu.pl\/wp-content\/uploads\/klasa-1-3-kampus-aldony.jpg 751w, https:\/\/itsw.edu.pl\/wp-content\/uploads\/klasa-1-3-kampus-aldony-480x559.jpg 480w\" sizes=\"(min-width: 0px) and (max-width: 480px) 480px, (min-width: 481px) 751px, 100vw\" class=\"wp-image-246353\" \/><\/span><\/div>\n<\/div>\n\n<div class=\"et_pb_column_4 et_pb_column et-last-child et_block_column et_pb_css_mix_blend_mode_passthrough et_flex_column_3_5 et_flex_column_24_24_tablet et_flex_column_24_24_phone\">\n<div class=\"et_pb_text_1 et_pb_text et_pb_bg_layout_light et_pb_module et_block_module\"><div class=\"et_pb_text_inner\"><h2 style=\"margin-bottom: 15px;\">Grados 1\u20133 \u2013 Nivel Primario Inferior<\/h2>\n<p><span style=\"font-weight: 400;\">En los primeros grados nos centramos en fomentar la confianza, la comunicaci\u00f3n y las habilidades sociales. Los alumnos m\u00e1s peque\u00f1os aprenden mediante la experiencia, el juego y la exploraci\u00f3n. Gracias a los grupos reducidos y educadores nativos cualificados y dedicados, cada ni\u00f1o recibe apoyo individual y se desarrolla a su propio ritmo.<\/span><span style=\"font-weight: 400;\"><br \/><\/span><span style=\"font-weight: 400;\">El programa educativo se basa en el <strong>enfoque Reggio Emilia<\/strong> y combina el <strong>curr\u00edculo polaco<\/strong> con <strong>elementos internacionales<\/strong>, promoviendo el desarrollo del lenguaje y la creatividad.<\/span><\/p>\n<\/div><\/div>\n\n<div class=\"et_pb_module et_pb_button_module_wrapper et_pb_button_0_wrapper\"><a class=\"et_pb_button_0 et_pb_button et_pb_bg_layout_light et_pb_module et_block_module\" href=\"https:\/\/itsw.edu.pl\/es\/escuela-primaria\/grados-1-3\/\">\u00danete a los grados 1\u20133<\/a><\/div>\n<\/div>\n<\/div>\n<\/div>\n\n<div class=\"et_pb_section_1 et_pb_section et_section_regular et_block_section\">\n<div class=\"et_pb_row_3 et_pb_row et_flex_row\">\n<div class=\"et_pb_column_5 et_pb_column et_block_column et_pb_css_mix_blend_mode_passthrough et_flex_column_24_24 et_flex_column_24_24_tablet et_flex_column_24_24_phone\">\n<div class=\"et_pb_text_2 et_pb_text et_pb_bg_layout_light et_pb_module et_block_module\"><div class=\"et_pb_text_inner\"><h2 style=\"margin-bottom: 15px;\">Grados 4\u20136 \u2013 Nivel Primario Superior<\/h2>\n<p><span style=\"font-weight: 400;\">En esta etapa, los estudiantes desarrollan pensamiento independiente, habilidades de trabajo por proyectos y an\u00e1lisis cr\u00edtico. Ampliamos la ense\u00f1anza en ingl\u00e9s e introducimos elementos del <strong>programa Cambridge Primary<\/strong> para preparar a los ni\u00f1os para un entorno de aprendizaje internacional.<\/span><span style=\"font-weight: 400;\"><br \/><\/span><span style=\"font-weight: 400;\">La interdisciplinariedad y el desarrollo de competencias futuras \u2013 como la colaboraci\u00f3n, el pensamiento cr\u00edtico, la innovaci\u00f3n y la responsabilidad social \u2013 son prioridades educativas clave.<\/span><\/p>\n<\/div><\/div>\n\n<div class=\"et_pb_module et_pb_button_module_wrapper et_pb_button_1_wrapper\"><a class=\"et_pb_button_1 et_pb_button et_pb_bg_layout_light et_pb_module et_block_module\" href=\"https:\/\/itsw.edu.pl\/es\/escuela-primaria\/grados-4-6\/\">\u00danete a los grados 4-6<\/a><\/div>\n<\/div>\n\n<div class=\"et_pb_column_6 et_pb_column et-last-child et_block_column et_pb_css_mix_blend_mode_passthrough et_flex_column_24_24 et_flex_column_24_24_tablet et_flex_column_24_24_phone\">\n<div class=\"et_pb_image_3 et_pb_image et_pb_module et_block_module\"><span class=\"et_pb_image_wrap\"><img decoding=\"async\" src=\"https:\/\/itsw.edu.pl\/wp-content\/uploads\/uczniowie-klas-4-6-kampus-nobla.jpg\" alt=\"Szko\u0142a mi\u0119dzynarodowa klasy 4-6\" title=\"Uczniowie klas 4-6 Kampus Nobla\" width=\"555\" height=\"450\" srcset=\"https:\/\/itsw.edu.pl\/wp-content\/uploads\/uczniowie-klas-4-6-kampus-nobla.jpg 555w, https:\/\/itsw.edu.pl\/wp-content\/uploads\/uczniowie-klas-4-6-kampus-nobla-480x389.jpg 480w\" sizes=\"(min-width: 0px) and (max-width: 480px) 480px, (min-width: 481px) 555px, 100vw\" class=\"wp-image-246331\" \/><\/span><\/div>\n<\/div>\n<\/div>\n<\/div>\n\n<div class=\"et_pb_section_2 et_pb_section et_section_regular et_flex_section\">\n<div class=\"et_pb_row_4 et_pb_row et_flex_row custom_row\">\n<div class=\"et_pb_column_7 et_pb_column et_block_column et_pb_css_mix_blend_mode_passthrough et_flex_column_24_24 et_flex_column_24_24_tablet et_flex_column_24_24_phone second-on-mobile\">\n<div class=\"et_pb_image_4 et_pb_image et_pb_module et_block_module\"><span class=\"et_pb_image_wrap\"><img decoding=\"async\" src=\"https:\/\/itsw.edu.pl\/wp-content\/uploads\/uczniownie-klas-7-8-szkola-miedzynarodowa.jpg\" alt=\"Szko\u0142a mi\u0119dzynarodowa w Warszawie na Saskiej K\u0119pie\" title=\"Uczniownie klas 7-8 szkola miedzynarodowa\" width=\"751\" height=\"875\" srcset=\"https:\/\/itsw.edu.pl\/wp-content\/uploads\/uczniownie-klas-7-8-szkola-miedzynarodowa.jpg 751w, https:\/\/itsw.edu.pl\/wp-content\/uploads\/uczniownie-klas-7-8-szkola-miedzynarodowa-480x559.jpg 480w\" sizes=\"(min-width: 0px) and (max-width: 480px) 480px, (min-width: 481px) 751px, 100vw\" class=\"wp-image-246338\" \/><\/span><\/div>\n<\/div>\n\n<div class=\"et_pb_column_8 et_pb_column et-last-child et_block_column et_pb_css_mix_blend_mode_passthrough et_flex_column_24_24 et_flex_column_24_24_tablet et_flex_column_24_24_phone first-on-mobile\">\n<div class=\"et_pb_text_3 et_pb_text et_pb_bg_layout_light et_pb_module et_block_module\"><div class=\"et_pb_text_inner\"><h2 style=\"margin-bottom: 15px;\">Grados 7\u20138 \u2013 Escuela Secundaria<\/h2>\n<p><span style=\"font-weight: 400;\">En los grados 7\u20138, nos enfocamos en preparar a los estudiantes de manera consciente para la siguiente etapa educativa \u2013 tanto en Polonia como en escuelas internacionales. Los alumnos desarrollan conocimientos especializados en ciencias, humanidades y artes, siguiendo un programa ampliado con componentes de <strong>Cambridge Lower Secondary<\/strong>.<\/span><span style=\"font-weight: 400;\"><br \/><\/span><span style=\"font-weight: 400;\">Tambi\u00e9n apoyamos su desarrollo emocional y social, fomentando cualidades de liderazgo para enfrentar los desaf\u00edos del mundo moderno.<\/span><\/p>\n<\/div><\/div>\n\n<div class=\"et_pb_module et_pb_button_module_wrapper et_pb_button_2_wrapper\"><a class=\"et_pb_button_2 et_pb_button et_pb_bg_layout_light et_pb_module et_block_module\" href=\"https:\/\/itsw.edu.pl\/es\/escuela-primaria\/grados-7-8-y-escuela-secundaria\/\">\u00danete a los grados 7-8<\/a><\/div>\n<\/div>\n<\/div>\n<\/div>\n\n<div class=\"et_pb_section_3 et_pb_section et_section_regular et_flex_section\">\n<div class=\"et_pb_row_5 et_pb_row et_flex_row\">\n<div class=\"et_pb_column_9 et_pb_column et_block_column et_pb_css_mix_blend_mode_passthrough et_flex_column_24_24 et_flex_column_24_24_tablet et_flex_column_24_24_phone\">\n<div class=\"et_pb_text_4 et_pb_text et_pb_bg_layout_light et_pb_module et_block_module\"><div class=\"et_pb_text_inner\"><h2 style=\"margin-bottom: 15px;\">Dos campus \u2013 una filosof\u00eda educativa<\/h2>\n<p><span style=\"font-weight: 400;\">Nuestra escuela primaria funciona en dos ubicaciones: <\/span><strong>Campus Aldona (Saska K\u0119pa)<\/strong><span style=\"font-weight: 400;\"> \u2013 grados 1\u20133, y <\/span><strong>Campus Nobla (Saska K\u0119pa)<\/strong><span style=\"font-weight: 400;\"> \u2013 grados 4\u20138. Ambos espacios comparten los mismos idiomas de ense\u00f1anza, metodolog\u00eda educativa, curr\u00edculo, valores y esp\u00edritu comunitario.<\/span><\/p>\n<\/div><\/div>\n\n<div class=\"et_pb_module et_pb_button_module_wrapper et_pb_button_3_wrapper\"><a class=\"et_pb_button_3 et_pb_button et_pb_bg_layout_light et_pb_module et_block_module\" href=\"https:\/\/itsw.edu.pl\/es\/formulario-de-admision\/\">\u00a1Inscribe a tu hijo en ITSW hoy!<\/a><\/div>\n<\/div>\n\n<div class=\"et_pb_column_10 et_pb_column et-last-child et_block_column et_pb_css_mix_blend_mode_passthrough et_flex_column_24_24 et_flex_column_24_24_tablet et_flex_column_24_24_phone\">\n<div class=\"et_pb_image_5 et_pb_image et_pb_module et_block_module\"><span class=\"et_pb_image_wrap\"><img decoding=\"async\" src=\"https:\/\/itsw.edu.pl\/wp-content\/uploads\/itsw-w-warszawie-szkola-podstawowa.jpg\" title=\"ITSW w Warszawie szkola podstawowa\" width=\"555\" height=\"450\" srcset=\"https:\/\/itsw.edu.pl\/wp-content\/uploads\/itsw-w-warszawie-szkola-podstawowa.jpg 555w, https:\/\/itsw.edu.pl\/wp-content\/uploads\/itsw-w-warszawie-szkola-podstawowa-480x389.jpg 480w\" sizes=\"(min-width: 0px) and (max-width: 480px) 480px, (min-width: 481px) 555px, 100vw\" class=\"wp-image-246372\" alt=\"Mi\u0119dzynarodowa szko\u0142a podstawowa ITSW zaj\u0119cia plastyczne\" \/><\/span><\/div>\n<\/div>\n<\/div>\n<\/div>\n\n<div class=\"et_pb_section_4 et_pb_section et_section_regular et_block_section\">\n<div class=\"et_pb_row_6 et_pb_row et_block_row\">\n<div class=\"et_pb_column_11 et_pb_column et_pb_column_2_3 et_block_column et_pb_css_mix_blend_mode_passthrough\">\n<div class=\"et_pb_text_5 et_pb_text et_pb_bg_layout_light et_pb_module et_block_module\"><div class=\"et_pb_text_inner\"><div class=\"flex max-w-full flex-col flex-grow\">\n<div data-message-author-role=\"assistant\" data-message-id=\"e041fd6a-a14f-4a8b-b1a3-71b59274b3d7\" dir=\"auto\" class=\"min-h-8 text-message flex w-full flex-col items-end gap-2 whitespace-normal break-words text-start [.text-message+&amp;]:mt-5\" data-message-model-slug=\"gpt-4o\">\n<div class=\"flex w-full flex-col gap-1 empty:hidden first:pt-[3px]\">\n<div class=\"markdown prose w-full break-words dark:prose-invert light\">\n<p>Ayuda a tu hijo a conseguir superpoderes: \u00a1reserva una plaza y br\u00edndale la oportunidad del triling\u00fcismo!\n<\/p>\n<\/div>\n<\/div>\n<\/div>\n<\/div>\n<div class=\"mb-2 flex gap-3 empty:hidden -ml-2\">\n<div class=\"items-center justify-start rounded-xl p-1 flex\">\n<div class=\"flex items-center\"><span class=\"hidden\"><\/span><\/div>\n<\/div>\n<\/div>\n<\/div><\/div>\n<\/div>\n\n<div class=\"et_pb_column_12 et_pb_column et_pb_column_1_3 et-last-child et_block_column et_pb_css_mix_blend_mode_passthrough\">\n<div class=\"et_pb_module et_pb_button_module_wrapper et_pb_button_4_wrapper\"><a class=\"et_pb_button_4 et_pb_button et_pb_bg_layout_light et_pb_module et_block_module\" href=\"https:\/\/itsw.edu.pl\/es\/formulario-de-admision\/\" target=\"_blank\">Inscr\u00edbete<\/a><\/div>\n<\/div>\n<\/div>\n<\/div>","protected":false},"excerpt":{"rendered":"","protected":false},"author":3,"featured_media":0,"parent":0,"menu_order":0,"comment_status":"closed","ping_status":"closed","template":"","meta":{"_acf_changed":false,"inline_featured_image":false,"footnotes":""},"class_list":["post-246473","page","type-page","status-publish","hentry"],"acf":[],"yoast_head":"<!-- This site is optimized with the Yoast SEO plugin v27.5 - https:\/\/yoast.com\/product\/yoast-seo-wordpress\/ -->\n<title>Mi\u0119dzynarodowa Szko\u0142a Podstawowa ITSW w Warszawie<\/title>\n<meta name=\"description\" content=\"Nowoczesna szko\u0142a podstawowa w Warszawie z nauczaniem w 3 j\u0119zykach. Klasy 1\u20138. Zapisz dziecko ju\u017c dzi\u015b!\" \/>\n<meta name=\"robots\" content=\"index, follow, max-snippet:-1, max-image-preview:large, max-video-preview:-1\" \/>\n<link rel=\"canonical\" href=\"https:\/\/itsw.edu.pl\/es\/escuela-primaria\/\" \/>\n<meta property=\"og:locale\" content=\"es_ES\" \/>\n<meta property=\"og:type\" content=\"article\" \/>\n<meta property=\"og:title\" content=\"Mi\u0119dzynarodowa Szko\u0142a Podstawowa ITSW w Warszawie\" \/>\n<meta property=\"og:description\" content=\"Nowoczesna szko\u0142a podstawowa w Warszawie z nauczaniem w 3 j\u0119zykach. Klasy 1\u20138. Zapisz dziecko ju\u017c dzi\u015b!\" \/>\n<meta property=\"og:url\" content=\"https:\/\/itsw.edu.pl\/es\/escuela-primaria\/\" \/>\n<meta property=\"og:site_name\" content=\"ITSW\" \/>\n<meta property=\"article:publisher\" content=\"https:\/\/www.facebook.com\/ITSW.School.Escuela.Ecole.XueXiao.Gakko.Warsaw\" \/>\n<meta property=\"article:modified_time\" content=\"2026-04-20T01:49:21+00:00\" \/>\n<meta name=\"twitter:card\" content=\"summary_large_image\" \/>\n<script type=\"application\/ld+json\" class=\"yoast-schema-graph\">{\"@context\":\"https:\\\/\\\/schema.org\",\"@graph\":[{\"@type\":\"Article\",\"@id\":\"https:\\\/\\\/itsw.edu.pl\\\/es\\\/escuela-primaria\\\/#article\",\"isPartOf\":{\"@id\":\"https:\\\/\\\/itsw.edu.pl\\\/es\\\/escuela-primaria\\\/\"},\"author\":{\"name\":\"M.K.\",\"@id\":\"https:\\\/\\\/itsw.edu.pl\\\/#\\\/schema\\\/person\\\/4a89b345dd3285b6de291f440f753c8f\"},\"headline\":\"Szko\u0142a podstawowa es\",\"datePublished\":\"2026-01-06T18:40:34+00:00\",\"dateModified\":\"2026-04-20T01:49:21+00:00\",\"mainEntityOfPage\":{\"@id\":\"https:\\\/\\\/itsw.edu.pl\\\/es\\\/escuela-primaria\\\/\"},\"wordCount\":4,\"publisher\":{\"@id\":\"https:\\\/\\\/itsw.edu.pl\\\/#organization\"},\"inLanguage\":\"es\"},{\"@type\":\"WebPage\",\"@id\":\"https:\\\/\\\/itsw.edu.pl\\\/es\\\/escuela-primaria\\\/\",\"url\":\"https:\\\/\\\/itsw.edu.pl\\\/es\\\/escuela-primaria\\\/\",\"name\":\"Mi\u0119dzynarodowa Szko\u0142a Podstawowa ITSW w Warszawie\",\"isPartOf\":{\"@id\":\"https:\\\/\\\/itsw.edu.pl\\\/#website\"},\"datePublished\":\"2026-01-06T18:40:34+00:00\",\"dateModified\":\"2026-04-20T01:49:21+00:00\",\"description\":\"Nowoczesna szko\u0142a podstawowa w Warszawie z nauczaniem w 3 j\u0119zykach. Klasy 1\u20138. Zapisz dziecko ju\u017c dzi\u015b!\",\"breadcrumb\":{\"@id\":\"https:\\\/\\\/itsw.edu.pl\\\/es\\\/escuela-primaria\\\/#breadcrumb\"},\"inLanguage\":\"es\",\"potentialAction\":[{\"@type\":\"ReadAction\",\"target\":[\"https:\\\/\\\/itsw.edu.pl\\\/es\\\/escuela-primaria\\\/\"]}]},{\"@type\":\"BreadcrumbList\",\"@id\":\"https:\\\/\\\/itsw.edu.pl\\\/es\\\/escuela-primaria\\\/#breadcrumb\",\"itemListElement\":[{\"@type\":\"ListItem\",\"position\":1,\"name\":\"ITSW\",\"item\":\"https:\\\/\\\/itsw.edu.pl\\\/es\\\/\"},{\"@type\":\"ListItem\",\"position\":2,\"name\":\"Szko\u0142a podstawowa es\"}]},{\"@type\":\"WebSite\",\"@id\":\"https:\\\/\\\/itsw.edu.pl\\\/#website\",\"url\":\"https:\\\/\\\/itsw.edu.pl\\\/\",\"name\":\"ITSW\",\"description\":\"\",\"publisher\":{\"@id\":\"https:\\\/\\\/itsw.edu.pl\\\/#organization\"},\"alternateName\":\"International Trilingual School of Warsaw\",\"potentialAction\":[{\"@type\":\"SearchAction\",\"target\":{\"@type\":\"EntryPoint\",\"urlTemplate\":\"https:\\\/\\\/itsw.edu.pl\\\/?s={search_term_string}\"},\"query-input\":{\"@type\":\"PropertyValueSpecification\",\"valueRequired\":true,\"valueName\":\"search_term_string\"}}],\"inLanguage\":\"es\"},{\"@type\":\"Organization\",\"@id\":\"https:\\\/\\\/itsw.edu.pl\\\/#organization\",\"name\":\"International Trilingual School of Warsaw\",\"alternateName\":\"International Trilingual School of Warsaw\",\"url\":\"https:\\\/\\\/itsw.edu.pl\\\/\",\"logo\":{\"@type\":\"ImageObject\",\"inLanguage\":\"es\",\"@id\":\"https:\\\/\\\/itsw.edu.pl\\\/#\\\/schema\\\/logo\\\/image\\\/\",\"url\":\"https:\\\/\\\/itsw.edu.pl\\\/wp-content\\\/uploads\\\/itsw-logo.png\",\"contentUrl\":\"https:\\\/\\\/itsw.edu.pl\\\/wp-content\\\/uploads\\\/itsw-logo.png\",\"width\":350,\"height\":103,\"caption\":\"International Trilingual School of Warsaw\"},\"image\":{\"@id\":\"https:\\\/\\\/itsw.edu.pl\\\/#\\\/schema\\\/logo\\\/image\\\/\"},\"sameAs\":[\"https:\\\/\\\/www.facebook.com\\\/ITSW.School.Escuela.Ecole.XueXiao.Gakko.Warsaw\"]},{\"@type\":\"Person\",\"@id\":\"https:\\\/\\\/itsw.edu.pl\\\/#\\\/schema\\\/person\\\/4a89b345dd3285b6de291f440f753c8f\",\"name\":\"M.K.\"}]}<\/script>\n<!-- \/ Yoast SEO plugin. -->","yoast_head_json":{"title":"Mi\u0119dzynarodowa Szko\u0142a Podstawowa ITSW w Warszawie","description":"Nowoczesna szko\u0142a podstawowa w Warszawie z nauczaniem w 3 j\u0119zykach. Klasy 1\u20138. Zapisz dziecko ju\u017c dzi\u015b!","robots":{"index":"index","follow":"follow","max-snippet":"max-snippet:-1","max-image-preview":"max-image-preview:large","max-video-preview":"max-video-preview:-1"},"canonical":"https:\/\/itsw.edu.pl\/es\/escuela-primaria\/","og_locale":"es_ES","og_type":"article","og_title":"Mi\u0119dzynarodowa Szko\u0142a Podstawowa ITSW w Warszawie","og_description":"Nowoczesna szko\u0142a podstawowa w Warszawie z nauczaniem w 3 j\u0119zykach. Klasy 1\u20138. Zapisz dziecko ju\u017c dzi\u015b!","og_url":"https:\/\/itsw.edu.pl\/es\/escuela-primaria\/","og_site_name":"ITSW","article_publisher":"https:\/\/www.facebook.com\/ITSW.School.Escuela.Ecole.XueXiao.Gakko.Warsaw","article_modified_time":"2026-04-20T01:49:21+00:00","twitter_card":"summary_large_image","schema":{"@context":"https:\/\/schema.org","@graph":[{"@type":"Article","@id":"https:\/\/itsw.edu.pl\/es\/escuela-primaria\/#article","isPartOf":{"@id":"https:\/\/itsw.edu.pl\/es\/escuela-primaria\/"},"author":{"name":"M.K.","@id":"https:\/\/itsw.edu.pl\/#\/schema\/person\/4a89b345dd3285b6de291f440f753c8f"},"headline":"Szko\u0142a podstawowa es","datePublished":"2026-01-06T18:40:34+00:00","dateModified":"2026-04-20T01:49:21+00:00","mainEntityOfPage":{"@id":"https:\/\/itsw.edu.pl\/es\/escuela-primaria\/"},"wordCount":4,"publisher":{"@id":"https:\/\/itsw.edu.pl\/#organization"},"inLanguage":"es"},{"@type":"WebPage","@id":"https:\/\/itsw.edu.pl\/es\/escuela-primaria\/","url":"https:\/\/itsw.edu.pl\/es\/escuela-primaria\/","name":"Mi\u0119dzynarodowa Szko\u0142a Podstawowa ITSW w Warszawie","isPartOf":{"@id":"https:\/\/itsw.edu.pl\/#website"},"datePublished":"2026-01-06T18:40:34+00:00","dateModified":"2026-04-20T01:49:21+00:00","description":"Nowoczesna szko\u0142a podstawowa w Warszawie z nauczaniem w 3 j\u0119zykach. Klasy 1\u20138. Zapisz dziecko ju\u017c dzi\u015b!","breadcrumb":{"@id":"https:\/\/itsw.edu.pl\/es\/escuela-primaria\/#breadcrumb"},"inLanguage":"es","potentialAction":[{"@type":"ReadAction","target":["https:\/\/itsw.edu.pl\/es\/escuela-primaria\/"]}]},{"@type":"BreadcrumbList","@id":"https:\/\/itsw.edu.pl\/es\/escuela-primaria\/#breadcrumb","itemListElement":[{"@type":"ListItem","position":1,"name":"ITSW","item":"https:\/\/itsw.edu.pl\/es\/"},{"@type":"ListItem","position":2,"name":"Szko\u0142a podstawowa es"}]},{"@type":"WebSite","@id":"https:\/\/itsw.edu.pl\/#website","url":"https:\/\/itsw.edu.pl\/","name":"ITSW","description":"","publisher":{"@id":"https:\/\/itsw.edu.pl\/#organization"},"alternateName":"International Trilingual School of Warsaw","potentialAction":[{"@type":"SearchAction","target":{"@type":"EntryPoint","urlTemplate":"https:\/\/itsw.edu.pl\/?s={search_term_string}"},"query-input":{"@type":"PropertyValueSpecification","valueRequired":true,"valueName":"search_term_string"}}],"inLanguage":"es"},{"@type":"Organization","@id":"https:\/\/itsw.edu.pl\/#organization","name":"International Trilingual School of Warsaw","alternateName":"International Trilingual School of Warsaw","url":"https:\/\/itsw.edu.pl\/","logo":{"@type":"ImageObject","inLanguage":"es","@id":"https:\/\/itsw.edu.pl\/#\/schema\/logo\/image\/","url":"https:\/\/itsw.edu.pl\/wp-content\/uploads\/itsw-logo.png","contentUrl":"https:\/\/itsw.edu.pl\/wp-content\/uploads\/itsw-logo.png","width":350,"height":103,"caption":"International Trilingual School of Warsaw"},"image":{"@id":"https:\/\/itsw.edu.pl\/#\/schema\/logo\/image\/"},"sameAs":["https:\/\/www.facebook.com\/ITSW.School.Escuela.Ecole.XueXiao.Gakko.Warsaw"]},{"@type":"Person","@id":"https:\/\/itsw.edu.pl\/#\/schema\/person\/4a89b345dd3285b6de291f440f753c8f","name":"M.K."}]}},"_links":{"self":[{"href":"https:\/\/itsw.edu.pl\/es\/wp-json\/wp\/v2\/pages\/246473","targetHints":{"allow":["GET"]}}],"collection":[{"href":"https:\/\/itsw.edu.pl\/es\/wp-json\/wp\/v2\/pages"}],"about":[{"href":"https:\/\/itsw.edu.pl\/es\/wp-json\/wp\/v2\/types\/page"}],"author":[{"embeddable":true,"href":"https:\/\/itsw.edu.pl\/es\/wp-json\/wp\/v2\/users\/3"}],"replies":[{"embeddable":true,"href":"https:\/\/itsw.edu.pl\/es\/wp-json\/wp\/v2\/comments?post=246473"}],"version-history":[{"count":15,"href":"https:\/\/itsw.edu.pl\/es\/wp-json\/wp\/v2\/pages\/246473\/revisions"}],"predecessor-version":[{"id":252376,"href":"https:\/\/itsw.edu.pl\/es\/wp-json\/wp\/v2\/pages\/246473\/revisions\/252376"}],"wp:attachment":[{"href":"https:\/\/itsw.edu.pl\/es\/wp-json\/wp\/v2\/media?parent=246473"}],"curies":[{"name":"wp","href":"https:\/\/api.w.org\/{rel}","templated":true}]}}