{"id":245824,"date":"2026-01-06T11:10:52","date_gmt":"2026-01-06T10:10:52","guid":{"rendered":"https:\/\/itsw.edu.pl\/przedszkole-esp\/"},"modified":"2026-04-20T01:45:21","modified_gmt":"2026-04-19T23:45:21","slug":"preescolar","status":"publish","type":"page","link":"https:\/\/itsw.edu.pl\/es\/preescolar\/","title":{"rendered":"Preescolar"},"content":{"rendered":"<div class=\"et_pb_section_0 et_pb_section et_section_regular et_block_section\">\n<div class=\"et_pb_row_0 et_pb_row et_block_row\">\n<div class=\"et_pb_column_0 et_pb_column et_pb_column_4_4 et-last-child et_block_column et_pb_css_mix_blend_mode_passthrough\">\n<div class=\"et_pb_heading_0 et_pb_heading et_pb_module et_block_module\"><div class=\"et_pb_heading_container\"><h1 class=\"et_pb_module_header\">Preescolar triling\u00fce en Varsovia: descubriendo el mundo y desarrollando habilidades a diario<\/h1><\/div><\/div>\n<\/div>\n<\/div>\n\n<div class=\"et_pb_row_1 et_pb_row et_flex_row\">\n<div class=\"et_pb_column_1 et_pb_column et_block_column et_pb_css_mix_blend_mode_passthrough et_flex_column_2_5 et_flex_column_24_24_tablet et_flex_column_24_24_phone\">\n<div class=\"et_pb_text_0 et_pb_text et_pb_bg_layout_light et_pb_module et_block_module\"><div class=\"et_pb_text_inner\"><p><span>ITSW es \u200b\u200bun preescolar internacional y triling\u00fce en Varsovia, donde <strong>el aprendizaje de idiomas se complementa con el desarrollo de habilidades preescolares<\/strong>. Los ni\u00f1os aprenden a trav\u00e9s del juego, el cuidado y las actividades diarias realizadas en los idiomas meta: ingl\u00e9s, polaco, espa\u00f1ol, franc\u00e9s, chino o japon\u00e9s. <strong>Nuestro preescolar de idiomas prepara a los ni\u00f1os para continuar su educaci\u00f3n en diversos sistemas escolares<\/strong> (brit\u00e1nico, americano, franc\u00e9s, finland\u00e9s, espa\u00f1ol, IB Internacional o polaco) o en el sistema triling\u00fce ITSW. Esto les brinda el mejor comienzo para su educaci\u00f3n superior.<\/span><\/p>\n<\/div><\/div>\n\n<div class=\"et_pb_module et_pb_button_module_wrapper et_pb_button_0_wrapper\"><a class=\"et_pb_button_0 et_pb_button et_pb_bg_layout_light et_pb_module et_block_module\" href=\"https:\/\/itsw.edu.pl\/es\/trilinguismo\/\">\u00danete a ITSW<\/a><\/div>\n<\/div>\n\n<div class=\"et_pb_column_2 et_pb_column et-last-child et_block_column et_pb_css_mix_blend_mode_passthrough et_flex_column_16_24 et_flex_column_24_24_tablet et_flex_column_24_24_phone\">\n<div class=\"et_pb_group_0 et_pb_group et-last-child et_pb_module et_flex_group et_pb_css_mix_blend_mode_passthrough\">\n<div class=\"et_pb_group_1 et_pb_group et_pb_module et_flex_group et_pb_css_mix_blend_mode_passthrough\">\n<div class=\"et_pb_image_0 et_pb_image et_pb_module et_block_module\"><span class=\"et_pb_image_wrap\"><img decoding=\"async\" src=\"https:\/\/itsw.edu.pl\/wp-content\/uploads\/empowers-me-trilingual-is-the-kedy.jpg\" title=\"Empowers me Trilingual is the kedy\" width=\"1680\" height=\"945\" srcset=\"https:\/\/itsw.edu.pl\/wp-content\/uploads\/empowers-me-trilingual-is-the-kedy.jpg 1680w, https:\/\/itsw.edu.pl\/wp-content\/uploads\/empowers-me-trilingual-is-the-kedy-1280x720.jpg 1280w, https:\/\/itsw.edu.pl\/wp-content\/uploads\/empowers-me-trilingual-is-the-kedy-980x551.jpg 980w, https:\/\/itsw.edu.pl\/wp-content\/uploads\/empowers-me-trilingual-is-the-kedy-480x270.jpg 480w\" sizes=\"(min-width: 0px) and (max-width: 480px) 480px, (min-width: 481px) and (max-width: 980px) 980px, (min-width: 981px) and (max-width: 1280px) 1280px, (min-width: 1281px) 1680px, 100vw\" class=\"wp-image-244681\" \/><\/span><\/div>\n<\/div>\n\n<div class=\"et_pb_image_1 et_pb_image et_pb_module et_flex_module\"><span class=\"et_pb_image_wrap\"><img decoding=\"async\" src=\"https:\/\/itsw.edu.pl\/wp-content\/uploads\/decor.svg\" title=\"decor\" width=\"50\" height=\"200\" srcset=\"https:\/\/itsw.edu.pl\/wp-content\/uploads\/decor.svg 50w\" sizes=\"(min-width: 0px) and (max-width: 0px) 0px, (min-width: 1px) 50px, 100vw\" class=\"wp-image-244688\" \/><\/span><\/div>\n<\/div>\n<\/div>\n<\/div>\n<\/div>\n\n<div class=\"et_pb_section_1 et_pb_section et_section_regular et_block_section\">\n<div class=\"et_pb_row_2 et_pb_row et_flex_row\">\n<div class=\"et_pb_column_3 et_pb_column et_block_column et_pb_css_mix_blend_mode_passthrough et_flex_column_24_24 et_flex_column_24_24_tablet et_flex_column_24_24_phone\">\n<div class=\"et_pb_image_2 et_pb_image et_pb_module et_block_module\"><span class=\"et_pb_image_wrap\"><img decoding=\"async\" src=\"https:\/\/itsw.edu.pl\/wp-content\/uploads\/kolektywne-zajecia-z-jezyka-japonskiego.jpg\" title=\"kolektywne zaj\u0119cia z j\u0119zyka japo\u0144skiego\" width=\"555\" height=\"450\" srcset=\"https:\/\/itsw.edu.pl\/wp-content\/uploads\/kolektywne-zajecia-z-jezyka-japonskiego.jpg 555w, https:\/\/itsw.edu.pl\/wp-content\/uploads\/kolektywne-zajecia-z-jezyka-japonskiego-480x389.jpg 480w\" sizes=\"(min-width: 0px) and (max-width: 480px) 480px, (min-width: 481px) 555px, 100vw\" class=\"wp-image-243388\" alt=\"Grupa dzieci siedz\u0105ca w k\u00f3\u0142ku uczy sie j\u0119zyka\" \/><\/span><\/div>\n<\/div>\n\n<div class=\"et_pb_column_4 et_pb_column et-last-child et_block_column et_pb_css_mix_blend_mode_passthrough et_flex_column_24_24 et_flex_column_24_24_tablet et_flex_column_24_24_phone\">\n<div class=\"et_pb_text_1 et_pb_text et_pb_bg_layout_light et_pb_module et_block_module\"><div class=\"et_pb_text_inner\"><h2 style=\"margin-bottom: 15px;\"><span>Curr\u00edculo del preescolar triling\u00fce ITSW en Varsovia<\/span><\/h2>\n<p><span>El curr\u00edculo de nuestro preescolar triling\u00fce en Varsovia consiste en un recorrido a trav\u00e9s de proyectos multiling\u00fces y experienciales. Este enfoque fomenta la curiosidad natural, desarrolla el sentido de autonom\u00eda y desarrolla la creatividad de los ni\u00f1os.<\/span><\/p>\n<h3><\/h3>\n<h3><span>\u00bfQu\u00e9 \u00e1reas de desarrollo abarca el programa?<\/span><\/h3>\n<p><span>Los proyectos abarcan <strong>matem\u00e1ticas, ciencias, m\u00fasica, arte, lenguaje, habilidades sociales y el desarrollo de la motricidad gruesa y fina<\/strong>. Individualizamos el proceso de ense\u00f1anza para que cada ni\u00f1o adquiera los conocimientos y habilidades necesarios para avanzar a la siguiente etapa educativa.<\/span><\/p>\n<\/div><\/div>\n\n<div class=\"et_pb_module et_pb_button_module_wrapper et_pb_button_1_wrapper\"><a class=\"et_pb_button_1 et_pb_button et_pb_bg_layout_light et_pb_module et_block_module\" href=\"https:\/\/itsw.edu.pl\/es\/contacto\/\">\u00a1Inscribe a tu hijo hoy mismo!<\/a><\/div>\n<\/div>\n<\/div>\n<\/div>\n\n<div class=\"et_pb_section_2 et_pb_section et_section_regular et_block_section\">\n<div class=\"et_pb_row_3 et_pb_row et_flex_row custom_row\">\n<div class=\"et_pb_column_5 et_pb_column et_block_column et_pb_css_mix_blend_mode_passthrough et_flex_column_24_24 et_flex_column_24_24_tablet et_flex_column_24_24_phone first-on-mobile\">\n<div class=\"et_pb_text_2 et_pb_text et_pb_bg_layout_light et_pb_module et_block_module\"><div class=\"et_pb_text_inner\"><h2 style=\"margin-bottom: 15px;\"><span>\u00bfC\u00f3mo preparamos a los ni\u00f1os para la primaria?<\/span><\/h2>\n<p><span><strong>El programa multicultural y multiling\u00fce de ITSW prepara a los ni\u00f1os en preescolar para ser ciudadanos globales<\/strong>: abiertos a los dem\u00e1s, dispuestos a reflexionar y hacer preguntas, perseverantes y guiados por un sentido de justicia, \u00e9tica y empat\u00eda.<\/span><\/p>\n<p><span>En preescolar, desarrollan habilidades acad\u00e9micas clave: agarre correcto para escribir, coordinaci\u00f3n ojo-mano, uso de tijeras, reconocimiento de letras, n\u00fameros, sonidos, formas y colores.Rituales repetidos, una estructura diaria clara y el modelado de conductas preparan a los ni\u00f1os para la importante transici\u00f3n de comenzar la escuela.<\/span><\/p>\n<\/div><\/div>\n<\/div>\n\n<div class=\"et_pb_column_6 et_pb_column et-last-child et_block_column et_pb_css_mix_blend_mode_passthrough et_flex_column_24_24 et_flex_column_24_24_tablet et_flex_column_24_24_phone second-on-mobile\">\n<div class=\"et_pb_image_3 et_pb_image et_pb_module et_block_module\"><span class=\"et_pb_image_wrap\"><img decoding=\"async\" src=\"https:\/\/itsw.edu.pl\/wp-content\/uploads\/nauka-przez-zabawe-w-orzedszkolu-itsw.jpg\" title=\"Nauka przez zabaw\u0119 w orzedszkolu itsw\" width=\"555\" height=\"450\" srcset=\"https:\/\/itsw.edu.pl\/wp-content\/uploads\/nauka-przez-zabawe-w-orzedszkolu-itsw.jpg 555w, https:\/\/itsw.edu.pl\/wp-content\/uploads\/nauka-przez-zabawe-w-orzedszkolu-itsw-480x389.jpg 480w\" sizes=\"(min-width: 0px) and (max-width: 480px) 480px, (min-width: 481px) 555px, 100vw\" class=\"wp-image-243396\" alt=\"ITSW dzieci ucza si\u0119 przez zabaw\u0119\" \/><\/span><\/div>\n<\/div>\n<\/div>\n\n<div class=\"et_pb_row_4 et_pb_row et_flex_row\">\n<div class=\"et_pb_column_7 et_pb_column et-last-child et_flex_column et_pb_css_mix_blend_mode_passthrough et_flex_column_24_24 et_flex_column_24_24_tablet et_flex_column_24_24_phone\">\n<div class=\"et_pb_text_3 et_pb_text et_pb_bg_layout_light et_pb_module et_block_module\"><div class=\"et_pb_text_inner\"><h2 style=\"margin-bottom: 15px;\">\u00bfC\u00f3mo es el programa preescolar triling\u00fce de ITSW?<\/h2>\n<p><span>Aqu\u00ed, adquieren sus primeras habilidades sociales y cooperaci\u00f3n grupal: compartir y esperar su turno. Durante el preescolar, tambi\u00e9n <strong>fortalecen su capacidad para expresar y controlar sus emociones, desarrollando autoconciencia y perseverancia<\/strong>. La educaci\u00f3n preescolar y de la primera infancia en ITSW se alinea con las etapas de desarrollo de los ni\u00f1os, avanzando en espiral a lo largo del ciclo educativo desde preescolar hasta los \u00faltimos a\u00f1os de primaria, incorporando el juego en el proceso de aprendizaje y buscando desarrollar las habilidades necesarias para las siguientes etapas educativas.<\/span><\/p>\n<p><span><strong>El programa preescolar de ITSW se basa en bloques tem\u00e1ticos mensuales cuidadosamente planificados<\/strong>, implementados simult\u00e1neamente en tres idiomas. Cada tema es m\u00e1s que una simple actividad en el aula: es una aventura educativa completa, enriquecida con excursiones inspiradoras, talleres interesantes y proyectos de campo realizados fuera del preescolar. Gracias a esto, los ni\u00f1os aprenden a trav\u00e9s de la experiencia, el descubrimiento y el contacto real con su entorno.<\/span><\/p>\n<\/div><\/div>\n\n<div class=\"et_pb_module et_pb_button_module_wrapper et_pb_button_2_wrapper\"><a class=\"et_pb_button_2 et_pb_button et_pb_bg_layout_light et_pb_module et_block_module\" href=\"https:\/\/itsw.edu.pl\/es\/contacto\/\">\u00a1Cont\u00e1ctanos!<\/a><\/div>\n<\/div>\n<\/div>\n<\/div>\n\n<div class=\"et_pb_section_3 et_pb_section et_section_regular et_block_section\">\n<div class=\"et_pb_row_5 et_pb_row et_flex_row custom_row\">\n<div class=\"et_pb_column_8 et_pb_column et_block_column et_pb_css_mix_blend_mode_passthrough et_flex_column_24_24 et_flex_column_24_24_tablet et_flex_column_24_24_phone second-on-mobile\">\n<div class=\"et_pb_image_4 et_pb_image et_pb_module et_block_module\"><span class=\"et_pb_image_wrap\"><img decoding=\"async\" src=\"https:\/\/itsw.edu.pl\/wp-content\/uploads\/reggio-emilia-w-praktyce-itsw.jpg\" title=\"Reggio Emilia w praktyce ITSW\" width=\"555\" height=\"450\" srcset=\"https:\/\/itsw.edu.pl\/wp-content\/uploads\/reggio-emilia-w-praktyce-itsw.jpg 555w, https:\/\/itsw.edu.pl\/wp-content\/uploads\/reggio-emilia-w-praktyce-itsw-480x389.jpg 480w\" sizes=\"(min-width: 0px) and (max-width: 480px) 480px, (min-width: 481px) 555px, 100vw\" class=\"wp-image-244649\" alt=\"ITSW dzieci ucza si\u0119 przez zabaw\u0119\" \/><\/span><\/div>\n<\/div>\n\n<div class=\"et_pb_column_9 et_pb_column et-last-child et_block_column et_pb_css_mix_blend_mode_passthrough et_flex_column_24_24 et_flex_column_24_24_tablet et_flex_column_24_24_phone first-on-mobile\">\n<div class=\"et_pb_text_4 et_pb_text et_pb_bg_layout_light et_pb_module et_block_module\"><div class=\"et_pb_text_inner\"><h2 style=\"margin-bottom: 15px;\"><span>Un preescolar donde cultivamos habilidades extracurriculares<\/span><\/h2>\n<p><span>En ITSW, creamos un entorno educativo inspirado en la filosof\u00eda de Reggio Emilia, un enfoque que reconoce plenamente que el espacio en el que un ni\u00f1o tiene una influencia real se convierte en su &#8216;segundo maestro&#8217;. Por eso, nuestros interiores no son est\u00e9rilmente perfectos ni artificialmente idealizados. Viven, cambian, respiran y evolucionan junto con los ni\u00f1os.<\/span><br \/><span>A veces, reina el caos creativo y art\u00edstico, y eso est\u00e1 bien. Aqu\u00ed es donde nacen la creatividad, el sentido de autonom\u00eda, la responsabilidad compartida y la verdadera autonom\u00eda. Los ni\u00f1os no son simplemente receptores de soluciones prefabricadas. Se convierten en socios activos, cocreadores de un espacio que cuenta sus historias y apoya su desarrollo diario.<\/span><\/p>\n<\/div><\/div>\n<\/div>\n<\/div>\n<\/div>\n\n<div class=\"et_pb_section_4 et_pb_section et_section_regular et_block_section\">\n<div class=\"et_pb_row_6 et_pb_row et_flex_row custom_row\">\n<div class=\"et_pb_column_10 et_pb_column et_block_column et_pb_css_mix_blend_mode_passthrough et_flex_column_24_24 et_flex_column_24_24_tablet et_flex_column_24_24_phone first-on-mobile\">\n<div class=\"et_pb_text_5 et_pb_text et_pb_bg_layout_light et_pb_module et_block_module\">\n<div class=\"et_pb_text_6 et_pb_text et_pb_bg_layout_light et_pb_module et_block_module\"><div class=\"et_pb_text_inner\"><p><span>En ITSW, celebramos la diversidad y ense\u00f1amos a los ni\u00f1os que es una verdadera fortaleza. Nuestros estudiantes demuestran con orgullo la gran cantidad de culturas, idiomas y experiencias que se unen en una comunidad. Esta singular combinaci\u00f3n se refleja en la capacidad de colaboraci\u00f3n, la apertura a los dem\u00e1s y el extraordinario talento art\u00edstico y musical de los ni\u00f1os. Cada a\u00f1o, j\u00f3venes artistas se presentan en un escenario profesional durante un espectacular espect\u00e1culo navide\u00f1o, y en primavera, deleitan al p\u00fablico durante los Festivales de Cultura e Idiomas, presentando los pa\u00edses e idiomas que est\u00e1n aprendiendo. Estos son eventos inolvidables que fomentan la confianza en uno mismo, el orgullo y un aut\u00e9ntico esp\u00edritu internacional en ITSW.<\/span><\/p>\n<\/div><\/div>\n<\/div>\n<\/div>\n\n<div class=\"et_pb_column_11 et_pb_column et-last-child et_block_column et_pb_css_mix_blend_mode_passthrough et_flex_column_24_24 et_flex_column_24_24_tablet et_flex_column_24_24_phone second-on-mobile\">\n<div class=\"et_pb_image_5 et_pb_image et_pb_module et_block_module\"><span class=\"et_pb_image_wrap\"><img decoding=\"async\" src=\"https:\/\/itsw.edu.pl\/wp-content\/uploads\/roznorodnosc-kultur.jpg\" title=\"Roznorodnosc kultur\" width=\"555\" height=\"450\" srcset=\"https:\/\/itsw.edu.pl\/wp-content\/uploads\/roznorodnosc-kultur.jpg 555w, https:\/\/itsw.edu.pl\/wp-content\/uploads\/roznorodnosc-kultur-480x389.jpg 480w\" sizes=\"(min-width: 0px) and (max-width: 480px) 480px, (min-width: 481px) 555px, 100vw\" class=\"wp-image-244557\" alt=\"ITSW dzieci ucza si\u0119 przez zabaw\u0119\" \/><\/span><\/div>\n<\/div>\n<\/div>\n\n<div class=\"et_pb_row_7 et_pb_row et_flex_row\">\n<div class=\"et_pb_column_12 et_pb_column et-last-child et_flex_column et_pb_css_mix_blend_mode_passthrough et_flex_column_24_24 et_flex_column_24_24_tablet et_flex_column_24_24_phone\">\n<div class=\"et_pb_text_7 et_pb_text et_pb_bg_layout_light et_pb_module et_block_module\">\n<div class=\"et_pb_text_8 et_pb_text et_pb_bg_layout_light et_pb_module et_block_module\"><div class=\"et_pb_text_inner\"><p><span>El programa socioemocional y el fomento de la autonom\u00eda se complementan con una excursi\u00f3n anual de dos d\u00edas para ni\u00f1os de cinco a\u00f1os (preescolares). Este es el primer paso seguro hacia la independencia: los ni\u00f1os viajan con sus compa\u00f1eros, aprenden a cooperar, a regular sus emociones y a desarrollar la confianza en s\u00ed mismos en un nuevo entorno, con el apoyo de profesores totalmente preparados log\u00edstica y emocionalmente.<\/span><\/p>\n<\/div><\/div>\n\n<div class=\"et_pb_module et_pb_button_module_wrapper et_pb_button_3_wrapper\"><a class=\"et_pb_button_3 et_pb_button et_pb_bg_layout_light et_pb_module et_block_module\" href=\"https:\/\/itsw.edu.pl\/es\/contacto\/\">Programar una cita<\/a><\/div>\n<\/div>\n<\/div>\n<\/div>\n<\/div>\n\n<div class=\"et_pb_section_5 et_pb_section et_section_regular et_block_section\">\n<div class=\"et_pb_row_8 et_pb_row et_flex_row custom_row\">\n<div class=\"et_pb_column_13 et_pb_column et_block_column et_pb_css_mix_blend_mode_passthrough et_flex_column_24_24 et_flex_column_24_24_tablet et_flex_column_24_24_phone second-on-mobile\">\n<div class=\"et_pb_image_6 et_pb_image et_pb_module et_block_module\"><span class=\"et_pb_image_wrap\"><img decoding=\"async\" src=\"https:\/\/itsw.edu.pl\/wp-content\/uploads\/immersja-jezykowa-w-praktyce.jpg\" title=\"Immersja jezykowa w praktyce\" width=\"555\" height=\"450\" srcset=\"https:\/\/itsw.edu.pl\/wp-content\/uploads\/immersja-jezykowa-w-praktyce.jpg 555w, https:\/\/itsw.edu.pl\/wp-content\/uploads\/immersja-jezykowa-w-praktyce-480x389.jpg 480w\" sizes=\"(min-width: 0px) and (max-width: 480px) 480px, (min-width: 481px) 555px, 100vw\" class=\"wp-image-244573\" alt=\"ITSW dzieci ucza si\u0119 przez zabaw\u0119\" \/><\/span><\/div>\n<\/div>\n\n<div class=\"et_pb_column_14 et_pb_column et-last-child et_block_column et_pb_css_mix_blend_mode_passthrough et_flex_column_24_24 et_flex_column_24_24_tablet et_flex_column_24_24_phone first-on-mobile\">\n<div class=\"et_pb_text_9 et_pb_text et_pb_bg_layout_light et_pb_module et_block_module\"><div class=\"et_pb_text_inner\"><h2 style=\"margin-bottom: 15px;\"><span>El lugar de los idiomas en preescolar<\/span><\/h2>\n<p><span>En el preescolar triling\u00fce ITSW, el idioma es m\u00e1s que una herramienta de comunicaci\u00f3n: se convierte en una forma natural de adquirir conocimientos y desarrollar competencias sociales, acad\u00e9micas y culturales. Gracias al m\u00e9todo de inmersi\u00f3n y a los principios UPUL (Una Persona, Un Idioma), los ni\u00f1os experimentan los idiomas a diario de una forma muy similar a c\u00f3mo aprenden su lengua materna. La inmersi\u00f3n diaria en idiomas, en un ambiente acogedor, estimulante y multicultural, garantiza un proceso de desarrollo de habilidades ling\u00fc\u00edsticas, sociales y acad\u00e9micas lo m\u00e1s natural posible.<\/span><\/p>\n<\/div><\/div>\n<\/div>\n<\/div>\n<\/div>\n\n<div class=\"et_pb_section_6 et_pb_section et_section_regular et_block_section\">\n<div class=\"et_pb_row_9 et_pb_row et_flex_row custom_row\">\n<div class=\"et_pb_column_15 et_pb_column et-last-child et_block_column et_pb_css_mix_blend_mode_passthrough et_flex_column_24_24 et_flex_column_24_24_tablet et_flex_column_24_24_phone first-on-mobile\">\n<div class=\"et_pb_text_10 et_pb_text et_pb_bg_layout_light et_pb_module et_block_module\"><div class=\"et_pb_text_inner\"><h2 style=\"margin-bottom: 15px; text-align: center;\"><span>\u00bfQu\u00e9 es la inmersi\u00f3n ling\u00fc\u00edstica en el preescolar ITSW?<\/span><\/h2>\n<p>L<span>a inmersi\u00f3n ling\u00fc\u00edstica es mucho m\u00e1s que el simple aprendizaje de idiomas: <strong>es una inmersi\u00f3n natural en la lengua y la cultura, gracias a la cual los ni\u00f1os aprenden de la misma manera que adquieren su lengua materna: a trav\u00e9s de la escucha, la observaci\u00f3n, la acci\u00f3n y las relaciones aut\u00e9nticas<\/strong>. El idioma se convierte en una realidad cotidiana para ellos, no en una asignatura escolar.<\/span><br \/><span><strong>En ITSW, los ni\u00f1os est\u00e1n rodeados de idiomas durante todo el d\u00eda<\/strong>. Las clases se imparten exclusivamente en los idiomas meta, creando un entorno que se asemeja mucho al entorno ling\u00fc\u00edstico natural. Los maestros se comunican con los ni\u00f1os de forma constante en su lengua materna, seg\u00fan el m\u00e9todo UPUL, y el lenguaje acompa\u00f1a todas las actividades: desde el juego libre, pasando por proyectos y actividades art\u00edsticas, hasta el movimiento, la m\u00fasica y las actividades acad\u00e9micas.<\/span><br \/><span>Para los ni\u00f1os, el lenguaje se convierte en una herramienta para descubrir el mundo: aprenden nuevos conceptos, resuelven problemas, colaboran y expresan emociones en la misma lengua que est\u00e1n adquiriendo. Esta experiencia v\u00edvida e intensiva hace que el aprendizaje sea r\u00e1pido, efectivo y lleno de alegr\u00eda.<\/span><br \/><strong>Por eso, la inmersi\u00f3n ling\u00fc\u00edstica es el m\u00e9todo m\u00e1s eficaz para desarrollar el triling\u00fcismo en ni\u00f1os peque\u00f1os. En nuestro preescolar triling\u00fce, lo utilizamos a diario, con efectos visibles y espectaculares<\/strong>.<\/p>\n<\/div><\/div>\n<\/div>\n<\/div>\n<\/div>\n\n<div class=\"et_pb_section_7 et_pb_section et_section_regular et_block_section\">\n<div class=\"et_pb_row_10 et_pb_row et_flex_row custom_row\">\n<div class=\"et_pb_column_16 et_pb_column et_block_column et_pb_css_mix_blend_mode_passthrough et_flex_column_24_24 et_flex_column_24_24_tablet et_flex_column_24_24_phone second-on-mobile\">\n<div class=\"et_pb_image_7 et_pb_image et_pb_module et_block_module\"><span class=\"et_pb_image_wrap\"><img decoding=\"async\" src=\"https:\/\/itsw.edu.pl\/wp-content\/uploads\/jezeli-nie-poradzi-sobie-z-jezykiem-1.jpg\" title=\"jezeli nie poradzi sobie z jezykiem\" width=\"678\" height=\"898\" srcset=\"https:\/\/itsw.edu.pl\/wp-content\/uploads\/jezeli-nie-poradzi-sobie-z-jezykiem-1.jpg 678w, https:\/\/itsw.edu.pl\/wp-content\/uploads\/jezeli-nie-poradzi-sobie-z-jezykiem-1-480x636.jpg 480w\" sizes=\"(min-width: 0px) and (max-width: 480px) 480px, (min-width: 481px) 678px, 100vw\" class=\"wp-image-244656\" \/><\/span><\/div>\n<\/div>\n\n<div class=\"et_pb_column_17 et_pb_column et-last-child et_block_column et_pb_css_mix_blend_mode_passthrough et_flex_column_24_24 et_flex_column_24_24_tablet et_flex_column_24_24_phone first-on-mobile\">\n<div class=\"et_pb_text_11 et_pb_text et_pb_bg_layout_light et_pb_module et_block_module\"><div class=\"et_pb_text_inner\"><h3 style=\"margin-bottom: 15px;\"><span>\u00bfQu\u00e9 pasa si mi hijo no empieza preescolar&#8230;?<\/span><\/h3>\n<p><span>Si un ni\u00f1o no asisti\u00f3 a preescolar antes de los 3 a\u00f1os y no se sumergi\u00f3 en un idioma extranjero, entre los 3 y los 6 a\u00f1os aprende un segundo o tercer idioma mediante un aprendizaje consecutivo. Esto significa que el ni\u00f1o sigue adquiriendo el idioma de forma espont\u00e1nea, pero lo filtra a trav\u00e9s del conocimiento subconsciente de su lengua materna.<\/span><\/p>\n<h3><\/h3>\n<h3><span>\u00bfPuede un ni\u00f1o en preescolar dominar r\u00e1pidamente un nuevo idioma?<\/span><\/h3>\n<p><span>\u00a1S\u00ed! Los ni\u00f1os que se unen a nuestro preescolar triling\u00fce en la etapa preescolar se sienten c\u00f3modos con nosotros r\u00e1pidamente y comienzan a comunicarse con fluidez en nuevos idiomas. El proceso de adaptaci\u00f3n puede ser un poco m\u00e1s largo, pero en el ambiente c\u00e1lido, comprensivo y multicultural de ITSW, los ni\u00f1os desarrollan motivaci\u00f3n, alegr\u00eda y una curiosidad natural por aprender idiomas.<\/span><\/p>\n<p><span>En nuestro preescolar triling\u00fce privado de idiomas en Varsovia, cada ni\u00f1o, independientemente de cu\u00e1ndo haya empezado, puede convertirse en un peque\u00f1o ciudadano del mundo.<\/span><\/p>\n<\/div><\/div>\n<\/div>\n<\/div>\n\n<div class=\"et_pb_row_11 et_pb_row et_flex_row custom_row\">\n<div class=\"et_pb_column_18 et_pb_column et_block_column et_pb_css_mix_blend_mode_passthrough et_flex_column_24_24 et_flex_column_24_24_tablet et_flex_column_24_24_phone first-on-mobile\">\n<div class=\"et_pb_text_12 et_pb_text et_pb_bg_layout_light et_pb_module et_block_module\"><div class=\"et_pb_text_inner\"><h3 style=\"margin-bottom: 15px;\"><span>\u00bfQu\u00e9 pasa si mi hijo a\u00fan no ha empezado el preescolar&#8230;?<\/span><\/h3>\n<p><span>En primer grado, el idioma ya no se ense\u00f1a como una lengua extranjera, sino como una herramienta natural para la comunicaci\u00f3n y el aprendizaje. Por lo tanto, nuestra escuela primaria triling\u00fce acepta ni\u00f1os con un nivel de conversaci\u00f3n en ingl\u00e9s, franc\u00e9s, espa\u00f1ol, chino o japon\u00e9s. Esto permite a los estudiantes participar libremente en las clases y desarrollar habilidades acad\u00e9micas en un entorno multiling\u00fce.<\/span><\/p>\n<\/div><\/div>\n<\/div>\n\n<div class=\"et_pb_column_19 et_pb_column et-last-child et_block_column et_pb_css_mix_blend_mode_passthrough et_flex_column_24_24 et_flex_column_24_24_tablet et_flex_column_24_24_phone second-on-mobile\">\n<div class=\"et_pb_image_8 et_pb_image et_pb_module et_block_module\"><span class=\"et_pb_image_wrap\"><img decoding=\"async\" src=\"https:\/\/itsw.edu.pl\/wp-content\/uploads\/jesli-nie-mowi-w-danym-jezyku-przedszkole.jpg\" title=\"jesli nie mowi w danym jezyku przedszkole\" width=\"555\" height=\"450\" srcset=\"https:\/\/itsw.edu.pl\/wp-content\/uploads\/jesli-nie-mowi-w-danym-jezyku-przedszkole.jpg 555w, https:\/\/itsw.edu.pl\/wp-content\/uploads\/jesli-nie-mowi-w-danym-jezyku-przedszkole-480x389.jpg 480w\" sizes=\"(min-width: 0px) and (max-width: 480px) 480px, (min-width: 481px) 555px, 100vw\" class=\"wp-image-244663\" alt=\"ITSW dzieci ucza si\u0119 przez zabaw\u0119\" \/><\/span><\/div>\n<\/div>\n<\/div>\n\n<div class=\"et_pb_row_12 et_pb_row et_flex_row\">\n<div class=\"et_pb_column_20 et_pb_column et-last-child et_flex_column et_pb_css_mix_blend_mode_passthrough et_flex_column_24_24 et_flex_column_24_24_tablet et_flex_column_24_24_phone\">\n<div class=\"et_pb_text_13 et_pb_text et_pb_bg_layout_light et_pb_module et_block_module\"><div class=\"et_pb_text_inner\"><h3><span>\u00bfMi hijo\/a prosperar\u00e1 en el entorno triling\u00fce de ITSW?<\/span><\/h3>\n<p>\u00a0<\/p>\n<p><span>No se preocupe ! Si su hijo\/a ha estado expuesto\/a previamente a un sistema de biling\u00fcismo intencional, por ejemplo, en combinaci\u00f3n con ingl\u00e9s. Este es un excelente punto de partida para desarrollar habilidades ling\u00fc\u00edsticas en la escuela preescolar y primaria triling\u00fce ITSW de Varsovia.<\/span><br \/><span>Los idiomas son uno de los regalos m\u00e1s valiosos que puede darle a su hijo\/a: apoyan el desarrollo cognitivo, mejoran el rendimiento acad\u00e9mico, facilitan la concentraci\u00f3n y abren las puertas a la educaci\u00f3n internacional.<\/span><br \/><span>En el entorno triling\u00fce de ITSW, los ni\u00f1os se adaptan a nuevos idiomas muy r\u00e1pidamente. La inmersi\u00f3n natural, las conversaciones diarias con hablantes nativos y un ambiente seguro hacen que los ni\u00f1os ganen confianza, se comuniquen con libertad y desarrollen habilidades ling\u00fc\u00edsticas duraderas.<\/span><br \/><span>Si tiene alguna duda, estamos aqu\u00ed para ayudarle a tomar la mejor decisi\u00f3n.<\/span><br \/><span>Nuestro equipo de profesores estar\u00e1 encantado de responder a todas sus preguntas y compartir c\u00f3mo es la adaptaci\u00f3n para ni\u00f1os de todas las edades.<\/span><\/p>\n<\/div><\/div>\n\n<div class=\"et_pb_module et_pb_button_module_wrapper et_pb_button_4_wrapper\"><a class=\"et_pb_button_4 et_pb_button et_pb_bg_layout_light et_pb_module et_block_module\" href=\"https:\/\/itsw.edu.pl\/es\/contacto\/\">Agenda una reuni\u00f3n<\/a><\/div>\n<\/div>\n<\/div>\n<\/div>\n\n<div class=\"et_pb_section_8 et_pb_section et_section_regular et_block_section\">\n<div class=\"et_pb_row_13 et_pb_row et_flex_row\">\n<div class=\"et_pb_column_21 et_pb_column et_block_column et_pb_css_mix_blend_mode_passthrough et_flex_column_12_24 et_flex_column_24_24_tablet et_flex_column_24_24_phone\">\n<div class=\"et_pb_image_9 et_pb_image et_pb_module et_flex_module\"><span class=\"et_pb_image_wrap\"><img decoding=\"async\" src=\"https:\/\/itsw.edu.pl\/wp-content\/uploads\/itsw-native-speakers.jpg\" title=\"ITSW-native-speakers\" width=\"555\" height=\"450\" srcset=\"https:\/\/itsw.edu.pl\/wp-content\/uploads\/itsw-native-speakers.jpg 555w, https:\/\/itsw.edu.pl\/wp-content\/uploads\/itsw-native-speakers-480x389.jpg 480w\" sizes=\"(min-width: 0px) and (max-width: 480px) 480px, (min-width: 481px) 555px, 100vw\" class=\"wp-image-241217\" \/><\/span><\/div>\n<\/div>\n\n<div class=\"et_pb_column_22 et_pb_column et-last-child et_block_column et_pb_css_mix_blend_mode_passthrough et_flex_column_12_24 et_flex_column_24_24_tablet et_flex_column_24_24_phone\">\n<div class=\"et_pb_text_14 et_pb_text et_pb_bg_layout_light et_pb_module et_block_module\"><div class=\"et_pb_text_inner\"><h2 style=\"margin-bottom: 15px; text-align: left;\"><span>Nuestro equipo: maestros apasionados de todo el mundo<\/span><\/h2>\n<p style=\"text-align: left;\"><span>El personal de preescolar de ITSW est\u00e1 formado por maestros experimentados, comprometidos y especializados de diversos pa\u00edses y culturas. Diariamente, crean un ambiente c\u00e1lido, seguro e inspirador donde los ni\u00f1os aprenden idiomas de forma natural, a trav\u00e9s de las relaciones, el juego y la interacci\u00f3n diaria con hablantes nativos.<\/span><\/p>\n<\/div><\/div>\n\n<div class=\"et_pb_module et_pb_button_module_wrapper et_pb_button_5_wrapper\"><a class=\"et_pb_button_5 et_pb_button et_pb_bg_layout_light et_pb_module et_block_module\" href=\"https:\/\/itsw.edu.pl\/es\/escuela-primaria\/grados-7-8-y-escuela-secundaria\/equipo-de-maestros\/\">Conoce a nuestros maestros<\/a><\/div>\n<\/div>\n<\/div>\n<\/div>\n\n<div class=\"et_pb_section_9 et_pb_section et_section_regular et_block_section\">\n<div class=\"et_pb_row_14 et_pb_row et_block_row\">\n<div class=\"et_pb_column_23 et_pb_column et_pb_column_4_4 et-last-child et_block_column et_pb_css_mix_blend_mode_passthrough\">\n<div class=\"et_pb_heading_1 et_pb_heading et_pb_module et_block_module\"><div class=\"et_pb_heading_container\"><h2 class=\"et_pb_module_header\">\u00bfQu\u00e9 opinan los padres sobre la escuela preescolar triling\u00fce ITSW en Varsovia?<\/h2><\/div><\/div>\n\n<div class=\"et_pb_text_15 et_pb_text et_pb_bg_layout_light et_pb_module et_block_module\"><div class=\"et_pb_text_inner\"><p><span>Los padres de Varsovia y de muchos otros pa\u00edses aprecian nuestro preescolar por su ambiente acogedor, atenci\u00f3n esmerada y un programa educativo triling\u00fce \u00fanico. Son las voces de los padres las que realmente demuestran c\u00f3mo ITSW apoya el desarrollo de los ni\u00f1os peque\u00f1os a diario. Conozca sus experiencias y descubra por qu\u00e9 eligen el preescolar de idiomas ITSW en Varsovia.<\/span><\/p>\n<\/div><\/div>\n<\/div>\n<\/div>\n\n<div class=\"et_pb_row_15 et_pb_row et_flex_row\">\n<div class=\"et_pb_column_24 et_pb_column et-last-child et_flex_column et_pb_css_mix_blend_mode_passthrough et_flex_column_24_24 et_flex_column_24_24_tablet et_flex_column_24_24_phone\">\n<div class=\"et_pb_group_carousel_0 et_pb_group_carousel et_pb_group et_pb_module et_pb_group_carousel_center_mode et_pb_group_carousel_arrows_outside et_pb_group_carousel_dots_center et_pb_group_carousel_dots_below et_pb_group_carousel_slides_3\"><div class=\"et_pb_group_carousel_container\"><div class=\"et_pb_group_carousel_track\"><div class=\"et_pb_group_carousel_slide\"><div class=\"et_pb_group_2 et_pb_group et_pb_module et_flex_group et_pb_css_mix_blend_mode_passthrough\">\n<div class=\"et_pb_group_3 et_pb_group et-last-child et_pb_module et_flex_group et_pb_css_mix_blend_mode_passthrough\">\n<div class=\"et_pb_text_16 et_pb_text et_pb_bg_layout_light et_pb_module et_block_module\"><div class=\"et_pb_text_inner\"><p><span>En preschool, el cari\u00f1o de los profesores latinos sigue siendo fundamental. Hay mucha m\u00fasica, creatividad y alegr\u00eda en el aula. Aprender idiomas aqu\u00ed es algo natural y divertido.<\/span><\/p>\n<\/div><\/div>\n\n<div class=\"et_pb_text_17 et_pb_text et_pb_bg_layout_light et_pb_module et_block_module\"><div class=\"et_pb_text_inner\"><p><span>Diego L\u00f3pez<\/span><\/p>\n<\/div><\/div>\n<\/div>\n<\/div><\/div><div class=\"et_pb_group_carousel_slide\"><div class=\"et_pb_group_4 et_pb_group et_pb_module et_flex_group et_pb_css_mix_blend_mode_passthrough\">\n<div class=\"et_pb_group_5 et_pb_group et-last-child et_pb_module et_flex_group et_pb_css_mix_blend_mode_passthrough\">\n<div class=\"et_pb_text_18 et_pb_text et_pb_bg_layout_light et_pb_module et_block_module\"><div class=\"et_pb_text_inner\"><p><span>Nos encanta c\u00f3mo los ni\u00f1os aprenden jugando. Al final de preschool, nuestro hijo ya empieza a leer y escribir en tres idiomas, algo que nunca imaginamos posible a esta edad.<\/span><\/p>\n<\/div><\/div>\n\n<div class=\"et_pb_text_19 et_pb_text et_pb_bg_layout_light et_pb_module et_block_module\"><div class=\"et_pb_text_inner\"><p><span>Camila Torres<\/span><\/p>\n<\/div><\/div>\n<\/div>\n<\/div><\/div><div class=\"et_pb_group_carousel_slide\"><div class=\"et_pb_group_6 et_pb_group et_pb_module et_flex_group et_pb_css_mix_blend_mode_passthrough\">\n<div class=\"et_pb_group_7 et_pb_group et-last-child et_pb_module et_flex_group et_pb_css_mix_blend_mode_passthrough\">\n<div class=\"et_pb_text_20 et_pb_text et_pb_bg_layout_light et_pb_module et_block_module\"><div class=\"et_pb_text_inner\"><p><span>El ambiente es s\u00faper positivo. Los profes transmiten amor, paciencia y entusiasmo. Se nota que disfrutan ense\u00f1ar y acompa\u00f1ar a los ni\u00f1os en cada paso.<\/span><\/p>\n<\/div><\/div>\n\n<div class=\"et_pb_text_21 et_pb_text et_pb_bg_layout_light et_pb_module et_block_module\"><div class=\"et_pb_text_inner\"><p><span>Alejandro Ruiz<\/span><\/p>\n<\/div><\/div>\n<\/div>\n<\/div><\/div><div class=\"et_pb_group_carousel_slide\"><div class=\"et_pb_group_8 et_pb_group et_pb_module et_flex_group et_pb_css_mix_blend_mode_passthrough\">\n<div class=\"et_pb_group_9 et_pb_group et-last-child et_pb_module et_flex_group et_pb_css_mix_blend_mode_passthrough\">\n<div class=\"et_pb_text_22 et_pb_text et_pb_bg_layout_light et_pb_module et_block_module\"><div class=\"et_pb_text_inner\"><p><span>ITSW no es solo una escuela, es una comunidad. Nuestro hijo sale cantando canciones en espa\u00f1ol y hablando con orgullo en ingl\u00e9s y polaco.<\/span><\/p>\n<\/div><\/div>\n\n<div class=\"et_pb_text_23 et_pb_text et_pb_bg_layout_light et_pb_module et_block_module\"><div class=\"et_pb_text_inner\"><p><span>Valentina Rojas<\/span><\/p>\n<\/div><\/div>\n<\/div>\n<\/div><\/div><div class=\"et_pb_group_carousel_slide\"><div class=\"et_pb_group_10 et_pb_group et_pb_module et_flex_group et_pb_css_mix_blend_mode_passthrough\">\n<div class=\"et_pb_group_11 et_pb_group et-last-child et_pb_module et_flex_group et_pb_css_mix_blend_mode_passthrough\">\n<div class=\"et_pb_text_24 et_pb_text et_pb_bg_layout_light et_pb_module et_block_module\"><div class=\"et_pb_text_inner\"><p><span>La mezcla cultural es maravillosa. Los profesores latinos aportan calidez, ritmo y una conexi\u00f3n emocional muy fuerte con los ni\u00f1os.<\/span><\/p>\n<p>&nbsp;<\/p>\n<\/div><\/div>\n\n<div class=\"et_pb_text_25 et_pb_text et_pb_bg_layout_light et_pb_module et_block_module\"><div class=\"et_pb_text_inner\"><p><span>Miguel \u00c1ngel Navarro<\/span><\/p>\n<\/div><\/div>\n<\/div>\n<\/div><\/div><div class=\"et_pb_group_carousel_slide\"><div class=\"et_pb_group_12 et_pb_group et-last-child et_pb_module et_flex_group et_pb_css_mix_blend_mode_passthrough\">\n<div class=\"et_pb_group_13 et_pb_group et-last-child et_pb_module et_flex_group et_pb_css_mix_blend_mode_passthrough\">\n<div class=\"et_pb_text_26 et_pb_text et_pb_bg_layout_light et_pb_module et_block_module\"><div class=\"et_pb_text_inner\"><p><span>Al terminar preschool, los ni\u00f1os tienen una base impresionante en lectura y escritura en tres idiomas. Es un regalo para toda la vida.<\/span><\/p>\n<\/div><\/div>\n\n<div class=\"et_pb_text_27 et_pb_text et_pb_bg_layout_light et_pb_module et_block_module\"><div class=\"et_pb_text_inner\"><p><span>Natalia Cruz<\/span><\/p>\n<\/div><\/div>\n<\/div>\n<\/div><\/div><\/div><\/div><span class=\"et_pb_group_carousel_arrow et_pb_group_carousel_arrow_prev\" role=\"button\" tabindex=\"0\" aria-label=\"Previous slide\"><span class=\"et-pb-icon\">4<\/span><\/span><span class=\"et_pb_group_carousel_arrow et_pb_group_carousel_arrow_next\" role=\"button\" tabindex=\"0\" aria-label=\"Next slide\"><span class=\"et-pb-icon\">5<\/span><\/span><div class=\"et_pb_group_carousel_dots\"><\/div><\/div>\n<\/div>\n<\/div>\n<\/div>\n\n<div class=\"et_pb_section_10 et_pb_section et_section_regular et_block_section\">\n<div class=\"et_pb_row_16 et_pb_row et_block_row\">\n<div class=\"et_pb_column_25 et_pb_column et_pb_column_4_4 et-last-child et_block_column et_pb_css_mix_blend_mode_passthrough\">\n<div class=\"et_pb_heading_2 et_pb_heading et_pb_module et_block_module\"><div class=\"et_pb_heading_container\"><h2 class=\"et_pb_module_header\">\u00bfQu\u00e9 hay de nuevo en nuestro jard\u00edn de infancia ITSW?<\/h2><\/div><\/div>\n\n<div class=\"et_pb_text_28 et_pb_text et_pb_bg_layout_light et_pb_module et_block_module\"><div class=\"et_pb_text_inner\"><p><span>Mant\u00e9ngase al d\u00eda con lo que sucede en nuestro preescolar triling\u00fce. Consulte los \u00faltimos eventos, proyectos, celebraciones culturales e informes de actividades: vea c\u00f3mo nuestra comunidad preescolar crece y explora el mundo.<\/span><\/p>\n<\/div><\/div>\n<\/div>\n<\/div>\n\n<div class=\"et_pb_row_17 et_pb_row et_flex_row\">\n<div class=\"et_pb_column_26 et_pb_column et-last-child et_flex_column et_pb_css_mix_blend_mode_passthrough et_flex_column_24_24 et_flex_column_24_24_tablet et_flex_column_24_24_phone\">\n<div class=\"et_pb_blog_0 et_pb_blog et_pb_bg_layout_light et_pb_posts et_pb_module news\"><div class=\"et_pb_ajax_pagination_container\"><div class=\"et_pb_posts et_grid_module\"><article class=\"et_pb_post et_pb_post_id_251447 clearfix et_pb_no_thumb et_pb_blog_item_0_0 post-251447 post type-post status-publish format-standard hentry category-escuela-infantil-2-ciclo category-noticias\"><h3 class=\"entry-title\"><a href=\"https:\/\/itsw.edu.pl\/es\/dia-de-step-up-en-itsw-un-paso-seguro-y-alegre-de-nuestros-ninos-de-5-anos-hacia-el-primer-grado\/\">D\u00eda de \u00abStep-Up\u00bb en ITSW: un paso seguro y alegre de nuestros ni\u00f1os de 5 a\u00f1os hacia el primer grado.<\/a><\/h3><p class=\"post-meta\"><span class=\"published\">Feb 27, 2026<\/span> | <span class=\"entry-categories\"><a href=\"https:\/\/itsw.edu.pl\/es\/category\/noticias\/escuela-infantil-2-ciclo\/\" rel=\"tag\">Escuela infantil 2 ciclo<\/a>, <a href=\"https:\/\/itsw.edu.pl\/es\/category\/noticias\/\" rel=\"tag\">noticias<\/a><\/span><\/p><div class=\"post-content\"><div class=\"post-content-inner\"><p>Nuestros estudiantes de 5 a\u00f1os, que actualmente se encuentran en su \u00faltimo a\u00f1o de kindergarten, participaron recientemente en un D\u00eda Step-Up&#8230;<\/p>\n<\/div><\/div><\/article><article class=\"et_pb_post et_pb_post_id_246920 clearfix et_pb_no_thumb et_pb_blog_item_0_1 post-246920 post type-post status-publish format-standard hentry category-escuela-infantil-2-ciclo category-noticias\"><h3 class=\"entry-title\"><a href=\"https:\/\/itsw.edu.pl\/es\/nuestros-alumnos-de-preescolar-exploran-el-mundo-de-las-profesiones-importantes-para-la-comunidad\/\">\u00a1Nuestros alumnos de preescolar exploran el mundo de las profesiones importantes para la comunidad!<\/a><\/h3><p class=\"post-meta\"><span class=\"published\">Ene 7, 2026<\/span> | <span class=\"entry-categories\"><a href=\"https:\/\/itsw.edu.pl\/es\/category\/noticias\/escuela-infantil-2-ciclo\/\" rel=\"tag\">Escuela infantil 2 ciclo<\/a>, <a href=\"https:\/\/itsw.edu.pl\/es\/category\/noticias\/\" rel=\"tag\">noticias<\/a><\/span><\/p><div class=\"post-content\"><div class=\"post-content-inner\"><p>Como parte de su tema sobre las profesiones importantes para la comunidad, nuestros curiosos alumnos del preescolar visitaron la oficina de correos&#8230;<\/p>\n<\/div><\/div><\/article><\/div><\/div><\/div>\n<\/div>\n<\/div>\n<\/div>\n\n<div class=\"et_pb_section_11 et_pb_section et_section_regular et_block_section\">\n<div class=\"et_pb_row_18 et_pb_row et_block_row\">\n<div class=\"et_pb_column_27 et_pb_column et_pb_column_4_4 et-last-child et_block_column et_pb_css_mix_blend_mode_passthrough\">\n<div class=\"et_pb_heading_3 et_pb_heading et_pb_module et_block_module\"><div class=\"et_pb_heading_container\"><h2 class=\"et_pb_module_header\">ITSW Edublog: Conocimiento, inspiraci\u00f3n y consejos para padres de ni\u00f1os en edad preescolar<\/h2><\/div><\/div>\n\n<div class=\"et_pb_text_29 et_pb_text et_pb_bg_layout_light et_pb_module et_block_module\"><div class=\"et_pb_text_inner\"><p><span>Descubre art\u00edculos escritos por nuestros maestros y expertos en educaci\u00f3n. Aqu\u00ed encontrar\u00e1s consejos pr\u00e1cticos, conocimientos sobre el desarrollo infantil, datos ling\u00fc\u00edsticos interesantes e inspiraci\u00f3n para criar a tus hijos en un entorno multiling\u00fce.<\/span><\/p>\n<\/div><\/div>\n<\/div>\n<\/div>\n\n<div class=\"et_pb_row_19 et_pb_row et_flex_row\">\n<div class=\"et_pb_column_28 et_pb_column et-last-child et_flex_column et_pb_css_mix_blend_mode_passthrough et_flex_column_24_24 et_flex_column_24_24_tablet et_flex_column_24_24_phone\">\n<div class=\"et_pb_blog_1 et_pb_blog et_pb_bg_layout_light et_pb_posts et_pb_module et_pb_blog_grid\"><div class=\"et_pb_ajax_pagination_container\"><div class=\"et_pb_posts et_grid_module\"><article class=\"et_pb_post et_pb_post_id_242602 clearfix et_pb_blog_item_1_0 post-242602 post type-post status-publish format-standard has-post-thumbnail hentry category-edublog category-escuela-infantil-1-ciclo category-escuela-infantil-2-ciclo\"><div class=\"et_pb_image_container\"><a href=\"https:\/\/itsw.edu.pl\/es\/como-es-un-dia-en-una-guarderia-linguistica-horario-tipico-diario-para-un-nino-pequeno\/\" class=\"entry-featured-image-url\"><img decoding=\"async\" src=\"https:\/\/itsw.edu.pl\/wp-content\/uploads\/itsw-nursery-kids-learning-1.jpg\" width=\"400\" height=\"284\" alt=\"\u00bfC\u00f3mo es un d\u00eda en una guarder\u00eda ling\u00fc\u00edstica? Horario t\u00edpico diario para un ni\u00f1o peque\u00f1o\" class=\"\" srcset=\"https:\/\/itsw.edu.pl\/wp-content\/uploads\/itsw-nursery-kids-learning-1.jpg 479w, https:\/\/itsw.edu.pl\/wp-content\/uploads\/itsw-nursery-kids-learning-1-400x284.jpg 480w\" sizes=\"(max-width:479px) 479px, 100vw\" \/><span data-icon=\"\ue050\" class=\"et_overlay et_pb_inline_icon\"><\/span><\/a><\/div><h2 class=\"entry-title\"><a href=\"https:\/\/itsw.edu.pl\/es\/como-es-un-dia-en-una-guarderia-linguistica-horario-tipico-diario-para-un-nino-pequeno\/\">\u00bfC\u00f3mo es un d\u00eda en una guarder\u00eda ling\u00fc\u00edstica? Horario t\u00edpico diario para un ni\u00f1o peque\u00f1o<\/a><\/h2><p class=\"post-meta\"><span class=\"published\">Mar 7, 2025<\/span> | <span class=\"entry-categories\"><a href=\"https:\/\/itsw.edu.pl\/es\/category\/edublog\/\" rel=\"tag\">Edublog<\/a>, <a href=\"https:\/\/itsw.edu.pl\/es\/category\/edublog\/escuela-infantil-1-ciclo\/\" rel=\"tag\">Escuela infantil 1 ciclo<\/a>, <a href=\"https:\/\/itsw.edu.pl\/es\/category\/edublog\/escuela-infantil-2-ciclo\/\" rel=\"tag\">Escuela infantil 2 ciclo<\/a><\/span><\/p><div class=\"post-content\"><div class=\"post-content-inner\"><p>Un d\u00eda en la guarder\u00eda es una realidad completamente nueva para un ni\u00f1o que&#8230;<\/p>\n<\/div><a href=\"https:\/\/itsw.edu.pl\/es\/como-es-un-dia-en-una-guarderia-linguistica-horario-tipico-diario-para-un-nino-pequeno\/\" class=\"more-link\">leer m\u00e1s&#8230;<\/a><\/div><\/article><article class=\"et_pb_post et_pb_post_id_242604 clearfix et_pb_blog_item_1_1 post-242604 post type-post status-publish format-standard has-post-thumbnail hentry category-edublog category-escuela-infantil-2-ciclo\"><div class=\"et_pb_image_container\"><a href=\"https:\/\/itsw.edu.pl\/es\/la-adaptacion-a-la-guarderia-y-las-emociones-del-nino\/\" class=\"entry-featured-image-url\"><img decoding=\"async\" src=\"https:\/\/itsw.edu.pl\/wp-content\/uploads\/nursery-2114173-1280-1-1.jpg\" width=\"400\" height=\"284\" alt=\"La Adaptaci\u00f3n a la Guarder\u00eda y las Emociones del Ni\u00f1o\" class=\"\" srcset=\"https:\/\/itsw.edu.pl\/wp-content\/uploads\/nursery-2114173-1280-1-1.jpg 479w, https:\/\/itsw.edu.pl\/wp-content\/uploads\/nursery-2114173-1280-1-1-400x284.jpg 480w\" sizes=\"(max-width:479px) 479px, 100vw\" \/><span data-icon=\"\ue050\" class=\"et_overlay et_pb_inline_icon\"><\/span><\/a><\/div><h2 class=\"entry-title\"><a href=\"https:\/\/itsw.edu.pl\/es\/la-adaptacion-a-la-guarderia-y-las-emociones-del-nino\/\">La Adaptaci\u00f3n a la Guarder\u00eda y las Emociones del Ni\u00f1o<\/a><\/h2><p class=\"post-meta\"><span class=\"published\">Sep 26, 2024<\/span> | <span class=\"entry-categories\"><a href=\"https:\/\/itsw.edu.pl\/es\/category\/edublog\/\" rel=\"tag\">Edublog<\/a>, <a href=\"https:\/\/itsw.edu.pl\/es\/category\/edublog\/escuela-infantil-2-ciclo\/\" rel=\"tag\">Escuela infantil 2 ciclo<\/a><\/span><\/p><div class=\"post-content\"><div class=\"post-content-inner\"><p>Los primeros d\u00edas de ir a la guarder\u00eda representan un gran cambio para el&#8230;<\/p>\n<\/div><a href=\"https:\/\/itsw.edu.pl\/es\/la-adaptacion-a-la-guarderia-y-las-emociones-del-nino\/\" class=\"more-link\">leer m\u00e1s&#8230;<\/a><\/div><\/article><article class=\"et_pb_post et_pb_post_id_242609 clearfix et_pb_blog_item_1_2 post-242609 post type-post status-publish format-standard has-post-thumbnail hentry category-edublog category-escuela-infantil-1-ciclo category-escuela-infantil-2-ciclo\"><div class=\"et_pb_image_container\"><a href=\"https:\/\/itsw.edu.pl\/es\/que-es-el-bilinguismo-intencional\/\" class=\"entry-featured-image-url\"><img decoding=\"async\" src=\"https:\/\/itsw.edu.pl\/wp-content\/uploads\/its-photo-38-min11.webp\" width=\"400\" height=\"284\" alt=\"\u00bfQu\u00e9 es el biling\u00fcismo intencional?\" class=\"\" srcset=\"https:\/\/itsw.edu.pl\/wp-content\/uploads\/its-photo-38-min11.webp 479w, https:\/\/itsw.edu.pl\/wp-content\/uploads\/its-photo-38-min11-400x284.webp 480w\" sizes=\"(max-width:479px) 479px, 100vw\" \/><span data-icon=\"\ue050\" class=\"et_overlay et_pb_inline_icon\"><\/span><\/a><\/div><h2 class=\"entry-title\"><a href=\"https:\/\/itsw.edu.pl\/es\/que-es-el-bilinguismo-intencional\/\">\u00bfQu\u00e9 es el biling\u00fcismo intencional?<\/a><\/h2><p class=\"post-meta\"><span class=\"published\">May 21, 2024<\/span> | <span class=\"entry-categories\"><a href=\"https:\/\/itsw.edu.pl\/es\/category\/edublog\/\" rel=\"tag\">Edublog<\/a>, <a href=\"https:\/\/itsw.edu.pl\/es\/category\/edublog\/escuela-infantil-1-ciclo\/\" rel=\"tag\">Escuela infantil 1 ciclo<\/a>, <a href=\"https:\/\/itsw.edu.pl\/es\/category\/edublog\/escuela-infantil-2-ciclo\/\" rel=\"tag\">Escuela infantil 2 ciclo<\/a><\/span><\/p><div class=\"post-content\"><div class=\"post-content-inner\"><p>En respuesta a las necesidades de la sociedad actual, altamente globalizada,&#8230;<\/p>\n<\/div><a href=\"https:\/\/itsw.edu.pl\/es\/que-es-el-bilinguismo-intencional\/\" class=\"more-link\">leer m\u00e1s&#8230;<\/a><\/div><\/article><\/div><\/div><\/div>\n<\/div>\n<\/div>\n\n<div class=\"et_pb_row_20 et_pb_row et_block_row\">\n<div class=\"et_pb_column_29 et_pb_column et_pb_column_4_4 et-last-child et_block_column et_pb_css_mix_blend_mode_passthrough\">\n<div class=\"et_pb_module et_pb_button_module_wrapper et_pb_button_6_wrapper\"><a class=\"et_pb_button_6 et_pb_button et_pb_bg_layout_light et_pb_module et_block_module\" href=\"https:\/\/itsw.edu.pl\/es\/edublog\/\" target=\"_blank\">Leer m\u00e1s<\/a><\/div>\n<\/div>\n<\/div>\n<\/div>\n\n<div class=\"et_pb_section_12 et_pb_section et_section_regular et_block_section\">\n<div class=\"et_pb_row_21 et_pb_row et_block_row\">\n<div class=\"et_pb_column_30 et_pb_column et_pb_column_4_4 et-last-child et_block_column et_pb_css_mix_blend_mode_passthrough\">\n<div class=\"et_pb_heading_4 et_pb_heading et_pb_module et_block_module\"><div class=\"et_pb_heading_container\"><h2 class=\"et_pb_module_header\">FAQ &#8211; Consulta las preguntas m\u00e1s frecuentes<\/h2><\/div><\/div>\n<\/div>\n<\/div>\n\n<div class=\"et_pb_row_22 et_pb_row et_block_row\">\n<div class=\"et_pb_column_31 et_pb_column et_pb_column_4_4 et-last-child et_block_column et_pb_css_mix_blend_mode_passthrough\">\n<div class=\"et_pb_accordion_0 et_pb_accordion et_pb_module et_block_module\">\n<div class=\"et_pb_accordion_item_0 et_pb_accordion_item et_pb_toggle et_pb_module et_pb_toggle_open et_block_module\"><h5 class=\"et_pb_toggle_title\">\u00bfQu\u00e9 hace \u00fanica a la Escuela Infantil de Idiomas ITSW?<\/h5><div class=\"et_pb_toggle_content\"><p><span>Un programa triling\u00fce, inmersi\u00f3n ling\u00fc\u00edstica con hablantes nativos, el enfoque Reggio Emilia y una atenci\u00f3n de alta calidad en un ambiente c\u00e1lido y acogedor.<\/span><\/p>\n<\/div><\/div>\n\n<div class=\"et_pb_accordion_item_1 et_pb_accordion_item et_pb_toggle et_pb_module et_pb_toggle_close et_block_module\"><h5 class=\"et_pb_toggle_title\">\u00bfC\u00f3mo funciona la inmersi\u00f3n ling\u00fc\u00edstica?<\/h5><div class=\"et_pb_toggle_content\"><p><span>Los ni\u00f1os est\u00e1n rodeados por el idioma del profesor a diario. Lo aprenden de forma natural, como si fuera su lengua materna.<\/span><span>Los ni\u00f1os est\u00e1n rodeados por el idioma del profesor a diario. Lo aprenden de forma natural, como si fuera su lengua materna.<\/span><\/p>\n<\/div><\/div>\n\n<div class=\"et_pb_accordion_item_2 et_pb_accordion_item et_pb_toggle et_pb_module et_pb_toggle_close et_block_module\"><h5 class=\"et_pb_toggle_title\">\u00bfQu\u00e9 idiomas aprenden los ni\u00f1os en ITSW?<\/h5><div class=\"et_pb_toggle_content\"><p><span>Ingl\u00e9s + un idioma a elegir: espa\u00f1ol o franc\u00e9s, chino o japon\u00e9s + polaco.<\/span><br \/><span>Los ni\u00f1os que no hayan asistido previamente a una guarder\u00eda de ITSW pueden empezar a aprender franc\u00e9s o espa\u00f1ol.<\/span><br \/><span>En la etapa preescolar es demasiado tarde para empezar a aprender eficazmente idiomas tonales, como el chino o el japon\u00e9s, por lo que estas opciones solo est\u00e1n disponibles para los ni\u00f1os que contin\u00faan su educaci\u00f3n despu\u00e9s de la guarder\u00eda.<\/span><\/p>\n<\/div><\/div>\n\n<div class=\"et_pb_accordion_item_3 et_pb_accordion_item et_pb_toggle et_pb_module et_pb_toggle_close et_block_module\"><h5 class=\"et_pb_toggle_title\">\u00bfQu\u00e9 ocurre si un ni\u00f1o no ha asistido previamente a una guarder\u00eda de idiomas?<\/h5><div class=\"et_pb_toggle_content\"><p><span>Entre los 3 y los 6 a\u00f1os, los ni\u00f1os contin\u00faan aprendiendo idiomas de forma natural. Reciben apoyo que garantiza una adaptaci\u00f3n fluida. Gracias a la inmersi\u00f3n y al apoyo del profesorado, los ni\u00f1os se adaptan r\u00e1pidamente. Pueden adaptarse a varios idiomas, incluso si ya los conoc\u00edan. Solo uno.<\/span><\/p>\n<\/div><\/div>\n\n<div class=\"et_pb_accordion_item_4 et_pb_accordion_item et_pb_toggle et_pb_module et_pb_toggle_close et_block_module\"><h5 class=\"et_pb_toggle_title\">\u00bfC\u00f3mo es el proceso de adaptaci\u00f3n en ITSW?<\/h5><div class=\"et_pb_toggle_content\"><p><span>Gradualmente y con mucho cuidado. Los padres reciben informaci\u00f3n diaria y el profesorado garantiza la cercan\u00eda y la seguridad.<\/span><\/p>\n<\/div><\/div>\n\n<div class=\"et_pb_accordion_item_5 et_pb_accordion_item et_pb_toggle et_pb_module et_pb_toggle_close et_block_module\"><h5 class=\"et_pb_toggle_title\">\u00bfC\u00f3mo es el curr\u00edculo?<\/h5><div class=\"et_pb_toggle_content\"><p><span>Se basa en proyectos implementados en tres idiomas. Cada mes tiene un tema y una excursi\u00f3n o taller. M\u00fasica, arte, deportes, actividades sensoriales, relajaci\u00f3n y logopedia.<\/span><\/p>\n<\/div><\/div>\n\n<div class=\"et_pb_accordion_item_6 et_pb_accordion_item et_pb_toggle et_pb_module et_pb_toggle_close et_block_module\"><h5 class=\"et_pb_toggle_title\">\u00bfQui\u00e9n imparte las clases?<\/h5><div class=\"et_pb_toggle_content\"><p><span>Profesores nativos que hablan a los ni\u00f1os exclusivamente en su propio idioma y crean relaciones c\u00e1lidas.<\/span><\/p>\n<\/div><\/div>\n\n<div class=\"et_pb_accordion_item_7 et_pb_accordion_item et_pb_toggle et_pb_module et_pb_toggle_close et_block_module\"><h5 class=\"et_pb_toggle_title\">\u00bfQu\u00e9 habilidades acad\u00e9micas desarrollan los ni\u00f1os?<\/h5><div class=\"et_pb_toggle_content\"><p><span>Motricidad fina, primeras letras y n\u00fameros, coordinaci\u00f3n ojo-mano, cooperaci\u00f3n, regulaci\u00f3n emocional y habilidades sociales.<\/span><\/p>\n<\/div><\/div>\n\n<div class=\"et_pb_accordion_item_8 et_pb_accordion_item et_pb_toggle et_pb_module et_pb_toggle_close et_block_module\"><h5 class=\"et_pb_toggle_title\">\u00bfPueden los ni\u00f1os continuar su educaci\u00f3n en la Escuela Primaria ITSW?<\/h5><div class=\"et_pb_toggle_content\"><p><span>S\u00ed. La mayor\u00eda de los ni\u00f1os en edad preescolar se adaptan sin problemas a la escuela primaria triling\u00fce.<\/span><\/p>\n<\/div><\/div>\n\n<div class=\"et_pb_accordion_item_9 et_pb_accordion_item et_pb_toggle et_pb_module et_pb_toggle_close et_block_module\"><h5 class=\"et_pb_toggle_title\">\u00bfQu\u00e9 actividades extracurriculares ofrece el preescolar?<\/h5><div class=\"et_pb_toggle_content\"><p><span>M\u00fasica, arte, deportes, actividades sensoriales, relajaci\u00f3n y logopedia.<\/span><\/p>\n<\/div><\/div>\n<\/div>\n<\/div>\n<\/div>\n<\/div>\n\n<div class=\"et_pb_section_13 et_pb_section et_section_regular et_flex_section\">\n<div class=\"et_pb_row_23 et_pb_row et_flex_row\">\n<div class=\"et_pb_column_32 et_pb_column et_flex_column et_pb_css_mix_blend_mode_passthrough et_flex_column_12_24 et_flex_column_12_24_tablet et_flex_column_24_24_phone\">\n<div class=\"et_pb_text_30 et_pb_text et_pb_bg_layout_light et_pb_module et_flex_module\"><div class=\"et_pb_text_inner\"><h3><span>\u00bfPor qu\u00e9 elegir el preescolar ITSW?<\/span><\/h3>\n<p><span>Porque combina educaci\u00f3n triling\u00fce, cuidado, relaciones y desarrollo integral. Los idiomas son el mejor regalo para el futuro.<\/span><\/p>\n<\/div><\/div>\n<\/div>\n\n<div class=\"et_pb_column_33 et_pb_column et-last-child et_flex_column et_pb_css_mix_blend_mode_passthrough et_flex_column_12_24 et_flex_column_12_24_tablet et_flex_column_24_24_phone\">\n<div class=\"et_pb_module et_pb_button_module_wrapper et_pb_button_7_wrapper\"><a class=\"et_pb_button_7 et_pb_button et_pb_bg_layout_light et_pb_module et_block_module\" href=\"https:\/\/itsw.edu.pl\/es\/formulario-de-admision\/\">\u00a1Inscr\u00edbete hoy!<\/a><\/div>\n<\/div>\n<\/div>\n<\/div>\n\n<div class=\"et_pb_section_14 et_pb_section et_section_regular et_block_section\">\n<div class=\"et_pb_row_24 et_pb_row et_block_row\">\n<div class=\"et_pb_column_34 et_pb_column et_pb_column_4_4 et-last-child et_block_column et_pb_css_mix_blend_mode_passthrough\">\n<div class=\"et_pb_heading_5 et_pb_heading et_pb_module et_block_module\"><div class=\"et_pb_heading_container\"><h2 class=\"et_pb_module_header\">Con gusto responderemos a todas tus preguntas. \u00a1Cont\u00e1ctanos!<\/h2><\/div><\/div>\n<\/div>\n<\/div>\n\n<div class=\"et_pb_row_25 et_pb_row et_block_row\">\n<div class=\"et_pb_column_35 et_pb_column et_pb_column_1_2 et_block_column et_pb_css_mix_blend_mode_passthrough\">\n<div class=\"et_pb_text_31 et_pb_text et_pb_bg_layout_light et_pb_module et_block_module\"><div class=\"et_pb_text_inner\"><p><span>Ll\u00e1manos, escr\u00edbenos o vis\u00edtanos en persona en nuestros campus de Saska K\u0119pa y Powi\u015ble. Estamos aqu\u00ed para ayudarte y responder a todas tus preguntas e inquietudes.<\/span><\/p>\n<\/div><\/div>\n\n<div class=\"et_pb_blurb_0 et_pb_blurb et_pb_bg_layout_light et_pb_blurb_position_left et_pb_module et_block_module\"><div class=\"et_pb_blurb_content\"><div class=\"et_pb_main_blurb_image\"><span class=\"et_pb_image_wrap\"><span class=\"et-pb-icon et_animated et_animated\">\uf2a0<\/span><\/span><\/div><div class=\"et_pb_blurb_container\"><div class=\"et_pb_blurb_description\"><p><a href=\"tel:+48533321084\"><strong>+48 533 321 084<\/strong><\/a><\/p>\n<\/div><\/div><\/div><\/div>\n\n<div class=\"et_pb_blurb_1 et_pb_blurb et_pb_bg_layout_light et_pb_blurb_position_left et_pb_module et_block_module\"><div class=\"et_pb_blurb_content\"><div class=\"et_pb_main_blurb_image\"><span class=\"et_pb_image_wrap\"><span class=\"et-pb-icon et_animated et_animated\">\ue010<\/span><\/span><\/div><div class=\"et_pb_blurb_container\"><div class=\"et_pb_blurb_description\"><p><strong><a href=\"mailto:admissions@itsw.education\">admissions@itsw.education<\/a><\/strong><\/p>\n<\/div><\/div><\/div><\/div>\n<\/div>\n\n<div class=\"et_pb_column_36 et_pb_column et_pb_column_1_2 et-last-child et_block_column et_pb_css_mix_blend_mode_passthrough\">\n<div class=\"et_pb_contact_form_0 et_pb_contact_form_container clearfix et_pb_recaptcha_enabled et_pb_module et_flex_module\" data-form_unique_num=\"0\" data-form_unique_id=\"588a9e48-c31a-4a78-a51a-66baa28fb22a\" id=\"et_pb_contact_form_588a9e48-c31a-4a78-a51a-66baa28fb22a\"><div class=\"et-pb-contact-message\"><\/div><div class=\"et_pb_contact\"><form class=\"et_pb_contact_form et_flex_module\" method=\"post\" action=\"https:\/\/itsw.edu.pl\/es\/wp-json\/wp\/v2\/pages\/245824\">\n<div class=\"et_pb_contact_field_0 et_pb_contact_field et_pb_module et_flex_module et_flex_column_24_24 et_flex_column_24_24_tablet et_flex_column_24_24_phone\" data-id=\"imie\" data-type=\"input\"><label class=\"et_pb_contact_form_label\" for=\"et_pb_contact_0_imie_0\">Nombre y apellido<\/label><input type=\"text\" name=\"et_pb_contact_0_imie_0\" id=\"et_pb_contact_0_imie_0\" class=\"input\" data-required_mark=\"required\" data-field_type=\"input\" data-original_id=\"imie\" placeholder=\"Nombre y apellido\" title=\"\" value=\"\" \/><\/div>\n\n<div class=\"et_pb_contact_field_1 et_pb_contact_field et_pb_module et_flex_module et_flex_column_24_24 et_flex_column_24_24_tablet et_flex_column_24_24_phone\" data-id=\"email\" data-type=\"email\"><label class=\"et_pb_contact_form_label\" for=\"et_pb_contact_0_email_1\">Direcci\u00f3n de correo electr\u00f3nico<\/label><input type=\"text\" name=\"et_pb_contact_0_email_1\" id=\"et_pb_contact_0_email_1\" class=\"input\" data-required_mark=\"required\" data-field_type=\"email\" data-original_id=\"email\" placeholder=\"Direcci\u00f3n de correo electr\u00f3nico\" title=\"\" value=\"\" \/><\/div>\n\n<div class=\"et_pb_contact_field_2 et_pb_contact_field et_pb_module et_flex_module et_flex_column_24_24 et_flex_column_24_24_tablet et_flex_column_24_24_phone\" data-id=\"message\" data-type=\"text\"><label class=\"et_pb_contact_form_label\" for=\"et_pb_contact_0_message_2\">Mensaje<\/label><textarea name=\"et_pb_contact_0_message_2\" id=\"et_pb_contact_0_message_2\" class=\"et_pb_contact_message input\" data-required_mark=\"required\" data-field_type=\"text\" data-original_id=\"message\" placeholder=\"Mensaje\"><\/textarea><\/div>\n\n<div class=\"et_pb_contact_field_3 et_pb_contact_field et_pb_module et_flex_module et_flex_column_24_24 et_flex_column_24_24_tablet et_flex_column_24_24_phone\" data-id=\"field_4\" data-type=\"radio\"><label class=\"et_pb_contact_form_label\">Consentimiento<\/label><span class=\"et_pb_contact_field_options_wrapper et_pb_field_module_radio\"><span class=\"et_pb_contact_field_options_title\">Consentimiento<\/span><span class=\"et_pb_contact_field_options_list\"><span class=\"et_pb_contact_field_radio\"><input type=\"radio\" name=\"et_pb_contact_0_field_4_3\" id=\"et_pb_contact_0_field_4_3_0\" class=\"input\" value=\"Doy mi consentimiento para el tratamiento de mis datos personales con el fin de atender mi consulta. La provisi\u00f3n de datos es voluntaria. He sido informado\/a de que tengo derecho a acceder a mis datos, a corregirlos y a solicitar que se deje de procesarlos. El responsable del tratamiento de los datos personales es International Trilingual School of Warsaw sp. z o. o., con sede en la calle Karowa 14\/16 lok. 6, 00-324 Varsovia.\" data-required_mark=\"required\" data-field_type=\"radio\" data-original_id=\"field_4\" data-id=\"-1\" \/><label for=\"et_pb_contact_0_field_4_3_0\"><i><\/i>Doy mi consentimiento para el tratamiento de mis datos personales con el fin de atender mi consulta. La provisi\u00f3n de datos es voluntaria. He sido informado\/a de que tengo derecho a acceder a mis datos, a corregirlos y a solicitar que se deje de procesarlos. El responsable del tratamiento de los datos personales es International Trilingual School of Warsaw sp. z o. o., con sede en la calle Karowa 14\/16 lok. 6, 00-324 Varsovia.<\/label><\/span><\/span><\/span><\/div>\n<input type=\"hidden\" name=\"et_pb_contactform_submit_588a9e48-c31a-4a78-a51a-66baa28fb22a\" value=\"et_contact_proccess\" \/><div class=\"et_contact_bottom_container\"><div class=\"et_pb_button_wrapper\"><button type=\"submit\" name=\"et_builder_submit_button\" class=\"et_pb_button et_pb_contact_submit\">Enviar<\/button><\/div><\/div><input type=\"hidden\" id=\"_wpnonce-et-pb-contact-form-submitted-588a9e48-c31a-4a78-a51a-66baa28fb22a\" name=\"_wpnonce-et-pb-contact-form-submitted-588a9e48-c31a-4a78-a51a-66baa28fb22a\" value=\"49087e1c9d\" \/><input type=\"hidden\" name=\"_wp_http_referer\" value=\"\/es\/wp-json\/wp\/v2\/pages\/245824\" \/><\/form><\/div><\/div>\n<\/div>\n<\/div>\n<\/div>","protected":false},"excerpt":{"rendered":"","protected":false},"author":3,"featured_media":0,"parent":0,"menu_order":2,"comment_status":"closed","ping_status":"closed","template":"","meta":{"_acf_changed":false,"inline_featured_image":false,"footnotes":""},"class_list":["post-245824","page","type-page","status-publish","hentry"],"acf":[],"yoast_head":"<!-- This site is optimized with the Yoast SEO plugin v27.5 - https:\/\/yoast.com\/product\/yoast-seo-wordpress\/ -->\n<title>Preescolar - ITSW<\/title>\n<meta name=\"robots\" content=\"index, follow, max-snippet:-1, max-image-preview:large, max-video-preview:-1\" \/>\n<link rel=\"canonical\" href=\"https:\/\/itsw.edu.pl\/es\/preescolar\/\" \/>\n<meta property=\"og:locale\" content=\"es_ES\" \/>\n<meta property=\"og:type\" content=\"article\" \/>\n<meta property=\"og:title\" content=\"Preescolar - ITSW\" \/>\n<meta property=\"og:url\" content=\"https:\/\/itsw.edu.pl\/es\/preescolar\/\" \/>\n<meta property=\"og:site_name\" content=\"ITSW\" \/>\n<meta property=\"article:publisher\" content=\"https:\/\/www.facebook.com\/ITSW.School.Escuela.Ecole.XueXiao.Gakko.Warsaw\" \/>\n<meta property=\"article:modified_time\" content=\"2026-04-19T23:45:21+00:00\" \/>\n<meta name=\"twitter:card\" content=\"summary_large_image\" \/>\n<script type=\"application\/ld+json\" class=\"yoast-schema-graph\">{\"@context\":\"https:\\\/\\\/schema.org\",\"@graph\":[{\"@type\":\"Article\",\"@id\":\"https:\\\/\\\/itsw.edu.pl\\\/es\\\/preescolar\\\/#article\",\"isPartOf\":{\"@id\":\"https:\\\/\\\/itsw.edu.pl\\\/es\\\/preescolar\\\/\"},\"author\":{\"name\":\"M.K.\",\"@id\":\"https:\\\/\\\/itsw.edu.pl\\\/#\\\/schema\\\/person\\\/4a89b345dd3285b6de291f440f753c8f\"},\"headline\":\"Preescolar\",\"datePublished\":\"2026-01-06T10:10:52+00:00\",\"dateModified\":\"2026-04-19T23:45:21+00:00\",\"mainEntityOfPage\":{\"@id\":\"https:\\\/\\\/itsw.edu.pl\\\/es\\\/preescolar\\\/\"},\"wordCount\":1,\"publisher\":{\"@id\":\"https:\\\/\\\/itsw.edu.pl\\\/#organization\"},\"inLanguage\":\"es\"},{\"@type\":\"WebPage\",\"@id\":\"https:\\\/\\\/itsw.edu.pl\\\/es\\\/preescolar\\\/\",\"url\":\"https:\\\/\\\/itsw.edu.pl\\\/es\\\/preescolar\\\/\",\"name\":\"Preescolar - ITSW\",\"isPartOf\":{\"@id\":\"https:\\\/\\\/itsw.edu.pl\\\/#website\"},\"datePublished\":\"2026-01-06T10:10:52+00:00\",\"dateModified\":\"2026-04-19T23:45:21+00:00\",\"breadcrumb\":{\"@id\":\"https:\\\/\\\/itsw.edu.pl\\\/es\\\/preescolar\\\/#breadcrumb\"},\"inLanguage\":\"es\",\"potentialAction\":[{\"@type\":\"ReadAction\",\"target\":[\"https:\\\/\\\/itsw.edu.pl\\\/es\\\/preescolar\\\/\"]}]},{\"@type\":\"BreadcrumbList\",\"@id\":\"https:\\\/\\\/itsw.edu.pl\\\/es\\\/preescolar\\\/#breadcrumb\",\"itemListElement\":[{\"@type\":\"ListItem\",\"position\":1,\"name\":\"ITSW\",\"item\":\"https:\\\/\\\/itsw.edu.pl\\\/es\\\/\"},{\"@type\":\"ListItem\",\"position\":2,\"name\":\"Preescolar\"}]},{\"@type\":\"WebSite\",\"@id\":\"https:\\\/\\\/itsw.edu.pl\\\/#website\",\"url\":\"https:\\\/\\\/itsw.edu.pl\\\/\",\"name\":\"ITSW\",\"description\":\"\",\"publisher\":{\"@id\":\"https:\\\/\\\/itsw.edu.pl\\\/#organization\"},\"alternateName\":\"International Trilingual School of Warsaw\",\"potentialAction\":[{\"@type\":\"SearchAction\",\"target\":{\"@type\":\"EntryPoint\",\"urlTemplate\":\"https:\\\/\\\/itsw.edu.pl\\\/?s={search_term_string}\"},\"query-input\":{\"@type\":\"PropertyValueSpecification\",\"valueRequired\":true,\"valueName\":\"search_term_string\"}}],\"inLanguage\":\"es\"},{\"@type\":\"Organization\",\"@id\":\"https:\\\/\\\/itsw.edu.pl\\\/#organization\",\"name\":\"International Trilingual School of Warsaw\",\"alternateName\":\"International Trilingual School of Warsaw\",\"url\":\"https:\\\/\\\/itsw.edu.pl\\\/\",\"logo\":{\"@type\":\"ImageObject\",\"inLanguage\":\"es\",\"@id\":\"https:\\\/\\\/itsw.edu.pl\\\/#\\\/schema\\\/logo\\\/image\\\/\",\"url\":\"https:\\\/\\\/itsw.edu.pl\\\/wp-content\\\/uploads\\\/itsw-logo.png\",\"contentUrl\":\"https:\\\/\\\/itsw.edu.pl\\\/wp-content\\\/uploads\\\/itsw-logo.png\",\"width\":350,\"height\":103,\"caption\":\"International Trilingual School of Warsaw\"},\"image\":{\"@id\":\"https:\\\/\\\/itsw.edu.pl\\\/#\\\/schema\\\/logo\\\/image\\\/\"},\"sameAs\":[\"https:\\\/\\\/www.facebook.com\\\/ITSW.School.Escuela.Ecole.XueXiao.Gakko.Warsaw\"]},{\"@type\":\"Person\",\"@id\":\"https:\\\/\\\/itsw.edu.pl\\\/#\\\/schema\\\/person\\\/4a89b345dd3285b6de291f440f753c8f\",\"name\":\"M.K.\"}]}<\/script>\n<!-- \/ Yoast SEO plugin. -->","yoast_head_json":{"title":"Preescolar - ITSW","robots":{"index":"index","follow":"follow","max-snippet":"max-snippet:-1","max-image-preview":"max-image-preview:large","max-video-preview":"max-video-preview:-1"},"canonical":"https:\/\/itsw.edu.pl\/es\/preescolar\/","og_locale":"es_ES","og_type":"article","og_title":"Preescolar - ITSW","og_url":"https:\/\/itsw.edu.pl\/es\/preescolar\/","og_site_name":"ITSW","article_publisher":"https:\/\/www.facebook.com\/ITSW.School.Escuela.Ecole.XueXiao.Gakko.Warsaw","article_modified_time":"2026-04-19T23:45:21+00:00","twitter_card":"summary_large_image","schema":{"@context":"https:\/\/schema.org","@graph":[{"@type":"Article","@id":"https:\/\/itsw.edu.pl\/es\/preescolar\/#article","isPartOf":{"@id":"https:\/\/itsw.edu.pl\/es\/preescolar\/"},"author":{"name":"M.K.","@id":"https:\/\/itsw.edu.pl\/#\/schema\/person\/4a89b345dd3285b6de291f440f753c8f"},"headline":"Preescolar","datePublished":"2026-01-06T10:10:52+00:00","dateModified":"2026-04-19T23:45:21+00:00","mainEntityOfPage":{"@id":"https:\/\/itsw.edu.pl\/es\/preescolar\/"},"wordCount":1,"publisher":{"@id":"https:\/\/itsw.edu.pl\/#organization"},"inLanguage":"es"},{"@type":"WebPage","@id":"https:\/\/itsw.edu.pl\/es\/preescolar\/","url":"https:\/\/itsw.edu.pl\/es\/preescolar\/","name":"Preescolar - ITSW","isPartOf":{"@id":"https:\/\/itsw.edu.pl\/#website"},"datePublished":"2026-01-06T10:10:52+00:00","dateModified":"2026-04-19T23:45:21+00:00","breadcrumb":{"@id":"https:\/\/itsw.edu.pl\/es\/preescolar\/#breadcrumb"},"inLanguage":"es","potentialAction":[{"@type":"ReadAction","target":["https:\/\/itsw.edu.pl\/es\/preescolar\/"]}]},{"@type":"BreadcrumbList","@id":"https:\/\/itsw.edu.pl\/es\/preescolar\/#breadcrumb","itemListElement":[{"@type":"ListItem","position":1,"name":"ITSW","item":"https:\/\/itsw.edu.pl\/es\/"},{"@type":"ListItem","position":2,"name":"Preescolar"}]},{"@type":"WebSite","@id":"https:\/\/itsw.edu.pl\/#website","url":"https:\/\/itsw.edu.pl\/","name":"ITSW","description":"","publisher":{"@id":"https:\/\/itsw.edu.pl\/#organization"},"alternateName":"International Trilingual School of Warsaw","potentialAction":[{"@type":"SearchAction","target":{"@type":"EntryPoint","urlTemplate":"https:\/\/itsw.edu.pl\/?s={search_term_string}"},"query-input":{"@type":"PropertyValueSpecification","valueRequired":true,"valueName":"search_term_string"}}],"inLanguage":"es"},{"@type":"Organization","@id":"https:\/\/itsw.edu.pl\/#organization","name":"International Trilingual School of Warsaw","alternateName":"International Trilingual School of Warsaw","url":"https:\/\/itsw.edu.pl\/","logo":{"@type":"ImageObject","inLanguage":"es","@id":"https:\/\/itsw.edu.pl\/#\/schema\/logo\/image\/","url":"https:\/\/itsw.edu.pl\/wp-content\/uploads\/itsw-logo.png","contentUrl":"https:\/\/itsw.edu.pl\/wp-content\/uploads\/itsw-logo.png","width":350,"height":103,"caption":"International Trilingual School of Warsaw"},"image":{"@id":"https:\/\/itsw.edu.pl\/#\/schema\/logo\/image\/"},"sameAs":["https:\/\/www.facebook.com\/ITSW.School.Escuela.Ecole.XueXiao.Gakko.Warsaw"]},{"@type":"Person","@id":"https:\/\/itsw.edu.pl\/#\/schema\/person\/4a89b345dd3285b6de291f440f753c8f","name":"M.K."}]}},"_links":{"self":[{"href":"https:\/\/itsw.edu.pl\/es\/wp-json\/wp\/v2\/pages\/245824","targetHints":{"allow":["GET"]}}],"collection":[{"href":"https:\/\/itsw.edu.pl\/es\/wp-json\/wp\/v2\/pages"}],"about":[{"href":"https:\/\/itsw.edu.pl\/es\/wp-json\/wp\/v2\/types\/page"}],"author":[{"embeddable":true,"href":"https:\/\/itsw.edu.pl\/es\/wp-json\/wp\/v2\/users\/3"}],"replies":[{"embeddable":true,"href":"https:\/\/itsw.edu.pl\/es\/wp-json\/wp\/v2\/comments?post=245824"}],"version-history":[{"count":25,"href":"https:\/\/itsw.edu.pl\/es\/wp-json\/wp\/v2\/pages\/245824\/revisions"}],"predecessor-version":[{"id":252344,"href":"https:\/\/itsw.edu.pl\/es\/wp-json\/wp\/v2\/pages\/245824\/revisions\/252344"}],"wp:attachment":[{"href":"https:\/\/itsw.edu.pl\/es\/wp-json\/wp\/v2\/media?parent=245824"}],"curies":[{"name":"wp","href":"https:\/\/api.w.org\/{rel}","templated":true}]}}