{"id":245099,"date":"2026-01-06T11:01:55","date_gmt":"2026-01-06T10:01:55","guid":{"rendered":"https:\/\/itsw.edu.pl\/?page_id=245099"},"modified":"2026-04-20T01:51:24","modified_gmt":"2026-04-19T23:51:24","slug":"grados-4-6","status":"publish","type":"page","link":"https:\/\/itsw.edu.pl\/es\/escuela-primaria\/grados-4-6\/","title":{"rendered":"Grados 4-6"},"content":{"rendered":"<div class=\"et_pb_section_0 et_pb_section et_section_regular et_block_section\">\n<div class=\"et_pb_row_0 et_pb_row et_block_row\">\n<div class=\"et_pb_column_0 et_pb_column et_pb_column_4_4 et-last-child et_block_column et_pb_css_mix_blend_mode_passthrough\">\n<div class=\"et_pb_heading_0 et_pb_heading et_pb_module et_block_module\"><div class=\"et_pb_heading_container\"><h1 class=\"et_pb_module_header\">Educaci\u00f3n triling\u00fce en los grados 4-6: fortalecemos habilidades acad\u00e9micas clave en tres idiomas<\/h1><\/div><\/div>\n<\/div>\n<\/div>\n\n<div class=\"et_pb_row_1 et_pb_row et_flex_row\">\n<div class=\"et_pb_column_1 et_pb_column et_block_column et_pb_css_mix_blend_mode_passthrough et_flex_column_2_5 et_flex_column_2_5_tablet et_flex_column_24_24_phone\">\n<div class=\"et_pb_text_0 et_pb_text et_pb_bg_layout_light et_pb_module et_block_module\"><div class=\"et_pb_text_inner\"><p>En ITSW, el idioma se convierte en una llave m\u00e1gica que abre la puerta al descubrimiento de conocimientos y al desarrollo de habilidades acad\u00e9micas de forma natural, interesante y divertida.<br \/>De 4.\u00ba a 6.\u00ba grado, los alumnos entran en un entorno triling\u00fce donde el dominio del idioma les permite explorar el mundo con pasi\u00f3n y desarrollar sus talentos acad\u00e9micos d\u00eda a d\u00eda. Nuestras clases se imparten en ingl\u00e9s, espa\u00f1ol, franc\u00e9s, chino, japon\u00e9s y polaco, lo que brinda a los ni\u00f1os la oportunidad de descubrir conocimientos de forma din\u00e1mica en materias como:<\/p>\n<ul>\n<li><strong>Lengua y Literatura<\/strong><\/li>\n<li><strong>Matem\u00e1ticas<\/strong><\/li>\n<li><strong>Ciencias y Biolog\u00eda<\/strong><\/li>\n<li><strong>Historia y Geograf\u00eda<\/strong><\/li>\n<li><strong>Educaci\u00f3n Social y Cultural<\/strong><\/li>\n<li><strong>Educaci\u00f3n F\u00edsica<\/strong><\/li>\n<li><strong>M\u00fasica y Arte<\/strong><\/li>\n<\/ul>\n<\/div><\/div>\n<\/div>\n\n<div class=\"et_pb_column_2 et_pb_column et-last-child et_block_column et_pb_css_mix_blend_mode_passthrough et_flex_column_3_5 et_flex_column_3_5_tablet et_flex_column_24_24_phone\">\n<div class=\"et_pb_group_0 et_pb_group et_pb_module et_flex_group et_pb_css_mix_blend_mode_passthrough\">\n<div class=\"et_pb_group_1 et_pb_group et_pb_module et_flex_group et_pb_css_mix_blend_mode_passthrough\">\n<div class=\"et_pb_image_0 et_pb_image et_pb_module et_block_module\"><span class=\"et_pb_image_wrap\"><img decoding=\"async\" src=\"https:\/\/itsw.edu.pl\/wp-content\/uploads\/szkola-podstawowa-klasy-4-6.jpg\" alt=\"Escuela primaria internacional grados 4-6\" title=\"Szkola podstawowa klasy 4-6\" width=\"1920\" height=\"1080\" srcset=\"https:\/\/itsw.edu.pl\/wp-content\/uploads\/szkola-podstawowa-klasy-4-6.jpg 1920w, https:\/\/itsw.edu.pl\/wp-content\/uploads\/szkola-podstawowa-klasy-4-6-1280x720.jpg 1280w, https:\/\/itsw.edu.pl\/wp-content\/uploads\/szkola-podstawowa-klasy-4-6-980x551.jpg 980w, https:\/\/itsw.edu.pl\/wp-content\/uploads\/szkola-podstawowa-klasy-4-6-480x270.jpg 480w\" sizes=\"(min-width: 0px) and (max-width: 480px) 480px, (min-width: 481px) and (max-width: 980px) 980px, (min-width: 981px) and (max-width: 1280px) 1280px, (min-width: 1281px) 1920px, 100vw\" class=\"wp-image-249714\" \/><\/span><\/div>\n<\/div>\n\n<div class=\"et_pb_image_1 et_pb_image et_pb_module et_flex_module\"><span class=\"et_pb_image_wrap\"><img decoding=\"async\" src=\"https:\/\/itsw.edu.pl\/wp-content\/uploads\/decor.svg\" title=\"decor\" width=\"50\" height=\"200\" srcset=\"https:\/\/itsw.edu.pl\/wp-content\/uploads\/decor.svg 50w\" sizes=\"(min-width: 0px) and (max-width: 0px) 0px, (min-width: 1px) 50px, 100vw\" class=\"wp-image-244688\" \/><\/span><\/div>\n<\/div>\n\n<div class=\"et_pb_text_1 et_pb_text et_pb_bg_layout_light et_pb_module et_block_module\"><div class=\"et_pb_text_inner\"><p>El entorno triling\u00fce de ITSW es \u200b\u200bmucho m\u00e1s que simplemente aprender datos: es un espacio donde los alumnos desarrollan su independencia, creatividad, pensamiento cr\u00edtico y habilidades de comunicaci\u00f3n, sentando las bases para el \u00e9xito en la educaci\u00f3n superior y en la vida. Aqu\u00ed, cada ni\u00f1o descubre su potencial y aprende a perseguir sus sue\u00f1os con valent\u00eda.<\/p>\n<\/div><\/div>\n\n<div class=\"et_pb_module et_pb_button_module_wrapper et_pb_button_0_wrapper\"><a class=\"et_pb_button_0 et_pb_button et_pb_bg_layout_light et_pb_module et_block_module\" href=\"https:\/\/itsw.edu.pl\/es\/formulario-de-admision\/\">Inscribe a tu hijo hoy<\/a><\/div>\n<\/div>\n<\/div>\n<\/div>\n\n<div class=\"et_pb_section_1 et_pb_section et_section_regular et_block_section\">\n<div class=\"et_pb_row_2 et_pb_row et_block_row\">\n<div class=\"et_pb_column_3 et_pb_column et_pb_column_1_2 et_block_column et_pb_css_mix_blend_mode_passthrough\">\n<div class=\"et_pb_text_2 et_pb_text et_pb_bg_layout_light et_pb_module et_block_module\"><div class=\"et_pb_text_inner\"><h2 style=\"margin-bottom: 15px;\">Curr\u00edculo de la Escuela Primaria ITSW (4.\u00ba a 6.\u00ba grado)<\/h2>\n<p>En ITSW, cada d\u00eda es un viaje a trav\u00e9s de idiomas y culturas. Nuestro programa multicultural y triling\u00fce para 4.\u00ba a 6.\u00ba grado permite a los estudiantes una transici\u00f3n fluida y segura a la siguiente etapa de su aprendizaje, desplegando sus alas en un entorno seguro y de apoyo.<br \/>Enfatizamos el respeto por la diversidad, la apertura, la perseverancia y una curiosidad natural por el mundo: valores que se convierten en la base del desarrollo en la adolescencia temprana. Gracias a estos valores, los estudiantes no solo adquieren conocimientos, sino que tambi\u00e9n desarrollan el car\u00e1cter, la confianza en s\u00ed mismos y la capacidad de descubrir sus pasiones.<\/p>\n<\/div><\/div>\n\n<div class=\"et_pb_module et_pb_button_module_wrapper et_pb_button_1_wrapper\"><a class=\"et_pb_button_1 et_pb_button et_pb_bg_layout_light et_pb_module et_block_module\" href=\"https:\/\/itsw.edu.pl\/es\/escuela-primaria\/grados-4-6\/equipo-de-maestros\/\">Conoce nuestros campus<\/a><\/div>\n<\/div>\n\n<div class=\"et_pb_column_4 et_pb_column et_pb_column_1_2 et-last-child et_block_column et_pb_css_mix_blend_mode_passthrough\">\n<div class=\"et_pb_image_2 et_pb_image et_pb_module et_block_module\"><span class=\"et_pb_image_wrap\"><img decoding=\"async\" src=\"https:\/\/itsw.edu.pl\/wp-content\/uploads\/aktywnosci-szkola-podstawowa-w-warszawie.jpg\" title=\"aktywnosci szkola podstawowa w warszawie\" width=\"555\" height=\"450\" srcset=\"https:\/\/itsw.edu.pl\/wp-content\/uploads\/aktywnosci-szkola-podstawowa-w-warszawie.jpg 555w, https:\/\/itsw.edu.pl\/wp-content\/uploads\/aktywnosci-szkola-podstawowa-w-warszawie-480x389.jpg 480w\" sizes=\"(min-width: 0px) and (max-width: 480px) 480px, (min-width: 481px) 555px, 100vw\" class=\"wp-image-244907\" alt=\"Grupa dzieci siedz\u0105ca w k\u00f3\u0142ku uczy sie j\u0119zyka\" \/><\/span><\/div>\n<\/div>\n<\/div>\n<\/div>\n\n<div class=\"et_pb_section_2 et_pb_section et_section_regular et_block_section\">\n<div class=\"et_pb_row_3 et_pb_row et_flex_row\">\n<div class=\"et_pb_column_5 et_pb_column et-last-child et_block_column et_pb_css_mix_blend_mode_passthrough et_flex_column_24_24 et_flex_column_24_24_tablet et_flex_column_24_24_phone\">\n<div class=\"et_pb_text_3 et_pb_text et_pb_bg_layout_light et_pb_module et_block_module\"><div class=\"et_pb_text_inner\"><h2 style=\"text-align: center;\">Desarrollo de la autonom\u00eda y la preparaci\u00f3n para las asignaturas espec\u00edficas<\/h2>\n<p data-start=\"59\" data-end=\"341\" style=\"text-align: center;\"><strong data-start=\"59\" data-end=\"137\">En los grados 4\u20136, nuestros alumnos adquieren una autonom\u00eda cada vez mayor<\/strong>, aprendiendo con profesores especialistas en cada asignatura. En ITSW los preparamos para esta etapa con antelaci\u00f3n, desarrollando la confianza y la independencia desde los primeros a\u00f1os de su educaci\u00f3n:<\/p>\n<\/div><\/div>\n<\/div>\n<\/div>\n\n<div class=\"et_pb_row_4 et_pb_row et_flex_row\">\n<div class=\"et_pb_column_6 et_pb_column et_flex_column et_pb_css_mix_blend_mode_passthrough et_flex_column_8_24 et_flex_column_8_24_tablet et_flex_column_24_24_phone\">\n<div class=\"et_pb_text_4 et_pb_text et_pb_bg_layout_light et_pb_module et_flex_module\"><div class=\"et_pb_text_inner\"><ul>\n<li>Desde la etapa preescolar, los ni\u00f1os descubren el placer de aprender trabajando con varios docentes, aprendiendo a adaptarse y a colaborar.<\/li>\n<\/ul>\n<p>&nbsp;<\/p>\n<\/div><\/div>\n<\/div>\n\n<div class=\"et_pb_column_7 et_pb_column et_flex_column et_pb_css_mix_blend_mode_passthrough et_flex_column_8_24 et_flex_column_8_24_tablet et_flex_column_24_24_phone\">\n<div class=\"et_pb_text_5 et_pb_text et_pb_bg_layout_light et_pb_module et_flex_module\"><div class=\"et_pb_text_inner\"><ul>\n<li>En los grados 1\u20133, ITSW introduce progresivamente la separaci\u00f3n por asignaturas para que los alumnos se acostumbren de forma natural a distintos estilos de ense\u00f1anza.<\/li>\n<\/ul>\n<\/div><\/div>\n<\/div>\n\n<div class=\"et_pb_column_8 et_pb_column et-last-child et_flex_column et_pb_css_mix_blend_mode_passthrough et_flex_column_8_24 et_flex_column_8_24_tablet et_flex_column_24_24_phone\">\n<div class=\"et_pb_text_6 et_pb_text et_pb_bg_layout_light et_pb_module et_flex_module\">\n<div class=\"et_pb_text_7 et_pb_text et_pb_bg_layout_light et_pb_module et_block_module\"><div class=\"et_pb_text_inner\"><ul>\n<li>Los docentes de ITSW apoyan el aprendizaje experiencial, permitiendo que los alumnos cometan errores y aprendan de ellos, fomentando as\u00ed la responsabilidad y la autonom\u00eda.<\/li>\n<\/ul>\n<\/div><\/div>\n<\/div>\n<\/div>\n<\/div>\n\n<div class=\"et_pb_row_5 et_pb_row et_flex_row\">\n<div class=\"et_pb_column_9 et_pb_column et-last-child et_flex_column et_pb_css_mix_blend_mode_passthrough et_flex_column_24_24 et_flex_column_24_24_tablet et_flex_column_24_24_phone\">\n<div class=\"et_pb_text_8 et_pb_text et_pb_bg_layout_light et_pb_module et_block_module\"><div class=\"et_pb_text_inner\"><p data-start=\"660\" data-end=\"831\" style=\"text-align: center;\">De este modo, cuando los alumnos acceden a los <strong data-start=\"880\" data-end=\"894\">grados 4\u20136<\/strong>, se integran con facilidad en un sistema de aprendizaje m\u00e1s complejo, seguros de sus capacidades, curiosos por el mundo y preparados para afrontar nuevos desaf\u00edos.<\/p>\n<\/div><\/div>\n\n<div class=\"et_pb_module et_pb_button_module_wrapper et_pb_button_2_wrapper\"><a class=\"et_pb_button_2 et_pb_button et_pb_bg_layout_light et_pb_module et_block_module\" href=\"https:\/\/itsw.edu.pl\/es\/contacto\/\">Agende una llamada<\/a><\/div>\n<\/div>\n<\/div>\n<\/div>\n\n<div class=\"et_pb_section_3 et_pb_section et_section_regular et_block_section\">\n<div class=\"et_pb_row_6 et_pb_row et_block_row custom_row\">\n<div class=\"et_pb_column_10 et_pb_column et_pb_column_1_2 et_block_column et_pb_css_mix_blend_mode_passthrough second-on-mobile\">\n<div class=\"et_pb_image_3 et_pb_image et_pb_module et_block_module\"><span class=\"et_pb_image_wrap\"><img decoding=\"async\" src=\"https:\/\/itsw.edu.pl\/wp-content\/uploads\/programy-szkolne-rozwoju.jpg\" title=\"Programy szkolne rozwoju\" width=\"901\" height=\"1200\" srcset=\"https:\/\/itsw.edu.pl\/wp-content\/uploads\/programy-szkolne-rozwoju.jpg 901w, https:\/\/itsw.edu.pl\/wp-content\/uploads\/programy-szkolne-rozwoju-480x639.jpg 480w\" sizes=\"(min-width: 0px) and (max-width: 480px) 480px, (min-width: 481px) 901px, 100vw\" class=\"wp-image-244900\" alt=\"ITSW dzieci ucza si\u0119 przez zabaw\u0119\" \/><\/span><\/div>\n<\/div>\n\n<div class=\"et_pb_column_11 et_pb_column et_pb_column_1_2 et-last-child et_block_column et_pb_css_mix_blend_mode_passthrough first-on-mobile\">\n<div class=\"et_pb_text_9 et_pb_text et_pb_bg_layout_light et_pb_module et_block_module\"><div class=\"et_pb_text_inner\"><h2 style=\"margin-bottom: 15px;\">C\u00f3mo ense\u00f1amos: Proyectos triling\u00fces y cursos impartidos en varios idiomas<\/h2>\n<p>En ITSW, de 4.\u00ba a 6.\u00ba grado, cada d\u00eda es una oportunidad para explorar el mundo de los idiomas y desarrollar todo su potencial. Nuestro programa combina el desarrollo acad\u00e9mico, social y emocional con proyectos multiling\u00fces inspiradores que involucran a los estudiantes y despiertan su curiosidad.<\/p>\n<p>Ense\u00f1amos las asignaturas de forma diversa y reflexiva:<\/p>\n<p><strong>Biling\u00fce<\/strong>: Matem\u00e1ticas, Ciencias y Biolog\u00eda: los estudiantes aprenden precisi\u00f3n y pensamiento l\u00f3gico a la vez que dominan lenguas extranjeras (p. ej., ingl\u00e9s + polaco o ingl\u00e9s + franc\u00e9s).<\/p>\n<p><strong>Triling\u00fce<\/strong>: Lengua y Literatura y Educaci\u00f3n Social y Cultural: donde los idiomas se convierten en una herramienta para comprender plenamente el mundo y desarrollar la creatividad.<\/p>\n<p><strong>Monoling\u00fce<\/strong>: M\u00fasica, Arte y Educaci\u00f3n F\u00edsica: ofrecemos una estructura clara donde la precisi\u00f3n y el ritmo del aprendizaje son clave.<\/p>\n<p>Este modelo de ense\u00f1anza permite a los estudiantes sumergirse en los idiomas, descubrir nuevos horizontes y, al mismo tiempo, sentirse seguros en asignaturas que requieren precisi\u00f3n, prepar\u00e1ndolos para futuros retos educativos con alegr\u00eda y confianza.<\/p>\n<\/div><\/div>\n<\/div>\n<\/div>\n<\/div>\n\n<div class=\"et_pb_section_4 et_pb_section et_section_regular et_block_section\">\n<div class=\"et_pb_row_7 et_pb_row et_block_row custom_row\">\n<div class=\"et_pb_column_12 et_pb_column et_pb_column_1_2 et_block_column et_pb_css_mix_blend_mode_passthrough first-on-mobile\">\n<div class=\"et_pb_text_10 et_pb_text et_pb_bg_layout_light et_pb_module et_block_module\"><div class=\"et_pb_text_inner\"><h2 style=\"margin-bottom: 15px;\">Una escuela que influye en el mundo m\u00e1s all\u00e1 de las paredes del aula<\/h2>\n<p>El objetivo de nuestra escuela primaria es preparar a los alumnos para la vida en un mundo global y multicultural, y que aprendan a tener un impacto real en su entorno. Los alumnos participan en proyectos internacionales, actividades de extensi\u00f3n comunitaria y diversas actividades que transforman el conocimiento escolar en experiencia pr\u00e1ctica, dotando al aprendizaje de un verdadero significado y la alegr\u00eda de explorar el mundo.<\/p>\n<\/div><\/div>\n\n<div class=\"et_pb_module et_pb_button_module_wrapper et_pb_button_3_wrapper\"><a class=\"et_pb_button_3 et_pb_button et_pb_bg_layout_light et_pb_module et_block_module\" href=\"https:\/\/itsw.edu.pl\/es\/contacto\/\">Agenda una llamada<\/a><\/div>\n<\/div>\n\n<div class=\"et_pb_column_13 et_pb_column et_pb_column_1_2 et-last-child et_block_column et_pb_css_mix_blend_mode_passthrough second-on-mobile\">\n<div class=\"et_pb_image_4 et_pb_image et_pb_module et_block_module\"><span class=\"et_pb_image_wrap\"><img decoding=\"async\" src=\"https:\/\/itsw.edu.pl\/wp-content\/uploads\/ciekawosc-swiata.jpg\" title=\"Ciekawosc swiata\" width=\"555\" height=\"450\" srcset=\"https:\/\/itsw.edu.pl\/wp-content\/uploads\/ciekawosc-swiata.jpg 555w, https:\/\/itsw.edu.pl\/wp-content\/uploads\/ciekawosc-swiata-480x389.jpg 480w\" sizes=\"(min-width: 0px) and (max-width: 480px) 480px, (min-width: 481px) 555px, 100vw\" class=\"wp-image-244860\" alt=\"ITSW dzieci ucza si\u0119 przez zabaw\u0119\" \/><\/span><\/div>\n<\/div>\n<\/div>\n<\/div>\n\n<div class=\"et_pb_section_5 et_pb_section et_section_regular et_block_section\">\n<div class=\"et_pb_row_8 et_pb_row et_flex_row custom_row\">\n<div class=\"et_pb_column_14 et_pb_column et_block_column et_pb_css_mix_blend_mode_passthrough et_flex_column_24_24 et_flex_column_24_24_tablet et_flex_column_24_24_phone first-on-mobile\">\n<div class=\"et_pb_image_5 et_pb_image et_pb_module et_block_module\"><span class=\"et_pb_image_wrap\"><img decoding=\"async\" src=\"https:\/\/itsw.edu.pl\/wp-content\/uploads\/programy-szkolne-rozwoj.jpg\" title=\"Programy szkolne rozwoj\" width=\"678\" height=\"898\" srcset=\"https:\/\/itsw.edu.pl\/wp-content\/uploads\/programy-szkolne-rozwoj.jpg 678w, https:\/\/itsw.edu.pl\/wp-content\/uploads\/programy-szkolne-rozwoj-480x636.jpg 480w\" sizes=\"(min-width: 0px) and (max-width: 480px) 480px, (min-width: 481px) 678px, 100vw\" class=\"wp-image-244877\" alt=\"ITSW dzieci ucza si\u0119 przez zabaw\u0119\" \/><\/span><\/div>\n<\/div>\n\n<div class=\"et_pb_column_15 et_pb_column et-last-child et_block_column et_pb_css_mix_blend_mode_passthrough et_flex_column_24_24 et_flex_column_24_24_tablet et_flex_column_24_24_phone first-on-mobile\">\n<div class=\"et_pb_text_11 et_pb_text et_pb_bg_layout_light et_pb_module et_block_module\">\n<div class=\"et_pb_text_12 et_pb_text et_pb_bg_layout_light et_pb_module et_block_module\"><div class=\"et_pb_text_inner\"><h2 data-start=\"54\" data-end=\"142\">La educaci\u00f3n a trav\u00e9s de proyectos basados en los Objetivos de Desarrollo Sostenible<\/h2>\n<p style=\"text-align: left;\">Un programa para 4.\u00ba a 6.\u00ba grado: \u00a1aprendizaje que transforma el mundo!<br \/>Nuestro programa no se limita a lecciones, sino a un viaje de descubrimiento e inspiraci\u00f3n. Dividido en m\u00f3dulos trimestrales, cada uno se centra en uno de los Objetivos de Desarrollo Sostenible, lo que permite a los estudiantes explorar los desaf\u00edos globales y aprender c\u00f3mo pueden marcar una diferencia real.<br \/>\u00a1No es teor\u00eda, es acci\u00f3n! A trav\u00e9s de los proyectos \u00abCiudadanos Inspirados\u00bb y \u00abProyecto Guardi\u00e1n\u00bb, los ni\u00f1os descubren c\u00f3mo funciona el conocimiento escolar en la vida real. Aprenden responsabilidad, cooperaci\u00f3n y empat\u00eda, desarrollando sensibilidad social y un sentido de empoderamiento.<br \/>Cada primer trimestre concluye con un viaje inclusivo a Polonia, donde los estudiantes observan de primera mano los procesos que aprenden en clase. Es una aventura inolvidable que combina la educaci\u00f3n con la pr\u00e1ctica, el aprendizaje con las emociones y el juego con el autodescubrimiento y el mundo.<br \/>\u00a1Ven y descubre c\u00f3mo el aprendizaje se convierte en una pasi\u00f3n y c\u00f3mo los ni\u00f1os se convierten en verdaderos ciudadanos del mundo!<\/p>\n<\/div><\/div>\n<\/div>\n\n<div class=\"et_pb_module et_pb_button_module_wrapper et_pb_button_4_wrapper\"><a class=\"et_pb_button_4 et_pb_button et_pb_bg_layout_light et_pb_module et_block_module\" href=\"https:\/\/itsw.edu.pl\/es\/contacto\/\">Reserve una reuni\u00f3n<\/a><\/div>\n<\/div>\n<\/div>\n<\/div>\n\n<div class=\"et_pb_section_6 et_pb_section et_section_regular et_block_section\">\n<div class=\"et_pb_row_9 et_pb_row et_block_row\">\n<div class=\"et_pb_column_16 et_pb_column et_pb_column_4_4 et-last-child et_block_column et_pb_css_mix_blend_mode_passthrough\">\n<div class=\"et_pb_image_6 et_pb_image et_pb_module et_flex_module\"><span class=\"et_pb_image_wrap\"><img decoding=\"async\" src=\"https:\/\/itsw.edu.pl\/wp-content\/uploads\/forbiden.png\" title=\"Forbiden\" width=\"540\" height=\"540\" srcset=\"https:\/\/itsw.edu.pl\/wp-content\/uploads\/forbiden.png 540w, https:\/\/itsw.edu.pl\/wp-content\/uploads\/forbiden-480x480.png 480w\" sizes=\"(min-width: 0px) and (max-width: 480px) 480px, (min-width: 481px) 540px, 100vw\" class=\"wp-image-244788\" \/><\/span><\/div>\n\n<div class=\"et_pb_text_13 et_pb_text et_pb_bg_layout_light et_pb_module et_block_module\"><div class=\"et_pb_text_inner\"><h3 style=\"text-align: center;\"><strong>No asignamos tareas<\/strong><\/h3>\n<p>ITSW: aprendizaje que inspira, no agobia. Creemos que el verdadero aprendizaje ocurre en la escuela y a trav\u00e9s de la experiencia, y que el tiempo despu\u00e9s de la escuela debe estar lleno de diversi\u00f3n, pasi\u00f3n y vida familiar. En lugar de las tareas tradicionales, nuestros ni\u00f1os aprenden a trav\u00e9s de proyectos pr\u00e1cticos y actividades que conectan el conocimiento con la vida cotidiana. Desarrollan independencia y curiosidad por el mundo en lugar de reproducir soluciones predefinidas. Tienen tiempo para intereses extracurriculares, creatividad y relaciones sociales, cruciales para un desarrollo integral.<br \/>En ITSW, la educaci\u00f3n es una aventura, no una obligaci\u00f3n. A partir de 6.\u00ba grado, incluimos tiempo para las tareas para que los estudiantes puedan reforzar el material en la escuela, no en casa. Pedimos a los padres que cooperen y no hagan las tareas; juntos formamos ni\u00f1os que aman el aprendizaje y descubren el mundo de forma independiente.<\/p>\n<\/div><\/div>\n<\/div>\n<\/div>\n<\/div>\n\n<div class=\"et_pb_section_7 et_pb_section et_section_regular et_block_section\">\n<div class=\"et_pb_row_10 et_pb_row et_block_row custom_row\">\n<div class=\"et_pb_column_17 et_pb_column et_pb_column_1_2 et_block_column et_pb_css_mix_blend_mode_passthrough first-on-mobile\">\n<div class=\"et_pb_text_14 et_pb_text et_pb_bg_layout_light et_pb_module et_block_module\"><div class=\"et_pb_text_inner\"><h3 style=\"margin-bottom: 15px;\">Actividades extracurriculares que desarrollan talentos y pasiones.<\/h3>\n<p>Despu\u00e9s de las clases, ofrecemos una amplia selecci\u00f3n de talleres impartidos en seis idiomas. Esto permite a los estudiantes:<\/p>\n<ul>\n<li>desarrollar nuevos intereses,<\/li>\n<li>descubrir talentos art\u00edsticos, deportivos o cient\u00edficos,<\/li>\n<li>fortalecer sus habilidades ling\u00fc\u00edsticas de forma natural.<\/li>\n<\/ul>\n<p>Los talleres ampl\u00edan considerablemente el curr\u00edculo b\u00e1sico, brindando a los estudiantes el espacio para desarrollar sus pasiones individuales.<\/p>\n<\/div><\/div>\n\n<div class=\"et_pb_module et_pb_button_module_wrapper et_pb_button_5_wrapper\"><a class=\"et_pb_button_5 et_pb_button et_pb_bg_layout_light et_pb_module et_block_module\" href=\"https:\/\/itsw.edu.pl\/es\/escuela-primaria\/grados-4-6\/equipo-de-maestros\/\">Conozca a nuesto equipo<\/a><\/div>\n<\/div>\n\n<div class=\"et_pb_column_18 et_pb_column et_pb_column_1_2 et-last-child et_block_column et_pb_css_mix_blend_mode_passthrough second-on-mobile\">\n<div class=\"et_pb_image_7 et_pb_image et_pb_module et_block_module\"><span class=\"et_pb_image_wrap\"><img decoding=\"async\" src=\"https:\/\/itsw.edu.pl\/wp-content\/uploads\/itsw-programy-wymiany-i-podroze.jpg\" title=\"ITSW programy wymiany i podroze\" width=\"555\" height=\"450\" srcset=\"https:\/\/itsw.edu.pl\/wp-content\/uploads\/itsw-programy-wymiany-i-podroze.jpg 555w, https:\/\/itsw.edu.pl\/wp-content\/uploads\/itsw-programy-wymiany-i-podroze-480x389.jpg 480w\" sizes=\"(min-width: 0px) and (max-width: 480px) 480px, (min-width: 481px) 555px, 100vw\" class=\"wp-image-244914\" alt=\"ITSW dzieci ucza si\u0119 przez zabaw\u0119\" \/><\/span><\/div>\n<\/div>\n<\/div>\n<\/div>\n\n<div class=\"et_pb_section_8 et_pb_section et_section_regular et_block_section\">\n<div class=\"et_pb_row_11 et_pb_row et_block_row custom_row\">\n<div class=\"et_pb_column_19 et_pb_column et_pb_column_1_2 et_block_column et_pb_css_mix_blend_mode_passthrough second-on-mobile\">\n<div class=\"et_pb_image_8 et_pb_image et_pb_module et_block_module\"><span class=\"et_pb_image_wrap\"><img decoding=\"async\" src=\"https:\/\/itsw.edu.pl\/wp-content\/uploads\/przedsztawienia-w-szkole-podstawowej-z-jezykami.jpg\" alt=\"Przedstawienia szkolne w wielu j\u0119zykach\" title=\"Przedsztawienia w szkole podstawowej z jezykami\" width=\"555\" height=\"450\" srcset=\"https:\/\/itsw.edu.pl\/wp-content\/uploads\/przedsztawienia-w-szkole-podstawowej-z-jezykami.jpg 555w, https:\/\/itsw.edu.pl\/wp-content\/uploads\/przedsztawienia-w-szkole-podstawowej-z-jezykami-480x389.jpg 480w\" sizes=\"(min-width: 0px) and (max-width: 480px) 480px, (min-width: 481px) 555px, 100vw\" class=\"wp-image-244970\" \/><\/span><\/div>\n<\/div>\n\n<div class=\"et_pb_column_20 et_pb_column et_pb_column_1_2 et-last-child et_block_column et_pb_css_mix_blend_mode_passthrough first-on-mobile\">\n<div class=\"et_pb_text_15 et_pb_text et_pb_bg_layout_light et_pb_module et_block_module\"><div class=\"et_pb_text_inner\"><h3 style=\"margin-bottom: 15px;\">Una celebraci\u00f3n de la diversidad y una puesta en escena completa<\/h3>\n<p>La diversidad es la base de ITSW y los estudiantes est\u00e1n orgullosos de ella.<br \/>\u00a1La diversidad es nuestra fortaleza y los estudiantes est\u00e1n orgullosos de ella! En ITSW, celebramos con entusiasmo la riqueza de las culturas y los talentos. Cada a\u00f1o, organizamos un espect\u00e1culo navide\u00f1o con escenario completo y festivales culturales e ling\u00fc\u00edsticos. Durante estos eventos \u00fanicos, los estudiantes deleitan con su talento musical, art\u00edstico y ling\u00fc\u00edstico, demostrando c\u00f3mo la diversidad crea una comunidad vibrante e inspiradora. No se trata solo de actuaciones: \u00a1es una celebraci\u00f3n de la creatividad, la pasi\u00f3n y la comunidad!<\/p>\n<\/div><\/div>\n<\/div>\n<\/div>\n<\/div>\n\n<div class=\"et_pb_section_9 et_pb_section et_section_regular et_block_section\">\n<div class=\"et_pb_row_12 et_pb_row et_block_row custom_row\">\n<div class=\"et_pb_column_21 et_pb_column et_pb_column_1_2 et_block_column et_pb_css_mix_blend_mode_passthrough first-on-mobile\">\n<div class=\"et_pb_text_16 et_pb_text et_pb_bg_layout_light et_pb_module et_block_module\"><div class=\"et_pb_text_inner\"><h3 style=\"margin-bottom: 15px;\">Escuelas verdes: descubriendo pa\u00edses vecinos<\/h3>\n<p>Cada a\u00f1o, los alumnos de 4.\u00ba a 6.\u00ba grado participan en una excursi\u00f3n escolar de varios d\u00edas en colaboraci\u00f3n con un colegio asociado en uno de los cinco pa\u00edses vecinos. Durante estos viajes, descubren similitudes en historia, cultura y geograf\u00eda; implementan proyectos conjuntos con estudiantes extranjeros; y forjan relaciones y amistades que perdurar\u00e1n durante a\u00f1os. Esta es la educaci\u00f3n sociocultural en su forma m\u00e1s aut\u00e9ntica.<\/p>\n<p>\u00a0<\/p>\n<h3 style=\"margin-bottom: 15px;\">Intercambios de idiomas y viajes internacionales<\/h3>\n<p>Como escuela multiling\u00fce, ofrecemos a nuestros estudiantes:<\/p>\n<ul>\n<li>intercambios con escuelas asociadas,<\/li>\n<li>viajes de vacaciones anuales a pa\u00edses donde se hablan los idiomas que se ense\u00f1an en ITSW.<\/li>\n<\/ul>\n<p>Nuestros estudiantes visitan regularmente pa\u00edses como China y Espa\u00f1a para desarrollar sus habilidades ling\u00fc\u00edsticas a trav\u00e9s del contacto cultural diario.<\/p>\n<\/div><\/div>\n\n<div class=\"et_pb_module et_pb_button_module_wrapper et_pb_button_6_wrapper\"><a class=\"et_pb_button_6 et_pb_button et_pb_bg_layout_light et_pb_module et_block_module\" href=\"https:\/\/itsw.edu.pl\/es\/contacto\/\">Agende una llamada<\/a><\/div>\n<\/div>\n\n<div class=\"et_pb_column_22 et_pb_column et_pb_column_1_2 et-last-child et_block_column et_pb_css_mix_blend_mode_passthrough second-on-mobile\">\n<div class=\"et_pb_image_9 et_pb_image et_pb_module et_block_module\"><span class=\"et_pb_image_wrap\"><img decoding=\"async\" src=\"https:\/\/itsw.edu.pl\/wp-content\/uploads\/podroz-do-hiszpanii-szkola-podstawowa.jpg\" title=\"Podroz do Hiszpanii szkola podstawowa\" width=\"555\" height=\"450\" srcset=\"https:\/\/itsw.edu.pl\/wp-content\/uploads\/podroz-do-hiszpanii-szkola-podstawowa.jpg 555w, https:\/\/itsw.edu.pl\/wp-content\/uploads\/podroz-do-hiszpanii-szkola-podstawowa-480x389.jpg 480w\" sizes=\"(min-width: 0px) and (max-width: 480px) 480px, (min-width: 481px) 555px, 100vw\" class=\"wp-image-244939\" alt=\"ITSW dzieci ucza si\u0119 przez zabaw\u0119\" \/><\/span><\/div>\n<\/div>\n<\/div>\n<\/div>\n\n<div class=\"et_pb_section_10 et_pb_section et_section_regular et_block_section\">\n<div class=\"et_pb_row_13 et_pb_row et_flex_row\">\n<div class=\"et_pb_column_23 et_pb_column et-last-child et_flex_column et_pb_css_mix_blend_mode_passthrough et_flex_column_24_24 et_flex_column_24_24_tablet et_flex_column_24_24_phone\">\n<div class=\"et_pb_text_17 et_pb_text et_pb_bg_layout_light et_pb_module et_block_module\"><div class=\"et_pb_text_inner\"><h2 style=\"margin-bottom: 15px; text-align: center;\">El lugar de los idiomas en la escuela primaria ITSW (4.\u00ba a 6.\u00ba grado)<\/h2>\n<p>En 4.\u00ba a 6.\u00ba grado, el idioma se convierte en una herramienta para el trabajo acad\u00e9mico, no en una asignatura en s\u00ed misma. Un buen dominio del idioma de instrucci\u00f3n brinda a los estudiantes un acceso real a los contenidos que posteriormente ser\u00e1n evaluados, al igual que en las escuelas francesas, espa\u00f1olas, brit\u00e1nicas, estadounidenses o locales.<\/p>\n<\/div><\/div>\n<\/div>\n<\/div>\n<\/div>\n\n<div class=\"et_pb_section_11 et_pb_section et_section_regular et_block_section\">\n<div class=\"et_pb_row_14 et_pb_row et_block_row custom_row\">\n<div class=\"et_pb_column_24 et_pb_column et_pb_column_1_2 et_block_column et_pb_css_mix_blend_mode_passthrough second-on-mobile\">\n<div class=\"et_pb_image_10 et_pb_image et_pb_module et_block_module\"><span class=\"et_pb_image_wrap\"><img decoding=\"async\" src=\"https:\/\/itsw.edu.pl\/wp-content\/uploads\/nauka-jezykow-w-szkole-podstawowej.jpg\" title=\"nauka jezykow w szkole podstawowej\" width=\"555\" height=\"450\" srcset=\"https:\/\/itsw.edu.pl\/wp-content\/uploads\/nauka-jezykow-w-szkole-podstawowej.jpg 555w, https:\/\/itsw.edu.pl\/wp-content\/uploads\/nauka-jezykow-w-szkole-podstawowej-480x389.jpg 480w\" sizes=\"(min-width: 0px) and (max-width: 480px) 480px, (min-width: 481px) 555px, 100vw\" class=\"wp-image-244960\" alt=\"ITSW dzieci ucza si\u0119 przez zabaw\u0119\" \/><\/span><\/div>\n<\/div>\n\n<div class=\"et_pb_column_25 et_pb_column et_pb_column_1_2 et-last-child et_block_column et_pb_css_mix_blend_mode_passthrough first-on-mobile\">\n<div class=\"et_pb_text_18 et_pb_text et_pb_bg_layout_light et_pb_module et_block_module\"><div class=\"et_pb_text_inner\"><h3 style=\"margin-bottom: 15px;\">\u00bfMi hijo\/a necesita saber tres idiomas para unirse a ITSW?<\/h3>\n<p>No. En esta etapa, requerimos que el estudiante hable al menos un idioma de instrucci\u00f3n (por ejemplo, ingl\u00e9s, franc\u00e9s, espa\u00f1ol, chino, japon\u00e9s o polaco) a un nivel comunicativo. Esto le permite participar libremente en las clases impartidas por hablantes nativos y comprender el contenido de la materia.<\/p>\n<p>En ITSW, utilizamos el principio OPOL y trabajamos con un modelo de inmersi\u00f3n, pero en los grados 4.\u00ba a 6.\u00ba, no funciona tan r\u00e1pido como en etapas anteriores. Por lo tanto, apoyamos a los estudiantes con un programa intensivo de apoyo ling\u00fc\u00edstico para ayudarles a cubrir sus carencias ling\u00fc\u00edsticas.<\/p>\n<\/div><\/div>\n\n<div class=\"et_pb_module et_pb_button_module_wrapper et_pb_button_7_wrapper\"><a class=\"et_pb_button_7 et_pb_button et_pb_bg_layout_light et_pb_module et_block_module\" href=\"https:\/\/itsw.edu.pl\/es\/contacto\/\">Hablemos<\/a><\/div>\n<\/div>\n<\/div>\n\n<div class=\"et_pb_row_15 et_pb_row et_block_row custom_row\">\n<div class=\"et_pb_column_26 et_pb_column et_pb_column_1_2 et_block_column et_pb_css_mix_blend_mode_passthrough first-on-mobile\">\n<div class=\"et_pb_text_19 et_pb_text et_pb_bg_layout_light et_pb_module et_block_module\"><div class=\"et_pb_text_inner\"><h3 style=\"margin-bottom: 15px;\">\u00bfQu\u00e9 pasa si mi hijo no habla polaco o no domina bien el idioma de educaci\u00f3n?<\/h3>\n<p>Esta es una situaci\u00f3n com\u00fan en los colegios internacionales, y el ITSW est\u00e1 preparado para ello.<\/p>\n<p>Los estudiantes que no dominan el polaco, el ingl\u00e9s, el espa\u00f1ol o el franc\u00e9s participan en:<\/p>\n<p><strong>Un Programa Intensivo de Apoyo Ling\u00fc\u00edstico<\/strong> que:<\/p>\n<ul>\n<li>Acelera el aprendizaje del idioma de forma espec\u00edfica,<\/li>\n<li>Se centra en el vocabulario y las estructuras necesarias para el aprendizaje de las asignaturas,<\/li>\n<li>Permite a los estudiantes ponerse al d\u00eda en uno o dos a\u00f1os,<\/li>\n<li>Permite a los estudiantes participar en clases paralelas sin retrasarse.<\/li>\n<\/ul>\n<p>Esto garantiza que el idioma no obstaculice el progreso acad\u00e9mico, incluso si el ni\u00f1o se incorpora m\u00e1s tarde.<\/p>\n<\/div><\/div>\n\n<div class=\"et_pb_module et_pb_button_module_wrapper et_pb_button_8_wrapper\"><a class=\"et_pb_button_8 et_pb_button et_pb_bg_layout_light et_pb_module et_block_module\" href=\"https:\/\/itsw.edu.pl\/es\/contacto\/\">Descubre m\u00e1s sobre ITSW<\/a><\/div>\n<\/div>\n\n<div class=\"et_pb_column_27 et_pb_column et_pb_column_1_2 et-last-child et_block_column et_pb_css_mix_blend_mode_passthrough second-on-mobile\">\n<div class=\"et_pb_image_11 et_pb_image et_pb_module et_block_module\"><span class=\"et_pb_image_wrap\"><img decoding=\"async\" src=\"https:\/\/itsw.edu.pl\/wp-content\/uploads\/zajecia-wyrownawcze-w-szkole-podstawowej.jpg\" width=\"1051\" height=\"1400\" srcset=\"https:\/\/itsw.edu.pl\/wp-content\/uploads\/zajecia-wyrownawcze-w-szkole-podstawowej.jpg 1051w, https:\/\/itsw.edu.pl\/wp-content\/uploads\/zajecia-wyrownawcze-w-szkole-podstawowej-980x1305.jpg 980w, https:\/\/itsw.edu.pl\/wp-content\/uploads\/zajecia-wyrownawcze-w-szkole-podstawowej-480x639.jpg 480w\" sizes=\"(min-width: 0px) and (max-width: 480px) 480px, (min-width: 481px) and (max-width: 980px) 980px, (min-width: 981px) 1051px, 100vw\" class=\"wp-image-248839\" title=\"Zajecia wyrownawcze w szkole podstawowej\" alt=\"Zaj\u0119cia wyr\u00f3wnwawcze w szkole podstawowej\" \/><\/span><\/div>\n<\/div>\n<\/div>\n\n<div class=\"et_pb_row_16 et_pb_row et_block_row custom_row\">\n<div class=\"et_pb_column_28 et_pb_column et_pb_column_1_2 et_block_column et_pb_css_mix_blend_mode_passthrough second-on-mobile\">\n<div class=\"et_pb_image_12 et_pb_image et_pb_module et_block_module\"><span class=\"et_pb_image_wrap\"><img decoding=\"async\" src=\"https:\/\/itsw.edu.pl\/wp-content\/uploads\/wsparcie-jezykowe-w-szkole.jpg\" width=\"694\" height=\"563\" srcset=\"https:\/\/itsw.edu.pl\/wp-content\/uploads\/wsparcie-jezykowe-w-szkole.jpg 694w, https:\/\/itsw.edu.pl\/wp-content\/uploads\/wsparcie-jezykowe-w-szkole-480x389.jpg 480w\" sizes=\"(min-width: 0px) and (max-width: 480px) 480px, (min-width: 481px) 694px, 100vw\" class=\"wp-image-248849\" title=\"Zajecia wyrownawcze w szkole podstawowej\" alt=\"Zaj\u0119cia wyr\u00f3wnwawcze w szkole podstawowej\" \/><\/span><\/div>\n<\/div>\n\n<div class=\"et_pb_column_29 et_pb_column et_pb_column_1_2 et-last-child et_block_column et_pb_css_mix_blend_mode_passthrough first-on-mobile\">\n<div class=\"et_pb_text_20 et_pb_text et_pb_bg_layout_light et_pb_module et_block_module\"><div class=\"et_pb_text_inner\"><h3 style=\"margin-bottom: 15px;\">\u00bfQu\u00e9 pasa si mi hijo no adquiri\u00f3 el idioma en los grados 1.\u00ba a 3.\u00ba?<\/h3>\n<p>Los ni\u00f1os que no han tenido una inmersi\u00f3n ling\u00fc\u00edstica antes de los 9 a\u00f1os pueden alcanzar la fluidez, pero la inmersi\u00f3n ling\u00fc\u00edstica en esta etapa requiere:<\/p>\n<ul>\n<li>mayor intensidad,<\/li>\n<li>tiempo,<\/li>\n<li>apoyo constante.<\/li>\n<\/ul>\n<p>Por lo tanto, en los grados 4.\u00ba a 6.\u00ba, el trabajo regular en el programa de Apoyo Ling\u00fc\u00edstico y la exposici\u00f3n al idioma durante las clases diarias impartidas en un modelo multiling\u00fce son especialmente importantes.<\/p>\n<\/div><\/div>\n\n<div class=\"et_pb_module et_pb_button_module_wrapper et_pb_button_9_wrapper\"><a class=\"et_pb_button_9 et_pb_button et_pb_bg_layout_light et_pb_module et_block_module\" href=\"https:\/\/itsw.edu.pl\/es\/trilinguismo\/trayectoria-eductiva\/\">M\u00e1s sobre la educaci\u00f3n triling\u00fce<\/a><\/div>\n<\/div>\n<\/div>\n<\/div>\n\n<div class=\"et_pb_section_12 et_pb_section et_section_regular et_block_section\">\n<div class=\"et_pb_row_17 et_pb_row et_block_row\">\n<div class=\"et_pb_column_30 et_pb_column et_pb_column_4_4 et-last-child et_block_column et_pb_css_mix_blend_mode_passthrough\">\n<div class=\"et_pb_heading_1 et_pb_heading et_pb_module et_block_module\"><div class=\"et_pb_heading_container\"><h2 class=\"et_pb_module_header\">ITSW Edublog<\/h2><\/div><\/div>\n\n<div class=\"et_pb_text_21 et_pb_text et_pb_bg_layout_light et_pb_module et_block_module\"><div class=\"et_pb_text_inner\"><p data-start=\"39\" data-end=\"275\">Descubre art\u00edculos creados por nuestros docentes y expertos en educaci\u00f3n. Encontrar\u00e1s consejos pr\u00e1cticos, conocimientos sobre el desarrollo infantil, curiosidades ling\u00fc\u00edsticas e inspiraci\u00f3n para la crianza en un entorno multiling\u00fce.<\/p>\n<p data-start=\"277\" data-end=\"297\">\n<\/div><\/div>\n<\/div>\n<\/div>\n\n<div class=\"et_pb_row_18 et_pb_row et_flex_row\">\n<div class=\"et_pb_column_31 et_pb_column et-last-child et_flex_column et_pb_css_mix_blend_mode_passthrough et_flex_column_24_24 et_flex_column_24_24_tablet et_flex_column_24_24_phone\">\n<div class=\"et_pb_blog_0 et_pb_blog et_pb_bg_layout_light et_pb_posts et_pb_module et_pb_blog_grid\"><div class=\"et_pb_ajax_pagination_container\"><div class=\"et_pb_posts et_grid_module\"><article class=\"et_pb_post et_pb_post_id_242619 clearfix et_pb_blog_item_0_0 post-242619 post type-post status-publish format-standard has-post-thumbnail hentry category-edublog category-escuela-infantil-1-ciclo category-escuela-infantil-2-ciclo category-grados-1-3-edu category-grados-4-6\"><div class=\"et_pb_image_container\"><a href=\"https:\/\/itsw.edu.pl\/es\/cuanto-mas-rapido-mejor-la-capacidad-de-aprender-un-idioma-disminuye-con-la-edad\/\" class=\"entry-featured-image-url\"><img decoding=\"async\" src=\"https:\/\/itsw.edu.pl\/wp-content\/uploads\/nauka-jezyka-w-zlobku.jpg\" width=\"400\" height=\"284\" alt=\"\u00a1Cuanto m\u00e1s r\u00e1pido, mejor! La capacidad de aprender un idioma disminuye con la edad\" class=\"\" srcset=\"https:\/\/itsw.edu.pl\/wp-content\/uploads\/nauka-jezyka-w-zlobku.jpg 479w, https:\/\/itsw.edu.pl\/wp-content\/uploads\/nauka-jezyka-w-zlobku-400x284.jpg 480w\" sizes=\"(max-width:479px) 479px, 100vw\" \/><span data-icon=\"\ue050\" class=\"et_overlay et_pb_inline_icon\"><\/span><\/a><\/div><h2 class=\"entry-title\"><a href=\"https:\/\/itsw.edu.pl\/es\/cuanto-mas-rapido-mejor-la-capacidad-de-aprender-un-idioma-disminuye-con-la-edad\/\">\u00a1Cuanto m\u00e1s r\u00e1pido, mejor! La capacidad de aprender un idioma disminuye con la edad<\/a><\/h2><p class=\"post-meta\"><span class=\"published\">Ene 18, 2024<\/span> | <span class=\"entry-categories\"><a href=\"https:\/\/itsw.edu.pl\/es\/category\/edublog\/\" rel=\"tag\">Edublog<\/a>, <a href=\"https:\/\/itsw.edu.pl\/es\/category\/edublog\/escuela-infantil-1-ciclo\/\" rel=\"tag\">Escuela infantil 1 ciclo<\/a>, <a href=\"https:\/\/itsw.edu.pl\/es\/category\/edublog\/escuela-infantil-2-ciclo\/\" rel=\"tag\">Escuela infantil 2 ciclo<\/a>, <a href=\"https:\/\/itsw.edu.pl\/es\/category\/edublog\/grados-1-3-edu\/\" rel=\"tag\">Grados 1-3<\/a>, <a href=\"https:\/\/itsw.edu.pl\/es\/category\/edublog\/grados-4-6\/\" rel=\"tag\">Grados 4-6<\/a><\/span><\/p><div class=\"post-content\"><div class=\"post-content-inner\"><p>En palabras de la famosa frase, \u00abCuanto antes, mejor\u00bb. \u00a1La capacidad de&#8230;<\/p>\n<\/div><a href=\"https:\/\/itsw.edu.pl\/es\/cuanto-mas-rapido-mejor-la-capacidad-de-aprender-un-idioma-disminuye-con-la-edad\/\" class=\"more-link\">leer m\u00e1s&#8230;<\/a><\/div><\/article><article class=\"et_pb_post et_pb_post_id_242639 clearfix et_pb_blog_item_0_1 post-242639 post type-post status-publish format-standard has-post-thumbnail hentry category-edublog category-grados-1-3-edu category-grados-4-6 category-secundaria\"><div class=\"et_pb_image_container\"><a href=\"https:\/\/itsw.edu.pl\/es\/modelo-selfie-que-combina-clil-y-steam\/\" class=\"entry-featured-image-url\"><img decoding=\"async\" src=\"https:\/\/itsw.edu.pl\/wp-content\/uploads\/selfie-wykres-1.jpg\" width=\"400\" height=\"284\" alt=\"Modelo SeLFiE que combina CLIL y STEAM\" class=\"\" srcset=\"https:\/\/itsw.edu.pl\/wp-content\/uploads\/selfie-wykres-1.jpg 479w, https:\/\/itsw.edu.pl\/wp-content\/uploads\/selfie-wykres-1-400x284.jpg 480w\" sizes=\"(max-width:479px) 479px, 100vw\" \/><span data-icon=\"\ue050\" class=\"et_overlay et_pb_inline_icon\"><\/span><\/a><\/div><h2 class=\"entry-title\"><a href=\"https:\/\/itsw.edu.pl\/es\/modelo-selfie-que-combina-clil-y-steam\/\">Modelo SeLFiE que combina CLIL y STEAM<\/a><\/h2><p class=\"post-meta\"><span class=\"published\">Oct 2, 2022<\/span> | <span class=\"entry-categories\"><a href=\"https:\/\/itsw.edu.pl\/es\/category\/edublog\/\" rel=\"tag\">Edublog<\/a>, <a href=\"https:\/\/itsw.edu.pl\/es\/category\/edublog\/grados-1-3-edu\/\" rel=\"tag\">Grados 1-3<\/a>, <a href=\"https:\/\/itsw.edu.pl\/es\/category\/edublog\/grados-4-6\/\" rel=\"tag\">Grados 4-6<\/a>, <a href=\"https:\/\/itsw.edu.pl\/es\/category\/edublog\/secundaria\/\" rel=\"tag\">Secundaria<\/a><\/span><\/p><div class=\"post-content\"><div class=\"post-content-inner\"><p>En el periodo del 3 al 09 de julio de este a\u00f1o, cuatro profesores tuvieron la&#8230;<\/p>\n<\/div><a href=\"https:\/\/itsw.edu.pl\/es\/modelo-selfie-que-combina-clil-y-steam\/\" class=\"more-link\">leer m\u00e1s&#8230;<\/a><\/div><\/article><article class=\"et_pb_post et_pb_post_id_242623 clearfix et_pb_blog_item_0_2 post-242623 post type-post status-publish format-standard has-post-thumbnail hentry category-edublog category-escuela-infantil-1-ciclo category-escuela-infantil-2-ciclo category-grados-1-3-edu category-grados-4-6\"><div class=\"et_pb_image_container\"><a href=\"https:\/\/itsw.edu.pl\/es\/cual-es-el-mejor-momento-para-comenzar-el-aprendizaje-de-un-idioma-extranjero-en-los-ninos\/\" class=\"entry-featured-image-url\"><img decoding=\"async\" src=\"https:\/\/itsw.edu.pl\/wp-content\/uploads\/27655493-2026634440684031-2051017695371265406-n-2-1.jpg\" width=\"400\" height=\"284\" alt=\"\u00bfCu\u00e1l es el mejor momento para comenzar el aprendizaje de un idioma extranjero en los ni\u00f1os?\" class=\"\" srcset=\"https:\/\/itsw.edu.pl\/wp-content\/uploads\/27655493-2026634440684031-2051017695371265406-n-2-1.jpg 479w, https:\/\/itsw.edu.pl\/wp-content\/uploads\/27655493-2026634440684031-2051017695371265406-n-2-1-400x284.jpg 480w\" sizes=\"(max-width:479px) 479px, 100vw\" \/><span data-icon=\"\ue050\" class=\"et_overlay et_pb_inline_icon\"><\/span><\/a><\/div><h2 class=\"entry-title\"><a href=\"https:\/\/itsw.edu.pl\/es\/cual-es-el-mejor-momento-para-comenzar-el-aprendizaje-de-un-idioma-extranjero-en-los-ninos\/\">\u00bfCu\u00e1l es el mejor momento para comenzar el aprendizaje de un idioma extranjero en los ni\u00f1os?<\/a><\/h2><p class=\"post-meta\"><span class=\"published\">Abr 19, 2022<\/span> | <span class=\"entry-categories\"><a href=\"https:\/\/itsw.edu.pl\/es\/category\/edublog\/\" rel=\"tag\">Edublog<\/a>, <a href=\"https:\/\/itsw.edu.pl\/es\/category\/edublog\/escuela-infantil-1-ciclo\/\" rel=\"tag\">Escuela infantil 1 ciclo<\/a>, <a href=\"https:\/\/itsw.edu.pl\/es\/category\/edublog\/escuela-infantil-2-ciclo\/\" rel=\"tag\">Escuela infantil 2 ciclo<\/a>, <a href=\"https:\/\/itsw.edu.pl\/es\/category\/edublog\/grados-1-3-edu\/\" rel=\"tag\">Grados 1-3<\/a>, <a href=\"https:\/\/itsw.edu.pl\/es\/category\/edublog\/grados-4-6\/\" rel=\"tag\">Grados 4-6<\/a><\/span><\/p><div class=\"post-content\"><div class=\"post-content-inner\"><p>\u00a1El aprendizaje de un idioma extranjero es posible a cualquier edad! Sin&#8230;<\/p>\n<\/div><a href=\"https:\/\/itsw.edu.pl\/es\/cual-es-el-mejor-momento-para-comenzar-el-aprendizaje-de-un-idioma-extranjero-en-los-ninos\/\" class=\"more-link\">leer m\u00e1s&#8230;<\/a><\/div><\/article><\/div><\/div><\/div>\n<\/div>\n<\/div>\n\n<div class=\"et_pb_row_19 et_pb_row et_block_row\">\n<div class=\"et_pb_column_32 et_pb_column et_pb_column_4_4 et-last-child et_block_column et_pb_css_mix_blend_mode_passthrough\">\n<div class=\"et_pb_module et_pb_button_module_wrapper et_pb_button_10_wrapper\"><a class=\"et_pb_button_10 et_pb_button et_pb_bg_layout_light et_pb_module et_block_module\" href=\"https:\/\/itsw.edu.pl\/es\/edublog\/\">Apoya a tu hijo\/a, lee el Edublog de ITSW<\/a><\/div>\n<\/div>\n<\/div>\n<\/div>\n\n<div class=\"et_pb_section_13 et_pb_section et_section_regular et_block_section\">\n<div class=\"et_pb_row_20 et_pb_row et_block_row\">\n<div class=\"et_pb_column_33 et_pb_column et_pb_column_4_4 et-last-child et_block_column et_pb_css_mix_blend_mode_passthrough\">\n<div class=\"et_pb_heading_2 et_pb_heading et_pb_module et_block_module\"><div class=\"et_pb_heading_container\"><h2 class=\"et_pb_module_header\">Novedades en el Campus Nobla: los \u00faltimos eventos y actividades<\/h2><\/div><\/div>\n\n<div class=\"et_pb_text_22 et_pb_text et_pb_bg_layout_light et_pb_module et_block_module\"><div class=\"et_pb_text_inner\"><p>Ent\u00e9rate de todo lo que ocurre en el Campus Nobla: desde excursiones inspiradoras hasta nuevas iniciativas escolares. Inf\u00f3rmate sobre los \u00faltimos eventos y proyectos que involucran a nuestros estudiantes y desarrollan sus pasiones.<\/p>\n<\/div><\/div>\n<\/div>\n<\/div>\n\n<div class=\"et_pb_row_21 et_pb_row et_flex_row\">\n<div class=\"et_pb_column_34 et_pb_column et-last-child et_flex_column et_pb_css_mix_blend_mode_passthrough et_flex_column_24_24 et_flex_column_24_24_tablet et_flex_column_24_24_phone\">\n<div class=\"et_pb_blog_1 et_pb_blog et_pb_bg_layout_light et_pb_posts et_pb_module news\"><div class=\"et_pb_ajax_pagination_container\"><div class=\"et_pb_posts et_grid_module\"><article class=\"et_pb_post et_pb_post_id_246414 clearfix et_pb_no_thumb et_pb_blog_item_1_0 post-246414 post type-post status-publish format-standard hentry category-grados-4-6 category-noticias category-secundaria\"><h3 class=\"entry-title\"><a href=\"https:\/\/itsw.edu.pl\/es\/escribe-por-los-derechos-amnistia-internacional-en-itsw\/\">Escribe por los Derechos \u2013 Amnist\u00eda Internacional en ITSW<\/a><\/h3><p class=\"post-meta\"><span class=\"published\">Ene 7, 2026<\/span> | <span class=\"entry-categories\"><a href=\"https:\/\/itsw.edu.pl\/es\/category\/noticias\/grados-4-6\/\" rel=\"tag\">grados-4-6<\/a>, <a href=\"https:\/\/itsw.edu.pl\/es\/category\/noticias\/\" rel=\"tag\">noticias<\/a>, <a href=\"https:\/\/itsw.edu.pl\/es\/category\/noticias\/secundaria\/\" rel=\"tag\">Secundaria<\/a><\/span><\/p><div class=\"post-content\"><div class=\"post-content-inner\"><p>Como parte de la iniciativa global Escribe por los Derechos de Amnist\u00eda Internacional, nuestro alumnado particip\u00f3 en un marat\u00f3n de cartas impactante&#8230;<\/p>\n<\/div><\/div><\/article><article class=\"et_pb_post et_pb_post_id_246953 clearfix et_pb_no_thumb et_pb_blog_item_1_1 post-246953 post type-post status-publish format-standard hentry category-grados-4-6 category-noticias category-secundaria\"><h3 class=\"entry-title\"><a href=\"https:\/\/itsw.edu.pl\/es\/lider-de-equipo-junior-por-un-dia-responsabilidad-y-liderazgo-en-accion\/\">L\u00edder de Equipo Junior por un D\u00eda: Responsabilidad y Liderazgo en Acci\u00f3n<\/a><\/h3><p class=\"post-meta\"><span class=\"published\">Nov 15, 2025<\/span> | <span class=\"entry-categories\"><a href=\"https:\/\/itsw.edu.pl\/es\/category\/noticias\/grados-4-6\/\" rel=\"tag\">grados-4-6<\/a>, <a href=\"https:\/\/itsw.edu.pl\/es\/category\/noticias\/\" rel=\"tag\">noticias<\/a>, <a href=\"https:\/\/itsw.edu.pl\/es\/category\/noticias\/secundaria\/\" rel=\"tag\">Secundaria<\/a><\/span><\/p><div class=\"post-content\"><div class=\"post-content-inner\"><p>En ITSW, nos encanta brindarles a nuestros estudiantes oportunidades para desarrollar habilidades de liderazgo, y recientemente, \u00a1uno de nuestros&#8230;<\/p>\n<\/div><\/div><\/article><\/div><\/div><\/div>\n<\/div>\n<\/div>\n\n<div class=\"et_pb_row_22 et_pb_row et_block_row\">\n<div class=\"et_pb_column_35 et_pb_column et_pb_column_4_4 et-last-child et_block_column et_pb_css_mix_blend_mode_passthrough\">\n<div class=\"et_pb_module et_pb_button_module_wrapper et_pb_button_11_wrapper\"><a class=\"et_pb_button_11 et_pb_button et_pb_bg_layout_light et_pb_module et_block_module\" href=\"https:\/\/itsw.edu.pl\/es\/noticias\/\" target=\"_blank\">Ver noticias<\/a><\/div>\n<\/div>\n<\/div>\n<\/div>\n\n<div class=\"et_pb_section_14 et_pb_section et_section_regular et_block_section\">\n<div class=\"et_pb_row_23 et_pb_row et_block_row\">\n<div class=\"et_pb_column_36 et_pb_column et_pb_column_4_4 et-last-child et_block_column et_pb_css_mix_blend_mode_passthrough\">\n<div class=\"et_pb_heading_3 et_pb_heading et_pb_module et_block_module\"><div class=\"et_pb_heading_container\"><h2 class=\"et_pb_module_header\">\u00bfQu\u00e9 opinan los padres de los alumnos de los cursos 4\u20136 sobre ITSW en Varsovia?<\/h2><\/div><\/div>\n\n<div class=\"et_pb_text_23 et_pb_text et_pb_bg_layout_light et_pb_module et_block_module\"><div class=\"et_pb_text_inner\"><p>Los padres de los alumnos de 4.\u00ba a 6.\u00ba curso, tanto de Varsovia como de familias internacionales, valoran positivamente el nivel educativo y la forma en que la escuela apoya el desarrollo ling\u00fc\u00edstico y la autonom\u00eda de los alumnos.<\/p>\n<p>Destacan el compromiso del profesorado, el entorno seguro y la preparaci\u00f3n de los estudiantes para las siguientes etapas educativas en Polonia y en el extranjero.<\/p>\n<\/div><\/div>\n<\/div>\n<\/div>\n\n<div class=\"et_pb_row_24 et_pb_row et_flex_row\">\n<div class=\"et_pb_column_37 et_pb_column et-last-child et_flex_column et_pb_css_mix_blend_mode_passthrough et_flex_column_24_24 et_flex_column_24_24_tablet et_flex_column_24_24_phone\">\n<div class=\"et_pb_group_carousel_0 et_pb_group_carousel et_pb_group et_pb_module et_pb_group_carousel_center_mode et_pb_group_carousel_arrows_outside et_pb_group_carousel_dots_center et_pb_group_carousel_dots_below et_pb_group_carousel_slides_3\"><div class=\"et_pb_group_carousel_container\"><div class=\"et_pb_group_carousel_track\"><div class=\"et_pb_group_carousel_slide\"><div class=\"et_pb_group_2 et_pb_group et_pb_module et_flex_group et_pb_css_mix_blend_mode_passthrough\">\n<div class=\"et_pb_group_3 et_pb_group et-last-child et_pb_module et_flex_group et_pb_css_mix_blend_mode_passthrough\">\n<div class=\"et_pb_text_24 et_pb_text et_pb_bg_layout_light et_pb_module et_block_module\"><div class=\"et_pb_text_inner\"><p>A partir de cuarto grado, el espa\u00f1ol toma a\u00fan m\u00e1s fuerza. Los proyectos y presentaciones ayudan mucho a ganar seguridad al hablar.<\/p>\n<\/div><\/div>\n\n<div class=\"et_pb_text_25 et_pb_text et_pb_bg_layout_light et_pb_module et_block_module\"><div class=\"et_pb_text_inner\"><p>Fernando \u00c1lvarez<\/p>\n<\/div><\/div>\n<\/div>\n<\/div><\/div><div class=\"et_pb_group_carousel_slide\"><div class=\"et_pb_group_4 et_pb_group et_pb_module et_flex_group et_pb_css_mix_blend_mode_passthrough\">\n<div class=\"et_pb_group_5 et_pb_group et-last-child et_pb_module et_flex_group et_pb_css_mix_blend_mode_passthrough\">\n<div class=\"et_pb_text_26 et_pb_text et_pb_bg_layout_light et_pb_module et_block_module\"><div class=\"et_pb_text_inner\"><p> Los viajes a Madrid, desde 4\u00ba hasta 8\u00ba grado, son una experiencia incre\u00edble. El idioma deja de ser solo una materia y se convierte en vida real.<\/p>\n<\/div><\/div>\n\n<div class=\"et_pb_text_27 et_pb_text et_pb_bg_layout_light et_pb_module et_block_module\"><div class=\"et_pb_text_inner\"><p>Mariana Fuentes<\/p>\n<\/div><\/div>\n<\/div>\n<\/div><\/div><div class=\"et_pb_group_carousel_slide\"><div class=\"et_pb_group_6 et_pb_group et_pb_module et_flex_group et_pb_css_mix_blend_mode_passthrough\">\n<div class=\"et_pb_group_7 et_pb_group et-last-child et_pb_module et_flex_group et_pb_css_mix_blend_mode_passthrough\">\n<div class=\"et_pb_text_28 et_pb_text et_pb_bg_layout_light et_pb_module et_block_module\"><div class=\"et_pb_text_inner\"><p> El famoso Spanish Show, donde participan todos los grupos de espa\u00f1ol, es espectacular. Los ni\u00f1os se sienten orgullosos de mostrar lo que saben.<\/p>\n<\/div><\/div>\n\n<div class=\"et_pb_text_29 et_pb_text et_pb_bg_layout_light et_pb_module et_block_module\"><div class=\"et_pb_text_inner\"><p>Pablo Dom\u00ednguez<\/p>\n<\/div><\/div>\n<\/div>\n<\/div><\/div><div class=\"et_pb_group_carousel_slide\"><div class=\"et_pb_group_8 et_pb_group et_pb_module et_flex_group et_pb_css_mix_blend_mode_passthrough\">\n<div class=\"et_pb_group_9 et_pb_group et-last-child et_pb_module et_flex_group et_pb_css_mix_blend_mode_passthrough\">\n<div class=\"et_pb_text_30 et_pb_text et_pb_bg_layout_light et_pb_module et_block_module\"><div class=\"et_pb_text_inner\"><p>Mi hijo ha mejorado much\u00edsimo su espa\u00f1ol gracias a las actividades culturales y al contacto constante con profesores nativos.<\/p>\n<\/div><\/div>\n\n<div class=\"et_pb_text_31 et_pb_text et_pb_bg_layout_light et_pb_module et_block_module\"><div class=\"et_pb_text_inner\"><p>Carolina Vega<\/p>\n<\/div><\/div>\n<\/div>\n<\/div><\/div><div class=\"et_pb_group_carousel_slide\"><div class=\"et_pb_group_10 et_pb_group et_pb_module et_flex_group et_pb_css_mix_blend_mode_passthrough\">\n<div class=\"et_pb_group_11 et_pb_group et-last-child et_pb_module et_flex_group et_pb_css_mix_blend_mode_passthrough\">\n<div class=\"et_pb_text_32 et_pb_text et_pb_bg_layout_light et_pb_module et_block_module\"><div class=\"et_pb_text_inner\"><p>El enfoque acad\u00e9mico es fuerte, pero siempre equilibrado con apoyo emocional y motivaci\u00f3n.<\/p>\n<\/div><\/div>\n\n<div class=\"et_pb_text_33 et_pb_text et_pb_bg_layout_light et_pb_module et_block_module\"><div class=\"et_pb_text_inner\"><p>Ra\u00fal Mendoza<\/p>\n<\/div><\/div>\n<\/div>\n<\/div><\/div><div class=\"et_pb_group_carousel_slide\"><div class=\"et_pb_group_12 et_pb_group et-last-child et_pb_module et_flex_group et_pb_css_mix_blend_mode_passthrough\">\n<div class=\"et_pb_group_13 et_pb_group et-last-child et_pb_module et_flex_group et_pb_css_mix_blend_mode_passthrough\">\n<div class=\"et_pb_text_34 et_pb_text et_pb_bg_layout_light et_pb_module et_block_module\"><div class=\"et_pb_text_inner\"><p><span style=\"font-weight: 400;\">ITSW prepara a los alumnos no solo para ex\u00e1menes, sino para comunicarse con naturalidad en varios idiomas.<br \/><\/span><\/p>\n<\/div><\/div>\n\n<div class=\"et_pb_text_35 et_pb_text et_pb_bg_layout_light et_pb_module et_block_module\"><div class=\"et_pb_text_inner\"><p>Isabel N\u00fa\u00f1ez<\/p>\n<\/div><\/div>\n<\/div>\n<\/div><\/div><\/div><\/div><span class=\"et_pb_group_carousel_arrow et_pb_group_carousel_arrow_prev\" role=\"button\" tabindex=\"0\" aria-label=\"Previous slide\"><span class=\"et-pb-icon\">4<\/span><\/span><span class=\"et_pb_group_carousel_arrow et_pb_group_carousel_arrow_next\" role=\"button\" tabindex=\"0\" aria-label=\"Next slide\"><span class=\"et-pb-icon\">5<\/span><\/span><div class=\"et_pb_group_carousel_dots\"><\/div><\/div>\n<\/div>\n<\/div>\n\n<div class=\"et_pb_row_25 et_pb_row et_flex_row\">\n<div class=\"et_pb_column_38 et_pb_column et-last-child et_flex_column et_pb_css_mix_blend_mode_passthrough et_flex_column_24_24 et_flex_column_24_24_tablet et_flex_column_24_24_phone\">\n<div class=\"et_pb_module et_pb_button_module_wrapper et_pb_button_12_wrapper\"><a class=\"et_pb_button_12 et_pb_button et_pb_bg_layout_light et_pb_module et_block_module\" href=\"https:\/\/itsw.edu.pl\/es\/contacto\/\">Ll\u00e1manos y reserva una reuni\u00f3n<\/a><\/div>\n<\/div>\n<\/div>\n<\/div>\n\n<div class=\"et_pb_section_15 et_pb_section et_section_regular et_block_section\">\n<div class=\"et_pb_row_26 et_pb_row et_block_row\">\n<div class=\"et_pb_column_39 et_pb_column et_pb_column_4_4 et-last-child et_block_column et_pb_css_mix_blend_mode_passthrough\">\n<div class=\"et_pb_heading_4 et_pb_heading et_pb_module et_block_module\"><div class=\"et_pb_heading_container\"><h2 class=\"et_pb_module_header\">Preguntas frecuentes: Preguntas frecuentes de los padres sobre la llamada \u00abescuela secundaria\u00bb.<\/h2><\/div><\/div>\n<\/div>\n<\/div>\n\n<div class=\"et_pb_row_27 et_pb_row et_block_row\">\n<div class=\"et_pb_column_40 et_pb_column et_pb_column_4_4 et-last-child et_block_column et_pb_css_mix_blend_mode_passthrough\">\n<div class=\"et_pb_accordion_0 et_pb_accordion et_pb_module et_block_module\">\n<div class=\"et_pb_accordion_item_0 et_pb_accordion_item et_pb_toggle et_pb_module et_pb_toggle_open et_block_module\"><h5 class=\"et_pb_toggle_title\">\u00bfEs necesario que un ni\u00f1o sepa tres idiomas para empezar a estudiar en ITSW (4.\u00ba a 6.\u00ba grado)?<\/h5><div class=\"et_pb_toggle_content\"><p>No. Basta con un conocimiento comunicativo de un idioma de instrucci\u00f3n, como ingl\u00e9s o franc\u00e9s. Se desarrollan otros idiomas a lo largo del curso.<\/p>\n<\/div><\/div>\n\n<div class=\"et_pb_accordion_item_1 et_pb_accordion_item et_pb_toggle et_pb_module et_pb_toggle_close et_block_module\"><h5 class=\"et_pb_toggle_title\">\u00bfQu\u00e9 pasa si mi hijo no habla polaco?<\/h5><div class=\"et_pb_toggle_content\"><p>Esto es com\u00fan en los colegios internacionales. El estudiante recibe apoyo intensivo a trav\u00e9s del programa de Apoyo Ling\u00fc\u00edstico y participa en clases en el idioma que ya domina.<\/p>\n<\/div><\/div>\n\n<div class=\"et_pb_accordion_item_2 et_pb_accordion_item et_pb_toggle et_pb_module et_pb_toggle_close et_block_module\"><h5 class=\"et_pb_toggle_title\">\u00bfSe pondr\u00e1n al d\u00eda los ni\u00f1os que se incorporen m\u00e1s tarde?<\/h5><div class=\"et_pb_toggle_content\"><p>S\u00ed, el programa de Apoyo Ling\u00fc\u00edstico ayuda a alcanzar la fluidez en 1 o 2 a\u00f1os, junto con el aprendizaje de la materia.<\/p>\n<\/div><\/div>\n\n<div class=\"et_pb_accordion_item_3 et_pb_accordion_item et_pb_toggle et_pb_module et_pb_toggle_close et_block_module\"><h5 class=\"et_pb_toggle_title\">\u00bfQu\u00e9 ocurre con los ni\u00f1os que no adquirieron el idioma antes (por ejemplo, en 1.\u00ba a 3.\u00ba grado)?<\/h5><div class=\"et_pb_toggle_content\"><p>Pueden inscribirse, pero necesitan m\u00e1s tiempo de inmersi\u00f3n. Las clases regulares de idiomas y el trabajo con hablantes nativos aceleran el proceso.<\/p>\n<\/div><\/div>\n\n<div class=\"et_pb_accordion_item_4 et_pb_accordion_item et_pb_toggle et_pb_module et_pb_toggle_close et_block_module\"><h5 class=\"et_pb_toggle_title\">\u00bfC\u00f3mo garantiza ITSW que la privaci\u00f3n del idioma no ralentice el aprendizaje?<\/h5><div class=\"et_pb_toggle_content\"><p>Las asignaturas se imparten de forma biling\u00fce y triling\u00fce, de modo que los alumnos asisten a clase en el idioma que conocen, lo que evita atrasos acad\u00e9micos y permite desarrollar gradualmente las habilidades ling\u00fc\u00edsticas.<\/p>\n<\/div><\/div>\n<\/div>\n<\/div>\n<\/div>\n<\/div>\n\n<div class=\"et_pb_section_16 et_pb_section et_section_regular et_block_section\">\n<div class=\"et_pb_row_28 et_pb_row et_block_row\">\n<div class=\"et_pb_column_41 et_pb_column et_pb_column_4_4 et-last-child et_block_column et_pb_css_mix_blend_mode_passthrough\">\n<div class=\"et_pb_heading_5 et_pb_heading et_pb_module et_block_module\"><div class=\"et_pb_heading_container\"><h2 class=\"et_pb_module_header\">Con gusto responderemos a todas sus preguntas. \u00a1Cont\u00e1ctenos!<\/h2><\/div><\/div>\n<\/div>\n<\/div>\n\n<div class=\"et_pb_row_29 et_pb_row et_block_row\">\n<div class=\"et_pb_column_42 et_pb_column et_pb_column_1_2 et_block_column et_pb_css_mix_blend_mode_passthrough\">\n<div class=\"et_pb_text_36 et_pb_text et_pb_bg_layout_light et_pb_module et_block_module\"><div class=\"et_pb_text_inner\"><p>Ll\u00e1menos, escr\u00edbanos o vis\u00edtenos en persona en nuestros campus de Saska K\u0119pa y Powi\u015ble. Estamos aqu\u00ed para ayudarle y responder a todas sus preguntas e inquietudes.<\/p>\n<\/div><\/div>\n\n<div class=\"et_pb_blurb_0 et_pb_blurb et_pb_bg_layout_light et_pb_blurb_position_left et_pb_module et_block_module\"><div class=\"et_pb_blurb_content\"><div class=\"et_pb_main_blurb_image\"><span class=\"et_pb_image_wrap\"><span class=\"et-pb-icon et_animated et_animated\">\uf2a0<\/span><\/span><\/div><div class=\"et_pb_blurb_container\"><div class=\"et_pb_blurb_description\"><p><a href=\"tel:+48533321084\"><strong>+48 533 321 084<\/strong><\/a><\/p>\n<\/div><\/div><\/div><\/div>\n\n<div class=\"et_pb_blurb_1 et_pb_blurb et_pb_bg_layout_light et_pb_blurb_position_left et_pb_module et_block_module\"><div class=\"et_pb_blurb_content\"><div class=\"et_pb_main_blurb_image\"><span class=\"et_pb_image_wrap\"><span class=\"et-pb-icon et_animated et_animated\">\ue010<\/span><\/span><\/div><div class=\"et_pb_blurb_container\"><div class=\"et_pb_blurb_description\"><p><strong><a href=\"mailto:admissions@itsw.education\">admissions@itsw.education<\/a><\/strong><\/p>\n<\/div><\/div><\/div><\/div>\n<\/div>\n\n<div class=\"et_pb_column_43 et_pb_column et_pb_column_1_2 et-last-child et_block_column et_pb_css_mix_blend_mode_passthrough\">\n<div class=\"et_pb_contact_form_0 et_pb_contact_form_container clearfix et_pb_recaptcha_enabled et_pb_module et_flex_module\" data-form_unique_num=\"0\" data-form_unique_id=\"588a9e48-c31a-4a78-a51a-66baa28fb22a\" id=\"et_pb_contact_form_588a9e48-c31a-4a78-a51a-66baa28fb22a\"><div class=\"et-pb-contact-message\"><\/div><div class=\"et_pb_contact\"><form class=\"et_pb_contact_form et_flex_module\" method=\"post\" action=\"https:\/\/itsw.edu.pl\/es\/wp-json\/wp\/v2\/pages\/245099\">\n<div class=\"et_pb_contact_field_0 et_pb_contact_field et_pb_module et_flex_module et_flex_column_24_24 et_flex_column_24_24_tablet et_flex_column_24_24_phone\" data-id=\"imie\" data-type=\"input\"><label class=\"et_pb_contact_form_label\" for=\"et_pb_contact_0_imie_0\">Nombre y apellido<\/label><input type=\"text\" name=\"et_pb_contact_0_imie_0\" id=\"et_pb_contact_0_imie_0\" class=\"input\" data-required_mark=\"required\" data-field_type=\"input\" data-original_id=\"imie\" placeholder=\"Nombre y apellido\" title=\"\" value=\"\" \/><\/div>\n\n<div class=\"et_pb_contact_field_1 et_pb_contact_field et_pb_module et_flex_module et_flex_column_24_24 et_flex_column_24_24_tablet et_flex_column_24_24_phone\" data-id=\"email\" data-type=\"email\"><label class=\"et_pb_contact_form_label\" for=\"et_pb_contact_0_email_1\">Direcci\u00f3n de correo electr\u00f3nico<\/label><input type=\"text\" name=\"et_pb_contact_0_email_1\" id=\"et_pb_contact_0_email_1\" class=\"input\" data-required_mark=\"required\" data-field_type=\"email\" data-original_id=\"email\" placeholder=\"Direcci\u00f3n de correo electr\u00f3nico\" title=\"\" value=\"\" \/><\/div>\n\n<div class=\"et_pb_contact_field_2 et_pb_contact_field et_pb_module et_flex_module et_flex_column_24_24 et_flex_column_24_24_tablet et_flex_column_24_24_phone\" data-id=\"message\" data-type=\"text\"><label class=\"et_pb_contact_form_label\" for=\"et_pb_contact_0_message_2\">Mensaje<\/label><textarea name=\"et_pb_contact_0_message_2\" id=\"et_pb_contact_0_message_2\" class=\"et_pb_contact_message input\" data-required_mark=\"required\" data-field_type=\"text\" data-original_id=\"message\" placeholder=\"Mensaje\"><\/textarea><\/div>\n\n<div class=\"et_pb_contact_field_3 et_pb_contact_field et_pb_module et_flex_module et_flex_column_24_24 et_flex_column_24_24_tablet et_flex_column_24_24_phone\" data-id=\"field_4\" data-type=\"radio\"><label class=\"et_pb_contact_form_label\">Consent<\/label><span class=\"et_pb_contact_field_options_wrapper et_pb_field_module_radio\"><span class=\"et_pb_contact_field_options_title\">Consent<\/span><span class=\"et_pb_contact_field_options_list\"><span class=\"et_pb_contact_field_radio\"><input type=\"radio\" name=\"et_pb_contact_0_field_4_3\" id=\"et_pb_contact_0_field_4_3_0\" class=\"input\" value=\"Doy mi consentimiento para el tratamiento de mis datos personales con el fin de atender mi consulta. La provisi\u00f3n de datos es voluntaria. He sido informado\/a de que tengo derecho a acceder a mis datos, a corregirlos y a solicitar que se deje de procesarlos. El responsable del tratamiento de los datos personales es International Trilingual School of Warsaw sp. z o. o., con sede en la calle Karowa 14\/16 lok. 6, 00-324 Varsovia.\" data-required_mark=\"required\" data-field_type=\"radio\" data-original_id=\"field_4\" data-id=\"-1\" \/><label for=\"et_pb_contact_0_field_4_3_0\"><i><\/i>Doy mi consentimiento para el tratamiento de mis datos personales con el fin de atender mi consulta. La provisi\u00f3n de datos es voluntaria. He sido informado\/a de que tengo derecho a acceder a mis datos, a corregirlos y a solicitar que se deje de procesarlos. El responsable del tratamiento de los datos personales es International Trilingual School of Warsaw sp. z o. o., con sede en la calle Karowa 14\/16 lok. 6, 00-324 Varsovia.<\/label><\/span><\/span><\/span><\/div>\n<input type=\"hidden\" name=\"et_pb_contactform_submit_588a9e48-c31a-4a78-a51a-66baa28fb22a\" value=\"et_contact_proccess\" \/><div class=\"et_contact_bottom_container\"><div class=\"et_pb_button_wrapper\"><button type=\"submit\" name=\"et_builder_submit_button\" class=\"et_pb_button et_pb_contact_submit\">Enviar<\/button><\/div><\/div><input type=\"hidden\" id=\"_wpnonce-et-pb-contact-form-submitted-588a9e48-c31a-4a78-a51a-66baa28fb22a\" name=\"_wpnonce-et-pb-contact-form-submitted-588a9e48-c31a-4a78-a51a-66baa28fb22a\" value=\"48d674f483\" \/><input type=\"hidden\" name=\"_wp_http_referer\" value=\"\/es\/wp-json\/wp\/v2\/pages\/245099\" \/><\/form><\/div><\/div>\n<\/div>\n<\/div>\n<\/div>","protected":false},"excerpt":{"rendered":"","protected":false},"author":3,"featured_media":0,"parent":246473,"menu_order":2,"comment_status":"closed","ping_status":"closed","template":"","meta":{"_acf_changed":false,"inline_featured_image":false,"footnotes":""},"class_list":["post-245099","page","type-page","status-publish","hentry"],"acf":[],"yoast_head":"<!-- This site is optimized with the Yoast SEO plugin v27.5 - https:\/\/yoast.com\/product\/yoast-seo-wordpress\/ -->\n<title>Szko\u0142a podstawowa ITSW klasy 4\u20136 | Tr\u00f3jj\u0119zyczna edukacja w Warszawie - ITSW<\/title>\n<meta name=\"description\" content=\"Tr\u00f3jj\u0119zyczna szko\u0142a podstawowa ITSW (klasy 4\u20136) w Warszawie. Projekty edukacyjne, program mi\u0119dzynarodowy, j\u0119zykowe wsparcie i rozw\u00f3j pasji bez prac domowych.\" \/>\n<meta name=\"robots\" content=\"index, follow, max-snippet:-1, max-image-preview:large, max-video-preview:-1\" \/>\n<link rel=\"canonical\" href=\"https:\/\/itsw.edu.pl\/es\/escuela-primaria\/grados-4-6\/\" \/>\n<meta property=\"og:locale\" content=\"es_ES\" \/>\n<meta property=\"og:type\" content=\"article\" \/>\n<meta property=\"og:title\" content=\"ITSW klasy 4\u20136 | Mi\u0119dzynarodowa edukacja w trzech j\u0119zykach\" \/>\n<meta property=\"og:description\" content=\"Zobacz, jak wygl\u0105da edukacja w klasach 4\u20136 ITSW: tr\u00f3jj\u0119zyczne przedmioty, projekty oparte na Celach Zr\u00f3wnowa\u017conego Rozwoju i rozw\u00f3j bez presji prac domowych.\" \/>\n<meta property=\"og:url\" content=\"https:\/\/itsw.edu.pl\/es\/escuela-primaria\/grados-4-6\/\" \/>\n<meta property=\"og:site_name\" content=\"ITSW\" \/>\n<meta property=\"article:publisher\" content=\"https:\/\/www.facebook.com\/ITSW.School.Escuela.Ecole.XueXiao.Gakko.Warsaw\" \/>\n<meta property=\"article:modified_time\" content=\"2026-04-19T23:51:24+00:00\" \/>\n<meta name=\"twitter:card\" content=\"summary_large_image\" \/>\n<script type=\"application\/ld+json\" class=\"yoast-schema-graph\">{\"@context\":\"https:\\\/\\\/schema.org\",\"@graph\":[{\"@type\":\"Article\",\"@id\":\"https:\\\/\\\/itsw.edu.pl\\\/es\\\/escuela-primaria\\\/grados-4-6\\\/#article\",\"isPartOf\":{\"@id\":\"https:\\\/\\\/itsw.edu.pl\\\/es\\\/escuela-primaria\\\/grados-4-6\\\/\"},\"author\":{\"name\":\"M.K.\",\"@id\":\"https:\\\/\\\/itsw.edu.pl\\\/#\\\/schema\\\/person\\\/4a89b345dd3285b6de291f440f753c8f\"},\"headline\":\"Grados 4-6\",\"datePublished\":\"2026-01-06T10:01:55+00:00\",\"dateModified\":\"2026-04-19T23:51:24+00:00\",\"mainEntityOfPage\":{\"@id\":\"https:\\\/\\\/itsw.edu.pl\\\/es\\\/escuela-primaria\\\/grados-4-6\\\/\"},\"wordCount\":2,\"publisher\":{\"@id\":\"https:\\\/\\\/itsw.edu.pl\\\/#organization\"},\"inLanguage\":\"es\"},{\"@type\":\"WebPage\",\"@id\":\"https:\\\/\\\/itsw.edu.pl\\\/es\\\/escuela-primaria\\\/grados-4-6\\\/\",\"url\":\"https:\\\/\\\/itsw.edu.pl\\\/es\\\/escuela-primaria\\\/grados-4-6\\\/\",\"name\":\"Szko\u0142a podstawowa ITSW klasy 4\u20136 | Tr\u00f3jj\u0119zyczna edukacja w Warszawie - ITSW\",\"isPartOf\":{\"@id\":\"https:\\\/\\\/itsw.edu.pl\\\/#website\"},\"datePublished\":\"2026-01-06T10:01:55+00:00\",\"dateModified\":\"2026-04-19T23:51:24+00:00\",\"description\":\"Tr\u00f3jj\u0119zyczna szko\u0142a podstawowa ITSW (klasy 4\u20136) w Warszawie. Projekty edukacyjne, program mi\u0119dzynarodowy, j\u0119zykowe wsparcie i rozw\u00f3j pasji bez prac domowych.\",\"breadcrumb\":{\"@id\":\"https:\\\/\\\/itsw.edu.pl\\\/es\\\/escuela-primaria\\\/grados-4-6\\\/#breadcrumb\"},\"inLanguage\":\"es\",\"potentialAction\":[{\"@type\":\"ReadAction\",\"target\":[\"https:\\\/\\\/itsw.edu.pl\\\/es\\\/escuela-primaria\\\/grados-4-6\\\/\"]}]},{\"@type\":\"BreadcrumbList\",\"@id\":\"https:\\\/\\\/itsw.edu.pl\\\/es\\\/escuela-primaria\\\/grados-4-6\\\/#breadcrumb\",\"itemListElement\":[{\"@type\":\"ListItem\",\"position\":1,\"name\":\"ITSW\",\"item\":\"https:\\\/\\\/itsw.edu.pl\\\/es\\\/\"},{\"@type\":\"ListItem\",\"position\":2,\"name\":\"Szko\u0142a podstawowa es\",\"item\":\"https:\\\/\\\/itsw.edu.pl\\\/es\\\/escuela-primaria\\\/\"},{\"@type\":\"ListItem\",\"position\":3,\"name\":\"Grados 4-6\"}]},{\"@type\":\"WebSite\",\"@id\":\"https:\\\/\\\/itsw.edu.pl\\\/#website\",\"url\":\"https:\\\/\\\/itsw.edu.pl\\\/\",\"name\":\"ITSW\",\"description\":\"\",\"publisher\":{\"@id\":\"https:\\\/\\\/itsw.edu.pl\\\/#organization\"},\"alternateName\":\"International Trilingual School of Warsaw\",\"potentialAction\":[{\"@type\":\"SearchAction\",\"target\":{\"@type\":\"EntryPoint\",\"urlTemplate\":\"https:\\\/\\\/itsw.edu.pl\\\/?s={search_term_string}\"},\"query-input\":{\"@type\":\"PropertyValueSpecification\",\"valueRequired\":true,\"valueName\":\"search_term_string\"}}],\"inLanguage\":\"es\"},{\"@type\":\"Organization\",\"@id\":\"https:\\\/\\\/itsw.edu.pl\\\/#organization\",\"name\":\"International Trilingual School of Warsaw\",\"alternateName\":\"International Trilingual School of Warsaw\",\"url\":\"https:\\\/\\\/itsw.edu.pl\\\/\",\"logo\":{\"@type\":\"ImageObject\",\"inLanguage\":\"es\",\"@id\":\"https:\\\/\\\/itsw.edu.pl\\\/#\\\/schema\\\/logo\\\/image\\\/\",\"url\":\"https:\\\/\\\/itsw.edu.pl\\\/wp-content\\\/uploads\\\/itsw-logo.png\",\"contentUrl\":\"https:\\\/\\\/itsw.edu.pl\\\/wp-content\\\/uploads\\\/itsw-logo.png\",\"width\":350,\"height\":103,\"caption\":\"International Trilingual School of Warsaw\"},\"image\":{\"@id\":\"https:\\\/\\\/itsw.edu.pl\\\/#\\\/schema\\\/logo\\\/image\\\/\"},\"sameAs\":[\"https:\\\/\\\/www.facebook.com\\\/ITSW.School.Escuela.Ecole.XueXiao.Gakko.Warsaw\"]},{\"@type\":\"Person\",\"@id\":\"https:\\\/\\\/itsw.edu.pl\\\/#\\\/schema\\\/person\\\/4a89b345dd3285b6de291f440f753c8f\",\"name\":\"M.K.\"}]}<\/script>\n<!-- \/ Yoast SEO plugin. -->","yoast_head_json":{"title":"Szko\u0142a podstawowa ITSW klasy 4\u20136 | Tr\u00f3jj\u0119zyczna edukacja w Warszawie - ITSW","description":"Tr\u00f3jj\u0119zyczna szko\u0142a podstawowa ITSW (klasy 4\u20136) w Warszawie. Projekty edukacyjne, program mi\u0119dzynarodowy, j\u0119zykowe wsparcie i rozw\u00f3j pasji bez prac domowych.","robots":{"index":"index","follow":"follow","max-snippet":"max-snippet:-1","max-image-preview":"max-image-preview:large","max-video-preview":"max-video-preview:-1"},"canonical":"https:\/\/itsw.edu.pl\/es\/escuela-primaria\/grados-4-6\/","og_locale":"es_ES","og_type":"article","og_title":"ITSW klasy 4\u20136 | Mi\u0119dzynarodowa edukacja w trzech j\u0119zykach","og_description":"Zobacz, jak wygl\u0105da edukacja w klasach 4\u20136 ITSW: tr\u00f3jj\u0119zyczne przedmioty, projekty oparte na Celach Zr\u00f3wnowa\u017conego Rozwoju i rozw\u00f3j bez presji prac domowych.","og_url":"https:\/\/itsw.edu.pl\/es\/escuela-primaria\/grados-4-6\/","og_site_name":"ITSW","article_publisher":"https:\/\/www.facebook.com\/ITSW.School.Escuela.Ecole.XueXiao.Gakko.Warsaw","article_modified_time":"2026-04-19T23:51:24+00:00","twitter_card":"summary_large_image","schema":{"@context":"https:\/\/schema.org","@graph":[{"@type":"Article","@id":"https:\/\/itsw.edu.pl\/es\/escuela-primaria\/grados-4-6\/#article","isPartOf":{"@id":"https:\/\/itsw.edu.pl\/es\/escuela-primaria\/grados-4-6\/"},"author":{"name":"M.K.","@id":"https:\/\/itsw.edu.pl\/#\/schema\/person\/4a89b345dd3285b6de291f440f753c8f"},"headline":"Grados 4-6","datePublished":"2026-01-06T10:01:55+00:00","dateModified":"2026-04-19T23:51:24+00:00","mainEntityOfPage":{"@id":"https:\/\/itsw.edu.pl\/es\/escuela-primaria\/grados-4-6\/"},"wordCount":2,"publisher":{"@id":"https:\/\/itsw.edu.pl\/#organization"},"inLanguage":"es"},{"@type":"WebPage","@id":"https:\/\/itsw.edu.pl\/es\/escuela-primaria\/grados-4-6\/","url":"https:\/\/itsw.edu.pl\/es\/escuela-primaria\/grados-4-6\/","name":"Szko\u0142a podstawowa ITSW klasy 4\u20136 | Tr\u00f3jj\u0119zyczna edukacja w Warszawie - ITSW","isPartOf":{"@id":"https:\/\/itsw.edu.pl\/#website"},"datePublished":"2026-01-06T10:01:55+00:00","dateModified":"2026-04-19T23:51:24+00:00","description":"Tr\u00f3jj\u0119zyczna szko\u0142a podstawowa ITSW (klasy 4\u20136) w Warszawie. Projekty edukacyjne, program mi\u0119dzynarodowy, j\u0119zykowe wsparcie i rozw\u00f3j pasji bez prac domowych.","breadcrumb":{"@id":"https:\/\/itsw.edu.pl\/es\/escuela-primaria\/grados-4-6\/#breadcrumb"},"inLanguage":"es","potentialAction":[{"@type":"ReadAction","target":["https:\/\/itsw.edu.pl\/es\/escuela-primaria\/grados-4-6\/"]}]},{"@type":"BreadcrumbList","@id":"https:\/\/itsw.edu.pl\/es\/escuela-primaria\/grados-4-6\/#breadcrumb","itemListElement":[{"@type":"ListItem","position":1,"name":"ITSW","item":"https:\/\/itsw.edu.pl\/es\/"},{"@type":"ListItem","position":2,"name":"Szko\u0142a podstawowa es","item":"https:\/\/itsw.edu.pl\/es\/escuela-primaria\/"},{"@type":"ListItem","position":3,"name":"Grados 4-6"}]},{"@type":"WebSite","@id":"https:\/\/itsw.edu.pl\/#website","url":"https:\/\/itsw.edu.pl\/","name":"ITSW","description":"","publisher":{"@id":"https:\/\/itsw.edu.pl\/#organization"},"alternateName":"International Trilingual School of Warsaw","potentialAction":[{"@type":"SearchAction","target":{"@type":"EntryPoint","urlTemplate":"https:\/\/itsw.edu.pl\/?s={search_term_string}"},"query-input":{"@type":"PropertyValueSpecification","valueRequired":true,"valueName":"search_term_string"}}],"inLanguage":"es"},{"@type":"Organization","@id":"https:\/\/itsw.edu.pl\/#organization","name":"International Trilingual School of Warsaw","alternateName":"International Trilingual School of Warsaw","url":"https:\/\/itsw.edu.pl\/","logo":{"@type":"ImageObject","inLanguage":"es","@id":"https:\/\/itsw.edu.pl\/#\/schema\/logo\/image\/","url":"https:\/\/itsw.edu.pl\/wp-content\/uploads\/itsw-logo.png","contentUrl":"https:\/\/itsw.edu.pl\/wp-content\/uploads\/itsw-logo.png","width":350,"height":103,"caption":"International Trilingual School of Warsaw"},"image":{"@id":"https:\/\/itsw.edu.pl\/#\/schema\/logo\/image\/"},"sameAs":["https:\/\/www.facebook.com\/ITSW.School.Escuela.Ecole.XueXiao.Gakko.Warsaw"]},{"@type":"Person","@id":"https:\/\/itsw.edu.pl\/#\/schema\/person\/4a89b345dd3285b6de291f440f753c8f","name":"M.K."}]}},"_links":{"self":[{"href":"https:\/\/itsw.edu.pl\/es\/wp-json\/wp\/v2\/pages\/245099","targetHints":{"allow":["GET"]}}],"collection":[{"href":"https:\/\/itsw.edu.pl\/es\/wp-json\/wp\/v2\/pages"}],"about":[{"href":"https:\/\/itsw.edu.pl\/es\/wp-json\/wp\/v2\/types\/page"}],"author":[{"embeddable":true,"href":"https:\/\/itsw.edu.pl\/es\/wp-json\/wp\/v2\/users\/3"}],"replies":[{"embeddable":true,"href":"https:\/\/itsw.edu.pl\/es\/wp-json\/wp\/v2\/comments?post=245099"}],"version-history":[{"count":34,"href":"https:\/\/itsw.edu.pl\/es\/wp-json\/wp\/v2\/pages\/245099\/revisions"}],"predecessor-version":[{"id":252347,"href":"https:\/\/itsw.edu.pl\/es\/wp-json\/wp\/v2\/pages\/245099\/revisions\/252347"}],"up":[{"embeddable":true,"href":"https:\/\/itsw.edu.pl\/es\/wp-json\/wp\/v2\/pages\/246473"}],"wp:attachment":[{"href":"https:\/\/itsw.edu.pl\/es\/wp-json\/wp\/v2\/media?parent=245099"}],"curies":[{"name":"wp","href":"https:\/\/api.w.org\/{rel}","templated":true}]}}