{"id":245084,"date":"2026-01-06T19:54:10","date_gmt":"2026-01-06T18:54:10","guid":{"rendered":"https:\/\/itsw.edu.pl\/?page_id=245084"},"modified":"2026-03-14T15:54:25","modified_gmt":"2026-03-14T14:54:25","slug":"grados-7-8-y-escuela-secundaria","status":"publish","type":"page","link":"https:\/\/itsw.edu.pl\/es\/escuela-primaria\/grados-7-8-y-escuela-secundaria\/","title":{"rendered":"Grados 7-8 y Escuela Secundaria"},"content":{"rendered":"<div class=\"et_pb_section_0 et_pb_section et_section_regular et_block_section\">\n<div class=\"et_pb_row_0 et_pb_row et_block_row\">\n<div class=\"et_pb_column_0 et_pb_column et_pb_column_4_4 et-last-child et_block_column et_pb_css_mix_blend_mode_passthrough\">\n<div class=\"et_pb_heading_0 et_pb_heading et_pb_module et_block_module\"><div class=\"et_pb_heading_container\"><h1 class=\"et_pb_module_header\">Educaci\u00f3n triling\u00fce en 7.\u00ba y 8.\u00ba grado: preparaci\u00f3n para ex\u00e1menes internacionales<\/h1><\/div><\/div>\n<\/div>\n<\/div>\n\n<div class=\"et_pb_row_1 et_pb_row et_flex_row\">\n<div class=\"et_pb_column_1 et_pb_column et_block_column et_pb_css_mix_blend_mode_passthrough et_flex_column_2_5 et_flex_column_2_5_tablet et_flex_column_24_24_phone\">\n<div class=\"et_pb_text_0 et_pb_text et_pb_bg_layout_light et_pb_module et_block_module\"><div class=\"et_pb_text_inner\"><p data-start=\"67\" data-end=\"458\"><strong data-start=\"67\" data-end=\"152\">En los grados 7\u20138, los alumnos de ITSW aprenden en un entorno triling\u00fce intensivo<\/strong>, que los prepara para ex\u00e1menes internacionales y para la elecci\u00f3n de su futura trayectoria educativa, tanto en Polonia como en el extranjero. Aqu\u00ed, el idioma no es una \u201casignatura\u201d, sino una <strong data-start=\"344\" data-end=\"457\">herramienta para adquirir conocimientos, analizar, argumentar y presentar los resultados de su propio trabajo<\/strong>.<\/p>\n<p data-start=\"460\" data-end=\"796\">Los adolescentes trabajan en <strong data-start=\"489\" data-end=\"518\">tres lenguas de ense\u00f1anza<\/strong>: ingl\u00e9s, polaco y un tercer idioma elegido (espa\u00f1ol, franc\u00e9s, chino o japon\u00e9s). Gracias a ello, se presentan con confianza a ex\u00e1menes como <strong data-start=\"658\" data-end=\"716\">Cambridge Checkpoint, IGCSE, el Examen de Octavo Grado<\/strong> y a las certificaciones ling\u00fc\u00edsticas correspondientes a su lengua de ense\u00f1anza.<\/p>\n<p><span><\/span><\/p>\n<\/div><\/div>\n<\/div>\n\n<div class=\"et_pb_column_2 et_pb_column et-last-child et_block_column et_pb_css_mix_blend_mode_passthrough et_flex_column_16_24 et_flex_column_16_24_tablet et_flex_column_24_24_phone\">\n<div class=\"et_pb_group_0 et_pb_group et-last-child et_pb_module et_flex_group et_pb_css_mix_blend_mode_passthrough\">\n<div class=\"et_pb_group_1 et_pb_group et_pb_module et_flex_group et_pb_css_mix_blend_mode_passthrough\">\n<div class=\"et_pb_image_0 et_pb_image et_pb_module et_block_module\"><span class=\"et_pb_image_wrap\"><img decoding=\"async\" src=\"https:\/\/itsw.edu.pl\/wp-content\/uploads\/szkola-miedzynarodowa-klasy-7-8.jpg\" title=\"szkola miedzynarodowa klasy 7-8\" width=\"1920\" height=\"1080\" srcset=\"https:\/\/itsw.edu.pl\/wp-content\/uploads\/szkola-miedzynarodowa-klasy-7-8.jpg 1920w, https:\/\/itsw.edu.pl\/wp-content\/uploads\/szkola-miedzynarodowa-klasy-7-8-1280x720.jpg 1280w, https:\/\/itsw.edu.pl\/wp-content\/uploads\/szkola-miedzynarodowa-klasy-7-8-980x551.jpg 980w, https:\/\/itsw.edu.pl\/wp-content\/uploads\/szkola-miedzynarodowa-klasy-7-8-480x270.jpg 480w\" sizes=\"(min-width: 0px) and (max-width: 480px) 480px, (min-width: 481px) and (max-width: 980px) 980px, (min-width: 981px) and (max-width: 1280px) 1280px, (min-width: 1281px) 1920px, 100vw\" class=\"wp-image-249808\" \/><\/span><\/div>\n<\/div>\n\n<div class=\"et_pb_image_1 et_pb_image et_pb_module et_flex_module\"><span class=\"et_pb_image_wrap\"><img decoding=\"async\" src=\"https:\/\/itsw.edu.pl\/wp-content\/uploads\/decor.svg\" title=\"decor\" width=\"50\" height=\"200\" srcset=\"https:\/\/itsw.edu.pl\/wp-content\/uploads\/decor.svg 50w\" sizes=\"(min-width: 0px) and (max-width: 0px) 0px, (min-width: 1px) 50px, 100vw\" class=\"wp-image-244688\" \/><\/span><\/div>\n<\/div>\n<\/div>\n<\/div>\n\n<div class=\"et_pb_row_2 et_pb_row et_flex_row\">\n<div class=\"et_pb_column_3 et_pb_column et-last-child et_flex_column et_pb_css_mix_blend_mode_passthrough et_flex_column_24_24 et_flex_column_24_24_tablet et_flex_column_24_24_phone\">\n<div class=\"et_pb_text_1 et_pb_text et_pb_bg_layout_light et_pb_module et_block_module\"><div class=\"et_pb_text_inner\"><p data-start=\"460\" data-end=\"796\">\n<p data-start=\"798\" data-end=\"1134\">El plan de estudios incluye <strong data-start=\"826\" data-end=\"925\">matem\u00e1ticas, lengua y literatura, biolog\u00eda, f\u00edsica, qu\u00edmica, historia, geograf\u00eda, arte y m\u00fasica<\/strong>, impartidas por <strong data-start=\"942\" data-end=\"994\">docentes nativos o especialistas en cada materia<\/strong>. Se trata de un entorno en el que los alumnos desarrollan el pensamiento cr\u00edtico, la autonom\u00eda y las competencias de trabajo por proyectos.<\/p>\n<p data-start=\"1136\" data-end=\"1475\">En la etapa de <strong data-start=\"1151\" data-end=\"1188\">grados 7\u20138 de la escuela primaria<\/strong>, un buen dominio del idioma de ense\u00f1anza permite un acceso pleno a los contenidos acad\u00e9micos y favorece la obtenci\u00f3n de <strong data-start=\"1309\" data-end=\"1343\">buenos o muy buenos resultados<\/strong> en los ex\u00e1menes <strong data-start=\"1360\" data-end=\"1474\">Cambridge Checkpoint, IGCSE (Cambridge), el Examen de Octavo Grado y los ex\u00e1menes de certificaci\u00f3n ling\u00fc\u00edstica<\/strong>.<\/p>\n<\/div><\/div>\n\n<div class=\"et_pb_module et_pb_button_module_wrapper et_pb_button_0_wrapper\"><a class=\"et_pb_button_0 et_pb_button et_pb_bg_layout_light et_pb_module et_block_module\" href=\"https:\/\/itsw.edu.pl\/es\/formulario-de-admision\/\">Inscribe a tu hijo hoy<\/a><\/div>\n<\/div>\n<\/div>\n<\/div>\n\n<div class=\"et_pb_section_1 et_pb_section et_section_regular et_block_section\">\n<div class=\"et_pb_row_3 et_pb_row et_block_row\">\n<div class=\"et_pb_column_4 et_pb_column et_pb_column_1_2 et_block_column et_pb_css_mix_blend_mode_passthrough\">\n<div class=\"et_pb_text_2 et_pb_text et_pb_bg_layout_light et_pb_module et_block_module\"><div class=\"et_pb_text_inner\"><h3 style=\"margin-bottom: 15px;\"><span>Ex\u00e1menes de Cambridge: un paso natural en el camino educativo de ITSW<\/span><\/h3>\n<p>ITSW cuenta con la acreditaci\u00f3n de Cambridge International, lo que significa que el curr\u00edculo y los m\u00e9todos de ense\u00f1anza cumplen con los est\u00e1ndares educativos globales.<\/p>\n<p>Esto garantiza que los estudiantes:<\/p>\n<p>&#8211; estudien seg\u00fan est\u00e1ndares internacionales,<br \/>&#8211; obtengan titulaciones reconocidas internacionalmente,<br \/>&#8211; puedan solicitar admisi\u00f3n a escuelas secundarias en Polonia y en el extranjero,<br \/>&#8211; desarrollen las competencias acad\u00e9micas necesarias para el \u00e9xito en la educaci\u00f3n superior.<\/p>\n<\/div><\/div>\n\n<div class=\"et_pb_module et_pb_button_module_wrapper et_pb_button_1_wrapper\"><a class=\"et_pb_button_1 et_pb_button et_pb_bg_layout_light et_pb_module et_block_module\" href=\"https:\/\/itsw.edu.pl\/es\/contacto\/\">Agenda una reuni\u00f3n<\/a><\/div>\n<\/div>\n\n<div class=\"et_pb_column_5 et_pb_column et_pb_column_1_2 et-last-child et_block_column et_pb_css_mix_blend_mode_passthrough\">\n<div class=\"et_pb_image_2 et_pb_image et_pb_module et_block_module\"><span class=\"et_pb_image_wrap\"><img decoding=\"async\" src=\"https:\/\/itsw.edu.pl\/wp-content\/uploads\/igecs-egazmin.jpg\" title=\"igecs egazmin\" width=\"833\" height=\"675\" srcset=\"https:\/\/itsw.edu.pl\/wp-content\/uploads\/igecs-egazmin.jpg 833w, https:\/\/itsw.edu.pl\/wp-content\/uploads\/igecs-egazmin-480x389.jpg 480w\" sizes=\"(min-width: 0px) and (max-width: 480px) 480px, (min-width: 481px) 833px, 100vw\" class=\"wp-image-245035\" alt=\"Grupa dzieci siedz\u0105ca w k\u00f3\u0142ku uczy sie j\u0119zyka\" \/><\/span><\/div>\n<\/div>\n<\/div>\n\n<div class=\"et_pb_row_4 et_pb_row et_flex_row\">\n<div class=\"et_pb_column_6 et_pb_column et-last-child et_block_column et_pb_css_mix_blend_mode_passthrough et_flex_column_24_24 et_flex_column_24_24_tablet et_flex_column_24_24_phone\">\n<div class=\"et_pb_text_3 et_pb_text et_pb_bg_layout_light et_pb_module et_block_module\"><div class=\"et_pb_text_inner\"><p>El Cambridge Checkpoint y el Cambridge IGCSE se encuentran entre los ex\u00e1menes internacionales m\u00e1s prestigiosos. En ITSW, la preparaci\u00f3n para los ex\u00e1menes Cambridge Checkpoint e IGCSE se realiza en ingl\u00e9s, de acuerdo con los est\u00e1ndares de Cambridge. Los estudiantes alcanzan esta etapa de forma natural, mediante el trabajo sistem\u00e1tico en los grados 1.\u00ba a 6.\u00ba, un desarrollo acad\u00e9mico constante y una inmersi\u00f3n diaria en el ingl\u00e9s.<\/p>\n<\/div><\/div>\n<\/div>\n<\/div>\n<\/div>\n\n<div class=\"et_pb_section_2 et_pb_section et_section_regular et_block_section\">\n<div class=\"et_pb_row_5 et_pb_row et_flex_row custom_row\">\n<div class=\"et_pb_column_7 et_pb_column et_block_column et_pb_css_mix_blend_mode_passthrough et_flex_column_24_24 et_flex_column_24_24_tablet et_flex_column_24_24_phone second-on-mobile\">\n<div class=\"et_pb_image_3 et_pb_image et_pb_module et_block_module\"><span class=\"et_pb_image_wrap\"><img decoding=\"async\" src=\"https:\/\/itsw.edu.pl\/wp-content\/uploads\/indywidualne-podejscie-w-edukacji.jpg\" title=\"Indywidualne podejscie w edukacji\" width=\"678\" height=\"898\" srcset=\"https:\/\/itsw.edu.pl\/wp-content\/uploads\/indywidualne-podejscie-w-edukacji.jpg 678w, https:\/\/itsw.edu.pl\/wp-content\/uploads\/indywidualne-podejscie-w-edukacji-480x636.jpg 480w\" sizes=\"(min-width: 0px) and (max-width: 480px) 480px, (min-width: 481px) 678px, 100vw\" class=\"wp-image-245012\" alt=\"ITSW dzieci ucza si\u0119 przez zabaw\u0119\" \/><\/span><\/div>\n<\/div>\n\n<div class=\"et_pb_column_8 et_pb_column et-last-child et_block_column et_pb_css_mix_blend_mode_passthrough et_flex_column_24_24 et_flex_column_24_24_tablet et_flex_column_24_24_phone first-on-mobile\">\n<div class=\"et_pb_text_4 et_pb_text et_pb_bg_layout_light et_pb_module et_block_module\"><div class=\"et_pb_text_inner\"><h3 style=\"margin-bottom: 15px;\">Asignaturas triling\u00fces y proyectos que desarrollan competencias acad\u00e9micas<\/h3>\n<p data-start=\"145\" data-end=\"365\">El programa <strong data-start=\"157\" data-end=\"196\">multicultural y multiling\u00fce de ITSW<\/strong> permite a los alumnos de los <strong data-start=\"226\" data-end=\"240\">grados 7\u20138<\/strong> realizar una transici\u00f3n fluida hacia los estudios en <strong data-start=\"294\" data-end=\"323\">liceos y centros t\u00e9cnicos<\/strong>, en una de las tres lenguas de ense\u00f1anza.<\/p>\n<p data-start=\"367\" data-end=\"572\">En esta etapa esperamos de nuestros alumnos un <strong data-start=\"414\" data-end=\"442\">mayor grado de autonom\u00eda<\/strong>, que les permita participar activamente en las clases de las distintas asignaturas y tomar <strong data-start=\"534\" data-end=\"571\">decisiones educativas conscientes<\/strong>.<\/p>\n<p data-start=\"574\" data-end=\"703\">El plan de estudios incluye el desarrollo de <strong data-start=\"619\" data-end=\"670\">competencias acad\u00e9micas, sociales y emocionales<\/strong> a trav\u00e9s de proyectos, as\u00ed como:<\/p>\n<ul data-start=\"705\" data-end=\"1057\">\n<li data-start=\"705\" data-end=\"854\">\n<p data-start=\"707\" data-end=\"854\"><strong data-start=\"707\" data-end=\"751\">Asignaturas impartidas de forma biling\u00fce<\/strong>: matem\u00e1ticas, ciencias naturales y biolog\u00eda (por ejemplo, en ingl\u00e9s y polaco o en ingl\u00e9s y franc\u00e9s).<\/p>\n<\/li>\n<li data-start=\"855\" data-end=\"964\">\n<p data-start=\"857\" data-end=\"964\"><strong data-start=\"857\" data-end=\"902\">Asignaturas impartidas de forma triling\u00fce<\/strong>: lengua y literatura, as\u00ed como educaci\u00f3n social y cultural.<\/p>\n<\/li>\n<li data-start=\"965\" data-end=\"1057\">\n<p data-start=\"967\" data-end=\"1057\"><strong data-start=\"967\" data-end=\"1012\">Asignaturas impartidas en una sola lengua<\/strong>: m\u00fasica, artes pl\u00e1sticas y educaci\u00f3n f\u00edsica.<\/p>\n<\/li>\n<\/ul>\n<p data-start=\"1059\" data-end=\"1319\">La <strong data-start=\"1062\" data-end=\"1108\">individualizaci\u00f3n del proceso de ense\u00f1anza<\/strong> es fundamental: los alumnos desarrollan las competencias necesarias para avanzar a las siguientes etapas educativas (liceo y formaci\u00f3n t\u00e9cnica), aprendiendo a equilibrar la <strong data-start=\"1282\" data-end=\"1318\">autonom\u00eda con la responsabilidad<\/strong>.<\/p>\n<\/div><\/div>\n\n<div class=\"et_pb_module et_pb_button_module_wrapper et_pb_button_2_wrapper\"><a class=\"et_pb_button_2 et_pb_button et_pb_bg_layout_light et_pb_module et_block_module\" href=\"https:\/\/itsw.edu.pl\/es\/escuela-primaria\/grados-7-8-y-escuela-secundaria\/equipo-de-maestros\/\">Conoce a nuestro equipo<\/a><\/div>\n<\/div>\n<\/div>\n<\/div>\n\n<div class=\"et_pb_section_3 et_pb_section et_section_regular et_block_section\">\n<div class=\"et_pb_row_6 et_pb_row et_flex_row custom_row\">\n<div class=\"et_pb_column_9 et_pb_column et_block_column et_pb_css_mix_blend_mode_passthrough et_flex_column_24_24 et_flex_column_24_24_tablet et_flex_column_24_24_phone first-on-mobile\">\n<div class=\"et_pb_text_5 et_pb_text et_pb_bg_layout_light et_pb_module et_block_module\"><div class=\"et_pb_text_inner\"><h3 style=\"margin-bottom: 15px;\">Plan de estudios en los grados 7\u20138 \u2014 educaci\u00f3n triling\u00fce que prepara para ex\u00e1menes internacionales<\/h3>\n<p data-start=\"61\" data-end=\"515\">En los <strong data-start=\"68\" data-end=\"82\">grados 7\u20138<\/strong>, los alumnos de <strong data-start=\"99\" data-end=\"107\">ITSW<\/strong> desarrollan <strong data-start=\"120\" data-end=\"168\">competencias acad\u00e9micas y ling\u00fc\u00edsticas clave<\/strong>, perfeccionando matem\u00e1ticas, literatura, biolog\u00eda y asignaturas human\u00edsticas en un <strong data-start=\"252\" data-end=\"273\">entorno triling\u00fce<\/strong>. Los estudiantes aprenden la historia, la geograf\u00eda y la cultura de los pa\u00edses cuyas lenguas dominan con fluidez, al tiempo que desarrollan el <strong data-start=\"417\" data-end=\"440\">pensamiento cr\u00edtico<\/strong>, la <strong data-start=\"445\" data-end=\"461\">colaboraci\u00f3n<\/strong>, la <strong data-start=\"466\" data-end=\"483\">argumentaci\u00f3n<\/strong> y las <strong data-start=\"490\" data-end=\"514\">habilidades sociales<\/strong>.<\/p>\n<p data-start=\"517\" data-end=\"815\">Esta etapa educativa los prepara para el <strong data-start=\"558\" data-end=\"584\">Examen de Octavo Grado<\/strong> y para los <strong data-start=\"596\" data-end=\"658\">ex\u00e1menes internacionales de Cambridge (Checkpoint e IGCSE)<\/strong>, que certifican el dominio de los contenidos en lengua inglesa y abren el camino hacia <strong data-start=\"746\" data-end=\"775\">liceos y centros t\u00e9cnicos<\/strong> tanto en Polonia como en el extranjero.<\/p>\n<\/div><\/div>\n\n<div class=\"et_pb_module et_pb_button_module_wrapper et_pb_button_3_wrapper\"><a class=\"et_pb_button_3 et_pb_button et_pb_bg_layout_light et_pb_module et_block_module\" href=\"https:\/\/itsw.edu.pl\/es\/conocenos\/sobre-itsw\/\">M\u00e1s sobre ITSW<\/a><\/div>\n<\/div>\n\n<div class=\"et_pb_column_10 et_pb_column et-last-child et_block_column et_pb_css_mix_blend_mode_passthrough et_flex_column_24_24 et_flex_column_24_24_tablet et_flex_column_24_24_phone second-on-mobile\">\n<div class=\"et_pb_image_4 et_pb_image et_pb_module et_block_module\"><span class=\"et_pb_image_wrap\"><img decoding=\"async\" src=\"https:\/\/itsw.edu.pl\/wp-content\/uploads\/egzamin-oswmioklasistow-polski-matematyka.jpg\" title=\"igecs egazmin\" width=\"555\" height=\"450\" srcset=\"https:\/\/itsw.edu.pl\/wp-content\/uploads\/egzamin-oswmioklasistow-polski-matematyka.jpg 555w, https:\/\/itsw.edu.pl\/wp-content\/uploads\/egzamin-oswmioklasistow-polski-matematyka-480x389.jpg 480w\" sizes=\"(min-width: 0px) and (max-width: 480px) 480px, (min-width: 481px) 555px, 100vw\" class=\"wp-image-245027\" alt=\"Grupa dzieci siedz\u0105ca w k\u00f3\u0142ku uczy sie j\u0119zyka\" \/><\/span><\/div>\n<\/div>\n<\/div>\n<\/div>\n\n<div class=\"et_pb_section_4 et_pb_section et_section_regular et_block_section\">\n<div class=\"et_pb_row_7 et_pb_row et_flex_row custom_row\">\n<div class=\"et_pb_column_11 et_pb_column et_block_column et_pb_css_mix_blend_mode_passthrough et_flex_column_24_24 et_flex_column_24_24_tablet et_flex_column_24_24_phone first-on-mobile\">\n<div class=\"et_pb_image_5 et_pb_image et_pb_module et_block_module\"><span class=\"et_pb_image_wrap\"><img decoding=\"async\" src=\"https:\/\/itsw.edu.pl\/wp-content\/uploads\/robotyka-w-szkole-podstawowej.jpg\" title=\"igecs egazmin\" width=\"555\" height=\"450\" srcset=\"https:\/\/itsw.edu.pl\/wp-content\/uploads\/robotyka-w-szkole-podstawowej.jpg 555w, https:\/\/itsw.edu.pl\/wp-content\/uploads\/robotyka-w-szkole-podstawowej-480x389.jpg 480w\" sizes=\"(min-width: 0px) and (max-width: 480px) 480px, (min-width: 481px) 555px, 100vw\" class=\"wp-image-245169\" alt=\"Grupa dzieci siedz\u0105ca w k\u00f3\u0142ku uczy sie j\u0119zyka\" \/><\/span><\/div>\n<\/div>\n\n<div class=\"et_pb_column_12 et_pb_column et-last-child et_block_column et_pb_css_mix_blend_mode_passthrough et_flex_column_24_24 et_flex_column_24_24_tablet et_flex_column_24_24_phone first-on-mobile\">\n<div class=\"et_pb_text_6 et_pb_text et_pb_bg_layout_light et_pb_module et_block_module\">\n<div class=\"et_pb_text_7 et_pb_text et_pb_bg_layout_light et_pb_module et_block_module\"><div class=\"et_pb_text_inner\"><h3 style=\"margin-bottom: 15px; text-align: left;\">Preparaci\u00f3n para el Examen de Octavo Grado y concursos acad\u00e9micos<\/h3>\n<p data-start=\"141\" data-end=\"364\">Cada alumno de nuestra escuela tiene la posibilidad de presentarse al <strong data-start=\"211\" data-end=\"237\">Examen de Octavo Grado<\/strong>. Dentro de las clases lectivas regulares, preparamos a los estudiantes para los ex\u00e1menes de <strong data-start=\"330\" data-end=\"361\">matem\u00e1ticas y lengua polaca<\/strong>.<\/p>\n<p data-start=\"366\" data-end=\"798\">Adem\u00e1s, ofrecemos una <strong data-start=\"388\" data-end=\"417\">preparaci\u00f3n personalizada<\/strong> a trav\u00e9s de <strong data-start=\"430\" data-end=\"467\">talleres adicionales por la tarde<\/strong>, adaptados a las necesidades individuales de cada alumno. Estos talleres extra tambi\u00e9n permiten a los estudiantes obtener los t\u00edtulos de <strong data-start=\"605\" data-end=\"631\">laureados y finalistas<\/strong> en <strong data-start=\"635\" data-end=\"672\">concursos y olimpiadas acad\u00e9micas<\/strong>, lo que les proporciona <strong data-start=\"697\" data-end=\"719\">puntos adicionales<\/strong>, tan importantes en el proceso de admisi\u00f3n a la educaci\u00f3n secundaria (liceos).<\/p>\n<\/div><\/div>\n<\/div>\n\n<div class=\"et_pb_module et_pb_button_module_wrapper et_pb_button_4_wrapper\"><a class=\"et_pb_button_4 et_pb_button et_pb_bg_layout_light et_pb_module et_block_module\" href=\"https:\/\/itsw.edu.pl\/es\/contacto\/\">Hablemos<\/a><\/div>\n<\/div>\n<\/div>\n<\/div>\n\n<div class=\"et_pb_section_5 et_pb_section et_section_regular et_flex_section\">\n<div class=\"et_pb_row_8 et_pb_row et_flex_row\">\n<div class=\"et_pb_column_13 et_pb_column et-last-child et_flex_column et_pb_css_mix_blend_mode_passthrough et_flex_column_24_24 et_flex_column_24_24_tablet et_flex_column_24_24_phone\">\n<div class=\"et_pb_heading_1 et_pb_heading et_pb_module et_flex_module\"><div class=\"et_pb_heading_container\"><h2 class=\"et_pb_module_header\">Una educaci\u00f3n que va m\u00e1s all\u00e1 de las aulas (grados 7\u20138)<\/h2><\/div>\n<div class=\"et_pb_text_8 et_pb_text et_pb_bg_layout_light et_pb_module et_block_module\"><div class=\"et_pb_text_inner\"><p data-start=\"129\" data-end=\"336\">En los <strong data-start=\"136\" data-end=\"150\">grados 7\u20138<\/strong> de ITSW, el aprendizaje no termina al salir del aula: los alumnos participan en <strong data-start=\"231\" data-end=\"333\">proyectos que conectan los conocimientos escolares con los desaf\u00edos reales del mundo contempor\u00e1neo<\/strong>.<\/p>\n<p data-start=\"338\" data-end=\"588\">Los estudiantes de los cursos superiores tienen la oportunidad de desarrollar <strong data-start=\"416\" data-end=\"486\">autonom\u00eda, sentido de la responsabilidad y capacidad de iniciativa<\/strong>, competencias esenciales para el liceo y para continuar su educaci\u00f3n en un <strong data-start=\"562\" data-end=\"587\">entorno internacional<\/strong>.<\/p>\n<\/div><\/div>\n<\/div>\n<\/div>\n<\/div>\n\n<div class=\"et_pb_row_9 et_pb_row et_block_row custom_row\">\n<div class=\"et_pb_column_14 et_pb_column et_pb_column_1_2 et_block_column et_pb_css_mix_blend_mode_passthrough first-on-mobile\">\n<div class=\"et_pb_text_9 et_pb_text et_pb_bg_layout_light et_pb_module et_block_module\"><div class=\"et_pb_text_inner\"><h3 style=\"margin-bottom: 15px;\">Proyectos internacionales que desarrollan la conciencia y el impacto<\/h3>\n<p data-start=\"145\" data-end=\"320\">Los alumnos participan en <strong data-start=\"171\" data-end=\"195\">iniciativas globales<\/strong>, como <em data-start=\"202\" data-end=\"221\">Inspired Citizens<\/em> o <em data-start=\"224\" data-end=\"242\">Guardian Project<\/em>, en las que abordan <strong data-start=\"263\" data-end=\"317\">cuestiones sociales, medioambientales y culturales<\/strong>.<\/p>\n<p data-start=\"322\" data-end=\"501\">El programa de <strong data-start=\"337\" data-end=\"345\">ITSW<\/strong> se estructura en <strong data-start=\"363\" data-end=\"397\">bloques tem\u00e1ticos trimestrales<\/strong>, cada uno de los cuales se centra en uno de los <strong data-start=\"446\" data-end=\"500\">Objetivos de Desarrollo Sostenible de la ONU (ODS)<\/strong>.<\/p>\n<p data-start=\"503\" data-end=\"678\">Gracias a este enfoque, los alumnos de los <strong data-start=\"546\" data-end=\"560\">grados 7\u20138<\/strong> no solo adquieren conocimientos, sino que aprenden a <strong data-start=\"614\" data-end=\"677\">aplicarlos, analizarlos y transformarlos en acciones reales<\/strong>.<\/p>\n<p>&nbsp;<\/p>\n<\/div><\/div>\n<\/div>\n\n<div class=\"et_pb_column_15 et_pb_column et_pb_column_1_2 et-last-child et_block_column et_pb_css_mix_blend_mode_passthrough second-on-mobile\">\n<div class=\"et_pb_image_6 et_pb_image et_pb_module et_block_module\"><span class=\"et_pb_image_wrap\"><img decoding=\"async\" src=\"https:\/\/itsw.edu.pl\/wp-content\/uploads\/energia-odnawialnia-warsztaty-rownowazony-rozwoj-1.jpg\" title=\"igecs egazmin\" width=\"833\" height=\"675\" srcset=\"https:\/\/itsw.edu.pl\/wp-content\/uploads\/energia-odnawialnia-warsztaty-rownowazony-rozwoj-1.jpg 833w, https:\/\/itsw.edu.pl\/wp-content\/uploads\/energia-odnawialnia-warsztaty-rownowazony-rozwoj-1-480x389.jpg 480w\" sizes=\"(min-width: 0px) and (max-width: 480px) 480px, (min-width: 481px) 833px, 100vw\" class=\"wp-image-245144\" alt=\"Grupa dzieci siedz\u0105ca w k\u00f3\u0142ku uczy sie j\u0119zyka\" \/><\/span><\/div>\n<\/div>\n<\/div>\n<\/div>\n\n<div class=\"et_pb_section_6 et_pb_section et_section_regular et_block_section\">\n<div class=\"et_pb_row_10 et_pb_row et_flex_row custom_row\">\n<div class=\"et_pb_column_16 et_pb_column et_block_column et_pb_css_mix_blend_mode_passthrough et_flex_column_24_24 et_flex_column_24_24_tablet et_flex_column_24_24_phone first-on-mobile\">\n<div class=\"et_pb_image_7 et_pb_image et_pb_module et_block_module\"><span class=\"et_pb_image_wrap\"><img decoding=\"async\" src=\"https:\/\/itsw.edu.pl\/wp-content\/uploads\/wolontariat-w-7i-8-klasie.jpg\" title=\"igecs egazmin\" width=\"555\" height=\"450\" srcset=\"https:\/\/itsw.edu.pl\/wp-content\/uploads\/wolontariat-w-7i-8-klasie.jpg 555w, https:\/\/itsw.edu.pl\/wp-content\/uploads\/wolontariat-w-7i-8-klasie-480x389.jpg 480w\" sizes=\"(min-width: 0px) and (max-width: 480px) 480px, (min-width: 481px) 555px, 100vw\" class=\"wp-image-245092\" alt=\"Grupa dzieci siedz\u0105ca w k\u00f3\u0142ku uczy sie j\u0119zyka\" \/><\/span><\/div>\n<\/div>\n\n<div class=\"et_pb_column_17 et_pb_column et-last-child et_block_column et_pb_css_mix_blend_mode_passthrough et_flex_column_24_24 et_flex_column_24_24_tablet et_flex_column_24_24_phone first-on-mobile\">\n<div class=\"et_pb_text_10 et_pb_text et_pb_bg_layout_light et_pb_module et_block_module\">\n<div class=\"et_pb_text_11 et_pb_text et_pb_bg_layout_light et_pb_module et_block_module\"><div class=\"et_pb_text_inner\"><h3 style=\"margin-bottom: 15px; text-align: left;\">Educaci\u00f3n a trav\u00e9s de proyectos basados en los Objetivos de Desarrollo Sostenible<\/h3>\n<p data-start=\"157\" data-end=\"352\">Los <strong data-start=\"161\" data-end=\"168\">ODS<\/strong> marcan la direcci\u00f3n de nuestras <strong data-start=\"201\" data-end=\"223\">salidas educativas<\/strong>. Durante las excursiones de oto\u00f1o, los alumnos analizan c\u00f3mo la teor\u00eda se traduce en la <strong data-start=\"312\" data-end=\"351\">realidad social, natural y cultural<\/strong>.<\/p>\n<p data-start=\"354\" data-end=\"551\">En <strong data-start=\"357\" data-end=\"373\">octavo grado<\/strong>, ponemos un \u00e9nfasis especial en el <strong data-start=\"409\" data-end=\"444\">voluntariado y la acci\u00f3n social<\/strong>: los alumnos mayores participan en proyectos que fomentan la <strong data-start=\"506\" data-end=\"550\">colaboraci\u00f3n, la empat\u00eda y la iniciativa<\/strong>.<\/p>\n<\/div><\/div>\n\n<div class=\"et_pb_module et_pb_button_module_wrapper et_pb_button_5_wrapper\"><a class=\"et_pb_button_5 et_pb_button et_pb_bg_layout_light et_pb_module et_block_module\" href=\"https:\/\/itsw.edu.pl\/es\/formulario-de-admision\/\">Reserva una plaza<\/a><\/div>\n<\/div>\n<\/div>\n<\/div>\n<\/div>\n\n<div class=\"et_pb_section_7 et_pb_section et_section_regular et_block_section\">\n<div class=\"et_pb_row_11 et_pb_row et_block_row\">\n<div class=\"et_pb_column_18 et_pb_column et_pb_column_4_4 et-last-child et_block_column et_pb_css_mix_blend_mode_passthrough\">\n<div class=\"et_pb_image_8 et_pb_image et_pb_module et_flex_module\"><span class=\"et_pb_image_wrap\"><img decoding=\"async\" src=\"https:\/\/itsw.edu.pl\/wp-content\/uploads\/forbiden.png\" title=\"Forbiden\" width=\"540\" height=\"540\" srcset=\"https:\/\/itsw.edu.pl\/wp-content\/uploads\/forbiden.png 540w, https:\/\/itsw.edu.pl\/wp-content\/uploads\/forbiden-480x480.png 480w\" sizes=\"(min-width: 0px) and (max-width: 480px) 480px, (min-width: 481px) 540px, 100vw\" class=\"wp-image-244788\" \/><\/span><\/div>\n\n<div class=\"et_pb_text_12 et_pb_text et_pb_bg_layout_light et_pb_module et_block_module\"><div class=\"et_pb_text_inner\"><h3 style=\"text-align: center;\"><strong>No asignamos deberes<\/strong><\/h3>\n<p><span><strong data-start=\"88\" data-end=\"141\">ITSW \u2014 un aprendizaje que inspira, no que abruma.<\/strong> Procuramos que los alumnos aprendan principalmente <strong data-start=\"193\" data-end=\"210\">en la escuela<\/strong>. En los <strong data-start=\"219\" data-end=\"233\">grados 7\u20138<\/strong>, dentro del horario regular, los estudiantes cuentan con <strong data-start=\"291\" data-end=\"307\">\u201cstudy time\u201d<\/strong>, un tiempo dedicado a repasar y consolidar los contenidos necesarios para los ex\u00e1menes.<\/span><\/p>\n<\/div><\/div>\n<\/div>\n<\/div>\n<\/div>\n\n<div class=\"et_pb_section_8 et_pb_section et_section_regular et_block_section\">\n<div class=\"et_pb_row_12 et_pb_row et_flex_row\">\n<div class=\"et_pb_column_19 et_pb_column et-last-child et_flex_column et_pb_css_mix_blend_mode_passthrough et_flex_column_24_24 et_flex_column_24_24_tablet et_flex_column_24_24_phone\">\n<div class=\"et_pb_heading_2 et_pb_heading et_pb_module et_flex_module\"><div class=\"et_pb_heading_container\"><h2 class=\"et_pb_module_header\">Una comunidad que fomenta el orgullo por la diversidad<\/h2><\/div>\n<div class=\"et_pb_text_13 et_pb_text et_pb_bg_layout_light et_pb_module et_block_module\"><div class=\"et_pb_text_inner\"><p>En <strong data-start=\"131\" data-end=\"139\">ITSW<\/strong> celebramos la diversidad y queremos que nuestros alumnos se sientan <strong data-start=\"208\" data-end=\"230\">orgullosos de ella<\/strong>. Nuestros estudiantes pueden presumir de sus <strong data-start=\"276\" data-end=\"308\">or\u00edgenes en m\u00faltiples pa\u00edses<\/strong>, de su capacidad para <strong data-start=\"331\" data-end=\"353\">trabajar en equipo<\/strong>, as\u00ed como de sus <strong data-start=\"371\" data-end=\"406\">talentos art\u00edsticos y musicales<\/strong>, que presentan durante un <strong data-start=\"433\" data-end=\"489\">evento navide\u00f1o a gran escala \u2014 el anual <em data-start=\"476\" data-end=\"487\">Xmas Show<\/em><\/strong> \u2014 y durante los <strong data-start=\"506\" data-end=\"540\">Festivales de Cultura y Lengua<\/strong> que se celebran en primavera.<\/p>\n<\/div><\/div>\n<\/div>\n<\/div>\n<\/div>\n\n<div class=\"et_pb_row_13 et_pb_row et_block_row custom_row\">\n<div class=\"et_pb_column_20 et_pb_column et_pb_column_1_2 et_block_column et_pb_css_mix_blend_mode_passthrough first-on-mobile\">\n<div class=\"et_pb_text_14 et_pb_text et_pb_bg_layout_light et_pb_module et_block_module\"><div class=\"et_pb_text_inner\"><h3 style=\"margin-bottom: 15px;\">Experiencias globales: escuelas verdes e intercambios ling\u00fc\u00edsticos<\/h3>\n<p data-start=\"143\" data-end=\"458\">Como complemento del programa de educaci\u00f3n multicultural, organizamos <strong data-start=\"213\" data-end=\"232\">escuelas verdes<\/strong>, durante las cuales descubrimos <strong data-start=\"265\" data-end=\"283\">pa\u00edses vecinos<\/strong>, su historia, geograf\u00eda y vida cotidiana. Los alumnos aprenden a <strong data-start=\"349\" data-end=\"379\">viajar de forma sostenible<\/strong>, a <strong data-start=\"383\" data-end=\"407\">construir relaciones<\/strong> y a <strong data-start=\"412\" data-end=\"457\">trabajar por proyectos en un entorno real<\/strong>.<\/p>\n<p data-start=\"460\" data-end=\"756\">Ense\u00f1amos c\u00f3mo muchos elementos de la <strong data-start=\"498\" data-end=\"537\">historia, la geograf\u00eda y la cultura<\/strong> son compartidos por pa\u00edses que conviven lado a lado. Junto con <strong data-start=\"601\" data-end=\"651\">escuelas asociadas al otro lado de la frontera<\/strong>, desarrollamos proyectos que <strong data-start=\"681\" data-end=\"689\">unen<\/strong>, fomentan la cooperaci\u00f3n y permiten crear <strong data-start=\"732\" data-end=\"755\">amistades duraderas<\/strong>.<\/p>\n<\/div><\/div>\n<\/div>\n\n<div class=\"et_pb_column_21 et_pb_column et_pb_column_1_2 et-last-child et_block_column et_pb_css_mix_blend_mode_passthrough second-on-mobile\">\n<div class=\"et_pb_image_9 et_pb_image et_pb_module et_block_module\"><span class=\"et_pb_image_wrap\"><img decoding=\"async\" src=\"https:\/\/itsw.edu.pl\/wp-content\/uploads\/szkolne-podroze-do-krajow-granicznych.jpg\" title=\"igecs egazmin\" width=\"555\" height=\"450\" srcset=\"https:\/\/itsw.edu.pl\/wp-content\/uploads\/szkolne-podroze-do-krajow-granicznych.jpg 555w, https:\/\/itsw.edu.pl\/wp-content\/uploads\/szkolne-podroze-do-krajow-granicznych-480x389.jpg 480w\" sizes=\"(min-width: 0px) and (max-width: 480px) 480px, (min-width: 481px) 555px, 100vw\" class=\"wp-image-245200\" alt=\"Grupa dzieci siedz\u0105ca w k\u00f3\u0142ku uczy sie j\u0119zyka\" \/><\/span><\/div>\n<\/div>\n<\/div>\n<\/div>\n\n<div class=\"et_pb_section_9 et_pb_section et_section_regular et_block_section\">\n<div class=\"et_pb_row_14 et_pb_row et_block_row custom_row\">\n<div class=\"et_pb_column_22 et_pb_column et_pb_column_1_2 et_block_column et_pb_css_mix_blend_mode_passthrough second-on-mobile\">\n<div class=\"et_pb_image_10 et_pb_image et_pb_module et_block_module\"><span class=\"et_pb_image_wrap\"><img decoding=\"async\" src=\"https:\/\/itsw.edu.pl\/wp-content\/uploads\/itsw-podroz-do-chin.jpg\" title=\"igecs egazmin\" width=\"763\" height=\"619\" srcset=\"https:\/\/itsw.edu.pl\/wp-content\/uploads\/itsw-podroz-do-chin.jpg 763w, https:\/\/itsw.edu.pl\/wp-content\/uploads\/itsw-podroz-do-chin-480x389.jpg 480w\" sizes=\"(min-width: 0px) and (max-width: 480px) 480px, (min-width: 481px) 763px, 100vw\" class=\"wp-image-245159\" alt=\"Grupa dzieci siedz\u0105ca w k\u00f3\u0142ku uczy sie j\u0119zyka\" \/><\/span><\/div>\n<\/div>\n\n<div class=\"et_pb_column_23 et_pb_column et_pb_column_1_2 et-last-child et_block_column et_pb_css_mix_blend_mode_passthrough first-on-mobile\">\n<div class=\"et_pb_text_15 et_pb_text et_pb_bg_layout_light et_pb_module et_block_module\"><div class=\"et_pb_text_inner\"><h3 style=\"margin-bottom: 15px;\">Viajes internacionales e intercambios ling\u00fc\u00edsticos<\/h3>\n<p data-start=\"127\" data-end=\"333\">Somos <strong data-start=\"133\" data-end=\"167\">multiling\u00fces y multiculturales<\/strong>, por eso ofrecemos a los alumnos de los <strong data-start=\"208\" data-end=\"222\">grados 7\u20138<\/strong> experiencias ling\u00fc\u00edsticas reales, tanto <strong data-start=\"263\" data-end=\"299\">en Polonia como en el extranjero<\/strong>. En ITSW, los estudiantes pueden:<\/p>\n<ul data-start=\"335\" data-end=\"571\">\n<li data-start=\"335\" data-end=\"439\">\n<p data-start=\"337\" data-end=\"439\">participar en <strong data-start=\"351\" data-end=\"380\">proyectos intercolegiales<\/strong> y programas de cooperaci\u00f3n con <strong data-start=\"412\" data-end=\"436\">escuelas extranjeras<\/strong>,<\/p>\n<\/li>\n<li data-start=\"440\" data-end=\"516\">\n<p data-start=\"442\" data-end=\"516\">realizar <strong data-start=\"451\" data-end=\"472\">viajes educativos<\/strong> a pa\u00edses cuyas lenguas est\u00e1n aprendiendo,<\/p>\n<\/li>\n<li data-start=\"517\" data-end=\"571\">\n<p data-start=\"519\" data-end=\"571\">tomar parte en <strong data-start=\"534\" data-end=\"570\">programas ling\u00fc\u00edsticos de verano<\/strong>.<\/p>\n<\/li>\n<\/ul>\n<p data-start=\"573\" data-end=\"751\">Cada a\u00f1o organizamos, entre otros, <strong data-start=\"608\" data-end=\"637\">viajes a Espa\u00f1a y a China<\/strong>, que permiten a los alumnos <strong data-start=\"666\" data-end=\"710\">utilizar el idioma en un entorno natural<\/strong> y desarrollar <strong data-start=\"725\" data-end=\"750\">competencias globales<\/strong>.<\/p>\n<\/div><\/div>\n\n<div class=\"et_pb_module et_pb_button_module_wrapper et_pb_button_6_wrapper\"><a class=\"et_pb_button_6 et_pb_button et_pb_bg_layout_light et_pb_module et_block_module\" href=\"https:\/\/itsw.edu.pl\/es\/trilinguismo\/trayectoria-eductiva\/\">Dale a tu hijo un mejor futuro<\/a><\/div>\n<\/div>\n<\/div>\n<\/div>\n\n<div class=\"et_pb_section_10 et_pb_section et_section_regular et_block_section\">\n<div class=\"et_pb_row_15 et_pb_row et_flex_row\">\n<div class=\"et_pb_column_24 et_pb_column et-last-child et_flex_column et_pb_css_mix_blend_mode_passthrough et_flex_column_24_24 et_flex_column_24_24_tablet et_flex_column_24_24_phone\">\n<div class=\"et_pb_heading_3 et_pb_heading et_pb_module et_flex_module\"><div class=\"et_pb_heading_container\"><h2 class=\"et_pb_module_header\">El papel de los idiomas en la escuela primaria ITSW (grados 7\u20138)<\/h2><\/div><\/div>\n<\/div>\n<\/div>\n\n<div class=\"et_pb_row_16 et_pb_row et_block_row custom_row\">\n<div class=\"et_pb_column_25 et_pb_column et_pb_column_1_2 et_block_column et_pb_css_mix_blend_mode_passthrough first-on-mobile\">\n<div class=\"et_pb_text_16 et_pb_text et_pb_bg_layout_light et_pb_module et_block_module\"><div class=\"et_pb_text_inner\"><h3 data-start=\"68\" data-end=\"135\">\u00bfMi hijo debe hablar tres idiomas para incorporarse a ITSW?<\/h3>\n<p data-start=\"137\" data-end=\"397\">En los <strong data-start=\"144\" data-end=\"158\">grados 7\u20138<\/strong>, el idioma no es solo una asignatura: se convierte en una <strong data-start=\"217\" data-end=\"280\">herramienta para adquirir competencias acad\u00e9micas avanzadas<\/strong>, que posteriormente se eval\u00faan en ex\u00e1menes como el <strong data-start=\"332\" data-end=\"358\">Examen de Octavo Grado<\/strong>, <strong data-start=\"360\" data-end=\"384\">Cambridge Checkpoint<\/strong> e <strong data-start=\"387\" data-end=\"396\">IGCSE<\/strong>.<\/p>\n<p data-start=\"399\" data-end=\"653\">En esta etapa, un <strong data-start=\"417\" data-end=\"457\">buen dominio del idioma de ense\u00f1anza<\/strong> es un requisito para acceder plenamente a los contenidos acad\u00e9micos en dicha lengua y para <strong data-start=\"549\" data-end=\"577\">obtener altos resultados<\/strong> en los ex\u00e1menes de acceso a escuelas secundarias locales e internacionales.<\/p>\n<p><span>.<\/span><\/p>\n<\/div><\/div>\n<\/div>\n\n<div class=\"et_pb_column_26 et_pb_column et_pb_column_1_2 et-last-child et_block_column et_pb_css_mix_blend_mode_passthrough second-on-mobile\">\n<div class=\"et_pb_image_11 et_pb_image et_pb_module et_block_module\"><span class=\"et_pb_image_wrap\"><img decoding=\"async\" src=\"https:\/\/itsw.edu.pl\/wp-content\/uploads\/egzamin-osmioklasistow.jpg\" title=\"igecs egazmin\" width=\"555\" height=\"450\" srcset=\"https:\/\/itsw.edu.pl\/wp-content\/uploads\/egzamin-osmioklasistow.jpg 555w, https:\/\/itsw.edu.pl\/wp-content\/uploads\/egzamin-osmioklasistow-480x389.jpg 480w\" sizes=\"(min-width: 0px) and (max-width: 480px) 480px, (min-width: 481px) 555px, 100vw\" class=\"wp-image-245020\" alt=\"Grupa dzieci siedz\u0105ca w k\u00f3\u0142ku uczy sie j\u0119zyka\" \/><\/span><\/div>\n<\/div>\n<\/div>\n<\/div>\n\n<div class=\"et_pb_section_11 et_pb_section et_section_regular et_block_section\">\n<div class=\"et_pb_row_17 et_pb_row et_block_row custom_row\">\n<div class=\"et_pb_column_27 et_pb_column et_pb_column_1_2 et_block_column et_pb_css_mix_blend_mode_passthrough second-on-mobile\">\n<div class=\"et_pb_image_12 et_pb_image et_pb_module et_block_module\"><span class=\"et_pb_image_wrap\"><img decoding=\"async\" src=\"https:\/\/itsw.edu.pl\/wp-content\/uploads\/egzamin-osmioklasisty-jezyki.jpg\" title=\"igecs egazmin\" width=\"1201\" height=\"1600\" srcset=\"https:\/\/itsw.edu.pl\/wp-content\/uploads\/egzamin-osmioklasisty-jezyki.jpg 1201w, https:\/\/itsw.edu.pl\/wp-content\/uploads\/egzamin-osmioklasisty-jezyki-980x1306.jpg 980w, https:\/\/itsw.edu.pl\/wp-content\/uploads\/egzamin-osmioklasisty-jezyki-480x639.jpg 480w\" sizes=\"(min-width: 0px) and (max-width: 480px) 480px, (min-width: 481px) and (max-width: 980px) 980px, (min-width: 981px) 1201px, 100vw\" class=\"wp-image-245191\" alt=\"Grupa dzieci siedz\u0105ca w k\u00f3\u0142ku uczy sie j\u0119zyka\" \/><\/span><\/div>\n<\/div>\n\n<div class=\"et_pb_column_28 et_pb_column et_pb_column_1_2 et-last-child et_block_column et_pb_css_mix_blend_mode_passthrough first-on-mobile\">\n<div class=\"et_pb_text_17 et_pb_text et_pb_bg_layout_light et_pb_module et_block_module\"><div class=\"et_pb_text_inner\"><h3 data-start=\"66\" data-end=\"148\"><strong data-start=\"70\" data-end=\"148\">\u00bfY si mi hijo no habla polaco o no domina uno de los idiomas de ense\u00f1anza?<\/strong><\/h3>\n<p data-start=\"150\" data-end=\"375\">Aunque la <strong data-start=\"160\" data-end=\"185\">inmersi\u00f3n ling\u00fc\u00edstica<\/strong> es especialmente eficaz en los cursos m\u00e1s bajos, en los <strong data-start=\"242\" data-end=\"256\">grados 7\u20138<\/strong> ya no hay suficiente tiempo para aprender un idioma desde cero <strong data-start=\"320\" data-end=\"374\">sin riesgo de interrumpir la continuidad acad\u00e9mica<\/strong>.<\/p>\n<p data-start=\"377\" data-end=\"401\">Por ello, en este nivel:<\/p>\n<ul data-start=\"403\" data-end=\"632\">\n<li data-start=\"403\" data-end=\"468\">\n<p data-start=\"405\" data-end=\"468\">seguimos ense\u00f1ando idiomas y <strong data-start=\"434\" data-end=\"465\">ense\u00f1ando en varios idiomas<\/strong>,<\/p>\n<\/li>\n<li data-start=\"469\" data-end=\"551\">\n<p data-start=\"471\" data-end=\"551\"><strong data-start=\"471\" data-end=\"527\">individualizamos la elecci\u00f3n del idioma de ense\u00f1anza<\/strong> para cada asignatura,<\/p>\n<\/li>\n<li data-start=\"552\" data-end=\"632\">\n<p data-start=\"554\" data-end=\"632\">nos aseguramos de que el alumno pueda <strong data-start=\"592\" data-end=\"631\">tener \u00e9xito en los ex\u00e1menes finales<\/strong>.<\/p>\n<\/li>\n<\/ul>\n<p data-start=\"634\" data-end=\"813\">En los <strong data-start=\"641\" data-end=\"655\">grados 7\u20138<\/strong>, la selecci\u00f3n del idioma de trabajo en cada materia se adapta <strong data-start=\"718\" data-end=\"741\">de forma individual<\/strong>, tras una conversaci\u00f3n con el alumno y su familia y despu\u00e9s de definir:<\/p>\n<ul data-start=\"815\" data-end=\"1022\">\n<li data-start=\"815\" data-end=\"883\">\n<p data-start=\"817\" data-end=\"883\">la <strong data-start=\"820\" data-end=\"852\">trayectoria educativa futura<\/strong> (liceo o formaci\u00f3n t\u00e9cnica),<\/p>\n<\/li>\n<li data-start=\"884\" data-end=\"925\">\n<p data-start=\"886\" data-end=\"925\">el <strong data-start=\"889\" data-end=\"922\">sistema de ex\u00e1menes preferido<\/strong>,<\/p>\n<\/li>\n<li data-start=\"926\" data-end=\"1022\">\n<p data-start=\"928\" data-end=\"1022\">el <strong data-start=\"931\" data-end=\"981\">idioma en el que el alumno se siente preparado<\/strong> para presentar las evaluaciones finales.<\/p>\n<\/li>\n<\/ul>\n<\/div><\/div>\n\n<div class=\"et_pb_module et_pb_button_module_wrapper et_pb_button_7_wrapper\"><a class=\"et_pb_button_7 et_pb_button et_pb_bg_layout_light et_pb_module et_block_module\" href=\"https:\/\/itsw.edu.pl\/es\/trilinguismo\/\">M\u00e1s sobre el triling\u00fcismo<\/a><\/div>\n<\/div>\n<\/div>\n<\/div>\n\n<div class=\"et_pb_section_12 et_pb_section et_section_regular et_block_section\">\n<div class=\"et_pb_row_18 et_pb_row et_flex_row\">\n<div class=\"et_pb_column_29 et_pb_column et-last-child et_flex_column et_pb_css_mix_blend_mode_passthrough et_flex_column_24_24 et_flex_column_24_24_tablet et_flex_column_24_24_phone\">\n<div class=\"et_pb_heading_4 et_pb_heading et_pb_module et_flex_module\"><div class=\"et_pb_heading_container\"><h2 class=\"et_pb_module_header\">\u00bfY si mi hijo no habla polaco, pero desea continuar sus estudios en un liceo polaco?<\/h2><\/div>\n<div class=\"et_pb_text_18 et_pb_text et_pb_bg_layout_light et_pb_module et_block_module\"><div class=\"et_pb_text_inner\"><p data-start=\"160\" data-end=\"478\">Aprender <strong data-start=\"169\" data-end=\"190\">polaco desde cero<\/strong> hasta un nivel que permita aprobar el <strong data-start=\"229\" data-end=\"255\">Examen de Octavo Grado<\/strong> con resultados suficientes es, en esta etapa, <strong data-start=\"302\" data-end=\"317\">muy dif\u00edcil<\/strong>, aunque <strong data-start=\"326\" data-end=\"342\">no imposible<\/strong>. Cada a\u00f1o apoyamos a alumnos que <strong data-start=\"376\" data-end=\"403\">regresan del extranjero<\/strong> y desean continuar su educaci\u00f3n dentro del <strong data-start=\"447\" data-end=\"475\">sistema educativo polaco<\/strong>.<\/p>\n<p data-start=\"480\" data-end=\"673\">Tambi\u00e9n ayudamos a estudiantes <strong data-start=\"511\" data-end=\"535\">no nativos de polaco<\/strong> a adquirir el nivel ling\u00fc\u00edstico necesario para <strong data-start=\"583\" data-end=\"611\">acceder a liceos polacos<\/strong>, mediante un acompa\u00f1amiento acad\u00e9mico y ling\u00fc\u00edstico adecuado.<\/p>\n<\/div><\/div>\n<\/div>\n<\/div>\n<\/div>\n\n<div class=\"et_pb_row_19 et_pb_row et_block_row custom_row\">\n<div class=\"et_pb_column_30 et_pb_column et_pb_column_1_2 et_block_column et_pb_css_mix_blend_mode_passthrough first-on-mobile\">\n<div class=\"et_pb_text_19 et_pb_text et_pb_bg_layout_light et_pb_module et_block_module\"><div class=\"et_pb_text_inner\"><h3 data-start=\"680\" data-end=\"728\">\u00bfDebe mi hijo estudiar en lengua polaca?<\/h3>\n<p data-start=\"730\" data-end=\"1022\">En los <strong data-start=\"737\" data-end=\"753\">grados 7 y 8<\/strong>, nuestros alumnos pueden <strong data-start=\"779\" data-end=\"816\">estudiar exclusivamente en ingl\u00e9s<\/strong>. En este caso, el <strong data-start=\"835\" data-end=\"845\">polaco<\/strong> y el <strong data-start=\"851\" data-end=\"868\">tercer idioma<\/strong> (espa\u00f1ol, franc\u00e9s, chino o japon\u00e9s) se ense\u00f1an <strong data-start=\"916\" data-end=\"943\">\u00fanicamente como lenguas<\/strong>, y <strong data-start=\"947\" data-end=\"991\">no se utilizan como lenguas de ense\u00f1anza<\/strong> en las asignaturas acad\u00e9micas.<\/p>\n<\/div><\/div>\n\n<div class=\"et_pb_module et_pb_button_module_wrapper et_pb_button_8_wrapper\"><a class=\"et_pb_button_8 et_pb_button et_pb_bg_layout_light et_pb_module et_block_module\" href=\"https:\/\/itsw.edu.pl\/es\/conocenos\/sobre-itsw\/\">M\u00e1s sobre ITSW<\/a><\/div>\n<\/div>\n\n<div class=\"et_pb_column_31 et_pb_column et_pb_column_1_2 et-last-child et_block_column et_pb_css_mix_blend_mode_passthrough second-on-mobile\">\n<div class=\"et_pb_image_13 et_pb_image et_pb_module et_block_module\"><span class=\"et_pb_image_wrap\"><img decoding=\"async\" src=\"https:\/\/itsw.edu.pl\/wp-content\/uploads\/jezyki-w-szkole-podstawowej.jpg\" alt=\"Grupa dzieci siedz\u0105ca w k\u00f3\u0142ku uczy sie j\u0119zyka\" title=\"igecs egazmin\" width=\"555\" height=\"450\" srcset=\"https:\/\/itsw.edu.pl\/wp-content\/uploads\/jezyki-w-szkole-podstawowej.jpg 555w, https:\/\/itsw.edu.pl\/wp-content\/uploads\/jezyki-w-szkole-podstawowej-480x389.jpg 480w\" sizes=\"(min-width: 0px) and (max-width: 480px) 480px, (min-width: 481px) 555px, 100vw\" class=\"wp-image-245184\" \/><\/span><\/div>\n<\/div>\n<\/div>\n<\/div>\n\n\n\n<div class=\"et_pb_section_14 et_pb_section et_section_regular et_block_section\">\n<div class=\"et_pb_row_23 et_pb_row et_block_row\">\n<div class=\"et_pb_column_35 et_pb_column et_pb_column_4_4 et-last-child et_block_column et_pb_css_mix_blend_mode_passthrough\">\n<div class=\"et_pb_heading_6 et_pb_heading et_pb_module et_block_module\"><div class=\"et_pb_heading_container\"><h2 class=\"et_pb_module_header\">\u00bfQu\u00e9 hay de nuevo en los grados 7\u20138? Actualidad de la vida en nuestro campus<\/h2><\/div><\/div>\n\n<div class=\"et_pb_text_21 et_pb_text et_pb_bg_layout_light et_pb_module et_block_module\"><div class=\"et_pb_text_inner\"><p data-start=\"151\" data-end=\"558\">Descubra <strong data-start=\"160\" data-end=\"198\">eventos \u00fanicos, proyectos y logros<\/strong> de los alumnos de los <strong data-start=\"221\" data-end=\"235\">grados 7\u20138<\/strong>, una etapa en la que los j\u00f3venes desarrollan <strong data-start=\"281\" data-end=\"349\">autonom\u00eda, competencias acad\u00e9micas y una visi\u00f3n global del mundo<\/strong>. En esta secci\u00f3n encontrar\u00e1 las <strong data-start=\"382\" data-end=\"402\">\u00faltimas noticias<\/strong> sobre proyectos internacionales, preparaci\u00f3n para ex\u00e1menes, iniciativas sociales, viajes educativos, concursos acad\u00e9micos y la vida cotidiana en el campus.<\/p>\n<p data-start=\"560\" data-end=\"756\">Aqu\u00ed podr\u00e1 <strong data-start=\"571\" data-end=\"604\">sentir el pulso de la escuela<\/strong>: desde el trabajo por proyectos y los debates, pasando por las actividades de voluntariado, hasta los <strong data-start=\"707\" data-end=\"755\">\u00e9xitos compartidos de toda la comunidad ITSW<\/strong>.<\/p>\n<\/div><\/div>\n<\/div>\n<\/div>\n\n<div class=\"et_pb_row_24 et_pb_row et_flex_row\">\n<div class=\"et_pb_column_36 et_pb_column et-last-child et_flex_column et_pb_css_mix_blend_mode_passthrough et_flex_column_24_24 et_flex_column_24_24_tablet et_flex_column_24_24_phone\">\n<div class=\"et_pb_blog_1 et_pb_blog et_pb_bg_layout_light et_pb_posts et_pb_module news\"><div class=\"et_pb_ajax_pagination_container\"><div class=\"et_pb_posts et_grid_module\"><article class=\"et_pb_post et_pb_post_id_251407 clearfix et_pb_no_thumb et_pb_blog_item_1_0 post-251407 post type-post status-publish format-standard hentry category-grados-1-3 category-noticias\"><h3 class=\"entry-title\"><a href=\"https:\/\/itsw.edu.pl\/es\/diversion-en-la-semana-del-espiritu-escolar-con-nuestros-estudiantes-de-primaria-ciclo-inicial-en-itsw\/\">\u00a1Diversi\u00f3n en la Semana del Esp\u00edritu Escolar con nuestros estudiantes de Primaria (ciclo inicial) en ITSW!<\/a><\/h3><p class=\"post-meta\"><span class=\"published\">Feb 28, 2026<\/span> | <span class=\"entry-categories\"><a href=\"https:\/\/itsw.edu.pl\/es\/category\/noticias\/grados-1-3\/\" rel=\"tag\">grados-1-3<\/a>, <a href=\"https:\/\/itsw.edu.pl\/es\/category\/noticias\/\" rel=\"tag\">noticias<\/a><\/span><\/p><div class=\"post-content\"><div class=\"post-content-inner\"><p>En febrero, nuestros estudiantes de Lower Primary en ITSW celebraron la Spirit Week de la manera m\u00e1s alegre y creativa, \u00a1al mismo tiempo que conmemoraban el importante logro de los 100 d\u00edas de escuela! \ud83c\udf89 Cada d\u00eda trajo un nuevo tema y mucha emoci\u00f3n: desde el c\u00f3modo&#8230;<\/p>\n<\/div><\/div><\/article><article class=\"et_pb_post et_pb_post_id_251447 clearfix et_pb_no_thumb et_pb_blog_item_1_1 post-251447 post type-post status-publish format-standard hentry category-escuela-infantil-2-ciclo category-noticias\"><h3 class=\"entry-title\"><a href=\"https:\/\/itsw.edu.pl\/es\/dia-de-step-up-en-itsw-un-paso-seguro-y-alegre-de-nuestros-ninos-de-5-anos-hacia-el-primer-grado\/\">D\u00eda de \u00abStep-Up\u00bb en ITSW: un paso seguro y alegre de nuestros ni\u00f1os de 5 a\u00f1os hacia el primer grado.<\/a><\/h3><p class=\"post-meta\"><span class=\"published\">Feb 27, 2026<\/span> | <span class=\"entry-categories\"><a href=\"https:\/\/itsw.edu.pl\/es\/category\/noticias\/escuela-infantil-2-ciclo\/\" rel=\"tag\">Escuela infantil 2 ciclo<\/a>, <a href=\"https:\/\/itsw.edu.pl\/es\/category\/noticias\/\" rel=\"tag\">noticias<\/a><\/span><\/p><div class=\"post-content\"><div class=\"post-content-inner\"><p>Nuestros estudiantes de 5 a\u00f1os, que actualmente se encuentran en su \u00faltimo a\u00f1o de kindergarten, participaron recientemente en un D\u00eda Step-Up especial para prepararse para su transici\u00f3n a 1\u00ba grado. Durante esta emocionante experiencia, tuvieron la oportunidad de&#8230;<\/p>\n<\/div><\/div><\/article><\/div><\/div><\/div>\n<\/div>\n<\/div>\n\n<div class=\"et_pb_row_25 et_pb_row et_block_row\">\n<div class=\"et_pb_column_37 et_pb_column et_pb_column_4_4 et-last-child et_block_column et_pb_css_mix_blend_mode_passthrough\">\n<div class=\"et_pb_module et_pb_button_module_wrapper et_pb_button_10_wrapper\"><a class=\"et_pb_button_10 et_pb_button et_pb_bg_layout_light et_pb_module et_block_module\" href=\"https:\/\/itsw.edu.pl\/es\/noticias\/\">Lee m\u00e1s novedades sobre los grados 7\u20138<\/a><\/div>\n<\/div>\n<\/div>\n<\/div>\n\n<div class=\"et_pb_section_15 et_pb_section et_section_regular et_block_section\">\n<div class=\"et_pb_row_26 et_pb_row et_flex_row\">\n<div class=\"et_pb_column_38 et_pb_column et-last-child et_flex_column et_pb_css_mix_blend_mode_passthrough et_flex_column_24_24 et_flex_column_24_24_tablet et_flex_column_24_24_phone\">\n<div class=\"et_pb_heading_7 et_pb_heading et_pb_module et_flex_module\"><div class=\"et_pb_heading_container\"><h2 class=\"et_pb_module_header\">Campus Nobla \u2014 un lugar donde los alumnos de octavo grado descubren su fortaleza<\/h2><\/div>\n<div class=\"et_pb_text_22 et_pb_text et_pb_bg_layout_light et_pb_module et_block_module\"><div class=\"et_pb_text_inner\"><p data-start=\"156\" data-end=\"383\"><span style=\"color: #ffffff;\">Aqu\u00ed, en la <strong data-start=\"168\" data-end=\"188\">verde Saska K\u0119pa<\/strong>, los alumnos de los <strong data-start=\"209\" data-end=\"223\">grados 7\u20138<\/strong> crecen para ser ellos mismos: desarrollan sus pasiones, participan en <strong data-start=\"294\" data-end=\"323\">proyectos internacionales<\/strong> y se preparan para las siguientes etapas de su educaci\u00f3n.<\/span><\/p>\n<p data-start=\"385\" data-end=\"550\"><span style=\"color: #ffffff;\">Es precisamente aqu\u00ed donde <strong data-start=\"412\" data-end=\"449\">nacen amistades para toda la vida<\/strong> y donde los j\u00f3venes construyen <strong data-start=\"481\" data-end=\"549\">valent\u00eda, confianza en s\u00ed mismos y fe en sus propias capacidades<\/strong>.<\/span><\/p>\n<\/div><\/div>\n\n<div class=\"et_pb_module et_pb_button_module_wrapper et_pb_button_11_wrapper\"><a class=\"et_pb_button_11 et_pb_button et_pb_bg_layout_light et_pb_module et_block_module\" href=\"https:\/\/itsw.edu.pl\/es\/escuela-primaria\/grados-4-6\/localizacion\/\">Descubre nuestro campus<\/a><\/div>\n<\/div>\n<\/div>\n<\/div>\n<\/div>\n\n<div class=\"et_pb_section_16 et_pb_section et_section_regular et_block_section\">\n<div class=\"et_pb_row_27 et_pb_row et_block_row\">\n<div class=\"et_pb_column_39 et_pb_column et_pb_column_4_4 et-last-child et_block_column et_pb_css_mix_blend_mode_passthrough\">\n<div class=\"et_pb_heading_8 et_pb_heading et_pb_module et_block_module\"><div class=\"et_pb_heading_container\"><h2 class=\"et_pb_module_header\">Conozca las opiniones de los padres sobre ITSW tras completar todo el ciclo educativo: nuestra mejor carta de presentaci\u00f3n<\/h2><\/div><\/div>\n\n<div class=\"et_pb_text_23 et_pb_text et_pb_bg_layout_light et_pb_module et_block_module\"><div class=\"et_pb_text_inner\"><p data-start=\"196\" data-end=\"573\" style=\"text-align: left;\">Los padres cuyos hijos han recorrido <strong data-start=\"233\" data-end=\"273\">todo el itinerario educativo de ITSW<\/strong> \u2014 desde los primeros a\u00f1os hasta los <strong data-start=\"310\" data-end=\"324\">grados 7\u20138<\/strong> \u2014 destacan el impacto significativo que la escuela ha tenido en el desarrollo de sus hijos. La <strong data-start=\"420\" data-end=\"436\">triling\u00fcidad<\/strong>, la <strong data-start=\"441\" data-end=\"467\">confianza en s\u00ed mismos<\/strong>, la <strong data-start=\"472\" data-end=\"490\">madurez social<\/strong> y las <strong data-start=\"497\" data-end=\"522\">competencias globales<\/strong> son los aspectos mencionados con mayor frecuencia.<\/p>\n<p data-start=\"575\" data-end=\"984\" style=\"text-align: left;\">En un entorno <strong data-start=\"589\" data-end=\"620\">multiling\u00fce y multicultural<\/strong>, los alumnos desarrollan autonom\u00eda y se desenvuelven con naturalidad en contextos internacionales. Los padres observan esta transformaci\u00f3n de cerca \u2014 desde las primeras conversaciones en un segundo idioma hasta <strong data-start=\"832\" data-end=\"873\">excelentes resultados en los ex\u00e1menes<\/strong> y <strong data-start=\"876\" data-end=\"913\">decisiones educativas conscientes<\/strong> \u2014 lo que confirma de la mejor manera el <strong data-start=\"954\" data-end=\"983\">valor excepcional de ITSW<\/strong>.<\/p>\n<p data-start=\"986\" data-end=\"1009\"><strong data-start=\"986\" data-end=\"1009\">\u00a1Lea sus opiniones!<\/strong><\/p>\n<\/div><\/div>\n<\/div>\n<\/div>\n\n<div class=\"et_pb_row_28 et_pb_row et_flex_row\">\n<div class=\"et_pb_column_40 et_pb_column et-last-child et_flex_column et_pb_css_mix_blend_mode_passthrough et_flex_column_24_24 et_flex_column_24_24_tablet et_flex_column_24_24_phone\">\n<div class=\"et_pb_group_carousel_0 et_pb_group_carousel et_pb_group et_pb_module et_pb_group_carousel_center_mode et_pb_group_carousel_arrows_outside et_pb_group_carousel_dots_center et_pb_group_carousel_dots_below et_pb_group_carousel_slides_3\"><div class=\"et_pb_group_carousel_container\"><div class=\"et_pb_group_carousel_track\"><div class=\"et_pb_group_carousel_slide\"><div class=\"et_pb_group_2 et_pb_group et_pb_module et_flex_group et_pb_css_mix_blend_mode_passthrough\">\n<div class=\"et_pb_group_3 et_pb_group et-last-child et_pb_module et_flex_group et_pb_css_mix_blend_mode_passthrough\">\n<div class=\"et_pb_text_24 et_pb_text et_pb_bg_layout_light et_pb_module et_block_module\"><div class=\"et_pb_text_inner\"><p><span>En los cursos superiores, el nivel de espa\u00f1ol es alt\u00edsimo. Los alumnos pueden prepararse para el DELE, lo cual abre muchas puertas a futuro.<\/span><\/p>\n<\/div><\/div>\n\n<div class=\"et_pb_text_25 et_pb_text et_pb_bg_layout_light et_pb_module et_block_module\"><div class=\"et_pb_text_inner\"><p><span>Antonio Morales<\/span><\/p>\n<\/div><\/div>\n<\/div>\n<\/div><\/div><div class=\"et_pb_group_carousel_slide\"><div class=\"et_pb_group_4 et_pb_group et_pb_module et_flex_group et_pb_css_mix_blend_mode_passthrough\">\n<div class=\"et_pb_group_5 et_pb_group et-last-child et_pb_module et_flex_group et_pb_css_mix_blend_mode_passthrough\">\n<div class=\"et_pb_text_26 et_pb_text et_pb_bg_layout_light et_pb_module et_block_module\"><div class=\"et_pb_text_inner\"><p><span>Mi hija ha participado en concursos, viajes a Madrid y el Spanish Show. Su confianza al hablar espa\u00f1ol ha crecido much\u00edsimo.<\/span><\/p>\n<\/div><\/div>\n\n<div class=\"et_pb_text_27 et_pb_text et_pb_bg_layout_light et_pb_module et_block_module\"><div class=\"et_pb_text_inner\"><p><span>Ver\u00f3nica Salinas<\/span><\/p>\n<\/div><\/div>\n<\/div>\n<\/div><\/div><div class=\"et_pb_group_carousel_slide\"><div class=\"et_pb_group_6 et_pb_group et_pb_module et_flex_group et_pb_css_mix_blend_mode_passthrough\">\n<div class=\"et_pb_group_7 et_pb_group et-last-child et_pb_module et_flex_group et_pb_css_mix_blend_mode_passthrough\">\n<div class=\"et_pb_text_28 et_pb_text et_pb_bg_layout_light et_pb_module et_block_module\"><div class=\"et_pb_text_inner\"><p><span>ITSW forma estudiantes verdaderamente triling\u00fces. No solo dominan los idiomas, tambi\u00e9n desarrollan pensamiento cr\u00edtico y autonom\u00eda.<\/span><\/p>\n<p>&nbsp;<\/p>\n<\/div><\/div>\n\n<div class=\"et_pb_text_29 et_pb_text et_pb_bg_layout_light et_pb_module et_block_module\"><div class=\"et_pb_text_inner\"><p><span>Luis Eduardo P\u00e9rez<\/span><\/p>\n<\/div><\/div>\n<\/div>\n<\/div><\/div><div class=\"et_pb_group_carousel_slide\"><div class=\"et_pb_group_8 et_pb_group et_pb_module et_flex_group et_pb_css_mix_blend_mode_passthrough\">\n<div class=\"et_pb_group_9 et_pb_group et-last-child et_pb_module et_flex_group et_pb_css_mix_blend_mode_passthrough\">\n<div class=\"et_pb_text_30 et_pb_text et_pb_bg_layout_light et_pb_module et_block_module\"><div class=\"et_pb_text_inner\"><p><span>La preparaci\u00f3n para ex\u00e1menes oficiales como el DELE es muy seria y bien acompa\u00f1ada. Los profesores motivan y exigen con cari\u00f1o.<\/span><\/p>\n<\/div><\/div>\n\n<div class=\"et_pb_text_31 et_pb_text et_pb_bg_layout_light et_pb_module et_block_module\"><div class=\"et_pb_text_inner\"><p><span>Carmen Hidalgo<\/span><\/p>\n<\/div><\/div>\n<\/div>\n<\/div><\/div><div class=\"et_pb_group_carousel_slide\"><div class=\"et_pb_group_10 et_pb_group et_pb_module et_flex_group et_pb_css_mix_blend_mode_passthrough\">\n<div class=\"et_pb_group_11 et_pb_group et-last-child et_pb_module et_flex_group et_pb_css_mix_blend_mode_passthrough\">\n<div class=\"et_pb_text_32 et_pb_text et_pb_bg_layout_light et_pb_module et_block_module\"><div class=\"et_pb_text_inner\"><p><span>El equilibrio entre cultura, idioma y excelencia acad\u00e9mica es \u00fanico. ITSW no solo ense\u00f1a idiomas, forma ciudadanos globales.<\/span><\/p>\n<p>&nbsp;<\/p>\n<\/div><\/div>\n\n<div class=\"et_pb_text_33 et_pb_text et_pb_bg_layout_light et_pb_module et_block_module\"><div class=\"et_pb_text_inner\"><p><span>Andrea Beltr\u00e1n<\/span><\/p>\n<\/div><\/div>\n<\/div>\n<\/div><\/div><div class=\"et_pb_group_carousel_slide\"><div class=\"et_pb_group_12 et_pb_group et-last-child et_pb_module et_flex_group et_pb_css_mix_blend_mode_passthrough\">\n<div class=\"et_pb_group_13 et_pb_group et-last-child et_pb_module et_flex_group et_pb_css_mix_blend_mode_passthrough\">\n<div class=\"et_pb_text_34 et_pb_text et_pb_bg_layout_light et_pb_module et_block_module\"><div class=\"et_pb_text_inner\"><p><span>Despu\u00e9s de varios a\u00f1os en ITSW, nuestro hijo se expresa con soltura en espa\u00f1ol, ingl\u00e9s y polaco. Est\u00e1 totalmente preparado para el siguiente paso acad\u00e9mico<\/span><\/p>\n<\/div><\/div>\n\n<div class=\"et_pb_text_35 et_pb_text et_pb_bg_layout_light et_pb_module et_block_module\"><div class=\"et_pb_text_inner\"><p><span>Jos\u00e9 Manuel R\u00edos<\/span><\/p>\n<\/div><\/div>\n<\/div>\n<\/div><\/div><\/div><\/div><span class=\"et_pb_group_carousel_arrow et_pb_group_carousel_arrow_prev\" role=\"button\" tabindex=\"0\" aria-label=\"Previous slide\"><span class=\"et-pb-icon\">4<\/span><\/span><span class=\"et_pb_group_carousel_arrow et_pb_group_carousel_arrow_next\" role=\"button\" tabindex=\"0\" aria-label=\"Next slide\"><span class=\"et-pb-icon\">5<\/span><\/span><div class=\"et_pb_group_carousel_dots\"><\/div><\/div>\n<\/div>\n<\/div>\n<\/div>\n\n<div class=\"et_pb_section_17 et_pb_section et_section_regular et_block_section\">\n<div class=\"et_pb_row_29 et_pb_row et_block_row\">\n<div class=\"et_pb_column_41 et_pb_column et_pb_column_4_4 et-last-child et_block_column et_pb_css_mix_blend_mode_passthrough\">\n<div class=\"et_pb_heading_9 et_pb_heading et_pb_module et_block_module\"><div class=\"et_pb_heading_container\"><h2 class=\"et_pb_module_header\">Conozca a nuestros graduados: triling\u00fces, seguros de s\u00ed mismos y preparados para el mundo<\/h2><\/div><\/div>\n\n<div class=\"et_pb_text_36 et_pb_text et_pb_bg_layout_light et_pb_module et_block_module\"><div class=\"et_pb_text_inner\"><p data-start=\"165\" data-end=\"567\" style=\"text-align: left;\">Descubra a nuestros <strong>graduados<\/strong>, que han recorrido todo el itinerario educativo de <strong>ITSW<\/strong> \u2014 desde la <strong>guarder\u00eda<\/strong>, pasando por el <strong>preescolar<\/strong>, hasta completar la <strong>educaci\u00f3n secundaria en los grados 7\u20138<\/strong>. Esc\u00fachelos y compruebe c\u00f3mo la <strong>inmersi\u00f3n ling\u00fc\u00edstica a largo plazo<\/strong>, el trabajo diario con <strong>hablantes nativos<\/strong> y la inmersi\u00f3n en un <strong>entorno multicultural<\/strong> se reflejan en la pr\u00e1ctica.<\/p>\n<p data-start=\"569\" data-end=\"704\" style=\"text-align: left;\">Adem\u00e1s, entre nuestros graduados contamos con <strong data-start=\"615\" data-end=\"639\">numerosos pol\u00edglotas<\/strong>, que representan con orgullo los <strong data-start=\"673\" data-end=\"703\">valores de nuestra escuela<\/strong>.<\/p>\n<\/div><\/div>\n<\/div>\n<\/div>\n\n<div class=\"et_pb_row_30 et_pb_row et_flex_row\">\n<div class=\"et_pb_column_42 et_pb_column et-last-child et_flex_column et_pb_css_mix_blend_mode_passthrough et_flex_column_24_24 et_flex_column_24_24_tablet et_flex_column_24_24_phone\">\n<div class=\"et_pb_video_0 et_pb_video et_pb_module et_block_module\"><div class=\"et_pb_video_box\"><iframe title=\"8th Graders\" width=\"1080\" height=\"608\" src=\"https:\/\/www.youtube.com\/embed\/uXgGU87-amY?feature=oembed\"  allow=\"accelerometer; autoplay; clipboard-write; encrypted-media; gyroscope; picture-in-picture; web-share\" referrerpolicy=\"strict-origin-when-cross-origin\" allowfullscreen><\/iframe><\/div><\/div>\n<\/div>\n<\/div>\n\n<div class=\"et_pb_row_31 et_pb_row et_flex_row\">\n<div class=\"et_pb_column_43 et_pb_column et-last-child et_flex_column et_pb_css_mix_blend_mode_passthrough et_flex_column_24_24 et_flex_column_24_24_tablet et_flex_column_24_24_phone\">\n<div class=\"et_pb_module et_pb_button_module_wrapper et_pb_button_12_wrapper\"><a class=\"et_pb_button_12 et_pb_button et_pb_bg_layout_light et_pb_module et_block_module\" href=\"https:\/\/itsw.edu.pl\/es\/conocenos\/sobre-itsw\/\">M\u00e1s sobre ITSW<\/a><\/div>\n<\/div>\n<\/div>\n<\/div>","protected":false},"excerpt":{"rendered":"","protected":false},"author":3,"featured_media":0,"parent":246473,"menu_order":3,"comment_status":"closed","ping_status":"closed","template":"","meta":{"_acf_changed":false,"inline_featured_image":false,"footnotes":""},"class_list":["post-245084","page","type-page","status-publish","hentry"],"acf":[],"yoast_head":"<!-- This site is optimized with the Yoast SEO plugin v27.5 - https:\/\/yoast.com\/product\/yoast-seo-wordpress\/ -->\n<title>Szko\u0142a podstawowa klasy 7\u20138 ITSW | Tr\u00f3jj\u0119zyczna edukacja i egzaminy mi\u0119dzynarodowe- ITSW<\/title>\n<meta name=\"description\" content=\"Tr\u00f3jj\u0119zyczna szko\u0142a podstawowa ITSW w Warszawie (klasy 7\u20138). Przygotowanie do egzamin\u00f3w Cambridge, IGCSE i \u00f3smoklasisty. Edukacja w j\u0119zyku angielskim, polskim i trzecim j\u0119zyku.\" \/>\n<meta name=\"robots\" content=\"index, follow, max-snippet:-1, max-image-preview:large, max-video-preview:-1\" \/>\n<link rel=\"canonical\" href=\"https:\/\/itsw.edu.pl\/es\/escuela-primaria\/grados-7-8-y-escuela-secundaria\/\" \/>\n<meta property=\"og:locale\" content=\"es_ES\" \/>\n<meta property=\"og:type\" content=\"article\" \/>\n<meta property=\"og:title\" content=\"Mi\u0119dzynarodowa, tr\u00f3jj\u0119zyczna szko\u0142a podstawowa ITSW \u2013 klasy 7\u20138 | Edukacja bez granic i silny start w liceum\" \/>\n<meta property=\"og:description\" content=\"ITSW: klasy 7\u20138 to nauka w trzech j\u0119zykach, rozw\u00f3j pasji i solidne przygotowanie do dalszej edukacji \u2014 w Polsce i za granic\u0105.\" \/>\n<meta property=\"og:url\" content=\"https:\/\/itsw.edu.pl\/es\/escuela-primaria\/grados-7-8-y-escuela-secundaria\/\" \/>\n<meta property=\"og:site_name\" content=\"ITSW\" \/>\n<meta property=\"article:publisher\" content=\"https:\/\/www.facebook.com\/ITSW.School.Escuela.Ecole.XueXiao.Gakko.Warsaw\" \/>\n<meta property=\"article:modified_time\" content=\"2026-03-14T14:54:25+00:00\" \/>\n<meta name=\"twitter:card\" content=\"summary_large_image\" \/>\n<script type=\"application\/ld+json\" class=\"yoast-schema-graph\">{\"@context\":\"https:\\\/\\\/schema.org\",\"@graph\":[{\"@type\":\"Article\",\"@id\":\"https:\\\/\\\/itsw.edu.pl\\\/es\\\/escuela-primaria\\\/grados-7-8-y-escuela-secundaria\\\/#article\",\"isPartOf\":{\"@id\":\"https:\\\/\\\/itsw.edu.pl\\\/es\\\/escuela-primaria\\\/grados-7-8-y-escuela-secundaria\\\/\"},\"author\":{\"name\":\"M.K.\",\"@id\":\"https:\\\/\\\/itsw.edu.pl\\\/#\\\/schema\\\/person\\\/4a89b345dd3285b6de291f440f753c8f\"},\"headline\":\"Grados 7-8 y Escuela Secundaria\",\"datePublished\":\"2026-01-06T18:54:10+00:00\",\"dateModified\":\"2026-03-14T14:54:25+00:00\",\"mainEntityOfPage\":{\"@id\":\"https:\\\/\\\/itsw.edu.pl\\\/es\\\/escuela-primaria\\\/grados-7-8-y-escuela-secundaria\\\/\"},\"wordCount\":5,\"publisher\":{\"@id\":\"https:\\\/\\\/itsw.edu.pl\\\/#organization\"},\"inLanguage\":\"es\"},{\"@type\":\"WebPage\",\"@id\":\"https:\\\/\\\/itsw.edu.pl\\\/es\\\/escuela-primaria\\\/grados-7-8-y-escuela-secundaria\\\/\",\"url\":\"https:\\\/\\\/itsw.edu.pl\\\/es\\\/escuela-primaria\\\/grados-7-8-y-escuela-secundaria\\\/\",\"name\":\"Szko\u0142a podstawowa klasy 7\u20138 ITSW | Tr\u00f3jj\u0119zyczna edukacja i egzaminy mi\u0119dzynarodowe- ITSW\",\"isPartOf\":{\"@id\":\"https:\\\/\\\/itsw.edu.pl\\\/#website\"},\"datePublished\":\"2026-01-06T18:54:10+00:00\",\"dateModified\":\"2026-03-14T14:54:25+00:00\",\"description\":\"Tr\u00f3jj\u0119zyczna szko\u0142a podstawowa ITSW w Warszawie (klasy 7\u20138). Przygotowanie do egzamin\u00f3w Cambridge, IGCSE i \u00f3smoklasisty. Edukacja w j\u0119zyku angielskim, polskim i trzecim j\u0119zyku.\",\"breadcrumb\":{\"@id\":\"https:\\\/\\\/itsw.edu.pl\\\/es\\\/escuela-primaria\\\/grados-7-8-y-escuela-secundaria\\\/#breadcrumb\"},\"inLanguage\":\"es\",\"potentialAction\":[{\"@type\":\"ReadAction\",\"target\":[\"https:\\\/\\\/itsw.edu.pl\\\/es\\\/escuela-primaria\\\/grados-7-8-y-escuela-secundaria\\\/\"]}]},{\"@type\":\"BreadcrumbList\",\"@id\":\"https:\\\/\\\/itsw.edu.pl\\\/es\\\/escuela-primaria\\\/grados-7-8-y-escuela-secundaria\\\/#breadcrumb\",\"itemListElement\":[{\"@type\":\"ListItem\",\"position\":1,\"name\":\"ITSW\",\"item\":\"https:\\\/\\\/itsw.edu.pl\\\/es\\\/\"},{\"@type\":\"ListItem\",\"position\":2,\"name\":\"Szko\u0142a podstawowa es\",\"item\":\"https:\\\/\\\/itsw.edu.pl\\\/es\\\/escuela-primaria\\\/\"},{\"@type\":\"ListItem\",\"position\":3,\"name\":\"Grados 7-8 y Escuela Secundaria\"}]},{\"@type\":\"WebSite\",\"@id\":\"https:\\\/\\\/itsw.edu.pl\\\/#website\",\"url\":\"https:\\\/\\\/itsw.edu.pl\\\/\",\"name\":\"ITSW\",\"description\":\"\",\"publisher\":{\"@id\":\"https:\\\/\\\/itsw.edu.pl\\\/#organization\"},\"alternateName\":\"International Trilingual School of Warsaw\",\"potentialAction\":[{\"@type\":\"SearchAction\",\"target\":{\"@type\":\"EntryPoint\",\"urlTemplate\":\"https:\\\/\\\/itsw.edu.pl\\\/?s={search_term_string}\"},\"query-input\":{\"@type\":\"PropertyValueSpecification\",\"valueRequired\":true,\"valueName\":\"search_term_string\"}}],\"inLanguage\":\"es\"},{\"@type\":\"Organization\",\"@id\":\"https:\\\/\\\/itsw.edu.pl\\\/#organization\",\"name\":\"International Trilingual School of Warsaw\",\"alternateName\":\"International Trilingual School of Warsaw\",\"url\":\"https:\\\/\\\/itsw.edu.pl\\\/\",\"logo\":{\"@type\":\"ImageObject\",\"inLanguage\":\"es\",\"@id\":\"https:\\\/\\\/itsw.edu.pl\\\/#\\\/schema\\\/logo\\\/image\\\/\",\"url\":\"https:\\\/\\\/itsw.edu.pl\\\/wp-content\\\/uploads\\\/itsw-logo.png\",\"contentUrl\":\"https:\\\/\\\/itsw.edu.pl\\\/wp-content\\\/uploads\\\/itsw-logo.png\",\"width\":350,\"height\":103,\"caption\":\"International Trilingual School of Warsaw\"},\"image\":{\"@id\":\"https:\\\/\\\/itsw.edu.pl\\\/#\\\/schema\\\/logo\\\/image\\\/\"},\"sameAs\":[\"https:\\\/\\\/www.facebook.com\\\/ITSW.School.Escuela.Ecole.XueXiao.Gakko.Warsaw\"]},{\"@type\":\"Person\",\"@id\":\"https:\\\/\\\/itsw.edu.pl\\\/#\\\/schema\\\/person\\\/4a89b345dd3285b6de291f440f753c8f\",\"name\":\"M.K.\"}]}<\/script>\n<!-- \/ Yoast SEO plugin. -->","yoast_head_json":{"title":"Szko\u0142a podstawowa klasy 7\u20138 ITSW | Tr\u00f3jj\u0119zyczna edukacja i egzaminy mi\u0119dzynarodowe- ITSW","description":"Tr\u00f3jj\u0119zyczna szko\u0142a podstawowa ITSW w Warszawie (klasy 7\u20138). Przygotowanie do egzamin\u00f3w Cambridge, IGCSE i \u00f3smoklasisty. Edukacja w j\u0119zyku angielskim, polskim i trzecim j\u0119zyku.","robots":{"index":"index","follow":"follow","max-snippet":"max-snippet:-1","max-image-preview":"max-image-preview:large","max-video-preview":"max-video-preview:-1"},"canonical":"https:\/\/itsw.edu.pl\/es\/escuela-primaria\/grados-7-8-y-escuela-secundaria\/","og_locale":"es_ES","og_type":"article","og_title":"Mi\u0119dzynarodowa, tr\u00f3jj\u0119zyczna szko\u0142a podstawowa ITSW \u2013 klasy 7\u20138 | Edukacja bez granic i silny start w liceum","og_description":"ITSW: klasy 7\u20138 to nauka w trzech j\u0119zykach, rozw\u00f3j pasji i solidne przygotowanie do dalszej edukacji \u2014 w Polsce i za granic\u0105.","og_url":"https:\/\/itsw.edu.pl\/es\/escuela-primaria\/grados-7-8-y-escuela-secundaria\/","og_site_name":"ITSW","article_publisher":"https:\/\/www.facebook.com\/ITSW.School.Escuela.Ecole.XueXiao.Gakko.Warsaw","article_modified_time":"2026-03-14T14:54:25+00:00","twitter_card":"summary_large_image","schema":{"@context":"https:\/\/schema.org","@graph":[{"@type":"Article","@id":"https:\/\/itsw.edu.pl\/es\/escuela-primaria\/grados-7-8-y-escuela-secundaria\/#article","isPartOf":{"@id":"https:\/\/itsw.edu.pl\/es\/escuela-primaria\/grados-7-8-y-escuela-secundaria\/"},"author":{"name":"M.K.","@id":"https:\/\/itsw.edu.pl\/#\/schema\/person\/4a89b345dd3285b6de291f440f753c8f"},"headline":"Grados 7-8 y Escuela Secundaria","datePublished":"2026-01-06T18:54:10+00:00","dateModified":"2026-03-14T14:54:25+00:00","mainEntityOfPage":{"@id":"https:\/\/itsw.edu.pl\/es\/escuela-primaria\/grados-7-8-y-escuela-secundaria\/"},"wordCount":5,"publisher":{"@id":"https:\/\/itsw.edu.pl\/#organization"},"inLanguage":"es"},{"@type":"WebPage","@id":"https:\/\/itsw.edu.pl\/es\/escuela-primaria\/grados-7-8-y-escuela-secundaria\/","url":"https:\/\/itsw.edu.pl\/es\/escuela-primaria\/grados-7-8-y-escuela-secundaria\/","name":"Szko\u0142a podstawowa klasy 7\u20138 ITSW | Tr\u00f3jj\u0119zyczna edukacja i egzaminy mi\u0119dzynarodowe- ITSW","isPartOf":{"@id":"https:\/\/itsw.edu.pl\/#website"},"datePublished":"2026-01-06T18:54:10+00:00","dateModified":"2026-03-14T14:54:25+00:00","description":"Tr\u00f3jj\u0119zyczna szko\u0142a podstawowa ITSW w Warszawie (klasy 7\u20138). Przygotowanie do egzamin\u00f3w Cambridge, IGCSE i \u00f3smoklasisty. Edukacja w j\u0119zyku angielskim, polskim i trzecim j\u0119zyku.","breadcrumb":{"@id":"https:\/\/itsw.edu.pl\/es\/escuela-primaria\/grados-7-8-y-escuela-secundaria\/#breadcrumb"},"inLanguage":"es","potentialAction":[{"@type":"ReadAction","target":["https:\/\/itsw.edu.pl\/es\/escuela-primaria\/grados-7-8-y-escuela-secundaria\/"]}]},{"@type":"BreadcrumbList","@id":"https:\/\/itsw.edu.pl\/es\/escuela-primaria\/grados-7-8-y-escuela-secundaria\/#breadcrumb","itemListElement":[{"@type":"ListItem","position":1,"name":"ITSW","item":"https:\/\/itsw.edu.pl\/es\/"},{"@type":"ListItem","position":2,"name":"Szko\u0142a podstawowa es","item":"https:\/\/itsw.edu.pl\/es\/escuela-primaria\/"},{"@type":"ListItem","position":3,"name":"Grados 7-8 y Escuela Secundaria"}]},{"@type":"WebSite","@id":"https:\/\/itsw.edu.pl\/#website","url":"https:\/\/itsw.edu.pl\/","name":"ITSW","description":"","publisher":{"@id":"https:\/\/itsw.edu.pl\/#organization"},"alternateName":"International Trilingual School of Warsaw","potentialAction":[{"@type":"SearchAction","target":{"@type":"EntryPoint","urlTemplate":"https:\/\/itsw.edu.pl\/?s={search_term_string}"},"query-input":{"@type":"PropertyValueSpecification","valueRequired":true,"valueName":"search_term_string"}}],"inLanguage":"es"},{"@type":"Organization","@id":"https:\/\/itsw.edu.pl\/#organization","name":"International Trilingual School of Warsaw","alternateName":"International Trilingual School of Warsaw","url":"https:\/\/itsw.edu.pl\/","logo":{"@type":"ImageObject","inLanguage":"es","@id":"https:\/\/itsw.edu.pl\/#\/schema\/logo\/image\/","url":"https:\/\/itsw.edu.pl\/wp-content\/uploads\/itsw-logo.png","contentUrl":"https:\/\/itsw.edu.pl\/wp-content\/uploads\/itsw-logo.png","width":350,"height":103,"caption":"International Trilingual School of Warsaw"},"image":{"@id":"https:\/\/itsw.edu.pl\/#\/schema\/logo\/image\/"},"sameAs":["https:\/\/www.facebook.com\/ITSW.School.Escuela.Ecole.XueXiao.Gakko.Warsaw"]},{"@type":"Person","@id":"https:\/\/itsw.edu.pl\/#\/schema\/person\/4a89b345dd3285b6de291f440f753c8f","name":"M.K."}]}},"_links":{"self":[{"href":"https:\/\/itsw.edu.pl\/es\/wp-json\/wp\/v2\/pages\/245084","targetHints":{"allow":["GET"]}}],"collection":[{"href":"https:\/\/itsw.edu.pl\/es\/wp-json\/wp\/v2\/pages"}],"about":[{"href":"https:\/\/itsw.edu.pl\/es\/wp-json\/wp\/v2\/types\/page"}],"author":[{"embeddable":true,"href":"https:\/\/itsw.edu.pl\/es\/wp-json\/wp\/v2\/users\/3"}],"replies":[{"embeddable":true,"href":"https:\/\/itsw.edu.pl\/es\/wp-json\/wp\/v2\/comments?post=245084"}],"version-history":[{"count":33,"href":"https:\/\/itsw.edu.pl\/es\/wp-json\/wp\/v2\/pages\/245084\/revisions"}],"predecessor-version":[{"id":251703,"href":"https:\/\/itsw.edu.pl\/es\/wp-json\/wp\/v2\/pages\/245084\/revisions\/251703"}],"up":[{"embeddable":true,"href":"https:\/\/itsw.edu.pl\/es\/wp-json\/wp\/v2\/pages\/246473"}],"wp:attachment":[{"href":"https:\/\/itsw.edu.pl\/es\/wp-json\/wp\/v2\/media?parent=245084"}],"curies":[{"name":"wp","href":"https:\/\/api.w.org\/{rel}","templated":true}]}}