{"id":245074,"date":"2026-01-06T11:02:45","date_gmt":"2026-01-06T10:02:45","guid":{"rendered":"https:\/\/itsw.edu.pl\/?page_id=245074"},"modified":"2026-04-20T01:47:57","modified_gmt":"2026-04-19T23:47:57","slug":"grados-1-3","status":"publish","type":"page","link":"https:\/\/itsw.edu.pl\/es\/escuela-primaria\/grados-1-3\/","title":{"rendered":"Grados 1-3"},"content":{"rendered":"<div class=\"et_pb_section_0 et_pb_section et_section_regular et_block_section\">\n<div class=\"et_pb_row_0 et_pb_row et_block_row\">\n<div class=\"et_pb_column_0 et_pb_column et_pb_column_4_4 et-last-child et_block_column et_pb_css_mix_blend_mode_passthrough\">\n<div class=\"et_pb_heading_0 et_pb_heading et_pb_module et_block_module\"><div class=\"et_pb_heading_container\"><h1 class=\"et_pb_module_header\">Tres idiomas, infinitas posibilidades &#8211; Escuela Primaria Internacional ITSW<\/h1><\/div><\/div>\n<\/div>\n<\/div>\n\n<div class=\"et_pb_row_1 et_pb_row et_flex_row\">\n<div class=\"et_pb_column_1 et_pb_column et_block_column et_pb_css_mix_blend_mode_passthrough et_flex_column_2_5 et_flex_column_2_5_tablet et_flex_column_24_24_phone\">\n<div class=\"et_pb_text_0 et_pb_text et_pb_bg_layout_light et_pb_module et_block_module\"><div class=\"et_pb_text_inner\"><p>ITSW \u2014 escuela primaria internacional en Varsovia (1.\u00ba a 3.\u00ba grado), donde el idioma se convierte en una herramienta para adquirir habilidades acad\u00e9micas clave. En 1.\u00ba a 3.\u00ba grado, un buen dominio del idioma permite a los ni\u00f1os acceder a todo el curr\u00edculo. En ITSW, los alumnos aprenden en tres idiomas y las clases se imparten en el idioma meta (ingl\u00e9s y espa\u00f1ol, franc\u00e9s, chino o japon\u00e9s), as\u00ed como en polaco, tanto como lengua materna como extranjera.<\/p>\n<\/div><\/div>\n\n<div class=\"et_pb_module et_pb_button_module_wrapper et_pb_button_0_wrapper\"><a class=\"et_pb_button_0 et_pb_button et_pb_bg_layout_light et_pb_module et_block_module\" href=\"https:\/\/itsw.edu.pl\/es\/contacto\/\">Inscriba a su hijo\/a hoy<\/a><\/div>\n<\/div>\n\n<div class=\"et_pb_column_2 et_pb_column et-last-child et_block_column et_pb_css_mix_blend_mode_passthrough et_flex_column_16_24 et_flex_column_16_24_tablet et_flex_column_24_24_phone\">\n<div class=\"et_pb_group_0 et_pb_group et-last-child et_pb_module et_flex_group et_pb_css_mix_blend_mode_passthrough\">\n<div class=\"et_pb_group_1 et_pb_group et_pb_module et_flex_group et_pb_css_mix_blend_mode_passthrough\">\n<div class=\"et_pb_image_0 et_pb_image et_pb_module et_block_module\"><span class=\"et_pb_image_wrap\"><img decoding=\"async\" src=\"https:\/\/itsw.edu.pl\/wp-content\/uploads\/itsw-szkola-podstawowa-klasy-4-6-lower-primary.jpg\" title=\"ITSW Szko\u0142a podstawowa klasy 4-6 lower primary\" width=\"1920\" height=\"1080\" srcset=\"https:\/\/itsw.edu.pl\/wp-content\/uploads\/itsw-szkola-podstawowa-klasy-4-6-lower-primary.jpg 1920w, https:\/\/itsw.edu.pl\/wp-content\/uploads\/itsw-szkola-podstawowa-klasy-4-6-lower-primary-1280x720.jpg 1280w, https:\/\/itsw.edu.pl\/wp-content\/uploads\/itsw-szkola-podstawowa-klasy-4-6-lower-primary-980x551.jpg 980w, https:\/\/itsw.edu.pl\/wp-content\/uploads\/itsw-szkola-podstawowa-klasy-4-6-lower-primary-480x270.jpg 480w\" sizes=\"(min-width: 0px) and (max-width: 480px) 480px, (min-width: 481px) and (max-width: 980px) 980px, (min-width: 981px) and (max-width: 1280px) 1280px, (min-width: 1281px) 1920px, 100vw\" class=\"wp-image-244923\" \/><\/span><\/div>\n<\/div>\n\n<div class=\"et_pb_image_1 et_pb_image et_pb_module et_flex_module\"><span class=\"et_pb_image_wrap\"><img decoding=\"async\" src=\"https:\/\/itsw.edu.pl\/wp-content\/uploads\/decor.svg\" title=\"decor\" width=\"50\" height=\"200\" srcset=\"https:\/\/itsw.edu.pl\/wp-content\/uploads\/decor.svg 50w\" sizes=\"(min-width: 0px) and (max-width: 0px) 0px, (min-width: 1px) 50px, 100vw\" class=\"wp-image-244688\" \/><\/span><\/div>\n<\/div>\n<\/div>\n<\/div>\n\n<div class=\"et_pb_row_2 et_pb_row et_flex_row\">\n<div class=\"et_pb_column_3 et_pb_column et_block_column et_pb_css_mix_blend_mode_passthrough et_flex_column_2_5 et_flex_column_2_5_tablet et_flex_column_24_24_phone\">\n<div class=\"et_pb_image_2 et_pb_image et_pb_module et_block_module\"><span class=\"et_pb_image_wrap\"><img decoding=\"async\" src=\"https:\/\/itsw.edu.pl\/wp-content\/uploads\/szkola-podstawowa-edukacja-przyrodnicza.jpg\" title=\"szkola podstawowa edukacja przyrodnicza\" width=\"678\" height=\"898\" srcset=\"https:\/\/itsw.edu.pl\/wp-content\/uploads\/szkola-podstawowa-edukacja-przyrodnicza.jpg 678w, https:\/\/itsw.edu.pl\/wp-content\/uploads\/szkola-podstawowa-edukacja-przyrodnicza-480x636.jpg 480w\" sizes=\"(min-width: 0px) and (max-width: 480px) 480px, (min-width: 481px) 678px, 100vw\" class=\"wp-image-244738\" \/><\/span><\/div>\n<\/div>\n\n<div class=\"et_pb_column_4 et_pb_column et-last-child et_block_column et_pb_css_mix_blend_mode_passthrough et_flex_column_3_5 et_flex_column_3_5_tablet et_flex_column_24_24_phone\">\n<div class=\"et_pb_text_1 et_pb_text et_pb_bg_layout_light et_pb_module et_block_module\"><div class=\"et_pb_text_inner\"><h3 data-start=\"62\" data-end=\"132\"><span style=\"color: #16447a;\"><strong data-start=\"62\" data-end=\"132\">Clases 1\u20133: fundamentos de la educaci\u00f3n y del desarrollo triling\u00fce<\/strong><\/span><\/h3>\n<p>En 1.\u00ba a 3.\u00ba grado, los ni\u00f1os desarrollan habilidades acad\u00e9micas b\u00e1sicas a trav\u00e9s de:<\/p>\n<ul>\n<li><strong>educaci\u00f3n ling\u00fc\u00edstica,<\/strong><\/li>\n<li><strong>educaci\u00f3n matem\u00e1tica,<\/strong><\/li>\n<li><strong>educaci\u00f3n cient\u00edfica,<\/strong><\/li>\n<li><strong>educaci\u00f3n social,<\/strong><\/li>\n<li><strong>educaci\u00f3n f\u00edsica,<\/strong><\/li>\n<li><strong>educaci\u00f3n musical y art\u00edstica<\/strong>.<\/li>\n<\/ul>\n<p>Es durante estos a\u00f1os que el idioma se convierte no solo en una asignatura, sino en una herramienta para explorar el mundo y adquirir conocimientos.<\/p>\n<\/div><\/div>\n\n<div class=\"et_pb_module et_pb_button_module_wrapper et_pb_button_1_wrapper\"><a class=\"et_pb_button_1 et_pb_button et_pb_bg_layout_light et_pb_module et_block_module\" href=\"https:\/\/itsw.edu.pl\/es\/trilinguismo\/trayectoria-eductiva\/\">\u00a1Descubra m\u00e1s!<\/a><\/div>\n<\/div>\n<\/div>\n\n<div class=\"et_pb_row_3 et_pb_row et_flex_row\">\n<div class=\"et_pb_column_5 et_pb_column et-last-child et_flex_column et_pb_css_mix_blend_mode_passthrough et_flex_column_24_24 et_flex_column_24_24_tablet et_flex_column_24_24_phone\">\n<div class=\"et_pb_text_2 et_pb_text et_pb_bg_layout_light et_pb_module et_flex_module\"><\/div>\n<\/div>\n<\/div>\n<\/div>\n\n<div class=\"et_pb_section_1 et_pb_section et_section_regular et_block_section\">\n<div class=\"et_pb_row_4 et_pb_row et_flex_row\">\n<div class=\"et_pb_column_6 et_pb_column et-last-child et_flex_column et_pb_css_mix_blend_mode_passthrough et_flex_column_24_24 et_flex_column_24_24_tablet et_flex_column_24_24_phone\">\n<div class=\"et_pb_heading_1 et_pb_heading et_pb_module et_flex_module\"><div class=\"et_pb_heading_container\"><h2 class=\"et_pb_module_header\">Programa escolar de la primaria ITSW (1.\u00ba a 3.\u00ba grado)<\/h2><\/div><\/div>\n<\/div>\n<\/div>\n\n<div class=\"et_pb_row_5 et_pb_row et_flex_row\">\n<div class=\"et_pb_column_7 et_pb_column et_block_column et_pb_css_mix_blend_mode_passthrough et_flex_column_24_24 et_flex_column_24_24_tablet et_flex_column_24_24_phone\">\n<div class=\"et_pb_text_3 et_pb_text et_pb_bg_layout_light et_pb_module et_block_module\"><div class=\"et_pb_text_inner\"><h3 style=\"margin-bottom: 15px;\">Curr\u00edculo de Primaria ITSW (1.\u00ba a 3.\u00ba grado)<br \/>Proyectos Educativos Multiling\u00fces: una base para el desarrollo acad\u00e9mico y social<\/h3>\n<p>En ITSW, de 1.\u00ba a 3.\u00ba grado, los ni\u00f1os desarrollan habilidades sociales, acad\u00e9micas y emocionales a trav\u00e9s de proyectos multiling\u00fces que combinan el aprendizaje con la exploraci\u00f3n.<br \/><strong>En nuestra escuela, las matem\u00e1ticas y las ciencias se imparten de forma biling\u00fce (ingl\u00e9s + polaco o ingl\u00e9s + franc\u00e9s), mientras que la lengua, la literatura y la educaci\u00f3n social y cultural se imparten de forma triling\u00fce, combinando ingl\u00e9s + polaco + espa\u00f1ol\/franc\u00e9s\/chino\/japon\u00e9s<\/strong>.<br \/>La m\u00fasica, el arte y la educaci\u00f3n f\u00edsica se ense\u00f1an en un solo idioma de forma natural y atractiva, lo que favorece el desarrollo infantil.<br \/>Gracias a nuestro enfoque individualizado, los ni\u00f1os alcanzan nuevos hitos de desarrollo a su propio ritmo, desarrollando la confianza en s\u00ed mismos, el placer de aprender y la sensaci\u00f3n de logro.<\/p>\n<\/div><\/div>\n\n<div class=\"et_pb_module et_pb_button_module_wrapper et_pb_button_2_wrapper\"><a class=\"et_pb_button_2 et_pb_button et_pb_bg_layout_light et_pb_module et_block_module\" href=\"https:\/\/itsw.edu.pl\/es\/conocenos\/\">\u00danete a ITSW<\/a><\/div>\n<\/div>\n\n<div class=\"et_pb_column_8 et_pb_column et-last-child et_block_column et_pb_css_mix_blend_mode_passthrough et_flex_column_24_24 et_flex_column_24_24_tablet et_flex_column_24_24_phone\">\n<div class=\"et_pb_image_3 et_pb_image et_pb_module et_block_module\"><span class=\"et_pb_image_wrap\"><img decoding=\"async\" src=\"https:\/\/itsw.edu.pl\/wp-content\/uploads\/klasa-1-3-zajecia-plastyczne.jpg\" alt=\"Mi\u0119dzynarodowa szko\u0142a podstawowa ITSW zaj\u0119cia plastyczne\" title=\"klasa 1-3 zaj\u0119cia plastyczne\" width=\"555\" height=\"450\" srcset=\"https:\/\/itsw.edu.pl\/wp-content\/uploads\/klasa-1-3-zajecia-plastyczne.jpg 555w, https:\/\/itsw.edu.pl\/wp-content\/uploads\/klasa-1-3-zajecia-plastyczne-480x389.jpg 480w\" sizes=\"(min-width: 0px) and (max-width: 480px) 480px, (min-width: 481px) 555px, 100vw\" class=\"wp-image-244745\" \/><\/span><\/div>\n<\/div>\n<\/div>\n<\/div>\n\n<div class=\"et_pb_section_2 et_pb_section et_section_regular et_flex_section\">\n<div class=\"et_pb_row_6 et_pb_row et_flex_row custom_row\">\n<div class=\"et_pb_column_9 et_pb_column et_block_column et_pb_css_mix_blend_mode_passthrough et_flex_column_24_24 et_flex_column_24_24_tablet et_flex_column_24_24_phone second-on-mobile\">\n<div class=\"et_pb_image_4 et_pb_image et_pb_module et_block_module\"><span class=\"et_pb_image_wrap\"><img decoding=\"async\" src=\"https:\/\/itsw.edu.pl\/wp-content\/uploads\/klasy-1-3-praca-zespolowa.jpg\" title=\"klasy 1-3 praca zespolowa\" width=\"678\" height=\"898\" srcset=\"https:\/\/itsw.edu.pl\/wp-content\/uploads\/klasy-1-3-praca-zespolowa.jpg 678w, https:\/\/itsw.edu.pl\/wp-content\/uploads\/klasy-1-3-praca-zespolowa-480x636.jpg 480w\" sizes=\"(min-width: 0px) and (max-width: 480px) 480px, (min-width: 481px) 678px, 100vw\" class=\"wp-image-244752\" alt=\"ITSW dzieci ucza si\u0119 przez zabaw\u0119\" \/><\/span><\/div>\n<\/div>\n\n<div class=\"et_pb_column_10 et_pb_column et-last-child et_block_column et_pb_css_mix_blend_mode_passthrough et_flex_column_24_24 et_flex_column_24_24_tablet et_flex_column_24_24_phone first-on-mobile\">\n<div class=\"et_pb_text_4 et_pb_text et_pb_bg_layout_light et_pb_module et_block_module\"><div class=\"et_pb_text_inner\"><h3 style=\"margin-bottom: 15px;\">\u00bfC\u00f3mo aprenden los ni\u00f1os en los grados 1 a 3?<\/h3>\n<p>Gracias al programa multiling\u00fce y multicultural de ITSW, los ni\u00f1os comienzan la escuela primaria con confianza, curiosidad y alegr\u00eda, desarrollando una mentalidad abierta, perseverancia y respeto por los dem\u00e1s.<\/p>\n<p><strong>Alumnos de 1.\u00ba a 3.\u00ba de primaria:<\/strong><\/p>\n<ul>\n<li>Mejoran sus habilidades de lectura, escritura y matem\u00e1ticas,<\/li>\n<li>Descubren sus primeras lecturas en tres idiomas,<\/li>\n<li>Aprenden sobre el fascinante mundo de la naturaleza mediante experimentos y observaciones,<\/li>\n<li>Aprenden a cooperar, comunicarse y a desenvolverse en grupo,<\/li>\n<li>Adquieren conocimientos sobre el mundo a trav\u00e9s de la educaci\u00f3n social y cultural.<\/li>\n<\/ul>\n<p>El programa de educaci\u00f3n preescolar y de primera infancia de ITSW es \u200b\u200bcoherente y en espiral: se desarrolla desde preescolar hasta los \u00faltimos cursos de primaria. Combina el juego con el aprendizaje, apoya el desarrollo de las competencias necesarias en las etapas educativas posteriores y sienta una base s\u00f3lida para la educaci\u00f3n triling\u00fce posterior.<\/p>\n<\/div><\/div>\n\n<div class=\"et_pb_module et_pb_button_module_wrapper et_pb_button_3_wrapper\"><a class=\"et_pb_button_3 et_pb_button et_pb_bg_layout_light et_pb_module et_block_module\" href=\"https:\/\/itsw.edu.pl\/es\/contacto\/\">Agenda una reuni\u00f3n<\/a><\/div>\n<\/div>\n<\/div>\n<\/div>\n\n<div class=\"et_pb_section_3 et_pb_section et_section_regular et_block_section\">\n<div class=\"et_pb_row_7 et_pb_row et_flex_row custom_row\">\n<div class=\"et_pb_column_11 et_pb_column et_block_column et_pb_css_mix_blend_mode_passthrough et_flex_column_24_24 et_flex_column_24_24_tablet et_flex_column_24_24_phone first-on-mobile\">\n<div class=\"et_pb_text_5 et_pb_text et_pb_bg_layout_light et_pb_module et_block_module\"><div class=\"et_pb_text_inner\"><h3 style=\"margin-bottom: 15px;\">Una educaci\u00f3n cuyos efectos son visibles mucho m\u00e1s all\u00e1 de los muros de la escuela<\/h3>\n<p>En ITSW, creemos que la educaci\u00f3n es m\u00e1s que un simple curr\u00edculo. En nuestra escuela primaria (1.\u00ba a 3.\u00ba grado), los ni\u00f1os se preparan para la vida en un mundo global y multicultural, aprendiendo a tener un impacto real en su entorno.<\/p>\n<p>Los alumnos participan en proyectos internacionales, actividades de extensi\u00f3n comunitaria y diversas actividades que transforman el conocimiento escolar en experiencia pr\u00e1ctica, dotando al aprendizaje de un verdadero significado y la alegr\u00eda de explorar el mundo.<\/p>\n<\/div><\/div>\n\n<div class=\"et_pb_module et_pb_button_module_wrapper et_pb_button_4_wrapper\"><a class=\"et_pb_button_4 et_pb_button et_pb_bg_layout_light et_pb_module et_block_module\" href=\"https:\/\/itsw.edu.pl\/es\/escuela-primaria\/grados-4-6\/localizacion\/\">Descubre nuestro campus<\/a><\/div>\n<\/div>\n\n<div class=\"et_pb_column_12 et_pb_column et-last-child et_block_column et_pb_css_mix_blend_mode_passthrough et_flex_column_24_24 et_flex_column_24_24_tablet et_flex_column_24_24_phone second-on-mobile\">\n<div class=\"et_pb_image_5 et_pb_image et_pb_module et_block_module\"><span class=\"et_pb_image_wrap\"><img decoding=\"async\" src=\"https:\/\/itsw.edu.pl\/wp-content\/uploads\/klasa-1-3-projekt.jpg\" title=\"klasa 1-3 projekt\" width=\"555\" height=\"450\" srcset=\"https:\/\/itsw.edu.pl\/wp-content\/uploads\/klasa-1-3-projekt.jpg 555w, https:\/\/itsw.edu.pl\/wp-content\/uploads\/klasa-1-3-projekt-480x389.jpg 480w\" sizes=\"(min-width: 0px) and (max-width: 480px) 480px, (min-width: 481px) 555px, 100vw\" class=\"wp-image-244759\" alt=\"ITSW dzieci ucza si\u0119 przez zabaw\u0119\" \/><\/span><\/div>\n<\/div>\n<\/div>\n<\/div>\n\n<div class=\"et_pb_section_4 et_pb_section et_section_regular et_block_section\">\n<div class=\"et_pb_row_8 et_pb_row et_flex_row\">\n<div class=\"et_pb_column_13 et_pb_column et_block_column et_pb_css_mix_blend_mode_passthrough et_flex_column_2_5 et_flex_column_2_5_tablet et_flex_column_24_24_phone\">\n<div class=\"et_pb_image_6 et_pb_image et_pb_module et_flex_module\"><span class=\"et_pb_image_wrap\"><img decoding=\"async\" src=\"https:\/\/itsw.edu.pl\/wp-content\/uploads\/szkola-podstawowa-klasy-1-3-projekty-rownowazony-rozwoj.jpg\" alt=\"Edukacja wczesnoszkolna o rownowa\u017cony rozw\u00f3j\" title=\"szkola podstawowa klasy 1-3 projekty rownowazony rozwoj\" width=\"555\" height=\"450\" srcset=\"https:\/\/itsw.edu.pl\/wp-content\/uploads\/szkola-podstawowa-klasy-1-3-projekty-rownowazony-rozwoj.jpg 555w, https:\/\/itsw.edu.pl\/wp-content\/uploads\/szkola-podstawowa-klasy-1-3-projekty-rownowazony-rozwoj-480x389.jpg 480w\" sizes=\"(min-width: 0px) and (max-width: 480px) 480px, (min-width: 481px) 555px, 100vw\" class=\"wp-image-244780\" \/><\/span><\/div>\n<\/div>\n\n<div class=\"et_pb_column_14 et_pb_column et-last-child et_block_column et_pb_css_mix_blend_mode_passthrough et_flex_column_3_5 et_flex_column_3_5_tablet et_flex_column_24_24_phone\">\n<div class=\"et_pb_text_6 et_pb_text et_pb_bg_layout_light et_pb_module et_block_module\"><div class=\"et_pb_text_inner\"><h2 style=\"margin-bottom: 15px; text-align: center;\">Proyectos internacionales y objetivos de desarrollo sostenible (ODS)<\/h2>\n<p>El curr\u00edculo de ITSW se divide en m\u00f3dulos trimestrales, cada uno centrado en uno de los <a href=\"https:\/\/sdgs.un.org\/goals\"><strong>Objetivos de Desarrollo Sostenible (ODS) de la ONU<\/strong><\/a>.\u00a0<br \/>Los estudiantes participan en proyectos como <a href=\"https:\/\/inspirecitizens.org\/\"><strong>Ciudadanos Inspirados<\/strong><\/a> y el <a href=\"https:\/\/theguardianproject.net\/\"><strong>Proyecto Guardi\u00e1n<\/strong><\/a>, a trav\u00e9s de los cuales descubren c\u00f3mo pueden impactar positivamente en el mundo.<br \/>Cada trimestre tambi\u00e9n incluye viajes educativos por Polonia, que combinan la integraci\u00f3n en el aula con la aplicaci\u00f3n pr\u00e1ctica de los conocimientos adquiridos. Los ni\u00f1os aprenden c\u00f3mo sus acciones afectan a situaciones de la vida real m\u00e1s all\u00e1 de la escuela.<\/p>\n<\/div><\/div>\n<\/div>\n<\/div>\n<\/div>\n\n<div class=\"et_pb_section_5 et_pb_section et_section_regular et_block_section\">\n<div class=\"et_pb_row_9 et_pb_row et_flex_row custom_row\">\n<div class=\"et_pb_column_15 et_pb_column et_block_column et_pb_css_mix_blend_mode_passthrough et_flex_column_24_24 et_flex_column_24_24_tablet et_flex_column_24_24_phone first-on-mobile\">\n<div class=\"et_pb_text_7 et_pb_text et_pb_bg_layout_light et_pb_module et_block_module\">\n<div class=\"et_pb_text_8 et_pb_text et_pb_bg_layout_light et_pb_module et_block_module\"><div class=\"et_pb_text_inner\" data-et-mv-hidden-phone=\"true\"><h3>Talleres extracurriculares y desarrollo de pasiones en seis idiomas<\/h3>\n<p data-start=\"87\" data-end=\"386\"><strong data-start=\"87\" data-end=\"204\">En ITSW concedemos gran importancia al desarrollo integral de los ni\u00f1os, m\u00e1s all\u00e1 de los aprendizajes acad\u00e9micos.<\/strong> Creemos firmemente que la verdadera educaci\u00f3n va mucho m\u00e1s all\u00e1 del aula; por ello, ofrecemos un programa enriquecido de <strong data-start=\"326\" data-end=\"353\">talleres extraescolares<\/strong> despu\u00e9s de la jornada escolar.<\/p>\n<p data-start=\"388\" data-end=\"575\">Nuestros talleres abarcan los \u00e1mbitos <strong data-start=\"426\" data-end=\"492\">art\u00edstico, musical, ling\u00fc\u00edstico, cultural, cient\u00edfico y social<\/strong>, lo que permite a los ni\u00f1os desarrollar sus pasiones y descubrir nuevos intereses.<\/p>\n<p data-start=\"577\" data-end=\"647\">Impartidos en <strong data-start=\"591\" data-end=\"607\">seis idiomas<\/strong>, estos talleres permiten a los alumnos:<\/p>\n<ul data-start=\"649\" data-end=\"871\">\n<li data-start=\"649\" data-end=\"676\">\n<p data-start=\"651\" data-end=\"676\">ampliar sus horizontes,<\/p>\n<\/li>\n<li data-start=\"677\" data-end=\"722\">\n<p data-start=\"679\" data-end=\"722\">descubrir nuevos \u00e1mbitos de conocimiento,<\/p>\n<\/li>\n<li data-start=\"723\" data-end=\"786\">\n<p data-start=\"725\" data-end=\"786\">desarrollar de forma natural sus competencias ling\u00fc\u00edsticas,<\/p>\n<\/li>\n<li data-start=\"787\" data-end=\"871\">\n<p data-start=\"789\" data-end=\"871\">aprender a aplicar los conocimientos adquiridos en la escuela a la vida cotidiana.<\/p>\n<\/li>\n<\/ul>\n<p data-start=\"873\" data-end=\"1019\">Nuestros talleres van mucho m\u00e1s all\u00e1 del programa escolar b\u00e1sico, <strong data-start=\"939\" data-end=\"1005\">estimulando la curiosidad, la creatividad y la apertura mental<\/strong> de los ni\u00f1os.<\/p>\n<\/div><\/div>\n\n<div class=\"et_pb_module et_pb_button_module_wrapper et_pb_button_5_wrapper\"><a class=\"et_pb_button_5 et_pb_button et_pb_bg_layout_light et_pb_module et_block_module\" href=\"https:\/\/itsw.edu.pl\/es\/formulario-de-admision\/\">Reserva una plaza<\/a><\/div>\n<\/div>\n<\/div>\n\n<div class=\"et_pb_column_16 et_pb_column et-last-child et_block_column et_pb_css_mix_blend_mode_passthrough et_flex_column_24_24 et_flex_column_24_24_tablet et_flex_column_24_24_phone second-on-mobile\">\n<div class=\"et_pb_image_7 et_pb_image et_pb_module et_block_module\"><span class=\"et_pb_image_wrap\"><img decoding=\"async\" src=\"https:\/\/itsw.edu.pl\/wp-content\/uploads\/warszataty-pozalekcyjne-szkola-podstawowa.jpg\" title=\"Zielona szkola\" width=\"678\" height=\"898\" srcset=\"https:\/\/itsw.edu.pl\/wp-content\/uploads\/warszataty-pozalekcyjne-szkola-podstawowa.jpg 678w, https:\/\/itsw.edu.pl\/wp-content\/uploads\/warszataty-pozalekcyjne-szkola-podstawowa-480x636.jpg 480w\" sizes=\"(min-width: 0px) and (max-width: 480px) 480px, (min-width: 481px) 678px, 100vw\" class=\"wp-image-244795\" alt=\"ITSW dzieci ucza si\u0119 przez zabaw\u0119\" \/><\/span><\/div>\n<\/div>\n<\/div>\n\n<div class=\"et_pb_row_10 et_pb_row et_flex_row\">\n<div class=\"et_pb_column_17 et_pb_column et-last-child et_flex_column et_pb_css_mix_blend_mode_passthrough et_flex_column_24_24 et_flex_column_24_24_tablet et_flex_column_24_24_phone\">\n<div class=\"et_pb_text_9 et_pb_text et_pb_bg_layout_light et_pb_module et_block_module\"><div class=\"et_pb_text_inner\"><h3 style=\"margin-bottom: 15px;\">Eventos escolares, cultura y comunidad<\/h3>\n<p>En ITSW, celebramos la diversidad y ense\u00f1amos a los ni\u00f1os que es su verdadera fortaleza. El multiculturalismo es la base de nuestra escuela, y cada estudiante puede estar orgulloso de ello.<\/p>\n<p>Cada primavera, organizamos eventos \u00fanicos que combinan aprendizaje, arte y cultura:<\/p>\n<p><strong>Espect\u00e1culo de Navidad<\/strong>: una espectacular actuaci\u00f3n art\u00edstica a todo volumen;<\/p>\n<p><strong>Festivales de Lenguas y Culturas<\/strong>: presentaciones \u00fanicas de culturas e idiomas;<\/p>\n<p>Numerosas actividades en las que los ni\u00f1os desarrollan la confianza en s\u00ed mismos, las habilidades esc\u00e9nicas y la colaboraci\u00f3n.<\/p>\n<p>Estos son momentos en los que los estudiantes pueden expresarse, celebrar sus or\u00edgenes y enorgullecerse de la diversidad, mientras descubren la alegr\u00eda de crear y aprender juntos.<\/p>\n<\/div><\/div>\n<\/div>\n<\/div>\n<\/div>\n\n<div class=\"et_pb_section_6 et_pb_section et_section_regular et_block_section\">\n<div class=\"et_pb_row_11 et_pb_row et_flex_row custom_row\">\n<div class=\"et_pb_column_18 et_pb_column et_block_column et_pb_css_mix_blend_mode_passthrough et_flex_column_24_24 et_flex_column_24_24_tablet et_flex_column_24_24_phone first-on-mobile\">\n<div class=\"et_pb_text_10 et_pb_text et_pb_bg_layout_light et_pb_module et_block_module\"><div class=\"et_pb_text_inner\"><h3 style=\"margin-bottom: 15px;\">Escuelas verdes y naturaleza<\/h3>\n<p>Las excursiones anuales son parte integral de la formaci\u00f3n de ITSW.<\/p>\n<p>Cada a\u00f1o, exploramos una nueva regi\u00f3n de Polonia y los estudiantes participan en un programa de cinco d\u00edas que desarrolla la independencia, la cooperaci\u00f3n y la responsabilidad.<\/p>\n<p>Garantizamos condiciones log\u00edsticas y emocionalmente seguras, as\u00ed como viajes ecol\u00f3gicos: viajamos en tren siempre que es posible.<\/p>\n<\/div><\/div>\n<\/div>\n\n<div class=\"et_pb_column_19 et_pb_column et-last-child et_block_column et_pb_css_mix_blend_mode_passthrough et_flex_column_24_24 et_flex_column_24_24_tablet et_flex_column_24_24_phone second-on-mobile\">\n<div class=\"et_pb_image_8 et_pb_image et_pb_module et_block_module\"><span class=\"et_pb_image_wrap\"><img decoding=\"async\" src=\"https:\/\/itsw.edu.pl\/wp-content\/uploads\/zielona-szkola.jpg\" title=\"Zielona szkola\" width=\"2048\" height=\"1636\" srcset=\"https:\/\/itsw.edu.pl\/wp-content\/uploads\/zielona-szkola.jpg 2048w, https:\/\/itsw.edu.pl\/wp-content\/uploads\/zielona-szkola-1280x1023.jpg 1280w, https:\/\/itsw.edu.pl\/wp-content\/uploads\/zielona-szkola-980x783.jpg 980w, https:\/\/itsw.edu.pl\/wp-content\/uploads\/zielona-szkola-480x383.jpg 480w\" sizes=\"(min-width: 0px) and (max-width: 480px) 480px, (min-width: 481px) and (max-width: 980px) 980px, (min-width: 981px) and (max-width: 1280px) 1280px, (min-width: 1281px) 2048px, 100vw\" class=\"wp-image-244803\" alt=\"ITSW dzieci ucza si\u0119 przez zabaw\u0119\" \/><\/span><\/div>\n<\/div>\n<\/div>\n<\/div>\n\n<div class=\"et_pb_section_7 et_pb_section et_section_regular et_block_section\">\n<div class=\"et_pb_row_12 et_pb_row et_flex_row custom_row\">\n<div class=\"et_pb_column_20 et_pb_column et_block_column et_pb_css_mix_blend_mode_passthrough et_flex_column_24_24 et_flex_column_24_24_tablet et_flex_column_24_24_phone second-on-mobile\">\n<div class=\"et_pb_image_9 et_pb_image et_pb_module et_block_module\"><span class=\"et_pb_image_wrap\"><img decoding=\"async\" src=\"https:\/\/itsw.edu.pl\/wp-content\/uploads\/klasa-1-3-wymiany-szkola-podstawowa.jpg\" title=\"Klasa 1-3 wymiany szkola podstawowa\" width=\"555\" height=\"450\" srcset=\"https:\/\/itsw.edu.pl\/wp-content\/uploads\/klasa-1-3-wymiany-szkola-podstawowa.jpg 555w, https:\/\/itsw.edu.pl\/wp-content\/uploads\/klasa-1-3-wymiany-szkola-podstawowa-480x389.jpg 480w\" sizes=\"(min-width: 0px) and (max-width: 480px) 480px, (min-width: 481px) 555px, 100vw\" class=\"wp-image-244810\" alt=\"ITSW dzieci ucza si\u0119 przez zabaw\u0119\" \/><\/span><\/div>\n<\/div>\n\n<div class=\"et_pb_column_21 et_pb_column et-last-child et_block_column et_pb_css_mix_blend_mode_passthrough et_flex_column_24_24 et_flex_column_24_24_tablet et_flex_column_24_24_phone first-on-mobile\">\n<div class=\"et_pb_text_11 et_pb_text et_pb_bg_layout_light et_pb_module et_flex_module\"><div class=\"et_pb_text_inner\"><h3>Intercambios de idiomas y viajes internacionales<\/h3>\n<p>Como escuela triling\u00fce y multicultural, ITSW ofrece a sus estudiantes:<\/p>\n<ul>\n<li><strong>Intercambios ling\u00fc\u00edsticos con escuelas asociadas,<\/strong><\/li>\n<li><strong>Viajes de vacaciones a pa\u00edses con idiomas espec\u00edficos, incluyendo viajes anuales a China y Espa\u00f1a<\/strong>.<\/li>\n<\/ul>\n<p>Estas experiencias profundizan el conocimiento ling\u00fc\u00edstico y cultural, y desarrollan competencias globales para el futuro.<\/p>\n<\/div><\/div>\n\n<div class=\"et_pb_module et_pb_button_module_wrapper et_pb_button_6_wrapper\"><a class=\"et_pb_button_6 et_pb_button et_pb_bg_layout_light et_pb_module et_block_module\" href=\"https:\/\/itsw.edu.pl\/es\/conocenos\/maestros-y-management\/\">Conoce a nuestros maestros<\/a><\/div>\n<\/div>\n<\/div>\n<\/div>\n\n<div class=\"et_pb_section_8 et_pb_section et_section_regular et_block_section\">\n<div class=\"et_pb_row_13 et_pb_row et_flex_row custom_row\">\n<div class=\"et_pb_column_22 et_pb_column et-last-child et_block_column et_pb_css_mix_blend_mode_passthrough et_flex_column_24_24 et_flex_column_24_24_tablet et_flex_column_24_24_phone first-on-mobile\">\n<div class=\"et_pb_text_12 et_pb_text et_pb_bg_layout_light et_pb_module et_block_module\"><div class=\"et_pb_text_inner\"><h2 style=\"margin-bottom: 15px; text-align: center;\">El lugar de las lenguas en la escuela primaria ITSW (grados 1-3)<\/h2>\n<p>En los grados 1.\u00ba a 3.\u00ba de primaria, el idioma es una herramienta para adquirir conocimientos, no una asignatura independiente. Esto significa que un buen dominio del idioma permite a los alumnos aprovechar al m\u00e1ximo el curr\u00edculo y participar activamente en la vida escolar. Gracias al principio OPOL (Una Persona, Un Idioma) y a la inmersi\u00f3n ling\u00fc\u00edstica diaria, los alumnos, incluso los que se incorporan a nuestra escuela, desarrollan sus habilidades de forma natural, al igual que los ni\u00f1os de escuelas francesas, espa\u00f1olas, brit\u00e1nicas o estadounidenses.<\/p>\n<p>Al mismo tiempo, reconocemos que no todos los ni\u00f1os comienzan su educaci\u00f3n en ITSW desde peque\u00f1os, por lo que nuestro programa est\u00e1 dise\u00f1ado para apoyar diversos niveles de dominio del idioma.<\/p>\n<\/div><\/div>\n<\/div>\n<\/div>\n<\/div>\n\n<div class=\"et_pb_section_9 et_pb_section et_section_regular et_block_section\">\n<div class=\"et_pb_row_14 et_pb_row et_flex_row custom_row\">\n<div class=\"et_pb_column_23 et_pb_column et_block_column et_pb_css_mix_blend_mode_passthrough et_flex_column_24_24 et_flex_column_24_24_tablet et_flex_column_24_24_phone first-on-mobile\">\n<div class=\"et_pb_text_13 et_pb_text et_pb_bg_layout_light et_pb_module et_block_module\"><div class=\"et_pb_text_inner\"><h3 style=\"margin-bottom: 15px;\">\u00bfY si mi hijo tiene como lengua materna el ingl\u00e9s, el franc\u00e9s, el espa\u00f1ol, el chino o el japon\u00e9s?<\/h3>\n<p>Se requiere un conocimiento comunicativo de uno de los idiomas de instrucci\u00f3n (ingl\u00e9s, franc\u00e9s, espa\u00f1ol, chino, japon\u00e9s).<br \/>Los ni\u00f1os que se inician en un entorno triling\u00fce pueden aprender otros idiomas mediante:<br \/>&#8211; inmersi\u00f3n natural,<br \/>&#8211; contacto continuo con profesores nativos,<br \/>&#8211; modelado del lenguaje durante las actividades diarias.<\/p>\n<p>&nbsp;<\/p>\n<h3 style=\"margin-bottom: 15px;\">\u00bfMi hijo debe hablar tres idiomas para ser admitido en ITSW?<\/h3>\n<p>En ITSW, los hablantes nativos desarrollan su lengua materna mientras aprenden simult\u00e1neamente dos idiomas adicionales mediante la inmersi\u00f3n. Esto es incre\u00edblemente valioso, tanto para ellos como para toda la clase, que se beneficia de un aut\u00e9ntico aprendizaje ling\u00fc\u00edstico y cultural.<\/p>\n<\/div><\/div>\n\n<div class=\"et_pb_module et_pb_button_module_wrapper et_pb_button_7_wrapper\"><a class=\"et_pb_button_7 et_pb_button et_pb_bg_layout_light et_pb_module et_block_module\" href=\"https:\/\/itsw.edu.pl\/ankieta-wstepna\/\" target=\"_blank\">Hablemos<\/a><\/div>\n<\/div>\n\n<div class=\"et_pb_column_24 et_pb_column et-last-child et_block_column et_pb_css_mix_blend_mode_passthrough et_flex_column_24_24 et_flex_column_24_24_tablet et_flex_column_24_24_phone second-on-mobile\">\n<div class=\"et_pb_image_10 et_pb_image et_pb_module et_block_module\"><span class=\"et_pb_image_wrap\"><img decoding=\"async\" src=\"https:\/\/itsw.edu.pl\/wp-content\/uploads\/szkola-miedzynorowa-klasy-1-3.jpg\" title=\"Szkola miedzynorowa klasy 1-3\" width=\"555\" height=\"450\" srcset=\"https:\/\/itsw.edu.pl\/wp-content\/uploads\/szkola-miedzynorowa-klasy-1-3.jpg 555w, https:\/\/itsw.edu.pl\/wp-content\/uploads\/szkola-miedzynorowa-klasy-1-3-480x389.jpg 480w\" sizes=\"(min-width: 0px) and (max-width: 480px) 480px, (min-width: 481px) 555px, 100vw\" class=\"wp-image-244817\" alt=\"ITSW dzieci ucza si\u0119 przez zabaw\u0119\" \/><\/span><\/div>\n<\/div>\n<\/div>\n\n<div class=\"et_pb_row_15 et_pb_row et_flex_row custom_row\">\n<div class=\"et_pb_column_25 et_pb_column et_block_column et_pb_css_mix_blend_mode_passthrough et_flex_column_24_24 et_flex_column_24_24_tablet et_flex_column_24_24_phone second-on-mobile\">\n<div class=\"et_pb_image_11 et_pb_image et_pb_module et_block_module\"><span class=\"et_pb_image_wrap\"><img decoding=\"async\" src=\"https:\/\/itsw.edu.pl\/wp-content\/uploads\/ple-wsparcie-w-nauce-jezykow-dla-dzieci.jpg\" title=\"PLE wsparcie w nauce jezykow dla dzieci\" width=\"678\" height=\"898\" srcset=\"https:\/\/itsw.edu.pl\/wp-content\/uploads\/ple-wsparcie-w-nauce-jezykow-dla-dzieci.jpg 678w, https:\/\/itsw.edu.pl\/wp-content\/uploads\/ple-wsparcie-w-nauce-jezykow-dla-dzieci-480x636.jpg 480w\" sizes=\"(min-width: 0px) and (max-width: 480px) 480px, (min-width: 481px) 678px, 100vw\" class=\"wp-image-244831\" alt=\"ITSW dzieci ucza si\u0119 przez zabaw\u0119\" \/><\/span><\/div>\n<\/div>\n\n<div class=\"et_pb_column_26 et_pb_column et-last-child et_block_column et_pb_css_mix_blend_mode_passthrough et_flex_column_24_24 et_flex_column_24_24_tablet et_flex_column_24_24_phone first-on-mobile\">\n<div class=\"et_pb_text_14 et_pb_text et_pb_bg_layout_light et_pb_module et_block_module\"><div class=\"et_pb_text_inner\"><h3 style=\"margin-bottom: 15px;\">\u00bfQu\u00e9 pasa si mi hijo no habla polaco u otro idioma que se ense\u00f1a en ITSW?<\/h3>\n<p>En ITSW, muchos estudiantes comienzan sus estudios sin saber a\u00fan polaco ni la segunda lengua de ense\u00f1anza. Por eso, ofrecemos un programa intensivo de Apoyo Ling\u00fc\u00edstico que ayuda a los ni\u00f1os a adaptarse de forma r\u00e1pida y segura a un entorno triling\u00fce.<\/p>\n<p>\u00bfC\u00f3mo apoyamos a los ni\u00f1os que no hablan polaco y que empiezan a aprender el idioma desde cero?<\/p>\n<ul>\n<li>Clases intensivas de Apoyo Ling\u00fc\u00edstico (de 2.\u00ba a 3.\u00ba de primaria),<\/li>\n<li>Desarrollo r\u00e1pido de las habilidades ling\u00fc\u00edsticas,<\/li>\n<li>Sin atrasos acad\u00e9micos: los ni\u00f1os asisten a clases en el idioma que ya dominan,<\/li>\n<li>Posibilidad de ponerse al d\u00eda en 1 o 2 a\u00f1os.<\/li>\n<\/ul>\n<p>Con la ense\u00f1anza biling\u00fce y triling\u00fce, los estudiantes adquieren conocimientos con facilidad y aprenden nuevos idiomas de forma natural mediante la inmersi\u00f3n y el m\u00e9todo OPOL.<\/p>\n<p>&nbsp;<\/p>\n<\/div><\/div>\n<\/div>\n<\/div>\n\n<div class=\"et_pb_row_16 et_pb_row et_flex_row\">\n<div class=\"et_pb_column_27 et_pb_column et-last-child et_flex_column et_pb_css_mix_blend_mode_passthrough et_flex_column_24_24 et_flex_column_24_24_tablet et_flex_column_24_24_phone\">\n<div class=\"et_pb_text_15 et_pb_text et_pb_bg_layout_light et_pb_module et_block_module\"><div class=\"et_pb_text_inner\"><h3 style=\"margin-bottom: 15px;\">\u00bfQu\u00e9 pasa si mi hijo no adquiri\u00f3 el idioma en el preescolar?<\/h3>\n<p>Si un ni\u00f1o no estuvo inmerso en un idioma extranjero antes de los 6 a\u00f1os y solo tuvo contacto intencional con \u00e9l, a\u00fan puede ponerse al d\u00eda en los grados 2 y 3. Sin embargo, vale la pena recordar que la inmersi\u00f3n ling\u00fc\u00edstica es un proceso que lleva tiempo, por lo que el apoyo sistem\u00e1tico y un entorno educativo apropiado son cruciales.<\/p>\n<\/div><\/div>\n<\/div>\n<\/div>\n\n<div class=\"et_pb_row_17 et_pb_row et_flex_row custom_row\">\n<div class=\"et_pb_column_28 et_pb_column et_block_column et_pb_css_mix_blend_mode_passthrough et_flex_column_24_24 et_flex_column_24_24_tablet et_flex_column_24_24_phone second-on-mobile\">\n<div class=\"et_pb_image_12 et_pb_image et_pb_module et_block_module\"><span class=\"et_pb_image_wrap\"><img decoding=\"async\" src=\"https:\/\/itsw.edu.pl\/wp-content\/uploads\/ple-program-wsparcie-jezykowe.jpg\" title=\"PLE program wsparcie jezykowe\" width=\"555\" height=\"450\" srcset=\"https:\/\/itsw.edu.pl\/wp-content\/uploads\/ple-program-wsparcie-jezykowe.jpg 555w, https:\/\/itsw.edu.pl\/wp-content\/uploads\/ple-program-wsparcie-jezykowe-480x389.jpg 480w\" sizes=\"(min-width: 0px) and (max-width: 480px) 480px, (min-width: 481px) 555px, 100vw\" class=\"wp-image-244824\" alt=\"ITSW dzieci ucza si\u0119 przez zabaw\u0119\" \/><\/span><\/div>\n<\/div>\n\n<div class=\"et_pb_column_29 et_pb_column et-last-child et_block_column et_pb_css_mix_blend_mode_passthrough et_flex_column_24_24 et_flex_column_24_24_tablet et_flex_column_24_24_phone first-on-mobile\">\n<div class=\"et_pb_text_16 et_pb_text et_pb_bg_layout_light et_pb_module et_block_module\"><div class=\"et_pb_text_inner\"><h3>\u00bfQu\u00e9 pasa si mi hijo no ha empezado el preescolar\u2026?<\/h3>\n<p>En primer grado, el idioma ya no es una materia para aprender, sino una herramienta para trabajar en el aula. Por lo tanto, aceptamos a ni\u00f1os de primer grado con un nivel de conversaci\u00f3n en ingl\u00e9s, franc\u00e9s, espa\u00f1ol, chino o japon\u00e9s. Esto les permite participar libremente en las clases y, al mismo tiempo, beneficiarse del apoyo de las clases de apoyo ling\u00fc\u00edstico si lo necesitan.<\/p>\n<\/div><\/div>\n\n<div class=\"et_pb_module et_pb_button_module_wrapper et_pb_button_8_wrapper\"><a class=\"et_pb_button_8 et_pb_button et_pb_bg_layout_light et_pb_module et_block_module\" href=\"https:\/\/itsw.edu.pl\/es\/trilinguismo\/trayectoria-eductiva\/\">Planifica un futuro mejor para su ni\u00f1o<\/a><\/div>\n<\/div>\n<\/div>\n<\/div>\n\n<div class=\"et_pb_section_10 et_pb_section et_section_regular et_block_section\">\n<div class=\"et_pb_row_18 et_pb_row et_block_row\">\n<div class=\"et_pb_column_30 et_pb_column et_pb_column_4_4 et-last-child et_block_column et_pb_css_mix_blend_mode_passthrough\">\n<div class=\"et_pb_image_13 et_pb_image et_pb_module et_flex_module\"><span class=\"et_pb_image_wrap\"><img decoding=\"async\" src=\"https:\/\/itsw.edu.pl\/wp-content\/uploads\/forbiden.png\" title=\"Forbiden\" width=\"540\" height=\"540\" srcset=\"https:\/\/itsw.edu.pl\/wp-content\/uploads\/forbiden.png 540w, https:\/\/itsw.edu.pl\/wp-content\/uploads\/forbiden-480x480.png 480w\" sizes=\"(min-width: 0px) and (max-width: 480px) 480px, (min-width: 481px) 540px, 100vw\" class=\"wp-image-244788\" \/><\/span><\/div>\n\n<div class=\"et_pb_text_17 et_pb_text et_pb_bg_layout_light et_pb_module et_block_module\"><div class=\"et_pb_text_inner\"><h3 style=\"text-align: center;\"><strong>No Asignamos Tareas<\/strong><\/h3>\n<p>Creemos que el verdadero aprendizaje ocurre en la escuela y a trav\u00e9s de la experiencia, y que el tiempo extraescolar debe dedicarse al juego, al descubrimiento de pasiones y a la vida familiar. En lugar de las tareas tradicionales, nuestros ni\u00f1os aprenden mediante proyectos y actividades pr\u00e1cticas en la escuela que conectan el conocimiento con la experiencia cotidiana. Desarrollan su independencia y curiosidad por el mundo en lugar de reproducir soluciones predefinidas. Tienen tiempo para intereses extracurriculares, la creatividad y las relaciones sociales, cruciales para un desarrollo integral. En ITSW, la educaci\u00f3n es una aventura, no una tarea en casa: as\u00ed es como ense\u00f1amos a los ni\u00f1os a amar el aprendizaje y a descubrir el mundo de forma independiente. Pedimos a los padres su cooperaci\u00f3n, no solo que completen las tareas asignadas.<\/p>\n<\/div><\/div>\n<\/div>\n<\/div>\n<\/div>\n\n<div class=\"et_pb_section_11 et_pb_section et_section_regular et_block_section\">\n<div class=\"et_pb_row_19 et_pb_row et_block_row\">\n<div class=\"et_pb_column_31 et_pb_column et_pb_column_4_4 et-last-child et_block_column et_pb_css_mix_blend_mode_passthrough\">\n<div class=\"et_pb_heading_2 et_pb_heading et_pb_module et_block_module\"><div class=\"et_pb_heading_container\"><h2 class=\"et_pb_module_header\">Noticias: \u00bfQu\u00e9 hay de nuevo en los grados 1.\u00ba a 3.\u00ba?<\/h2><\/div><\/div>\n\n<div class=\"et_pb_text_18 et_pb_text et_pb_bg_layout_light et_pb_module et_block_module\"><div class=\"et_pb_text_inner\"><p>Descubre el mundo de los grados 1.\u00ba a 3.\u00ba: lleno de proyectos, experiencias compartidas y descubrimientos cotidianos. Aqu\u00ed encontrar\u00e1 los \u00faltimos eventos e historias de nuestros estudiantes, directamente desde el campus de Lower Primary.<\/p>\n<\/div><\/div>\n<\/div>\n<\/div>\n\n<div class=\"et_pb_row_20 et_pb_row et_flex_row\">\n<div class=\"et_pb_column_32 et_pb_column et-last-child et_flex_column et_pb_css_mix_blend_mode_passthrough et_flex_column_24_24 et_flex_column_24_24_tablet et_flex_column_24_24_phone\">\n<div class=\"et_pb_blog_0 et_pb_blog et_pb_bg_layout_light et_pb_posts et_pb_module news\"><div class=\"et_pb_ajax_pagination_container\"><div class=\"et_pb_posts et_grid_module\"><article class=\"et_pb_post et_pb_post_id_251407 clearfix et_pb_no_thumb et_pb_blog_item_0_0 post-251407 post type-post status-publish format-standard hentry category-grados-1-3 category-noticias\"><h3 class=\"entry-title\"><a href=\"https:\/\/itsw.edu.pl\/es\/diversion-en-la-semana-del-espiritu-escolar-con-nuestros-estudiantes-de-primaria-ciclo-inicial-en-itsw\/\">\u00a1Diversi\u00f3n en la Semana del Esp\u00edritu Escolar con nuestros estudiantes de Primaria (ciclo inicial) en ITSW!<\/a><\/h3><p class=\"post-meta\"><span class=\"published\">Feb 28, 2026<\/span> | <span class=\"entry-categories\"><a href=\"https:\/\/itsw.edu.pl\/es\/category\/noticias\/grados-1-3\/\" rel=\"tag\">grados-1-3<\/a>, <a href=\"https:\/\/itsw.edu.pl\/es\/category\/noticias\/\" rel=\"tag\">noticias<\/a><\/span><\/p><div class=\"post-content\"><div class=\"post-content-inner\"><p>En febrero, nuestros estudiantes de Lower Primary en ITSW celebraron la Spirit Week de la manera m\u00e1s alegre y creativa, \u00a1al mismo tiempo que conmemoraban el importante logro de los 100 d\u00edas de escuela! \ud83c\udf89 Cada d\u00eda trajo un nuevo tema y mucha emoci\u00f3n: desde el c\u00f3modo&#8230;<\/p>\n<\/div><\/div><\/article><article class=\"et_pb_post et_pb_post_id_251366 clearfix et_pb_no_thumb et_pb_blog_item_0_1 post-251366 post type-post status-publish format-standard hentry category-grados-1-3 category-noticias\"><h3 class=\"entry-title\"><a href=\"https:\/\/itsw.edu.pl\/es\/una-dulce-celebracion-francesa-la-chandeleur-con-nuestros-estudiantes\/\">Una dulce celebraci\u00f3n francesa \u2013 \u00a1La Chandeleur con nuestros estudiantes!<\/a><\/h3><p class=\"post-meta\"><span class=\"published\">Feb 4, 2026<\/span> | <span class=\"entry-categories\"><a href=\"https:\/\/itsw.edu.pl\/es\/category\/noticias\/grados-1-3\/\" rel=\"tag\">grados-1-3<\/a>, <a href=\"https:\/\/itsw.edu.pl\/es\/category\/noticias\/\" rel=\"tag\">noticias<\/a><\/span><\/p><div class=\"post-content\"><div class=\"post-content-inner\"><p>\u00a1Nuestro grupo de franc\u00e9s se divirti\u00f3 much\u00edsimo celebrando La Chandeleur! El aula estaba llena de emoci\u00f3n mientras los alumnos descubr\u00edan esta deliciosa tradici\u00f3n francesa \u2014 y, por supuesto, com\u00edan montones de cr\u00eapes. R\u00e1pidamente se convirti\u00f3 en \u201cel mejor d\u00eda de la&#8230;<\/p>\n<\/div><\/div><\/article><\/div><\/div><\/div>\n<\/div>\n<\/div>\n\n<div class=\"et_pb_row_21 et_pb_row et_block_row\">\n<div class=\"et_pb_column_33 et_pb_column et_pb_column_4_4 et-last-child et_block_column et_pb_css_mix_blend_mode_passthrough\">\n<div class=\"et_pb_module et_pb_button_module_wrapper et_pb_button_9_wrapper\"><a class=\"et_pb_button_9 et_pb_button et_pb_bg_layout_light et_pb_module et_block_module\" href=\"https:\/\/itsw.edu.pl\/es\/noticias\/\">Ver noticias<\/a><\/div>\n<\/div>\n<\/div>\n<\/div>\n\n<div class=\"et_pb_section_12 et_pb_section et_section_regular et_block_section\">\n<div class=\"et_pb_row_22 et_pb_row et_block_row\">\n<div class=\"et_pb_column_34 et_pb_column et_pb_column_4_4 et-last-child et_block_column et_pb_css_mix_blend_mode_passthrough\">\n<div class=\"et_pb_heading_3 et_pb_heading et_pb_module et_block_module\"><div class=\"et_pb_heading_container\"><h2 class=\"et_pb_module_header\">ITSW EduBlog: inspiraci\u00f3n sobre la educaci\u00f3n ling\u00fc\u00edstica y el desarrollo infantil<\/h2><\/div><\/div>\n\n<div class=\"et_pb_text_19 et_pb_text et_pb_bg_layout_light et_pb_module et_block_module\"><div class=\"et_pb_text_inner\"><p>Descubre art\u00edculos escritos por nuestros expertos sobre triling\u00fcismo, desarrollo infantil y educaci\u00f3n moderna. Consejos pr\u00e1cticos, investigaci\u00f3n e inspiraci\u00f3n directamente de ITSW.<\/p>\n<\/div><\/div>\n<\/div>\n<\/div>\n\n<div class=\"et_pb_row_23 et_pb_row et_flex_row\">\n<div class=\"et_pb_column_35 et_pb_column et-last-child et_flex_column et_pb_css_mix_blend_mode_passthrough et_flex_column_24_24 et_flex_column_24_24_tablet et_flex_column_24_24_phone\">\n<div class=\"et_pb_blog_1 et_pb_blog et_pb_bg_layout_light et_pb_posts et_pb_module et_pb_blog_grid\"><div class=\"et_pb_ajax_pagination_container\"><div class=\"et_pb_posts et_grid_module\"><article class=\"et_pb_post et_pb_post_id_242619 clearfix et_pb_blog_item_1_0 post-242619 post type-post status-publish format-standard has-post-thumbnail hentry category-edublog category-escuela-infantil-1-ciclo category-escuela-infantil-2-ciclo category-grados-1-3-edu category-grados-4-6\"><div class=\"et_pb_image_container\"><a href=\"https:\/\/itsw.edu.pl\/es\/cuanto-mas-rapido-mejor-la-capacidad-de-aprender-un-idioma-disminuye-con-la-edad\/\" class=\"entry-featured-image-url\"><img decoding=\"async\" src=\"https:\/\/itsw.edu.pl\/wp-content\/uploads\/nauka-jezyka-w-zlobku.jpg\" width=\"400\" height=\"284\" alt=\"\u00a1Cuanto m\u00e1s r\u00e1pido, mejor! La capacidad de aprender un idioma disminuye con la edad\" class=\"\" srcset=\"https:\/\/itsw.edu.pl\/wp-content\/uploads\/nauka-jezyka-w-zlobku.jpg 479w, https:\/\/itsw.edu.pl\/wp-content\/uploads\/nauka-jezyka-w-zlobku-400x284.jpg 480w\" sizes=\"(max-width:479px) 479px, 100vw\" \/><span data-icon=\"\ue050\" class=\"et_overlay et_pb_inline_icon\"><\/span><\/a><\/div><h2 class=\"entry-title\"><a href=\"https:\/\/itsw.edu.pl\/es\/cuanto-mas-rapido-mejor-la-capacidad-de-aprender-un-idioma-disminuye-con-la-edad\/\">\u00a1Cuanto m\u00e1s r\u00e1pido, mejor! La capacidad de aprender un idioma disminuye con la edad<\/a><\/h2><p class=\"post-meta\"><span class=\"published\">Ene 18, 2024<\/span> | <span class=\"entry-categories\"><a href=\"https:\/\/itsw.edu.pl\/es\/category\/edublog\/\" rel=\"tag\">Edublog<\/a>, <a href=\"https:\/\/itsw.edu.pl\/es\/category\/edublog\/escuela-infantil-1-ciclo\/\" rel=\"tag\">Escuela infantil 1 ciclo<\/a>, <a href=\"https:\/\/itsw.edu.pl\/es\/category\/edublog\/escuela-infantil-2-ciclo\/\" rel=\"tag\">Escuela infantil 2 ciclo<\/a>, <a href=\"https:\/\/itsw.edu.pl\/es\/category\/edublog\/grados-1-3-edu\/\" rel=\"tag\">Grados 1-3<\/a>, <a href=\"https:\/\/itsw.edu.pl\/es\/category\/edublog\/grados-4-6\/\" rel=\"tag\">Grados 4-6<\/a><\/span><\/p><div class=\"post-content\"><div class=\"post-content-inner\"><p>En palabras de la famosa frase, \u00abCuanto antes, mejor\u00bb. \u00a1La capacidad de&#8230;<\/p>\n<\/div><a href=\"https:\/\/itsw.edu.pl\/es\/cuanto-mas-rapido-mejor-la-capacidad-de-aprender-un-idioma-disminuye-con-la-edad\/\" class=\"more-link\">leer m\u00e1s&#8230;<\/a><\/div><\/article><article class=\"et_pb_post et_pb_post_id_242639 clearfix et_pb_blog_item_1_1 post-242639 post type-post status-publish format-standard has-post-thumbnail hentry category-edublog category-grados-1-3-edu category-grados-4-6 category-secundaria\"><div class=\"et_pb_image_container\"><a href=\"https:\/\/itsw.edu.pl\/es\/modelo-selfie-que-combina-clil-y-steam\/\" class=\"entry-featured-image-url\"><img decoding=\"async\" src=\"https:\/\/itsw.edu.pl\/wp-content\/uploads\/selfie-wykres-1.jpg\" width=\"400\" height=\"284\" alt=\"Modelo SeLFiE que combina CLIL y STEAM\" class=\"\" srcset=\"https:\/\/itsw.edu.pl\/wp-content\/uploads\/selfie-wykres-1.jpg 479w, https:\/\/itsw.edu.pl\/wp-content\/uploads\/selfie-wykres-1-400x284.jpg 480w\" sizes=\"(max-width:479px) 479px, 100vw\" \/><span data-icon=\"\ue050\" class=\"et_overlay et_pb_inline_icon\"><\/span><\/a><\/div><h2 class=\"entry-title\"><a href=\"https:\/\/itsw.edu.pl\/es\/modelo-selfie-que-combina-clil-y-steam\/\">Modelo SeLFiE que combina CLIL y STEAM<\/a><\/h2><p class=\"post-meta\"><span class=\"published\">Oct 2, 2022<\/span> | <span class=\"entry-categories\"><a href=\"https:\/\/itsw.edu.pl\/es\/category\/edublog\/\" rel=\"tag\">Edublog<\/a>, <a href=\"https:\/\/itsw.edu.pl\/es\/category\/edublog\/grados-1-3-edu\/\" rel=\"tag\">Grados 1-3<\/a>, <a href=\"https:\/\/itsw.edu.pl\/es\/category\/edublog\/grados-4-6\/\" rel=\"tag\">Grados 4-6<\/a>, <a href=\"https:\/\/itsw.edu.pl\/es\/category\/edublog\/secundaria\/\" rel=\"tag\">Secundaria<\/a><\/span><\/p><div class=\"post-content\"><div class=\"post-content-inner\"><p>En el periodo del 3 al 09 de julio de este a\u00f1o, cuatro profesores tuvieron la&#8230;<\/p>\n<\/div><a href=\"https:\/\/itsw.edu.pl\/es\/modelo-selfie-que-combina-clil-y-steam\/\" class=\"more-link\">leer m\u00e1s&#8230;<\/a><\/div><\/article><article class=\"et_pb_post et_pb_post_id_242623 clearfix et_pb_blog_item_1_2 post-242623 post type-post status-publish format-standard has-post-thumbnail hentry category-edublog category-escuela-infantil-1-ciclo category-escuela-infantil-2-ciclo category-grados-1-3-edu category-grados-4-6\"><div class=\"et_pb_image_container\"><a href=\"https:\/\/itsw.edu.pl\/es\/cual-es-el-mejor-momento-para-comenzar-el-aprendizaje-de-un-idioma-extranjero-en-los-ninos\/\" class=\"entry-featured-image-url\"><img decoding=\"async\" src=\"https:\/\/itsw.edu.pl\/wp-content\/uploads\/27655493-2026634440684031-2051017695371265406-n-2-1.jpg\" width=\"400\" height=\"284\" alt=\"\u00bfCu\u00e1l es el mejor momento para comenzar el aprendizaje de un idioma extranjero en los ni\u00f1os?\" class=\"\" srcset=\"https:\/\/itsw.edu.pl\/wp-content\/uploads\/27655493-2026634440684031-2051017695371265406-n-2-1.jpg 479w, https:\/\/itsw.edu.pl\/wp-content\/uploads\/27655493-2026634440684031-2051017695371265406-n-2-1-400x284.jpg 480w\" sizes=\"(max-width:479px) 479px, 100vw\" \/><span data-icon=\"\ue050\" class=\"et_overlay et_pb_inline_icon\"><\/span><\/a><\/div><h2 class=\"entry-title\"><a href=\"https:\/\/itsw.edu.pl\/es\/cual-es-el-mejor-momento-para-comenzar-el-aprendizaje-de-un-idioma-extranjero-en-los-ninos\/\">\u00bfCu\u00e1l es el mejor momento para comenzar el aprendizaje de un idioma extranjero en los ni\u00f1os?<\/a><\/h2><p class=\"post-meta\"><span class=\"published\">Abr 19, 2022<\/span> | <span class=\"entry-categories\"><a href=\"https:\/\/itsw.edu.pl\/es\/category\/edublog\/\" rel=\"tag\">Edublog<\/a>, <a href=\"https:\/\/itsw.edu.pl\/es\/category\/edublog\/escuela-infantil-1-ciclo\/\" rel=\"tag\">Escuela infantil 1 ciclo<\/a>, <a href=\"https:\/\/itsw.edu.pl\/es\/category\/edublog\/escuela-infantil-2-ciclo\/\" rel=\"tag\">Escuela infantil 2 ciclo<\/a>, <a href=\"https:\/\/itsw.edu.pl\/es\/category\/edublog\/grados-1-3-edu\/\" rel=\"tag\">Grados 1-3<\/a>, <a href=\"https:\/\/itsw.edu.pl\/es\/category\/edublog\/grados-4-6\/\" rel=\"tag\">Grados 4-6<\/a><\/span><\/p><div class=\"post-content\"><div class=\"post-content-inner\"><p>\u00a1El aprendizaje de un idioma extranjero es posible a cualquier edad! Sin&#8230;<\/p>\n<\/div><a href=\"https:\/\/itsw.edu.pl\/es\/cual-es-el-mejor-momento-para-comenzar-el-aprendizaje-de-un-idioma-extranjero-en-los-ninos\/\" class=\"more-link\">leer m\u00e1s&#8230;<\/a><\/div><\/article><\/div><\/div><\/div>\n<\/div>\n<\/div>\n\n<div class=\"et_pb_row_24 et_pb_row et_block_row\">\n<div class=\"et_pb_column_36 et_pb_column et_pb_column_4_4 et-last-child et_block_column et_pb_css_mix_blend_mode_passthrough\">\n<div class=\"et_pb_module et_pb_button_module_wrapper et_pb_button_10_wrapper\"><a class=\"et_pb_button_10 et_pb_button et_pb_bg_layout_light et_pb_module et_block_module\" href=\"https:\/\/itsw.edu.pl\/edublog\/\" target=\"_blank\">Leer m\u00e1s<\/a><\/div>\n<\/div>\n<\/div>\n<\/div>\n\n<div class=\"et_pb_section_13 et_pb_section et_section_regular et_block_section\">\n<div class=\"et_pb_row_25 et_pb_row et_block_row\">\n<div class=\"et_pb_column_37 et_pb_column et_pb_column_4_4 et-last-child et_block_column et_pb_css_mix_blend_mode_passthrough\">\n<div class=\"et_pb_heading_4 et_pb_heading et_pb_module et_block_module\"><div class=\"et_pb_heading_container\"><h2 class=\"et_pb_module_header\">\u00bfQu\u00e9 opinan los padres sobre la escuela primaria triling\u00fce ITSW (grados 1\u20133) en Varsovia?<\/h2><\/div><\/div>\n\n<div class=\"et_pb_text_20 et_pb_text et_pb_bg_layout_light et_pb_module et_block_module\"><div class=\"et_pb_text_inner\"><p>Los padres de los alumnos de 1.\u00ba a 3.\u00ba curso, tanto de Varsovia como de familias internacionales, valoran el enfoque individual, el entorno seguro y el desarrollo diario de tres idiomas.<\/p>\n<p>La educaci\u00f3n triling\u00fce en ITSW ofrece a los ni\u00f1os una base s\u00f3lida para continuar su aprendizaje en Polonia y en el extranjero.<\/p>\n<\/div><\/div>\n<\/div>\n<\/div>\n\n<div class=\"et_pb_row_26 et_pb_row et_flex_row\">\n<div class=\"et_pb_column_38 et_pb_column et-last-child et_flex_column et_pb_css_mix_blend_mode_passthrough et_flex_column_24_24 et_flex_column_24_24_tablet et_flex_column_24_24_phone\">\n<div class=\"et_pb_group_carousel_0 et_pb_group_carousel et_pb_group et_pb_module et_pb_group_carousel_center_mode et_pb_group_carousel_arrows_outside et_pb_group_carousel_dots_center et_pb_group_carousel_dots_below et_pb_group_carousel_slides_3\"><div class=\"et_pb_group_carousel_container\"><div class=\"et_pb_group_carousel_track\"><div class=\"et_pb_group_carousel_slide\"><div class=\"et_pb_group_2 et_pb_group et_pb_module et_flex_group et_pb_css_mix_blend_mode_passthrough\">\n<div class=\"et_pb_group_3 et_pb_group et-last-child et_pb_module et_flex_group et_pb_css_mix_blend_mode_passthrough\">\n<div class=\"et_pb_text_21 et_pb_text et_pb_bg_layout_light et_pb_module et_block_module\"><div class=\"et_pb_text_inner\"><p>La transici\u00f3n a primaria fue muy suave. Los ni\u00f1os siguen aprendiendo en un ambiente cercano y motivador, con un enfoque triling\u00fce muy bien estructurado.<\/p>\n<\/div><\/div>\n\n<div class=\"et_pb_text_22 et_pb_text et_pb_bg_layout_light et_pb_module et_block_module\"><div class=\"et_pb_text_inner\"><p>Sergio Mart\u00edn<\/p>\n<\/div><\/div>\n<\/div>\n<\/div><\/div><div class=\"et_pb_group_carousel_slide\"><div class=\"et_pb_group_4 et_pb_group et_pb_module et_flex_group et_pb_css_mix_blend_mode_passthrough\">\n<div class=\"et_pb_group_5 et_pb_group et-last-child et_pb_module et_flex_group et_pb_css_mix_blend_mode_passthrough\">\n<div class=\"et_pb_text_23 et_pb_text et_pb_bg_layout_light et_pb_module et_block_module\"><div class=\"et_pb_text_inner\"><p>Me encanta c\u00f3mo integran los idiomas en todas las materias. Mi hija aprende sin darse cuenta, con confianza y seguridad.<\/p>\n<\/div><\/div>\n\n<div class=\"et_pb_text_24 et_pb_text et_pb_bg_layout_light et_pb_module et_block_module\"><div class=\"et_pb_text_inner\"><p>Laura Pineda<\/p>\n<\/div><\/div>\n<\/div>\n<\/div><\/div><div class=\"et_pb_group_carousel_slide\"><div class=\"et_pb_group_6 et_pb_group et_pb_module et_flex_group et_pb_css_mix_blend_mode_passthrough\">\n<div class=\"et_pb_group_7 et_pb_group et-last-child et_pb_module et_flex_group et_pb_css_mix_blend_mode_passthrough\">\n<div class=\"et_pb_text_25 et_pb_text et_pb_bg_layout_light et_pb_module et_block_module\"><div class=\"et_pb_text_inner\"><p>Los profesores acompa\u00f1an a cada alumno de forma individual. Se nota el compromiso y la experiencia del equipo docente.<\/p>\n<\/div><\/div>\n\n<div class=\"et_pb_text_26 et_pb_text et_pb_bg_layout_light et_pb_module et_block_module\"><div class=\"et_pb_text_inner\"><p>Andr\u00e9s Castillo<\/p>\n<\/div><\/div>\n<\/div>\n<\/div><\/div><div class=\"et_pb_group_carousel_slide\"><div class=\"et_pb_group_8 et_pb_group et_pb_module et_flex_group et_pb_css_mix_blend_mode_passthrough\">\n<div class=\"et_pb_group_9 et_pb_group et-last-child et_pb_module et_flex_group et_pb_css_mix_blend_mode_passthrough\">\n<div class=\"et_pb_text_27 et_pb_text et_pb_bg_layout_light et_pb_module et_block_module\"><div class=\"et_pb_text_inner\"><p>La diversidad cultural es una gran riqueza. Los ni\u00f1os aprenden a comunicarse en varios idiomas y a respetar otras culturas desde peque\u00f1os.<\/p>\n<\/div><\/div>\n\n<div class=\"et_pb_text_28 et_pb_text et_pb_bg_layout_light et_pb_module et_block_module\"><div class=\"et_pb_text_inner\"><p>Patricia G\u00f3mez<\/p>\n<\/div><\/div>\n<\/div>\n<\/div><\/div><div class=\"et_pb_group_carousel_slide\"><div class=\"et_pb_group_10 et_pb_group et_pb_module et_flex_group et_pb_css_mix_blend_mode_passthrough\">\n<div class=\"et_pb_group_11 et_pb_group et-last-child et_pb_module et_flex_group et_pb_css_mix_blend_mode_passthrough\">\n<div class=\"et_pb_text_29 et_pb_text et_pb_bg_layout_light et_pb_module et_block_module\"><div class=\"et_pb_text_inner\"><p>Las clases son din\u00e1micas y exigentes, pero siempre con apoyo. Mi hijo ha ganado mucha autonom\u00eda y confianza.<\/p>\n<\/div><\/div>\n\n<div class=\"et_pb_text_30 et_pb_text et_pb_bg_layout_light et_pb_module et_block_module\"><div class=\"et_pb_text_inner\"><p>Roberto S\u00e1nchez<\/p>\n<\/div><\/div>\n<\/div>\n<\/div><\/div><div class=\"et_pb_group_carousel_slide\"><div class=\"et_pb_group_12 et_pb_group et-last-child et_pb_module et_flex_group et_pb_css_mix_blend_mode_passthrough\">\n<div class=\"et_pb_group_13 et_pb_group et-last-child et_pb_module et_flex_group et_pb_css_mix_blend_mode_passthrough\">\n<div class=\"et_pb_text_31 et_pb_text et_pb_bg_layout_light et_pb_module et_block_module\"><div class=\"et_pb_text_inner\"><p>ITSW ofrece una educaci\u00f3n s\u00f3lida y humana. Los ni\u00f1os avanzan acad\u00e9micamente sin perder la alegr\u00eda de aprender.<\/p>\n<\/div><\/div>\n\n<div class=\"et_pb_text_32 et_pb_text et_pb_bg_layout_light et_pb_module et_block_module\"><div class=\"et_pb_text_inner\"><p>Daniela Ortega<\/p>\n<\/div><\/div>\n<\/div>\n<\/div><\/div><\/div><\/div><span class=\"et_pb_group_carousel_arrow et_pb_group_carousel_arrow_prev\" role=\"button\" tabindex=\"0\" aria-label=\"Previous slide\"><span class=\"et-pb-icon\">4<\/span><\/span><span class=\"et_pb_group_carousel_arrow et_pb_group_carousel_arrow_next\" role=\"button\" tabindex=\"0\" aria-label=\"Next slide\"><span class=\"et-pb-icon\">5<\/span><\/span><div class=\"et_pb_group_carousel_dots\"><\/div><\/div>\n<\/div>\n<\/div>\n<\/div>\n\n\n\n<div class=\"et_pb_section_15 et_pb_section et_section_regular et_block_section\">\n<div class=\"et_pb_row_29 et_pb_row et_block_row\">\n<div class=\"et_pb_column_41 et_pb_column et_pb_column_4_4 et-last-child et_block_column et_pb_css_mix_blend_mode_passthrough\">\n<div class=\"et_pb_heading_6 et_pb_heading et_pb_module et_block_module\"><div class=\"et_pb_heading_container\"><h2 class=\"et_pb_module_header\">\u00bfTiene preguntas? \u00a1Cont\u00e1ctenos!<\/h2><\/div><\/div>\n<\/div>\n<\/div>\n\n<div class=\"et_pb_row_30 et_pb_row et_block_row\">\n<div class=\"et_pb_column_42 et_pb_column et_pb_column_1_2 et_block_column et_pb_css_mix_blend_mode_passthrough\">\n<div class=\"et_pb_text_33 et_pb_text et_pb_bg_layout_light et_pb_module et_block_module\"><div class=\"et_pb_text_inner\"><p>Ll\u00e1menos, escr\u00edbanos o vis\u00edtenos en persona en nuestro campus de primaria en Saska K\u0119pa. Estamos aqu\u00ed para ayudarle a elegir la mejor opci\u00f3n educativa para su hijo\/a.<\/p>\n<\/div><\/div>\n\n<div class=\"et_pb_blurb_0 et_pb_blurb et_pb_bg_layout_light et_pb_blurb_position_left et_pb_module et_block_module\"><div class=\"et_pb_blurb_content\"><div class=\"et_pb_main_blurb_image\"><span class=\"et_pb_image_wrap\"><span class=\"et-pb-icon et_animated et_animated\">\uf2a0<\/span><\/span><\/div><div class=\"et_pb_blurb_container\"><div class=\"et_pb_blurb_description\"><p><a href=\"tel:+48533321084\"><strong>+48 533 321 084<\/strong><\/a><\/p>\n<\/div><\/div><\/div><\/div>\n\n<div class=\"et_pb_blurb_1 et_pb_blurb et_pb_bg_layout_light et_pb_blurb_position_left et_pb_module et_block_module\"><div class=\"et_pb_blurb_content\"><div class=\"et_pb_main_blurb_image\"><span class=\"et_pb_image_wrap\"><span class=\"et-pb-icon et_animated et_animated\">\ue010<\/span><\/span><\/div><div class=\"et_pb_blurb_container\"><div class=\"et_pb_blurb_description\"><p><strong><a href=\"mailto:admissions@itsw.education\">admissions@itsw.education<\/a><\/strong><\/p>\n<\/div><\/div><\/div><\/div>\n<\/div>\n\n<div class=\"et_pb_column_43 et_pb_column et_pb_column_1_2 et-last-child et_block_column et_pb_css_mix_blend_mode_passthrough\">\n<div class=\"et_pb_contact_form_0 et_pb_contact_form_container clearfix et_pb_recaptcha_enabled et_pb_module et_flex_module\" data-form_unique_num=\"0\" data-form_unique_id=\"588a9e48-c31a-4a78-a51a-66baa28fb22a\" id=\"et_pb_contact_form_588a9e48-c31a-4a78-a51a-66baa28fb22a\"><div class=\"et-pb-contact-message\"><\/div><div class=\"et_pb_contact\"><form class=\"et_pb_contact_form et_flex_module\" method=\"post\" action=\"https:\/\/itsw.edu.pl\/es\/wp-json\/wp\/v2\/pages\/245074\">\n<div class=\"et_pb_contact_field_0 et_pb_contact_field et_pb_module et_flex_module et_flex_column_24_24 et_flex_column_24_24_tablet et_flex_column_24_24_phone\" data-id=\"imie\" data-type=\"input\"><label class=\"et_pb_contact_form_label\" for=\"et_pb_contact_0_imie_0\">Nombre y apellido<\/label><input type=\"text\" name=\"et_pb_contact_0_imie_0\" id=\"et_pb_contact_0_imie_0\" class=\"input\" data-required_mark=\"required\" data-field_type=\"input\" data-original_id=\"imie\" placeholder=\"Nombre y apellido\" title=\"\" value=\"\" \/><\/div>\n\n<div class=\"et_pb_contact_field_1 et_pb_contact_field et_pb_module et_flex_module et_flex_column_24_24 et_flex_column_24_24_tablet et_flex_column_24_24_phone\" data-id=\"email\" data-type=\"email\"><label class=\"et_pb_contact_form_label\" for=\"et_pb_contact_0_email_1\">Correo electr\u00f3nico<\/label><input type=\"text\" name=\"et_pb_contact_0_email_1\" id=\"et_pb_contact_0_email_1\" class=\"input\" data-required_mark=\"required\" data-field_type=\"email\" data-original_id=\"email\" placeholder=\"Correo electr\u00f3nico\" title=\"\" value=\"\" \/><\/div>\n\n<div class=\"et_pb_contact_field_2 et_pb_contact_field et_pb_module et_flex_module et_flex_column_24_24 et_flex_column_24_24_tablet et_flex_column_24_24_phone\" data-id=\"message\" data-type=\"text\"><label class=\"et_pb_contact_form_label\" for=\"et_pb_contact_0_message_2\">Mensaje<\/label><textarea name=\"et_pb_contact_0_message_2\" id=\"et_pb_contact_0_message_2\" class=\"et_pb_contact_message input\" data-required_mark=\"required\" data-field_type=\"text\" data-original_id=\"message\" placeholder=\"Mensaje\"><\/textarea><\/div>\n\n<div class=\"et_pb_contact_field_3 et_pb_contact_field et_pb_module et_flex_module et_flex_column_24_24 et_flex_column_24_24_tablet et_flex_column_24_24_phone\" data-id=\"field_4\" data-type=\"radio\"><label class=\"et_pb_contact_form_label\">Consentimiento<\/label><span class=\"et_pb_contact_field_options_wrapper et_pb_field_module_radio\"><span class=\"et_pb_contact_field_options_title\">Consentimiento<\/span><span class=\"et_pb_contact_field_options_list\"><span class=\"et_pb_contact_field_radio\"><input type=\"radio\" name=\"et_pb_contact_0_field_4_3\" id=\"et_pb_contact_0_field_4_3_0\" class=\"input\" value=\"Doy mi consentimiento para el tratamiento de mis datos personales con el fin de atender mi consulta. La provisi\u00f3n de datos es voluntaria. He sido informado\/a de que tengo derecho a acceder a mis datos, a corregirlos y a solicitar que se deje de procesarlos. El responsable del tratamiento de los datos personales es International Trilingual School of Warsaw sp. z o. o., con sede en la calle Karowa 14\/16 lok. 6, 00-324 Varsovia.\" data-required_mark=\"required\" data-field_type=\"radio\" data-original_id=\"field_4\" data-id=\"-1\" \/><label for=\"et_pb_contact_0_field_4_3_0\"><i><\/i>Doy mi consentimiento para el tratamiento de mis datos personales con el fin de atender mi consulta. La provisi\u00f3n de datos es voluntaria. He sido informado\/a de que tengo derecho a acceder a mis datos, a corregirlos y a solicitar que se deje de procesarlos. El responsable del tratamiento de los datos personales es International Trilingual School of Warsaw sp. z o. o., con sede en la calle Karowa 14\/16 lok. 6, 00-324 Varsovia.<\/label><\/span><\/span><\/span><\/div>\n<input type=\"hidden\" name=\"et_pb_contactform_submit_588a9e48-c31a-4a78-a51a-66baa28fb22a\" value=\"et_contact_proccess\" \/><div class=\"et_contact_bottom_container\"><div class=\"et_pb_button_wrapper\"><button type=\"submit\" name=\"et_builder_submit_button\" class=\"et_pb_button et_pb_contact_submit\">Enviar<\/button><\/div><\/div><input type=\"hidden\" id=\"_wpnonce-et-pb-contact-form-submitted-588a9e48-c31a-4a78-a51a-66baa28fb22a\" name=\"_wpnonce-et-pb-contact-form-submitted-588a9e48-c31a-4a78-a51a-66baa28fb22a\" value=\"48d674f483\" \/><input type=\"hidden\" name=\"_wp_http_referer\" value=\"\/es\/wp-json\/wp\/v2\/pages\/245074\" \/><\/form><\/div><\/div>\n<\/div>\n<\/div>\n<\/div>","protected":false},"excerpt":{"rendered":"","protected":false},"author":3,"featured_media":0,"parent":246473,"menu_order":1,"comment_status":"closed","ping_status":"closed","template":"","meta":{"_acf_changed":false,"inline_featured_image":false,"footnotes":""},"class_list":["post-245074","page","type-page","status-publish","hentry"],"acf":[],"yoast_head":"<!-- This site is optimized with the Yoast SEO plugin v27.5 - https:\/\/yoast.com\/product\/yoast-seo-wordpress\/ -->\n<title>Mi\u0119dzynarodowa szko\u0142a podstawowa w Warszawie \u2013 ITSW | Klas 1\u20133 rekrutacja 2026 otwarta - ITSW<\/title>\n<meta name=\"description\" content=\"Rekrutacja 2026 do klas 1\u20133 w mi\u0119dzynarodowej szkole podstawowej ITSW ju\u017c otwarta! Tr\u00f3jj\u0119zyczna edukacja, rozw\u00f3j pasji i indywidualne podej\u015bcie. Sprawd\u017a szczeg\u00f3\u0142y!\" \/>\n<meta name=\"robots\" content=\"index, follow, max-snippet:-1, max-image-preview:large, max-video-preview:-1\" \/>\n<link rel=\"canonical\" href=\"https:\/\/itsw.edu.pl\/es\/escuela-primaria\/grados-1-3\/\" \/>\n<meta property=\"og:locale\" content=\"es_ES\" \/>\n<meta property=\"og:type\" content=\"article\" \/>\n<meta property=\"og:title\" content=\"Rekrutacja 2026 otwarta \u2013 ITSW szko\u0142a podstawowa w Warszawie\" \/>\n<meta property=\"og:description\" content=\"Rozpocznij przygod\u0119 z tr\u00f3jj\u0119zyczn\u0105 edukacj\u0105 w ITSW! Rekrutacja do klas 1\u20133 na rok szkolny 2026 ju\u017c trwa. Sprawd\u017a, dlaczego warto wybra\u0107 nasz\u0105 szko\u0142\u0119 w Warszawie.\" \/>\n<meta property=\"og:url\" content=\"https:\/\/itsw.edu.pl\/es\/escuela-primaria\/grados-1-3\/\" \/>\n<meta property=\"og:site_name\" content=\"ITSW\" \/>\n<meta property=\"article:publisher\" content=\"https:\/\/www.facebook.com\/ITSW.School.Escuela.Ecole.XueXiao.Gakko.Warsaw\" \/>\n<meta property=\"article:modified_time\" content=\"2026-04-19T23:47:57+00:00\" \/>\n<meta name=\"twitter:card\" content=\"summary_large_image\" \/>\n<script type=\"application\/ld+json\" class=\"yoast-schema-graph\">{\"@context\":\"https:\\\/\\\/schema.org\",\"@graph\":[{\"@type\":\"Article\",\"@id\":\"https:\\\/\\\/itsw.edu.pl\\\/es\\\/escuela-primaria\\\/grados-1-3\\\/#article\",\"isPartOf\":{\"@id\":\"https:\\\/\\\/itsw.edu.pl\\\/es\\\/escuela-primaria\\\/grados-1-3\\\/\"},\"author\":{\"name\":\"M.K.\",\"@id\":\"https:\\\/\\\/itsw.edu.pl\\\/#\\\/schema\\\/person\\\/4a89b345dd3285b6de291f440f753c8f\"},\"headline\":\"Grados 1-3\",\"datePublished\":\"2026-01-06T10:02:45+00:00\",\"dateModified\":\"2026-04-19T23:47:57+00:00\",\"mainEntityOfPage\":{\"@id\":\"https:\\\/\\\/itsw.edu.pl\\\/es\\\/escuela-primaria\\\/grados-1-3\\\/\"},\"wordCount\":2,\"publisher\":{\"@id\":\"https:\\\/\\\/itsw.edu.pl\\\/#organization\"},\"inLanguage\":\"es\"},{\"@type\":\"WebPage\",\"@id\":\"https:\\\/\\\/itsw.edu.pl\\\/es\\\/escuela-primaria\\\/grados-1-3\\\/\",\"url\":\"https:\\\/\\\/itsw.edu.pl\\\/es\\\/escuela-primaria\\\/grados-1-3\\\/\",\"name\":\"Mi\u0119dzynarodowa szko\u0142a podstawowa w Warszawie \u2013 ITSW | Klas 1\u20133 rekrutacja 2026 otwarta - ITSW\",\"isPartOf\":{\"@id\":\"https:\\\/\\\/itsw.edu.pl\\\/#website\"},\"datePublished\":\"2026-01-06T10:02:45+00:00\",\"dateModified\":\"2026-04-19T23:47:57+00:00\",\"description\":\"Rekrutacja 2026 do klas 1\u20133 w mi\u0119dzynarodowej szkole podstawowej ITSW ju\u017c otwarta! Tr\u00f3jj\u0119zyczna edukacja, rozw\u00f3j pasji i indywidualne podej\u015bcie. Sprawd\u017a szczeg\u00f3\u0142y!\",\"breadcrumb\":{\"@id\":\"https:\\\/\\\/itsw.edu.pl\\\/es\\\/escuela-primaria\\\/grados-1-3\\\/#breadcrumb\"},\"inLanguage\":\"es\",\"potentialAction\":[{\"@type\":\"ReadAction\",\"target\":[\"https:\\\/\\\/itsw.edu.pl\\\/es\\\/escuela-primaria\\\/grados-1-3\\\/\"]}]},{\"@type\":\"BreadcrumbList\",\"@id\":\"https:\\\/\\\/itsw.edu.pl\\\/es\\\/escuela-primaria\\\/grados-1-3\\\/#breadcrumb\",\"itemListElement\":[{\"@type\":\"ListItem\",\"position\":1,\"name\":\"ITSW\",\"item\":\"https:\\\/\\\/itsw.edu.pl\\\/es\\\/\"},{\"@type\":\"ListItem\",\"position\":2,\"name\":\"Szko\u0142a podstawowa es\",\"item\":\"https:\\\/\\\/itsw.edu.pl\\\/es\\\/escuela-primaria\\\/\"},{\"@type\":\"ListItem\",\"position\":3,\"name\":\"Grados 1-3\"}]},{\"@type\":\"WebSite\",\"@id\":\"https:\\\/\\\/itsw.edu.pl\\\/#website\",\"url\":\"https:\\\/\\\/itsw.edu.pl\\\/\",\"name\":\"ITSW\",\"description\":\"\",\"publisher\":{\"@id\":\"https:\\\/\\\/itsw.edu.pl\\\/#organization\"},\"alternateName\":\"International Trilingual School of Warsaw\",\"potentialAction\":[{\"@type\":\"SearchAction\",\"target\":{\"@type\":\"EntryPoint\",\"urlTemplate\":\"https:\\\/\\\/itsw.edu.pl\\\/?s={search_term_string}\"},\"query-input\":{\"@type\":\"PropertyValueSpecification\",\"valueRequired\":true,\"valueName\":\"search_term_string\"}}],\"inLanguage\":\"es\"},{\"@type\":\"Organization\",\"@id\":\"https:\\\/\\\/itsw.edu.pl\\\/#organization\",\"name\":\"International Trilingual School of Warsaw\",\"alternateName\":\"International Trilingual School of Warsaw\",\"url\":\"https:\\\/\\\/itsw.edu.pl\\\/\",\"logo\":{\"@type\":\"ImageObject\",\"inLanguage\":\"es\",\"@id\":\"https:\\\/\\\/itsw.edu.pl\\\/#\\\/schema\\\/logo\\\/image\\\/\",\"url\":\"https:\\\/\\\/itsw.edu.pl\\\/wp-content\\\/uploads\\\/itsw-logo.png\",\"contentUrl\":\"https:\\\/\\\/itsw.edu.pl\\\/wp-content\\\/uploads\\\/itsw-logo.png\",\"width\":350,\"height\":103,\"caption\":\"International Trilingual School of Warsaw\"},\"image\":{\"@id\":\"https:\\\/\\\/itsw.edu.pl\\\/#\\\/schema\\\/logo\\\/image\\\/\"},\"sameAs\":[\"https:\\\/\\\/www.facebook.com\\\/ITSW.School.Escuela.Ecole.XueXiao.Gakko.Warsaw\"]},{\"@type\":\"Person\",\"@id\":\"https:\\\/\\\/itsw.edu.pl\\\/#\\\/schema\\\/person\\\/4a89b345dd3285b6de291f440f753c8f\",\"name\":\"M.K.\"}]}<\/script>\n<!-- \/ Yoast SEO plugin. -->","yoast_head_json":{"title":"Mi\u0119dzynarodowa szko\u0142a podstawowa w Warszawie \u2013 ITSW | Klas 1\u20133 rekrutacja 2026 otwarta - ITSW","description":"Rekrutacja 2026 do klas 1\u20133 w mi\u0119dzynarodowej szkole podstawowej ITSW ju\u017c otwarta! Tr\u00f3jj\u0119zyczna edukacja, rozw\u00f3j pasji i indywidualne podej\u015bcie. Sprawd\u017a szczeg\u00f3\u0142y!","robots":{"index":"index","follow":"follow","max-snippet":"max-snippet:-1","max-image-preview":"max-image-preview:large","max-video-preview":"max-video-preview:-1"},"canonical":"https:\/\/itsw.edu.pl\/es\/escuela-primaria\/grados-1-3\/","og_locale":"es_ES","og_type":"article","og_title":"Rekrutacja 2026 otwarta \u2013 ITSW szko\u0142a podstawowa w Warszawie","og_description":"Rozpocznij przygod\u0119 z tr\u00f3jj\u0119zyczn\u0105 edukacj\u0105 w ITSW! Rekrutacja do klas 1\u20133 na rok szkolny 2026 ju\u017c trwa. Sprawd\u017a, dlaczego warto wybra\u0107 nasz\u0105 szko\u0142\u0119 w Warszawie.","og_url":"https:\/\/itsw.edu.pl\/es\/escuela-primaria\/grados-1-3\/","og_site_name":"ITSW","article_publisher":"https:\/\/www.facebook.com\/ITSW.School.Escuela.Ecole.XueXiao.Gakko.Warsaw","article_modified_time":"2026-04-19T23:47:57+00:00","twitter_card":"summary_large_image","schema":{"@context":"https:\/\/schema.org","@graph":[{"@type":"Article","@id":"https:\/\/itsw.edu.pl\/es\/escuela-primaria\/grados-1-3\/#article","isPartOf":{"@id":"https:\/\/itsw.edu.pl\/es\/escuela-primaria\/grados-1-3\/"},"author":{"name":"M.K.","@id":"https:\/\/itsw.edu.pl\/#\/schema\/person\/4a89b345dd3285b6de291f440f753c8f"},"headline":"Grados 1-3","datePublished":"2026-01-06T10:02:45+00:00","dateModified":"2026-04-19T23:47:57+00:00","mainEntityOfPage":{"@id":"https:\/\/itsw.edu.pl\/es\/escuela-primaria\/grados-1-3\/"},"wordCount":2,"publisher":{"@id":"https:\/\/itsw.edu.pl\/#organization"},"inLanguage":"es"},{"@type":"WebPage","@id":"https:\/\/itsw.edu.pl\/es\/escuela-primaria\/grados-1-3\/","url":"https:\/\/itsw.edu.pl\/es\/escuela-primaria\/grados-1-3\/","name":"Mi\u0119dzynarodowa szko\u0142a podstawowa w Warszawie \u2013 ITSW | Klas 1\u20133 rekrutacja 2026 otwarta - ITSW","isPartOf":{"@id":"https:\/\/itsw.edu.pl\/#website"},"datePublished":"2026-01-06T10:02:45+00:00","dateModified":"2026-04-19T23:47:57+00:00","description":"Rekrutacja 2026 do klas 1\u20133 w mi\u0119dzynarodowej szkole podstawowej ITSW ju\u017c otwarta! Tr\u00f3jj\u0119zyczna edukacja, rozw\u00f3j pasji i indywidualne podej\u015bcie. Sprawd\u017a szczeg\u00f3\u0142y!","breadcrumb":{"@id":"https:\/\/itsw.edu.pl\/es\/escuela-primaria\/grados-1-3\/#breadcrumb"},"inLanguage":"es","potentialAction":[{"@type":"ReadAction","target":["https:\/\/itsw.edu.pl\/es\/escuela-primaria\/grados-1-3\/"]}]},{"@type":"BreadcrumbList","@id":"https:\/\/itsw.edu.pl\/es\/escuela-primaria\/grados-1-3\/#breadcrumb","itemListElement":[{"@type":"ListItem","position":1,"name":"ITSW","item":"https:\/\/itsw.edu.pl\/es\/"},{"@type":"ListItem","position":2,"name":"Szko\u0142a podstawowa es","item":"https:\/\/itsw.edu.pl\/es\/escuela-primaria\/"},{"@type":"ListItem","position":3,"name":"Grados 1-3"}]},{"@type":"WebSite","@id":"https:\/\/itsw.edu.pl\/#website","url":"https:\/\/itsw.edu.pl\/","name":"ITSW","description":"","publisher":{"@id":"https:\/\/itsw.edu.pl\/#organization"},"alternateName":"International Trilingual School of Warsaw","potentialAction":[{"@type":"SearchAction","target":{"@type":"EntryPoint","urlTemplate":"https:\/\/itsw.edu.pl\/?s={search_term_string}"},"query-input":{"@type":"PropertyValueSpecification","valueRequired":true,"valueName":"search_term_string"}}],"inLanguage":"es"},{"@type":"Organization","@id":"https:\/\/itsw.edu.pl\/#organization","name":"International Trilingual School of Warsaw","alternateName":"International Trilingual School of Warsaw","url":"https:\/\/itsw.edu.pl\/","logo":{"@type":"ImageObject","inLanguage":"es","@id":"https:\/\/itsw.edu.pl\/#\/schema\/logo\/image\/","url":"https:\/\/itsw.edu.pl\/wp-content\/uploads\/itsw-logo.png","contentUrl":"https:\/\/itsw.edu.pl\/wp-content\/uploads\/itsw-logo.png","width":350,"height":103,"caption":"International Trilingual School of Warsaw"},"image":{"@id":"https:\/\/itsw.edu.pl\/#\/schema\/logo\/image\/"},"sameAs":["https:\/\/www.facebook.com\/ITSW.School.Escuela.Ecole.XueXiao.Gakko.Warsaw"]},{"@type":"Person","@id":"https:\/\/itsw.edu.pl\/#\/schema\/person\/4a89b345dd3285b6de291f440f753c8f","name":"M.K."}]}},"_links":{"self":[{"href":"https:\/\/itsw.edu.pl\/es\/wp-json\/wp\/v2\/pages\/245074","targetHints":{"allow":["GET"]}}],"collection":[{"href":"https:\/\/itsw.edu.pl\/es\/wp-json\/wp\/v2\/pages"}],"about":[{"href":"https:\/\/itsw.edu.pl\/es\/wp-json\/wp\/v2\/types\/page"}],"author":[{"embeddable":true,"href":"https:\/\/itsw.edu.pl\/es\/wp-json\/wp\/v2\/users\/3"}],"replies":[{"embeddable":true,"href":"https:\/\/itsw.edu.pl\/es\/wp-json\/wp\/v2\/comments?post=245074"}],"version-history":[{"count":35,"href":"https:\/\/itsw.edu.pl\/es\/wp-json\/wp\/v2\/pages\/245074\/revisions"}],"predecessor-version":[{"id":252346,"href":"https:\/\/itsw.edu.pl\/es\/wp-json\/wp\/v2\/pages\/245074\/revisions\/252346"}],"up":[{"embeddable":true,"href":"https:\/\/itsw.edu.pl\/es\/wp-json\/wp\/v2\/pages\/246473"}],"wp:attachment":[{"href":"https:\/\/itsw.edu.pl\/es\/wp-json\/wp\/v2\/media?parent=245074"}],"curies":[{"name":"wp","href":"https:\/\/api.w.org\/{rel}","templated":true}]}}