{"id":243858,"date":"2026-01-06T19:54:54","date_gmt":"2026-01-06T18:54:54","guid":{"rendered":"https:\/\/itsw.edu.pl\/?page_id=243858"},"modified":"2026-01-13T13:40:02","modified_gmt":"2026-01-13T12:40:02","slug":"horarios","status":"publish","type":"page","link":"https:\/\/itsw.edu.pl\/es\/escuela-primaria\/grados-7-8-y-escuela-secundaria\/horarios\/","title":{"rendered":"Horarios"},"content":{"rendered":"<div class=\"et_pb_section_0 et_pb_section et_section_regular et_block_section\">\n<div class=\"et_pb_row_0 et_pb_row et_block_row\">\n<div class=\"et_pb_column_0 et_pb_column et_pb_column_4_4 et-last-child et_block_column et_pb_css_mix_blend_mode_passthrough\">\n<div class=\"et_pb_heading_0 et_pb_heading et_pb_module et_block_module\"><div class=\"et_pb_heading_container\"><h1 class=\"et_pb_module_header\">Horario de clases para 7.\u00ba y 8.\u00ba grado en la escuela triling\u00fce ITSW de Varsovia<\/h1><\/div><\/div>\n<\/div>\n<\/div>\n<\/div>\n\n<div class=\"et_pb_section_1 et_pb_section et_section_regular et_block_section\">\n<div class=\"et_pb_row_1 et_pb_row et_block_row\">\n<div class=\"et_pb_column_1 et_pb_column et_pb_column_1_2 et_block_column et_pb_css_mix_blend_mode_passthrough\">\n<div class=\"et_pb_image_0 et_pb_image et_pb_module et_block_module\"><span class=\"et_pb_image_wrap\"><img decoding=\"async\" src=\"https:\/\/itsw.edu.pl\/wp-content\/uploads\/steam-w-klasach-7-8.jpg\" width=\"763\" height=\"619\" srcset=\"https:\/\/itsw.edu.pl\/wp-content\/uploads\/steam-w-klasach-7-8.jpg 763w, https:\/\/itsw.edu.pl\/wp-content\/uploads\/steam-w-klasach-7-8-480x389.jpg 480w\" sizes=\"(min-width: 0px) and (max-width: 480px) 480px, (min-width: 481px) 763px, 100vw\" class=\"wp-image-249003\" title=\"Steam w klasach 7-8\" alt=\"Lekcje steam w klasach 7-8\" \/><\/span><\/div>\n<\/div>\n\n<div class=\"et_pb_column_2 et_pb_column et_pb_column_1_2 et-last-child et_block_column et_pb_css_mix_blend_mode_passthrough\">\n<div class=\"et_pb_text_0 et_pb_text et_pb_bg_layout_light et_pb_module et_block_module\"><div class=\"et_pb_text_inner\"><h2>\u00bfC\u00f3mo es una jornada escolar en 7.\u00ba y 8.\u00ba grado?<\/h2>\n<p>En 7.\u00ba y 8.\u00ba grado, los alumnos trabajan en un modelo triling\u00fce, donde el idioma es una herramienta para adquirir conocimientos acad\u00e9micos avanzados. El horario diario est\u00e1 dise\u00f1ado para fomentar tanto el aprendizaje intensivo de las asignaturas como el desarrollo de intereses individuales.<\/p>\n<p><strong>Tres veces por semana<\/strong>, las clases concluyen con Tiempo de Estudio: tiempo para trabajo independiente, consultas con el profesorado, preparaci\u00f3n de proyectos o estudio en profundidad. El <strong>Tiempo de Estudio<\/strong> es voluntario, pero muy valioso para los alumnos que se preparan para ex\u00e1menes y concursos.<\/p>\n<p>A continuaci\u00f3n, se presenta un ejemplo de horario semanal para 7.\u00ba y 8.\u00ba grado, que muestra c\u00f3mo combinamos el aprendizaje de ciencias y humanidades con proyectos triling\u00fces, tiempo de estudio y actividades que fomentan las pasiones de los alumnos.<\/p>\n<p>&nbsp;<\/p>\n<\/div><\/div>\n<\/div>\n<\/div>\n\n<div class=\"et_pb_row_2 et_pb_row et_flex_row\">\n<div class=\"et_pb_column_3 et_pb_column et_block_column et_pb_css_mix_blend_mode_passthrough et_flex_column_12_24 et_flex_column_12_24_tablet et_flex_column_24_24_phone\">\n<div class=\"et_pb_text_1 et_pb_text et_pb_bg_layout_light et_pb_module et_block_module\"><div class=\"et_pb_text_inner\"><h2 style=\"margin-bottom: 15px;\">Bienestar y enfoque individual: cuidando el bienestar de los estudiantes<\/h2>\n<p>Sabemos que cuanto m\u00e1s se acercan los ex\u00e1menes, m\u00e1s estr\u00e9s pueden experimentar los estudiantes. Por lo tanto, en ITSW, el bienestar emocional es parte integral de la educaci\u00f3n.<br \/>Los estudiantes de 7.\u00ba y 8.\u00ba grado pueden contar con:<\/p>\n<ul>\n<li>apoyo continuo del Coach de Bienestar, el L\u00edder de Equipo y todo el profesorado;<\/li>\n<li>un espacio seguro para hablar sobre el estr\u00e9s, las emociones y los desaf\u00edos acad\u00e9micos;<\/li>\n<li>asistencia para planificar los pr\u00f3ximos pasos en su educaci\u00f3n.<\/li>\n<\/ul>\n<p>Conociendo las fortalezas y necesidades individuales de cada estudiante, el profesorado y el Equipo de Bienestar le ayudan a elegir el mejor camino para su aprendizaje posterior, uno que combine sus predisposiciones, ambiciones y comodidad.<\/p>\n<\/div><\/div>\n\n<div class=\"et_pb_module et_pb_button_module_wrapper et_pb_button_0_wrapper\"><a class=\"et_pb_button_0 et_pb_button et_pb_bg_layout_light et_pb_module et_block_module\" href=\"https:\/\/itsw.edu.pl\/es\/conocenos\/\">Conoce ITSW <\/a><\/div>\n<\/div>\n\n<div class=\"et_pb_column_4 et_pb_column et-last-child et_flex_column et_pb_css_mix_blend_mode_passthrough et_flex_column_12_24 et_flex_column_12_24_tablet et_flex_column_24_24_phone\">\n<div class=\"et_pb_image_1 et_pb_image et_pb_module et_block_module\"><span class=\"et_pb_image_wrap\"><img decoding=\"async\" src=\"https:\/\/itsw.edu.pl\/wp-content\/uploads\/well-being-w-klasach-7-8.jpg\" width=\"694\" height=\"563\" srcset=\"https:\/\/itsw.edu.pl\/wp-content\/uploads\/well-being-w-klasach-7-8.jpg 694w, https:\/\/itsw.edu.pl\/wp-content\/uploads\/well-being-w-klasach-7-8-480x389.jpg 480w\" sizes=\"(min-width: 0px) and (max-width: 480px) 480px, (min-width: 481px) 694px, 100vw\" class=\"wp-image-249012\" title=\"Well being w klasach 7-8\" alt=\"Gymnastyka i dobrostan uczni\u00f3w 7-8\" \/><\/span><\/div>\n<\/div>\n<\/div>\n<\/div>\n\n<div class=\"et_pb_section_2 et_pb_section et_section_regular et_block_section\">\n<div class=\"et_pb_row_3 et_pb_row et_block_row\">\n<div class=\"et_pb_column_5 et_pb_column et_pb_column_4_4 et-last-child et_block_column et_pb_css_mix_blend_mode_passthrough\">\n<div class=\"et_pb_text_2 et_pb_text et_pb_bg_layout_light et_pb_module et_block_module\"><div class=\"et_pb_text_inner\"><h2 style=\"text-align: center;\">Horario anual para 7.\u00ba y 8.\u00ba grado<\/h2>\n<p>La Escuela Primaria Internacional ITSW opera 10 meses al a\u00f1o, con descansos solo en d\u00edas festivos. De septiembre a junio, ofrecemos un horario completo de clases y, durante los recesos cortos, ofrecemos a los alumnos actividades extraescolares tem\u00e1ticas.<br \/>La escuela cierra en julio y agosto, pero el edificio ofrece programas de idiomas de verano en espa\u00f1ol, polaco e ingl\u00e9s, ideales para los alumnos que desean seguir desarrollando sus habilidades ling\u00fc\u00edsticas durante las vacaciones.<\/p>\n<\/div><\/div>\n<\/div>\n<\/div>\n\n<div class=\"et_pb_row_4 et_pb_row et_block_row\">\n<div class=\"et_pb_column_6 et_pb_column et_pb_column_4_4 et-last-child et_block_column et_pb_css_mix_blend_mode_passthrough\">\n<div class=\"et_pb_image_2 et_pb_image et_pb_module et_flex_module\"><span class=\"et_pb_image_wrap\"><img decoding=\"async\" src=\"https:\/\/itsw.edu.pl\/wp-content\/uploads\/plan-lekcji4.jpg\" title=\"plan lekcji4\" width=\"794\" height=\"1123\" srcset=\"https:\/\/itsw.edu.pl\/wp-content\/uploads\/plan-lekcji4.jpg 794w, https:\/\/itsw.edu.pl\/wp-content\/uploads\/plan-lekcji4-480x679.jpg 480w\" sizes=\"(min-width: 0px) and (max-width: 480px) 480px, (min-width: 481px) 794px, 100vw\" class=\"wp-image-243207\" \/><\/span><\/div>\n\n<div class=\"et_pb_image_3 et_pb_image et_pb_module et_flex_module\"><span class=\"et_pb_image_wrap\"><img decoding=\"async\" src=\"https:\/\/itsw.edu.pl\/wp-content\/uploads\/plan-lekcji5.jpg\" title=\"plan lekcji5\" width=\"794\" height=\"1123\" srcset=\"https:\/\/itsw.edu.pl\/wp-content\/uploads\/plan-lekcji5.jpg 794w, https:\/\/itsw.edu.pl\/wp-content\/uploads\/plan-lekcji5-480x679.jpg 480w\" sizes=\"(min-width: 0px) and (max-width: 480px) 480px, (min-width: 481px) 794px, 100vw\" class=\"wp-image-243199\" \/><\/span><\/div>\n\n<div class=\"et_pb_image_4 et_pb_image et_pb_module et_flex_module\"><span class=\"et_pb_image_wrap\"><img decoding=\"async\" src=\"https:\/\/itsw.edu.pl\/wp-content\/uploads\/plan-lekcji6.jpg\" title=\"plan lekcji6\" width=\"794\" height=\"1123\" srcset=\"https:\/\/itsw.edu.pl\/wp-content\/uploads\/plan-lekcji6.jpg 794w, https:\/\/itsw.edu.pl\/wp-content\/uploads\/plan-lekcji6-480x679.jpg 480w\" sizes=\"(min-width: 0px) and (max-width: 480px) 480px, (min-width: 481px) 794px, 100vw\" class=\"wp-image-243192\" \/><\/span><\/div>\n\n<div class=\"et_pb_image_5 et_pb_image et_pb_module et_flex_module\"><span class=\"et_pb_image_wrap\"><img decoding=\"async\" src=\"https:\/\/itsw.edu.pl\/wp-content\/uploads\/plan-lekcji7.jpg\" title=\"plan lekcji7\" width=\"794\" height=\"1123\" srcset=\"https:\/\/itsw.edu.pl\/wp-content\/uploads\/plan-lekcji7.jpg 794w, https:\/\/itsw.edu.pl\/wp-content\/uploads\/plan-lekcji7-480x679.jpg 480w\" sizes=\"(min-width: 0px) and (max-width: 480px) 480px, (min-width: 481px) 794px, 100vw\" class=\"wp-image-243185\" \/><\/span><\/div>\n<\/div>\n<\/div>\n\n<div class=\"et_pb_row_5 et_pb_row et_block_row\">\n<div class=\"et_pb_column_7 et_pb_column et_pb_column_4_4 et-last-child et_block_column et_pb_css_mix_blend_mode_passthrough\">\n<div class=\"et_pb_row_6 et_pb_row et_pb_row_nested et_flex_row\">\n<div class=\"et_pb_column_8 et_pb_column et_flex_column et_pb_css_mix_blend_mode_passthrough et_flex_column_24_24 et_flex_column_24_24_tablet et_flex_column_24_24_phone\">\n<div class=\"et_pb_module et_pb_button_module_wrapper et_pb_button_1_wrapper\"><a class=\"et_pb_button_1 et_pb_button et_pb_bg_layout_light et_pb_module et_block_module\" href=\"https:\/\/itsw.edu.pl\/es\/formulario-de-admision\/\">Inscribe a tu hijo en ITSW<\/a><\/div>\n<\/div>\n\n<div class=\"et_pb_column_9 et_pb_column et-last-child et_flex_column et_pb_css_mix_blend_mode_passthrough et_flex_column_24_24 et_flex_column_24_24_tablet et_flex_column_24_24_phone\">\n<div class=\"et_pb_module et_pb_button_module_wrapper et_pb_button_2_wrapper\"><a class=\"et_pb_button_2 et_pb_button et_pb_bg_layout_light et_pb_module et_block_module\" href=\"https:\/\/itsw.edu.pl\/es\/contacto\/\">Cont\u00e1ctanos<\/a><\/div>\n<\/div>\n<\/div>\n<\/div>\n<\/div>\n<\/div>","protected":false},"excerpt":{"rendered":"","protected":false},"author":3,"featured_media":0,"parent":245084,"menu_order":1,"comment_status":"closed","ping_status":"closed","template":"","meta":{"_acf_changed":false,"inline_featured_image":false,"footnotes":""},"class_list":["post-243858","page","type-page","status-publish","hentry"],"acf":[],"yoast_head":"<!-- This site is optimized with the Yoast SEO plugin v27.5 - https:\/\/yoast.com\/product\/yoast-seo-wordpress\/ -->\n<title>Tr\u00f3jj\u0119zyczna mi\u0119dzynarodowa szko\u0142a podstawowa ITSW Warszawa | Plan zaj\u0119\u0107 klas 7\u20138 - ITSW<\/title>\n<meta name=\"description\" content=\"Poznaj plan zaj\u0119\u0107 klas 7\u20138 w tr\u00f3jj\u0119zycznej szkole podstawowej ITSW w Warszawie. Sprawd\u017a jak \u0142\u0105czymy nauk\u0119 przedmiot\u00f3w \u015bcis\u0142ych i humanistycznych z projektami mi\u0119dzynarodowymi i trosk\u0105 o dobrostan ucznia.\" \/>\n<meta name=\"robots\" content=\"index, follow, max-snippet:-1, max-image-preview:large, max-video-preview:-1\" \/>\n<link rel=\"canonical\" href=\"https:\/\/itsw.edu.pl\/es\/escuela-primaria\/grados-7-8-y-escuela-secundaria\/horarios\/\" \/>\n<meta property=\"og:locale\" content=\"es_ES\" \/>\n<meta property=\"og:type\" content=\"article\" \/>\n<meta property=\"og:title\" content=\"Jak wygl\u0105da dzie\u0144 w klasach 7\u20138? | Plan zaj\u0119\u0107 w mi\u0119dzynarodowej szkole ITSW\" \/>\n<meta property=\"og:description\" content=\"Zobacz przyk\u0142adowy plan zaj\u0119\u0107 w klasach 7\u20138 w tr\u00f3jj\u0119zycznej szkole ITSW. Dowiedz si\u0119, jak \u0142\u0105czymy intensywn\u0105 nauk\u0119 z projektami, pasjami uczni\u00f3w i trosk\u0105 o ich dobrostan emocjonalny.\" \/>\n<meta property=\"og:url\" content=\"https:\/\/itsw.edu.pl\/es\/escuela-primaria\/grados-7-8-y-escuela-secundaria\/horarios\/\" \/>\n<meta property=\"og:site_name\" content=\"ITSW\" \/>\n<meta property=\"article:publisher\" content=\"https:\/\/www.facebook.com\/ITSW.School.Escuela.Ecole.XueXiao.Gakko.Warsaw\" \/>\n<meta property=\"article:modified_time\" content=\"2026-01-13T12:40:02+00:00\" \/>\n<meta name=\"twitter:card\" content=\"summary_large_image\" \/>\n<script type=\"application\/ld+json\" class=\"yoast-schema-graph\">{\"@context\":\"https:\\\/\\\/schema.org\",\"@graph\":[{\"@type\":\"Article\",\"@id\":\"https:\\\/\\\/itsw.edu.pl\\\/es\\\/escuela-primaria\\\/grados-7-8-y-escuela-secundaria\\\/horarios\\\/#article\",\"isPartOf\":{\"@id\":\"https:\\\/\\\/itsw.edu.pl\\\/es\\\/escuela-primaria\\\/grados-7-8-y-escuela-secundaria\\\/horarios\\\/\"},\"author\":{\"name\":\"M.K.\",\"@id\":\"https:\\\/\\\/itsw.edu.pl\\\/#\\\/schema\\\/person\\\/4a89b345dd3285b6de291f440f753c8f\"},\"headline\":\"Horarios\",\"datePublished\":\"2026-01-06T18:54:54+00:00\",\"dateModified\":\"2026-01-13T12:40:02+00:00\",\"mainEntityOfPage\":{\"@id\":\"https:\\\/\\\/itsw.edu.pl\\\/es\\\/escuela-primaria\\\/grados-7-8-y-escuela-secundaria\\\/horarios\\\/\"},\"wordCount\":1,\"publisher\":{\"@id\":\"https:\\\/\\\/itsw.edu.pl\\\/#organization\"},\"inLanguage\":\"es\"},{\"@type\":\"WebPage\",\"@id\":\"https:\\\/\\\/itsw.edu.pl\\\/es\\\/escuela-primaria\\\/grados-7-8-y-escuela-secundaria\\\/horarios\\\/\",\"url\":\"https:\\\/\\\/itsw.edu.pl\\\/es\\\/escuela-primaria\\\/grados-7-8-y-escuela-secundaria\\\/horarios\\\/\",\"name\":\"Tr\u00f3jj\u0119zyczna mi\u0119dzynarodowa szko\u0142a podstawowa ITSW Warszawa | Plan zaj\u0119\u0107 klas 7\u20138 - ITSW\",\"isPartOf\":{\"@id\":\"https:\\\/\\\/itsw.edu.pl\\\/#website\"},\"datePublished\":\"2026-01-06T18:54:54+00:00\",\"dateModified\":\"2026-01-13T12:40:02+00:00\",\"description\":\"Poznaj plan zaj\u0119\u0107 klas 7\u20138 w tr\u00f3jj\u0119zycznej szkole podstawowej ITSW w Warszawie. Sprawd\u017a jak \u0142\u0105czymy nauk\u0119 przedmiot\u00f3w \u015bcis\u0142ych i humanistycznych z projektami mi\u0119dzynarodowymi i trosk\u0105 o dobrostan ucznia.\",\"breadcrumb\":{\"@id\":\"https:\\\/\\\/itsw.edu.pl\\\/es\\\/escuela-primaria\\\/grados-7-8-y-escuela-secundaria\\\/horarios\\\/#breadcrumb\"},\"inLanguage\":\"es\",\"potentialAction\":[{\"@type\":\"ReadAction\",\"target\":[\"https:\\\/\\\/itsw.edu.pl\\\/es\\\/escuela-primaria\\\/grados-7-8-y-escuela-secundaria\\\/horarios\\\/\"]}]},{\"@type\":\"BreadcrumbList\",\"@id\":\"https:\\\/\\\/itsw.edu.pl\\\/es\\\/escuela-primaria\\\/grados-7-8-y-escuela-secundaria\\\/horarios\\\/#breadcrumb\",\"itemListElement\":[{\"@type\":\"ListItem\",\"position\":1,\"name\":\"ITSW\",\"item\":\"https:\\\/\\\/itsw.edu.pl\\\/es\\\/\"},{\"@type\":\"ListItem\",\"position\":2,\"name\":\"Szko\u0142a podstawowa es\",\"item\":\"https:\\\/\\\/itsw.edu.pl\\\/es\\\/escuela-primaria\\\/\"},{\"@type\":\"ListItem\",\"position\":3,\"name\":\"Grados 7-8 y Escuela Secundaria\",\"item\":\"https:\\\/\\\/itsw.edu.pl\\\/es\\\/escuela-primaria\\\/grados-7-8-y-escuela-secundaria\\\/\"},{\"@type\":\"ListItem\",\"position\":4,\"name\":\"Horarios\"}]},{\"@type\":\"WebSite\",\"@id\":\"https:\\\/\\\/itsw.edu.pl\\\/#website\",\"url\":\"https:\\\/\\\/itsw.edu.pl\\\/\",\"name\":\"ITSW\",\"description\":\"\",\"publisher\":{\"@id\":\"https:\\\/\\\/itsw.edu.pl\\\/#organization\"},\"alternateName\":\"International Trilingual School of Warsaw\",\"potentialAction\":[{\"@type\":\"SearchAction\",\"target\":{\"@type\":\"EntryPoint\",\"urlTemplate\":\"https:\\\/\\\/itsw.edu.pl\\\/?s={search_term_string}\"},\"query-input\":{\"@type\":\"PropertyValueSpecification\",\"valueRequired\":true,\"valueName\":\"search_term_string\"}}],\"inLanguage\":\"es\"},{\"@type\":\"Organization\",\"@id\":\"https:\\\/\\\/itsw.edu.pl\\\/#organization\",\"name\":\"International Trilingual School of Warsaw\",\"alternateName\":\"International Trilingual School of Warsaw\",\"url\":\"https:\\\/\\\/itsw.edu.pl\\\/\",\"logo\":{\"@type\":\"ImageObject\",\"inLanguage\":\"es\",\"@id\":\"https:\\\/\\\/itsw.edu.pl\\\/#\\\/schema\\\/logo\\\/image\\\/\",\"url\":\"https:\\\/\\\/itsw.edu.pl\\\/wp-content\\\/uploads\\\/itsw-logo.png\",\"contentUrl\":\"https:\\\/\\\/itsw.edu.pl\\\/wp-content\\\/uploads\\\/itsw-logo.png\",\"width\":350,\"height\":103,\"caption\":\"International Trilingual School of Warsaw\"},\"image\":{\"@id\":\"https:\\\/\\\/itsw.edu.pl\\\/#\\\/schema\\\/logo\\\/image\\\/\"},\"sameAs\":[\"https:\\\/\\\/www.facebook.com\\\/ITSW.School.Escuela.Ecole.XueXiao.Gakko.Warsaw\"]},{\"@type\":\"Person\",\"@id\":\"https:\\\/\\\/itsw.edu.pl\\\/#\\\/schema\\\/person\\\/4a89b345dd3285b6de291f440f753c8f\",\"name\":\"M.K.\"}]}<\/script>\n<!-- \/ Yoast SEO plugin. -->","yoast_head_json":{"title":"Tr\u00f3jj\u0119zyczna mi\u0119dzynarodowa szko\u0142a podstawowa ITSW Warszawa | Plan zaj\u0119\u0107 klas 7\u20138 - ITSW","description":"Poznaj plan zaj\u0119\u0107 klas 7\u20138 w tr\u00f3jj\u0119zycznej szkole podstawowej ITSW w Warszawie. Sprawd\u017a jak \u0142\u0105czymy nauk\u0119 przedmiot\u00f3w \u015bcis\u0142ych i humanistycznych z projektami mi\u0119dzynarodowymi i trosk\u0105 o dobrostan ucznia.","robots":{"index":"index","follow":"follow","max-snippet":"max-snippet:-1","max-image-preview":"max-image-preview:large","max-video-preview":"max-video-preview:-1"},"canonical":"https:\/\/itsw.edu.pl\/es\/escuela-primaria\/grados-7-8-y-escuela-secundaria\/horarios\/","og_locale":"es_ES","og_type":"article","og_title":"Jak wygl\u0105da dzie\u0144 w klasach 7\u20138? | Plan zaj\u0119\u0107 w mi\u0119dzynarodowej szkole ITSW","og_description":"Zobacz przyk\u0142adowy plan zaj\u0119\u0107 w klasach 7\u20138 w tr\u00f3jj\u0119zycznej szkole ITSW. Dowiedz si\u0119, jak \u0142\u0105czymy intensywn\u0105 nauk\u0119 z projektami, pasjami uczni\u00f3w i trosk\u0105 o ich dobrostan emocjonalny.","og_url":"https:\/\/itsw.edu.pl\/es\/escuela-primaria\/grados-7-8-y-escuela-secundaria\/horarios\/","og_site_name":"ITSW","article_publisher":"https:\/\/www.facebook.com\/ITSW.School.Escuela.Ecole.XueXiao.Gakko.Warsaw","article_modified_time":"2026-01-13T12:40:02+00:00","twitter_card":"summary_large_image","schema":{"@context":"https:\/\/schema.org","@graph":[{"@type":"Article","@id":"https:\/\/itsw.edu.pl\/es\/escuela-primaria\/grados-7-8-y-escuela-secundaria\/horarios\/#article","isPartOf":{"@id":"https:\/\/itsw.edu.pl\/es\/escuela-primaria\/grados-7-8-y-escuela-secundaria\/horarios\/"},"author":{"name":"M.K.","@id":"https:\/\/itsw.edu.pl\/#\/schema\/person\/4a89b345dd3285b6de291f440f753c8f"},"headline":"Horarios","datePublished":"2026-01-06T18:54:54+00:00","dateModified":"2026-01-13T12:40:02+00:00","mainEntityOfPage":{"@id":"https:\/\/itsw.edu.pl\/es\/escuela-primaria\/grados-7-8-y-escuela-secundaria\/horarios\/"},"wordCount":1,"publisher":{"@id":"https:\/\/itsw.edu.pl\/#organization"},"inLanguage":"es"},{"@type":"WebPage","@id":"https:\/\/itsw.edu.pl\/es\/escuela-primaria\/grados-7-8-y-escuela-secundaria\/horarios\/","url":"https:\/\/itsw.edu.pl\/es\/escuela-primaria\/grados-7-8-y-escuela-secundaria\/horarios\/","name":"Tr\u00f3jj\u0119zyczna mi\u0119dzynarodowa szko\u0142a podstawowa ITSW Warszawa | Plan zaj\u0119\u0107 klas 7\u20138 - ITSW","isPartOf":{"@id":"https:\/\/itsw.edu.pl\/#website"},"datePublished":"2026-01-06T18:54:54+00:00","dateModified":"2026-01-13T12:40:02+00:00","description":"Poznaj plan zaj\u0119\u0107 klas 7\u20138 w tr\u00f3jj\u0119zycznej szkole podstawowej ITSW w Warszawie. Sprawd\u017a jak \u0142\u0105czymy nauk\u0119 przedmiot\u00f3w \u015bcis\u0142ych i humanistycznych z projektami mi\u0119dzynarodowymi i trosk\u0105 o dobrostan ucznia.","breadcrumb":{"@id":"https:\/\/itsw.edu.pl\/es\/escuela-primaria\/grados-7-8-y-escuela-secundaria\/horarios\/#breadcrumb"},"inLanguage":"es","potentialAction":[{"@type":"ReadAction","target":["https:\/\/itsw.edu.pl\/es\/escuela-primaria\/grados-7-8-y-escuela-secundaria\/horarios\/"]}]},{"@type":"BreadcrumbList","@id":"https:\/\/itsw.edu.pl\/es\/escuela-primaria\/grados-7-8-y-escuela-secundaria\/horarios\/#breadcrumb","itemListElement":[{"@type":"ListItem","position":1,"name":"ITSW","item":"https:\/\/itsw.edu.pl\/es\/"},{"@type":"ListItem","position":2,"name":"Szko\u0142a podstawowa es","item":"https:\/\/itsw.edu.pl\/es\/escuela-primaria\/"},{"@type":"ListItem","position":3,"name":"Grados 7-8 y Escuela Secundaria","item":"https:\/\/itsw.edu.pl\/es\/escuela-primaria\/grados-7-8-y-escuela-secundaria\/"},{"@type":"ListItem","position":4,"name":"Horarios"}]},{"@type":"WebSite","@id":"https:\/\/itsw.edu.pl\/#website","url":"https:\/\/itsw.edu.pl\/","name":"ITSW","description":"","publisher":{"@id":"https:\/\/itsw.edu.pl\/#organization"},"alternateName":"International Trilingual School of Warsaw","potentialAction":[{"@type":"SearchAction","target":{"@type":"EntryPoint","urlTemplate":"https:\/\/itsw.edu.pl\/?s={search_term_string}"},"query-input":{"@type":"PropertyValueSpecification","valueRequired":true,"valueName":"search_term_string"}}],"inLanguage":"es"},{"@type":"Organization","@id":"https:\/\/itsw.edu.pl\/#organization","name":"International Trilingual School of Warsaw","alternateName":"International Trilingual School of Warsaw","url":"https:\/\/itsw.edu.pl\/","logo":{"@type":"ImageObject","inLanguage":"es","@id":"https:\/\/itsw.edu.pl\/#\/schema\/logo\/image\/","url":"https:\/\/itsw.edu.pl\/wp-content\/uploads\/itsw-logo.png","contentUrl":"https:\/\/itsw.edu.pl\/wp-content\/uploads\/itsw-logo.png","width":350,"height":103,"caption":"International Trilingual School of Warsaw"},"image":{"@id":"https:\/\/itsw.edu.pl\/#\/schema\/logo\/image\/"},"sameAs":["https:\/\/www.facebook.com\/ITSW.School.Escuela.Ecole.XueXiao.Gakko.Warsaw"]},{"@type":"Person","@id":"https:\/\/itsw.edu.pl\/#\/schema\/person\/4a89b345dd3285b6de291f440f753c8f","name":"M.K."}]}},"_links":{"self":[{"href":"https:\/\/itsw.edu.pl\/es\/wp-json\/wp\/v2\/pages\/243858","targetHints":{"allow":["GET"]}}],"collection":[{"href":"https:\/\/itsw.edu.pl\/es\/wp-json\/wp\/v2\/pages"}],"about":[{"href":"https:\/\/itsw.edu.pl\/es\/wp-json\/wp\/v2\/types\/page"}],"author":[{"embeddable":true,"href":"https:\/\/itsw.edu.pl\/es\/wp-json\/wp\/v2\/users\/3"}],"replies":[{"embeddable":true,"href":"https:\/\/itsw.edu.pl\/es\/wp-json\/wp\/v2\/comments?post=243858"}],"version-history":[{"count":6,"href":"https:\/\/itsw.edu.pl\/es\/wp-json\/wp\/v2\/pages\/243858\/revisions"}],"predecessor-version":[{"id":249759,"href":"https:\/\/itsw.edu.pl\/es\/wp-json\/wp\/v2\/pages\/243858\/revisions\/249759"}],"up":[{"embeddable":true,"href":"https:\/\/itsw.edu.pl\/es\/wp-json\/wp\/v2\/pages\/245084"}],"wp:attachment":[{"href":"https:\/\/itsw.edu.pl\/es\/wp-json\/wp\/v2\/media?parent=243858"}],"curies":[{"name":"wp","href":"https:\/\/api.w.org\/{rel}","templated":true}]}}