{"id":243176,"date":"2026-01-06T11:08:45","date_gmt":"2026-01-06T10:08:45","guid":{"rendered":"https:\/\/itsw.edu.pl\/?page_id=243176"},"modified":"2026-01-13T09:04:07","modified_gmt":"2026-01-13T08:04:07","slug":"horarios","status":"publish","type":"page","link":"https:\/\/itsw.edu.pl\/es\/escuela-primaria\/grados-1-3\/horarios\/","title":{"rendered":"Horarios"},"content":{"rendered":"<div class=\"et_pb_section_0 et_pb_section et_section_regular et_block_section\">\n<div class=\"et_pb_row_0 et_pb_row et_block_row\">\n<div class=\"et_pb_column_0 et_pb_column et_pb_column_4_4 et-last-child et_block_column et_pb_css_mix_blend_mode_passthrough\">\n<div class=\"et_pb_heading_0 et_pb_heading et_pb_module et_block_module\"><div class=\"et_pb_heading_container\"><h1 class=\"et_pb_module_header\">Horario de clases de la escuela primaria triling\u00fce ITSW (grados 1.\u00ba a 3.\u00ba)<\/h1><\/div><\/div>\n<\/div>\n<\/div>\n<\/div>\n\n<div class=\"et_pb_section_1 et_pb_section et_section_regular et_block_section\">\n<div class=\"et_pb_row_1 et_pb_row et_flex_row\">\n<div class=\"et_pb_column_1 et_pb_column et-last-child et_block_column et_pb_css_mix_blend_mode_passthrough et_flex_column_24_24 et_flex_column_24_24_tablet et_flex_column_24_24_phone\">\n<div class=\"et_pb_text_0 et_pb_text et_pb_bg_layout_light et_pb_module et_block_module\"><div class=\"et_pb_text_inner\"><p>En el Colegio Internacional ITSW, el idioma es una herramienta de aprendizaje, no una asignatura independiente. Por lo tanto, una escuela primaria solo puede funcionar de forma totalmente triling\u00fce si el <strong>contenido acad\u00e9mico se imparte en dos o tres idiomas<\/strong>. Esto requiere una estructura diaria diferente, un horario escolar m\u00e1s amplio y un ritmo de clases espec\u00edfico adaptado a las necesidades de desarrollo de los alumnos.<\/p>\n<\/div><\/div>\n<\/div>\n<\/div>\n\n<div class=\"et_pb_row_2 et_pb_row et_block_row\">\n<div class=\"et_pb_column_2 et_pb_column et_pb_column_1_2 et_block_column et_pb_css_mix_blend_mode_passthrough\">\n<div class=\"et_pb_image_0 et_pb_image et_pb_module et_block_module\"><span class=\"et_pb_image_wrap\"><img decoding=\"async\" src=\"https:\/\/itsw.edu.pl\/wp-content\/uploads\/pierwsza-szkola-podstawowa-1-klasa.jpg\" width=\"901\" height=\"1050\" srcset=\"https:\/\/itsw.edu.pl\/wp-content\/uploads\/pierwsza-szkola-podstawowa-1-klasa.jpg 901w, https:\/\/itsw.edu.pl\/wp-content\/uploads\/pierwsza-szkola-podstawowa-1-klasa-480x559.jpg 480w\" sizes=\"(min-width: 0px) and (max-width: 480px) 480px, (min-width: 481px) 901px, 100vw\" class=\"wp-image-245872\" title=\"Pierwsza szkola podstawowa 1 klasa\" alt=\"Start w szkole pierwsza klasa\" \/><\/span><\/div>\n<\/div>\n\n<div class=\"et_pb_column_3 et_pb_column et_pb_column_1_2 et-last-child et_block_column et_pb_css_mix_blend_mode_passthrough\">\n<div class=\"et_pb_text_1 et_pb_text et_pb_bg_layout_light et_pb_module et_block_module\"><div class=\"et_pb_text_inner\"><h2>\u00bfC\u00f3mo es un d\u00eda en ITSW de 1.\u00ba a 3.\u00ba grado?<\/h2>\n<p>Para facilitar la inmersi\u00f3n ling\u00fc\u00edstica natural y la impartici\u00f3n del programa acad\u00e9mico en tres idiomas, la jornada escolar en ITSW es \u200b\u200bm\u00e1s larga que en las escuelas monoling\u00fces.<br \/>El horario se planifica cuidadosamente para promover la concentraci\u00f3n, la relajaci\u00f3n y un equilibrio entre el aprendizaje y la actividad f\u00edsica.<\/p>\n<p>Durante la jornada, los estudiantes disfrutan de:<\/p>\n<ul>\n<li>bloques de asignaturas alternados,<\/li>\n<li>actividades deportivas y art\u00edsticas,<\/li>\n<li>descansos prolongados, organizados al aire libre con la mayor frecuencia posible.<\/li>\n<\/ul>\n<p>Las clases obligatorias terminan a las 17:00, lo que permite el pleno aprovechamiento del curr\u00edculo triling\u00fce.<\/p>\n<p>&nbsp;<\/p>\n<\/div><\/div>\n<\/div>\n<\/div>\n\n<div class=\"et_pb_row_3 et_pb_row et_flex_row\">\n<div class=\"et_pb_column_4 et_pb_column et_block_column et_pb_css_mix_blend_mode_passthrough et_flex_column_12_24 et_flex_column_12_24_tablet et_flex_column_24_24_phone\">\n<div class=\"et_pb_text_2 et_pb_text et_pb_bg_layout_light et_pb_module et_block_module\"><div class=\"et_pb_text_inner\"><h2 style=\"margin-bottom: 15px;\">Actividades extracurriculares por la tarde (talleres) en la tercera lengua de instrucci\u00f3n<\/h2>\n<h3>5:00\u20136:30 p.m. \u2014 clases opcionales de desarrollo de talentos<\/h3>\n<p>Tras finalizar las clases obligatorias, ITSW ofrece un amplio programa de actividades extracurriculares. Estas son: - gratuitas,<br \/>- impartidas en la tercera lengua de estudio,<br \/>- centradas en el desarrollo de habilidades extracurriculares: art\u00edsticas, deportivas, ling\u00fc\u00edsticas, culturales y sociales.<\/p>\n<p>El programa se actualiza anualmente. Algunos ejemplos de actividades incluyen:<\/p>\n<p>- talleres de arte,<br \/>- clases de m\u00fasica,<br \/>- deportes y movimiento creativo,<br \/>- proyectos culturales,<br \/>- clases de teatro,<br \/>- grupos de inter\u00e9s relacionados con la lengua de estudio.<\/p>\n<\/div><\/div>\n<\/div>\n\n<div class=\"et_pb_column_5 et_pb_column et-last-child et_flex_column et_pb_css_mix_blend_mode_passthrough et_flex_column_12_24 et_flex_column_12_24_tablet et_flex_column_24_24_phone\">\n<div class=\"et_pb_image_1 et_pb_image et_pb_module et_block_module\"><span class=\"et_pb_image_wrap\"><img decoding=\"async\" src=\"https:\/\/itsw.edu.pl\/wp-content\/uploads\/pierwsza-klasa-prace-plastyczne-ekologia.jpg\" width=\"555\" height=\"450\" srcset=\"https:\/\/itsw.edu.pl\/wp-content\/uploads\/pierwsza-klasa-prace-plastyczne-ekologia.jpg 555w, https:\/\/itsw.edu.pl\/wp-content\/uploads\/pierwsza-klasa-prace-plastyczne-ekologia-480x389.jpg 480w\" sizes=\"(min-width: 0px) and (max-width: 480px) 480px, (min-width: 481px) 555px, 100vw\" class=\"wp-image-245888\" title=\"Pierwsza klasa prace plastyczne ekologia\" alt=\"Children learning by play ITSW\" \/><\/span><\/div>\n<\/div>\n<\/div>\n\n<div class=\"et_pb_row_4 et_pb_row et_block_row\">\n<div class=\"et_pb_column_6 et_pb_column et_pb_column_1_2 et_block_column et_pb_css_mix_blend_mode_passthrough\">\n<div class=\"et_pb_image_2 et_pb_image et_pb_module et_block_module\"><span class=\"et_pb_image_wrap\"><img decoding=\"async\" src=\"https:\/\/itsw.edu.pl\/wp-content\/uploads\/miedzynarodowa-szkola-podstawowa.jpg\" width=\"555\" height=\"450\" srcset=\"https:\/\/itsw.edu.pl\/wp-content\/uploads\/miedzynarodowa-szkola-podstawowa.jpg 555w, https:\/\/itsw.edu.pl\/wp-content\/uploads\/miedzynarodowa-szkola-podstawowa-480x389.jpg 480w\" sizes=\"(min-width: 0px) and (max-width: 480px) 480px, (min-width: 481px) 555px, 100vw\" class=\"wp-image-245879\" title=\"Miedzynarodowa szkola podstawowa\" alt=\"Children learning by play ITSW\" \/><\/span><\/div>\n<\/div>\n\n<div class=\"et_pb_column_7 et_pb_column et_pb_column_1_2 et-last-child et_block_column et_pb_css_mix_blend_mode_passthrough\">\n<div class=\"et_pb_text_3 et_pb_text et_pb_bg_layout_light et_pb_module et_block_module\"><div class=\"et_pb_text_inner\"><h2>Horario de clases para los grados 1.\u00ba a 3.\u00ba - a\u00f1o escolar<\/h2>\n<p>La Escuela Primaria ITSW abre 10 meses al a\u00f1o (septiembre-junio), excepto festivos.<br \/>Durante las vacaciones cortas y las vacaciones extraescolares, de septiembre a junio, ofrecemos actividades extraescolares tem\u00e1ticas.<br \/>Durante julio y agosto, la escuela permanece cerrada, pero se imparten en el edificio programas de idiomas de verano (en espa\u00f1ol, polaco e ingl\u00e9s), disponibles para ni\u00f1os de ITSW y de otros lugares.<\/p>\n<\/div><\/div>\n\n<div class=\"et_pb_module et_pb_button_module_wrapper et_pb_button_0_wrapper\"><a class=\"et_pb_button_0 et_pb_button et_pb_bg_layout_light et_pb_module et_block_module\" href=\"https:\/\/itsw.edu.pl\/es\/conocenos\/sobre-itsw\/\">M\u00e1s sobre ITSW<\/a><\/div>\n<\/div>\n<\/div>\n<\/div>\n\n<div class=\"et_pb_section_2 et_pb_section et_section_regular et_block_section\">\n<div class=\"et_pb_row_5 et_pb_row et_block_row\">\n<div class=\"et_pb_column_8 et_pb_column et_pb_column_4_4 et-last-child et_block_column et_pb_css_mix_blend_mode_passthrough\">\n<div class=\"et_pb_text_4 et_pb_text et_pb_bg_layout_light et_pb_module et_block_module\"><div class=\"et_pb_text_inner\"><h2 style=\"text-align: center;\"><strong>Ejemplo de horario de clases<\/strong><\/h2>\n<p>A continuaci\u00f3n se muestra un ejemplo de horario de clases para los grados 1.\u00ba a 3.\u00ba de la escuela primaria internacional triling\u00fce ITSW en Varsovia.<\/p>\n<\/div><\/div>\n<\/div>\n<\/div>\n\n<div class=\"et_pb_row_6 et_pb_row et_block_row\">\n<div class=\"et_pb_column_9 et_pb_column et_pb_column_4_4 et-last-child et_block_column et_pb_css_mix_blend_mode_passthrough\">\n<div class=\"et_pb_image_3 et_pb_image et_pb_module et_flex_module\"><span class=\"et_pb_image_wrap\"><img decoding=\"async\" src=\"https:\/\/itsw.edu.pl\/wp-content\/uploads\/plan-lekcji.jpg\" title=\"plan lekcji\" width=\"794\" height=\"1123\" srcset=\"https:\/\/itsw.edu.pl\/wp-content\/uploads\/plan-lekcji.jpg 794w, https:\/\/itsw.edu.pl\/wp-content\/uploads\/plan-lekcji-480x679.jpg 480w\" sizes=\"(min-width: 0px) and (max-width: 480px) 480px, (min-width: 481px) 794px, 100vw\" class=\"wp-image-243234\" \/><\/span><\/div>\n<\/div>\n<\/div>\n\n<div class=\"et_pb_row_7 et_pb_row et_block_row\">\n<div class=\"et_pb_column_10 et_pb_column et_pb_column_4_4 et-last-child et_block_column et_pb_css_mix_blend_mode_passthrough\">\n<div class=\"et_pb_row_8 et_pb_row et_pb_row_nested et_flex_row\">\n<div class=\"et_pb_column_11 et_pb_column et_flex_column et_pb_css_mix_blend_mode_passthrough et_flex_column_24_24 et_flex_column_24_24_tablet et_flex_column_24_24_phone\">\n<div class=\"et_pb_module et_pb_button_module_wrapper et_pb_button_1_wrapper\"><a class=\"et_pb_button_1 et_pb_button et_pb_bg_layout_light et_pb_module et_block_module\" href=\"https:\/\/itsw.edu.pl\/es\/formulario-de-admision\/\">Inscribe a tu hijo\/a hoy mismo<\/a><\/div>\n<\/div>\n\n<div class=\"et_pb_column_12 et_pb_column et-last-child et_flex_column et_pb_css_mix_blend_mode_passthrough et_flex_column_24_24 et_flex_column_24_24_tablet et_flex_column_24_24_phone\">\n<div class=\"et_pb_module et_pb_button_module_wrapper et_pb_button_2_wrapper\"><a class=\"et_pb_button_2 et_pb_button et_pb_bg_layout_light et_pb_module et_block_module\" href=\"https:\/\/itsw.edu.pl\/es\/escuela-primaria\/grados-1-3\/localizacion\/\">Explora nuestro campus<\/a><\/div>\n<\/div>\n<\/div>\n<\/div>\n<\/div>\n<\/div>","protected":false},"excerpt":{"rendered":"","protected":false},"author":3,"featured_media":0,"parent":245074,"menu_order":1,"comment_status":"closed","ping_status":"closed","template":"","meta":{"_acf_changed":false,"inline_featured_image":false,"footnotes":""},"class_list":["post-243176","page","type-page","status-publish","hentry"],"acf":[],"yoast_head":"<!-- This site is optimized with the Yoast SEO plugin v27.5 - https:\/\/yoast.com\/product\/yoast-seo-wordpress\/ -->\n<title>Plan zaj\u0119\u0107 klas 1\u20133 | Tr\u00f3jj\u0119zyczna Szko\u0142a Podstawowa ITSW Warszawa- ITSW<\/title>\n<meta name=\"description\" content=\"Poznaj plan dnia klas 1\u20133 w tr\u00f3jj\u0119zycznej szkole podstawowej ITSW w Warszawie. Zaj\u0119cia w trzech j\u0119zykach, ruch, sztuka, odpoczynek i popo\u0142udniowe warsztaty.\" \/>\n<meta name=\"robots\" content=\"index, follow, max-snippet:-1, max-image-preview:large, max-video-preview:-1\" \/>\n<link rel=\"canonical\" href=\"https:\/\/itsw.edu.pl\/es\/escuela-primaria\/grados-1-3\/horarios\/\" \/>\n<meta property=\"og:locale\" content=\"es_ES\" \/>\n<meta property=\"og:type\" content=\"article\" \/>\n<meta property=\"og:title\" content=\"Plan zaj\u0119\u0107 w klasach 1\u20133 | Tr\u00f3jj\u0119zyczna edukacja w ITSW Warszawa\" \/>\n<meta property=\"og:description\" content=\"Jak wygl\u0105da dzie\u0144 w tr\u00f3jj\u0119zycznej klasie 1\u20133? Zobacz harmonogram zaj\u0119\u0107, program w trzech j\u0119zykach i warsztaty rozwijaj\u0105ce talenty w ITSW.\" \/>\n<meta property=\"og:url\" content=\"https:\/\/itsw.edu.pl\/es\/escuela-primaria\/grados-1-3\/horarios\/\" \/>\n<meta property=\"og:site_name\" content=\"ITSW\" \/>\n<meta property=\"article:publisher\" content=\"https:\/\/www.facebook.com\/ITSW.School.Escuela.Ecole.XueXiao.Gakko.Warsaw\" \/>\n<meta property=\"article:modified_time\" content=\"2026-01-13T08:04:07+00:00\" \/>\n<meta name=\"twitter:card\" content=\"summary_large_image\" \/>\n<script type=\"application\/ld+json\" class=\"yoast-schema-graph\">{\"@context\":\"https:\\\/\\\/schema.org\",\"@graph\":[{\"@type\":\"Article\",\"@id\":\"https:\\\/\\\/itsw.edu.pl\\\/es\\\/escuela-primaria\\\/grados-1-3\\\/horarios\\\/#article\",\"isPartOf\":{\"@id\":\"https:\\\/\\\/itsw.edu.pl\\\/es\\\/escuela-primaria\\\/grados-1-3\\\/horarios\\\/\"},\"author\":{\"name\":\"M.K.\",\"@id\":\"https:\\\/\\\/itsw.edu.pl\\\/#\\\/schema\\\/person\\\/4a89b345dd3285b6de291f440f753c8f\"},\"headline\":\"Horarios\",\"datePublished\":\"2026-01-06T10:08:45+00:00\",\"dateModified\":\"2026-01-13T08:04:07+00:00\",\"mainEntityOfPage\":{\"@id\":\"https:\\\/\\\/itsw.edu.pl\\\/es\\\/escuela-primaria\\\/grados-1-3\\\/horarios\\\/\"},\"wordCount\":1,\"publisher\":{\"@id\":\"https:\\\/\\\/itsw.edu.pl\\\/#organization\"},\"inLanguage\":\"es\"},{\"@type\":\"WebPage\",\"@id\":\"https:\\\/\\\/itsw.edu.pl\\\/es\\\/escuela-primaria\\\/grados-1-3\\\/horarios\\\/\",\"url\":\"https:\\\/\\\/itsw.edu.pl\\\/es\\\/escuela-primaria\\\/grados-1-3\\\/horarios\\\/\",\"name\":\"Plan zaj\u0119\u0107 klas 1\u20133 | Tr\u00f3jj\u0119zyczna Szko\u0142a Podstawowa ITSW Warszawa- ITSW\",\"isPartOf\":{\"@id\":\"https:\\\/\\\/itsw.edu.pl\\\/#website\"},\"datePublished\":\"2026-01-06T10:08:45+00:00\",\"dateModified\":\"2026-01-13T08:04:07+00:00\",\"description\":\"Poznaj plan dnia klas 1\u20133 w tr\u00f3jj\u0119zycznej szkole podstawowej ITSW w Warszawie. Zaj\u0119cia w trzech j\u0119zykach, ruch, sztuka, odpoczynek i popo\u0142udniowe warsztaty.\",\"breadcrumb\":{\"@id\":\"https:\\\/\\\/itsw.edu.pl\\\/es\\\/escuela-primaria\\\/grados-1-3\\\/horarios\\\/#breadcrumb\"},\"inLanguage\":\"es\",\"potentialAction\":[{\"@type\":\"ReadAction\",\"target\":[\"https:\\\/\\\/itsw.edu.pl\\\/es\\\/escuela-primaria\\\/grados-1-3\\\/horarios\\\/\"]}]},{\"@type\":\"BreadcrumbList\",\"@id\":\"https:\\\/\\\/itsw.edu.pl\\\/es\\\/escuela-primaria\\\/grados-1-3\\\/horarios\\\/#breadcrumb\",\"itemListElement\":[{\"@type\":\"ListItem\",\"position\":1,\"name\":\"ITSW\",\"item\":\"https:\\\/\\\/itsw.edu.pl\\\/es\\\/\"},{\"@type\":\"ListItem\",\"position\":2,\"name\":\"Szko\u0142a podstawowa es\",\"item\":\"https:\\\/\\\/itsw.edu.pl\\\/es\\\/escuela-primaria\\\/\"},{\"@type\":\"ListItem\",\"position\":3,\"name\":\"Grados 1-3\",\"item\":\"https:\\\/\\\/itsw.edu.pl\\\/es\\\/escuela-primaria\\\/grados-1-3\\\/\"},{\"@type\":\"ListItem\",\"position\":4,\"name\":\"Horarios\"}]},{\"@type\":\"WebSite\",\"@id\":\"https:\\\/\\\/itsw.edu.pl\\\/#website\",\"url\":\"https:\\\/\\\/itsw.edu.pl\\\/\",\"name\":\"ITSW\",\"description\":\"\",\"publisher\":{\"@id\":\"https:\\\/\\\/itsw.edu.pl\\\/#organization\"},\"alternateName\":\"International Trilingual School of Warsaw\",\"potentialAction\":[{\"@type\":\"SearchAction\",\"target\":{\"@type\":\"EntryPoint\",\"urlTemplate\":\"https:\\\/\\\/itsw.edu.pl\\\/?s={search_term_string}\"},\"query-input\":{\"@type\":\"PropertyValueSpecification\",\"valueRequired\":true,\"valueName\":\"search_term_string\"}}],\"inLanguage\":\"es\"},{\"@type\":\"Organization\",\"@id\":\"https:\\\/\\\/itsw.edu.pl\\\/#organization\",\"name\":\"International Trilingual School of Warsaw\",\"alternateName\":\"International Trilingual School of Warsaw\",\"url\":\"https:\\\/\\\/itsw.edu.pl\\\/\",\"logo\":{\"@type\":\"ImageObject\",\"inLanguage\":\"es\",\"@id\":\"https:\\\/\\\/itsw.edu.pl\\\/#\\\/schema\\\/logo\\\/image\\\/\",\"url\":\"https:\\\/\\\/itsw.edu.pl\\\/wp-content\\\/uploads\\\/itsw-logo.png\",\"contentUrl\":\"https:\\\/\\\/itsw.edu.pl\\\/wp-content\\\/uploads\\\/itsw-logo.png\",\"width\":350,\"height\":103,\"caption\":\"International Trilingual School of Warsaw\"},\"image\":{\"@id\":\"https:\\\/\\\/itsw.edu.pl\\\/#\\\/schema\\\/logo\\\/image\\\/\"},\"sameAs\":[\"https:\\\/\\\/www.facebook.com\\\/ITSW.School.Escuela.Ecole.XueXiao.Gakko.Warsaw\"]},{\"@type\":\"Person\",\"@id\":\"https:\\\/\\\/itsw.edu.pl\\\/#\\\/schema\\\/person\\\/4a89b345dd3285b6de291f440f753c8f\",\"name\":\"M.K.\"}]}<\/script>\n<!-- \/ Yoast SEO plugin. -->","yoast_head_json":{"title":"Plan zaj\u0119\u0107 klas 1\u20133 | Tr\u00f3jj\u0119zyczna Szko\u0142a Podstawowa ITSW Warszawa- ITSW","description":"Poznaj plan dnia klas 1\u20133 w tr\u00f3jj\u0119zycznej szkole podstawowej ITSW w Warszawie. Zaj\u0119cia w trzech j\u0119zykach, ruch, sztuka, odpoczynek i popo\u0142udniowe warsztaty.","robots":{"index":"index","follow":"follow","max-snippet":"max-snippet:-1","max-image-preview":"max-image-preview:large","max-video-preview":"max-video-preview:-1"},"canonical":"https:\/\/itsw.edu.pl\/es\/escuela-primaria\/grados-1-3\/horarios\/","og_locale":"es_ES","og_type":"article","og_title":"Plan zaj\u0119\u0107 w klasach 1\u20133 | Tr\u00f3jj\u0119zyczna edukacja w ITSW Warszawa","og_description":"Jak wygl\u0105da dzie\u0144 w tr\u00f3jj\u0119zycznej klasie 1\u20133? Zobacz harmonogram zaj\u0119\u0107, program w trzech j\u0119zykach i warsztaty rozwijaj\u0105ce talenty w ITSW.","og_url":"https:\/\/itsw.edu.pl\/es\/escuela-primaria\/grados-1-3\/horarios\/","og_site_name":"ITSW","article_publisher":"https:\/\/www.facebook.com\/ITSW.School.Escuela.Ecole.XueXiao.Gakko.Warsaw","article_modified_time":"2026-01-13T08:04:07+00:00","twitter_card":"summary_large_image","schema":{"@context":"https:\/\/schema.org","@graph":[{"@type":"Article","@id":"https:\/\/itsw.edu.pl\/es\/escuela-primaria\/grados-1-3\/horarios\/#article","isPartOf":{"@id":"https:\/\/itsw.edu.pl\/es\/escuela-primaria\/grados-1-3\/horarios\/"},"author":{"name":"M.K.","@id":"https:\/\/itsw.edu.pl\/#\/schema\/person\/4a89b345dd3285b6de291f440f753c8f"},"headline":"Horarios","datePublished":"2026-01-06T10:08:45+00:00","dateModified":"2026-01-13T08:04:07+00:00","mainEntityOfPage":{"@id":"https:\/\/itsw.edu.pl\/es\/escuela-primaria\/grados-1-3\/horarios\/"},"wordCount":1,"publisher":{"@id":"https:\/\/itsw.edu.pl\/#organization"},"inLanguage":"es"},{"@type":"WebPage","@id":"https:\/\/itsw.edu.pl\/es\/escuela-primaria\/grados-1-3\/horarios\/","url":"https:\/\/itsw.edu.pl\/es\/escuela-primaria\/grados-1-3\/horarios\/","name":"Plan zaj\u0119\u0107 klas 1\u20133 | Tr\u00f3jj\u0119zyczna Szko\u0142a Podstawowa ITSW Warszawa- ITSW","isPartOf":{"@id":"https:\/\/itsw.edu.pl\/#website"},"datePublished":"2026-01-06T10:08:45+00:00","dateModified":"2026-01-13T08:04:07+00:00","description":"Poznaj plan dnia klas 1\u20133 w tr\u00f3jj\u0119zycznej szkole podstawowej ITSW w Warszawie. Zaj\u0119cia w trzech j\u0119zykach, ruch, sztuka, odpoczynek i popo\u0142udniowe warsztaty.","breadcrumb":{"@id":"https:\/\/itsw.edu.pl\/es\/escuela-primaria\/grados-1-3\/horarios\/#breadcrumb"},"inLanguage":"es","potentialAction":[{"@type":"ReadAction","target":["https:\/\/itsw.edu.pl\/es\/escuela-primaria\/grados-1-3\/horarios\/"]}]},{"@type":"BreadcrumbList","@id":"https:\/\/itsw.edu.pl\/es\/escuela-primaria\/grados-1-3\/horarios\/#breadcrumb","itemListElement":[{"@type":"ListItem","position":1,"name":"ITSW","item":"https:\/\/itsw.edu.pl\/es\/"},{"@type":"ListItem","position":2,"name":"Szko\u0142a podstawowa es","item":"https:\/\/itsw.edu.pl\/es\/escuela-primaria\/"},{"@type":"ListItem","position":3,"name":"Grados 1-3","item":"https:\/\/itsw.edu.pl\/es\/escuela-primaria\/grados-1-3\/"},{"@type":"ListItem","position":4,"name":"Horarios"}]},{"@type":"WebSite","@id":"https:\/\/itsw.edu.pl\/#website","url":"https:\/\/itsw.edu.pl\/","name":"ITSW","description":"","publisher":{"@id":"https:\/\/itsw.edu.pl\/#organization"},"alternateName":"International Trilingual School of Warsaw","potentialAction":[{"@type":"SearchAction","target":{"@type":"EntryPoint","urlTemplate":"https:\/\/itsw.edu.pl\/?s={search_term_string}"},"query-input":{"@type":"PropertyValueSpecification","valueRequired":true,"valueName":"search_term_string"}}],"inLanguage":"es"},{"@type":"Organization","@id":"https:\/\/itsw.edu.pl\/#organization","name":"International Trilingual School of Warsaw","alternateName":"International Trilingual School of Warsaw","url":"https:\/\/itsw.edu.pl\/","logo":{"@type":"ImageObject","inLanguage":"es","@id":"https:\/\/itsw.edu.pl\/#\/schema\/logo\/image\/","url":"https:\/\/itsw.edu.pl\/wp-content\/uploads\/itsw-logo.png","contentUrl":"https:\/\/itsw.edu.pl\/wp-content\/uploads\/itsw-logo.png","width":350,"height":103,"caption":"International Trilingual School of Warsaw"},"image":{"@id":"https:\/\/itsw.edu.pl\/#\/schema\/logo\/image\/"},"sameAs":["https:\/\/www.facebook.com\/ITSW.School.Escuela.Ecole.XueXiao.Gakko.Warsaw"]},{"@type":"Person","@id":"https:\/\/itsw.edu.pl\/#\/schema\/person\/4a89b345dd3285b6de291f440f753c8f","name":"M.K."}]}},"_links":{"self":[{"href":"https:\/\/itsw.edu.pl\/es\/wp-json\/wp\/v2\/pages\/243176","targetHints":{"allow":["GET"]}}],"collection":[{"href":"https:\/\/itsw.edu.pl\/es\/wp-json\/wp\/v2\/pages"}],"about":[{"href":"https:\/\/itsw.edu.pl\/es\/wp-json\/wp\/v2\/types\/page"}],"author":[{"embeddable":true,"href":"https:\/\/itsw.edu.pl\/es\/wp-json\/wp\/v2\/users\/3"}],"replies":[{"embeddable":true,"href":"https:\/\/itsw.edu.pl\/es\/wp-json\/wp\/v2\/comments?post=243176"}],"version-history":[{"count":7,"href":"https:\/\/itsw.edu.pl\/es\/wp-json\/wp\/v2\/pages\/243176\/revisions"}],"predecessor-version":[{"id":249667,"href":"https:\/\/itsw.edu.pl\/es\/wp-json\/wp\/v2\/pages\/243176\/revisions\/249667"}],"up":[{"embeddable":true,"href":"https:\/\/itsw.edu.pl\/es\/wp-json\/wp\/v2\/pages\/245074"}],"wp:attachment":[{"href":"https:\/\/itsw.edu.pl\/es\/wp-json\/wp\/v2\/media?parent=243176"}],"curies":[{"name":"wp","href":"https:\/\/api.w.org\/{rel}","templated":true}]}}