{"id":243121,"date":"2026-01-06T11:11:58","date_gmt":"2026-01-06T10:11:58","guid":{"rendered":"https:\/\/itsw.edu.pl\/?page_id=243121"},"modified":"2026-01-13T08:11:40","modified_gmt":"2026-01-13T07:11:40","slug":"horarios","status":"publish","type":"page","link":"https:\/\/itsw.edu.pl\/es\/preescolar\/horarios\/","title":{"rendered":"Horarios"},"content":{"rendered":"<div class=\"et_pb_section_0 et_pb_section et_section_regular et_block_section\">\n<div class=\"et_pb_row_0 et_pb_row et_block_row\">\n<div class=\"et_pb_column_0 et_pb_column et_pb_column_4_4 et-last-child et_block_column et_pb_css_mix_blend_mode_passthrough\">\n<div class=\"et_pb_heading_0 et_pb_heading et_pb_module et_block_module\"><div class=\"et_pb_heading_container\"><h1 class=\"et_pb_module_header\">Horario del preescolar triling\u00fce ITSW en Varsovia<\/h1><\/div><\/div>\n<\/div>\n<\/div>\n<\/div>\n\n<div class=\"et_pb_section_1 et_pb_section et_section_regular et_block_section\">\n<div class=\"et_pb_row_1 et_pb_row et_block_row\">\n<div class=\"et_pb_column_1 et_pb_column et_pb_column_1_2 et_block_column et_pb_css_mix_blend_mode_passthrough\">\n<div class=\"et_pb_image_0 et_pb_image et_pb_module et_block_module\"><span class=\"et_pb_image_wrap\"><img decoding=\"async\" src=\"https:\/\/itsw.edu.pl\/wp-content\/uploads\/przedszkolaki-spiewajace-piosenke-po-francusku.jpg\" title=\"przedszkolaki-spiewajace-piosenke-po-francusku\" width=\"555\" height=\"450\" srcset=\"https:\/\/itsw.edu.pl\/wp-content\/uploads\/przedszkolaki-spiewajace-piosenke-po-francusku.jpg 555w, https:\/\/itsw.edu.pl\/wp-content\/uploads\/przedszkolaki-spiewajace-piosenke-po-francusku-480x389.jpg 480w\" sizes=\"(min-width: 0px) and (max-width: 480px) 480px, (min-width: 481px) 555px, 100vw\" class=\"wp-image-243444\" alt=\"Children learning by play ITSW\" \/><\/span><\/div>\n<\/div>\n\n<div class=\"et_pb_column_2 et_pb_column et_pb_column_1_2 et-last-child et_block_column et_pb_css_mix_blend_mode_passthrough\">\n<div class=\"et_pb_text_0 et_pb_text et_pb_bg_layout_light et_pb_module et_block_module\"><div class=\"et_pb_text_inner\"><h2>\u00bfC\u00f3mo es un d\u00eda en el preescolar triling\u00fce ITSW?<\/h2>\n<p><strong>El preescolar ITSW abre todo el a\u00f1o, excepto los d\u00edas festivos, lo que garantiza comodidad y atenci\u00f3n constante a las familias<\/strong>.<br \/>De septiembre a junio, ofrecemos un programa completo y triling\u00fce que incluye aprendizaje a trav\u00e9s del juego, proyectos educativos, inmersi\u00f3n ling\u00fc\u00edstica y rituales diarios que apoyan el desarrollo infantil.<br \/>En julio y agosto, ofrecemos un programa de verano basado en actividades tem\u00e1ticas, movimiento, m\u00fasica y actividades sensoriales, en un ambiente agradable y veraniego. El programa de verano sigue incorporando elementos de aprendizaje de idiomas, pero en un formato m\u00e1s ligero, relajado y l\u00fadico.<\/p>\n<\/div><\/div>\n<\/div>\n<\/div>\n\n<div class=\"et_pb_row_2 et_pb_row et_flex_row\">\n<div class=\"et_pb_column_3 et_pb_column et-last-child et_block_column et_pb_css_mix_blend_mode_passthrough et_flex_column_24_24 et_flex_column_24_24_tablet et_flex_column_24_24_phone\">\n<div class=\"et_pb_text_1 et_pb_text et_pb_bg_layout_light et_pb_module et_block_module\"><div class=\"et_pb_text_inner\"><p>Nuestro horario diario est\u00e1 dise\u00f1ado para apoyar:<\/p>\n<ul>\n<li>el desarrollo natural del lenguaje,<\/li>\n<li>la creatividad, la curiosidad y la independencia,<\/li>\n<li>la sensaci\u00f3n de seguridad a trav\u00e9s de rituales regulares,<\/li>\n<li>el desarrollo social y emocional en un grupo diverso.\n<\/li>\n<\/ul>\n<p>A continuaci\u00f3n, encontrar\u00e1 un horario diario detallado en el preescolar ITSW, que demuestra c\u00f3mo combinamos la educaci\u00f3n, el juego y la inmersi\u00f3n ling\u00fc\u00edstica en un todo cohesionado e inspirador.<\/p>\n<\/div><\/div>\n<\/div>\n<\/div>\n<\/div>\n\n<div class=\"et_pb_section_2 et_pb_section et_section_regular et_block_section\">\n<div class=\"et_pb_row_3 et_pb_row et_block_row\">\n<div class=\"et_pb_column_4 et_pb_column et_pb_column_4_4 et-last-child et_block_column et_pb_css_mix_blend_mode_passthrough\">\n<div class=\"et_pb_text_2 et_pb_text et_pb_bg_layout_light et_pb_module et_block_module\"><div class=\"et_pb_text_inner\"><h2 style=\"text-align: center;\"><strong>Ejemplo de horario diario<\/strong><\/h2>\n<\/div><\/div>\n<\/div>\n<\/div>\n\n<div class=\"et_pb_row_4 et_pb_row et_block_row\">\n<div class=\"et_pb_column_5 et_pb_column et_pb_column_4_4 et-last-child et_block_column et_pb_css_mix_blend_mode_passthrough\">\n<div class=\"et_pb_code_0 et_pb_code et_pb_module\"><div class=\"et_pb_code_inner\"><table class=\"fees-table-red\"><tbody><tr><td width=\"120\">7.30 \u2013 9.00<\/td><td width=\"500\">Llegada y juego libre<\/td><\/tr><tr><td width=\"120\">9.00 \u2013 9.30<\/td><td width=\"500\">Desayuno<\/td><\/tr><tr><td width=\"120\">9.30 \u2013 10.15<\/td><td width=\"500\">Actividades educativas en un dado idioma<\/td><\/tr><tr><td width=\"120\">10.15 \u2013 11.15<\/td><td width=\"500\">Juegos fuera \/ paseo al aire libre<\/td><\/tr><tr><td width=\"120\">11.15 \u2013 12.15<\/td><td width=\"500\">Actividades educativas en un dado idioma<\/td><\/tr><tr><td width=\"120\">12.15 \u2013 13.00<\/td><td width=\"500\">Almuerzo<\/td><\/tr><tr><td width=\"120\">13.00 \u2013 14.30<\/td><td width=\"500\">Siesta<\/td><\/tr><tr><td width=\"120\">14.30 \u2013 16.30<\/td><td width=\"500\">Actividades educativas en un dado idioma<\/td><\/tr><tr><td width=\"120\">16.30 \u2013 17.00<\/td><td width=\"500\">Merienda<\/td><\/tr><tr><td width=\"120\">17.00 \u2013 18.30<\/td><td width=\"500\">Salida de ni\u00f1os \/ juegos libres<\/td><\/tr><\/tbody><\/table>\n<style>\n.fees-table-red {\n  width: 100%;\n  border-collapse: collapse;\n  border:1px solid #e31c18;\n  border-radius: 5px;\n}\n\n.fees-table-red th,\n.fees-table-red td {\n  border: 1px solid #e31c18;\n  padding: 12px 14px !important;\n  vertical-align: top;\n  background: #fbd8d7;\n  color: #16447a !important;\n  vertical-align: middle;   \n  text-align: center;\n}\n  .fees-table tr,  .fees-table-red tr td{\n    border: 2px solid #e31c18;\n  }\n.fees-table-red th {\n  font-weight: 700;\n  text-align: left;\n  white-space: nowrap;\n  font-size:20px;\n  color: #16447a;\n  background: #es1c81;\n  border-bottom: 2px solid #e31c18;\n}\n\n\/* \u015arodkowe kolumny (opis + cena) *\/\n.fees-table-red__mid {\n  background: #ffeec9;\n  border-color: #e31c18;\n  color: #16447a;\n}\n\n\/* Cena *\/\n.fees-table-red__price {\n  white-space: nowrap;\n  text-align: right;\n  font-weight: 700;\n}\n  <\/style><\/div><\/div>\n<\/div>\n<\/div>\n\n<div class=\"et_pb_row_5 et_pb_row et_block_row\">\n<div class=\"et_pb_column_6 et_pb_column et_pb_column_4_4 et-last-child et_block_column et_pb_css_mix_blend_mode_passthrough\">\n<div class=\"et_pb_row_6 et_pb_row et_pb_row_nested et_block_row\">\n<div class=\"et_pb_column_7 et_pb_column et_pb_column_4_4 et-last-child et_block_column et_pb_css_mix_blend_mode_passthrough\">\n<div class=\"et_pb_text_3 et_pb_text et_pb_bg_layout_light et_pb_module et_block_module\"><div class=\"et_pb_text_inner\"><h2 style=\"text-align: center;\"><strong>Ejemplo de distribuci\u00f3n de idiomas<\/strong><\/h2>\n<\/div><\/div>\n<\/div>\n<\/div>\n\n<div class=\"et_pb_code_1 et_pb_code et_pb_module\"><div class=\"et_pb_code_inner\"><table class=\"fees-table-red\"><tbody><tr><td width=\"92\"><\/td><td width=\"113\">Lunes<\/td><td width=\"104\">Martes<\/td><td width=\"101\">Mi\u00e9rcoles<\/td><td width=\"107\">Jueves<\/td><td width=\"102\">Viernes<\/td><\/tr><tr><td width=\"92\">Ma\u00f1ana<\/td><td width=\"113\">Anglais<\/td><td width=\"104\">Polaco<\/td><td width=\"101\">Anglais<\/td><td width=\"107\">Polaco<\/td><td width=\"102\">Franc\u00e8s\/Espa\u00f1ol\/Chinois<\/td><\/tr><tr><td width=\"92\">Apr\u00e8s-Midi\/Tarde<\/td><td width=\"113\">Franc\u00e8s\/Espa\u00f1ol\/Chinois<\/td><td width=\"104\">Anglais<\/td><td width=\"101\">Polaco<\/td><td width=\"107\">Franc\u00e8s\/Espa\u00f1ol\/Chinois<\/td><td width=\"102\">Anglais<\/td><\/tr><\/tbody><\/table>\n<style>\n.fees-table-red {\n  width: 100%;\n  border-collapse: collapse;\n  border:1px solid #e31c18;\n  border-radius: 5px;\n}\n\n.fees-table-red th,\n.fees-table-red td {\n  border: 1px solid #e31c18;\n  padding: 12px 14px !important;\n  vertical-align: top;\n  background: #fbd8d7;\n  color: #16447a !important;\n  vertical-align: middle;   \n  text-align: center;\n}\n  .fees-table tr,  .fees-table-red tr td{\n    border: 2px solid #e31c18;\n  }\n.fees-table-red th {\n  font-weight: 700;\n  text-align: left;\n  white-space: nowrap;\n  font-size:20px;\n  color: #16447a;\n  background: #es1c81;\n  border-bottom: 2px solid #e31c18;\n}\n\n\/* \u015arodkowe kolumny (opis + cena) *\/\n.fees-table-red__mid {\n  background: #fbd8d7;\n  border-color: #e31c18;\n  color: #16447a;\n}\n\n\/* Cena *\/\n.fees-table-red__price {\n  white-space: nowrap;\n  text-align: right;\n  font-weight: 700;\n}\n  <\/style><\/div><\/div>\n<\/div>\n<\/div>\n<\/div>\n\n<div class=\"et_pb_section_3 et_pb_section et_section_regular et_block_section\">\n<div class=\"et_pb_row_7 et_pb_row et_block_row\">\n<div class=\"et_pb_column_8 et_pb_column et_pb_column_4_4 et-last-child et_block_column et_pb_css_mix_blend_mode_passthrough\">\n<div class=\"et_pb_heading_1 et_pb_heading et_pb_module et_block_module\"><div class=\"et_pb_heading_container\"><h2 class=\"et_pb_module_header\">FAQ \u2013 Inscription et frais pour la maternelle trilingue ITSW<\/h2><\/div><\/div>\n<\/div>\n<\/div>\n\n<div class=\"et_pb_row_8 et_pb_row et_block_row\">\n<div class=\"et_pb_column_9 et_pb_column et_pb_column_4_4 et-last-child et_block_column et_pb_css_mix_blend_mode_passthrough\">\n<div class=\"et_pb_accordion_0 et_pb_accordion et_pb_module et_block_module\">\n<div class=\"et_pb_accordion_item_0 et_pb_accordion_item et_pb_toggle et_pb_module et_pb_toggle_open et_block_module\"><h5 class=\"et_pb_toggle_title\">\u00bfC\u00f3mo inscribir a su hijo\/a en el preescolar triling\u00fce ITSW en Varsovia?<\/h5><div class=\"et_pb_toggle_content\"><p>Para inscribir a su hijo\/a en el preescolar triling\u00fce ITSW, debe completar una solicitud, programar una entrevista y completar los tr\u00e1mites del contrato. La inscripci\u00f3n es durante todo el a\u00f1o, pero se recomienda comenzar lo antes posible debido a las plazas limitadas.<\/p>\n<\/div><\/div>\n\n<div class=\"et_pb_accordion_item_1 et_pb_accordion_item et_pb_toggle et_pb_module et_pb_toggle_close et_block_module\"><h5 class=\"et_pb_toggle_title\">\u00bfEl preescolar ITSW acepta ni\u00f1os durante todo el a\u00f1o?<\/h5><div class=\"et_pb_toggle_content\"><p>S\u00ed. El preescolar ITSW acepta ni\u00f1os durante todo el a\u00f1o escolar, siempre que haya plazas disponibles en un grupo determinado. Un contacto temprano aumenta las posibilidades de ser aceptado\/a en un curso o grupo ling\u00fc\u00edstico espec\u00edfico.<\/p>\n<\/div><\/div>\n\n<div class=\"et_pb_accordion_item_2 et_pb_accordion_item et_pb_toggle et_pb_module et_pb_toggle_close et_block_module\"><h5 class=\"et_pb_toggle_title\">\u00bfQu\u00e9 idiomas ofrece el preescolar triling\u00fce ITSW?<\/h5><div class=\"et_pb_toggle_content\"><p>El programa se imparte en ingl\u00e9s y en un idioma a elegir: espa\u00f1ol, franc\u00e9s, chino, japon\u00e9s y polaco. Los ni\u00f1os\/as que se incorporen sin educaci\u00f3n preescolar previa en el preescolar ITSW pueden comenzar en grupos de espa\u00f1ol o franc\u00e9s. Las lenguas tonales (chino y japon\u00e9s) requieren una exposici\u00f3n previa en edad preescolar. Se utilizan m\u00e9todos de inmersi\u00f3n ling\u00fc\u00edstica y UPUL, que permiten a los ni\u00f1os\/as aprender de forma natural, a trav\u00e9s del juego y la interacci\u00f3n con hablantes nativos.<\/p>\n<\/div><\/div>\n\n<div class=\"et_pb_accordion_item_3 et_pb_accordion_item et_pb_toggle et_pb_module et_pb_toggle_close et_block_module\"><h5 class=\"et_pb_toggle_title\">\u00bfEs necesario que un ni\u00f1o sepa un idioma extranjero para empezar a estudiar en el preescolar ITSW?<\/h5><div class=\"et_pb_toggle_content\"><p>No. El preescolar ITSW acepta ni\u00f1os que no hayan tenido contacto previo con un idioma extranjero al nivel deseado. La inmersi\u00f3n ling\u00fc\u00edstica y el apoyo del profesorado les ayudar\u00e1n a adaptarse r\u00e1pida y f\u00e1cilmente a un nuevo entorno ling\u00fc\u00edstico.<\/p>\n<\/div><\/div>\n\n<div class=\"et_pb_accordion_item_4 et_pb_accordion_item et_pb_toggle et_pb_module et_pb_toggle_close et_block_module\"><h5 class=\"et_pb_toggle_title\">\u00bfQu\u00e9 documentos se requieren para la inscripci\u00f3n?<\/h5><div class=\"et_pb_toggle_content\"><p>Para inscribirse, necesita:<\/p>\n<ul>\n<li>un formulario de solicitud [enlace a zapsy],<\/li>\n<li>una fotograf\u00eda del ni\u00f1o,<\/li>\n<li>una copia escaneada\/fotogr\u00e1fica de su pasaporte o certificado de nacimiento,<\/li>\n<li>un acuerdo de inscripci\u00f3n firmado con anexos.<\/li>\n<\/ul>\n<\/div><\/div>\n\n<div class=\"et_pb_accordion_item_5 et_pb_accordion_item et_pb_toggle et_pb_module et_pb_toggle_close et_block_module\"><h5 class=\"et_pb_toggle_title\">\u00bfCu\u00e1nto cuesta el preescolar ITSW?<\/h5><div class=\"et_pb_toggle_content\"><p>La lista de precios para ni\u00f1os de 2,5 a 6 a\u00f1os se encuentra en la tabla de tarifas del sitio web. La tarifa cubre el programa triling\u00fce, el cuidado, las actividades educativas, los materiales y cualquier otro evento program\u00e1tico organizado por la comunidad internacional de ITSW.<\/p>\n<\/div><\/div>\n\n<div class=\"et_pb_accordion_item_6 et_pb_accordion_item et_pb_toggle et_pb_module et_pb_toggle_close et_block_module\"><h5 class=\"et_pb_toggle_title\">\u00bfCu\u00e1l es el mejor momento para iniciar el proceso de solicitud para el preescolar?<\/h5><div class=\"et_pb_toggle_content\"><p>Es mejor reservar con la mayor antelaci\u00f3n posible, incluso varios meses antes del inicio previsto del curso. Los grupos triling\u00fces se llenan r\u00e1pidamente, as\u00ed que reservar con antelaci\u00f3n aumenta significativamente las posibilidades de conseguir un lugar.<\/p>\n<\/div><\/div>\n\n<div class=\"et_pb_accordion_item_7 et_pb_accordion_item et_pb_toggle et_pb_module et_pb_toggle_close et_block_module\"><h5 class=\"et_pb_toggle_title\">\u00bfPuedo visitar el campus de ITSW antes de inscribirme?<\/h5><div class=\"et_pb_toggle_content\"><p>S\u00ed. Los padres pueden programar una visita, recorrer el campus, conocer a los profesores y hacer cualquier pregunta sobre el programa, las tarifas o las transiciones.<\/p>\n<p><a href=\"\/zapisy\">Programa una conversaci\u00f3n o visita en ITSW \u2192<\/a><\/p>\n<\/div><\/div>\n\n<div class=\"et_pb_accordion_item_8 et_pb_accordion_item et_pb_toggle et_pb_module et_pb_toggle_close et_block_module\"><h5 class=\"et_pb_toggle_title\">\u00bfC\u00f3mo apoya ITSW la transici\u00f3n de los nuevos ni\u00f1os?<\/h5><div class=\"et_pb_toggle_content\"><p>El preescolar ofrece una transici\u00f3n suave y gradual, comunicaci\u00f3n diaria con los padres, fotos e informes, y un ambiente lleno de cari\u00f1o, cercan\u00eda y apoyo emocional. Esto ayuda a los ni\u00f1os a sentirse seguros desde el primer d\u00eda.<\/p>\n<\/div><\/div>\n\n<div class=\"et_pb_accordion_item_9 et_pb_accordion_item et_pb_toggle et_pb_module et_pb_toggle_close et_block_module\"><h5 class=\"et_pb_toggle_title\">\u00bfPor qu\u00e9 elegir un preescolar triling\u00fce de ITSW?<\/h5><div class=\"et_pb_toggle_content\"><p>El triling\u00fcismo desarrolla la flexibilidad de pensamiento, la memoria y la concentraci\u00f3n, lo que proporciona a los ni\u00f1os una verdadera ventaja cognitiva desde una edad temprana. Los ni\u00f1os criados en tres idiomas resuelven problemas con mayor rapidez y se adaptan a los cambios con mayor facilidad, lo que les permite desarrollar confianza en s\u00ed mismos en un mundo internacional. El triling\u00fcismo abre las puertas a culturas, relaciones y futuras oportunidades educativas, fomentando un desarrollo intelectual, emocional y social armonioso. Los idiomas desarrollan la funci\u00f3n cognitiva, la creatividad, la memoria y la confianza en uno mismo. En ITSW, los ni\u00f1os aprenden en tres idiomas de forma natural, gracias a hablantes nativos, rituales diarios y juegos. Este es el mejor comienzo para una educaci\u00f3n internacional superior.<\/p>\n<\/div><\/div>\n\n<div class=\"et_pb_accordion_item_10 et_pb_accordion_item et_pb_toggle et_pb_module et_pb_toggle_close et_block_module\"><h5 class=\"et_pb_toggle_title\">\u00bfQu\u00e9 valores gu\u00edan el proceso de admisi\u00f3n de ITSW?<\/h5><div class=\"et_pb_toggle_content\"><p>ITSW acepta a ni\u00f1os que desean desarrollar su potencial, aprovechar las oportunidades de educaci\u00f3n internacional y contribuir a una comunidad basada en la apertura, el respeto y la curiosidad por el mundo.<\/p>\n<\/div><\/div>\n\n<div class=\"et_pb_accordion_item_11 et_pb_accordion_item et_pb_toggle et_pb_module et_pb_toggle_close et_block_module\"><h5 class=\"et_pb_toggle_title\">\u00bfLas cuotas incluyen el programa de idiomas y las actividades extracurriculares?<\/h5><div class=\"et_pb_toggle_content\"><p>S\u00ed. Las cuotas cubren el curr\u00edculo triling\u00fce completo, los materiales did\u00e1cticos, las actividades educativas y otros eventos program\u00e1ticos organizados por la comunidad internacional de ITSW (incluidos las visitas exteriores).<\/p>\n<\/div><\/div>\n<\/div>\n<\/div>\n<\/div>\n\n<div class=\"et_pb_row_9 et_pb_row et_flex_row\">\n<div class=\"et_pb_column_10 et_pb_column et-last-child et_flex_column et_pb_css_mix_blend_mode_passthrough et_flex_column_24_24 et_flex_column_24_24_tablet et_flex_column_24_24_phone\">\n<div class=\"et_pb_module et_pb_button_module_wrapper et_pb_button_0_wrapper\"><a class=\"et_pb_button_0 et_pb_button et_pb_bg_layout_light et_pb_module et_block_module\" href=\"https:\/\/itsw.edu.pl\/es\/formulario-de-admision\/\">Inscribe a tu hijo hoy<\/a><\/div>\n<\/div>\n<\/div>\n<\/div>","protected":false},"excerpt":{"rendered":"","protected":false},"author":3,"featured_media":0,"parent":245824,"menu_order":1,"comment_status":"closed","ping_status":"closed","template":"","meta":{"_acf_changed":false,"inline_featured_image":false,"footnotes":""},"class_list":["post-243121","page","type-page","status-publish","hentry"],"acf":[],"yoast_head":"<!-- This site is optimized with the Yoast SEO plugin v27.5 - https:\/\/yoast.com\/product\/yoast-seo-wordpress\/ -->\n<title>Plan zaj\u0119\u0107 w przedszkolu ITSW \u2013 tr\u00f3jj\u0119zyczna edukacja dzie\u0144 po dniu | Warszawa<\/title>\n<meta name=\"description\" content=\"Zobacz, jak wygl\u0105da dzie\u0144 w tr\u00f3jj\u0119zycznym przedszkolu ITSW! Edukacja, zabawa i j\u0119zyki \u2013 codzienny plan zaj\u0119\u0107 wspiera rozw\u00f3j dzieci w Warszawie przez ca\u0142y rok.\" \/>\n<meta name=\"robots\" content=\"index, follow, max-snippet:-1, max-image-preview:large, max-video-preview:-1\" \/>\n<link rel=\"canonical\" href=\"https:\/\/itsw.edu.pl\/es\/preescolar\/horarios\/\" \/>\n<meta property=\"og:locale\" content=\"es_ES\" \/>\n<meta property=\"og:type\" content=\"article\" \/>\n<meta property=\"og:title\" content=\"Plan dnia w przedszkolu ITSW \u2013 poznaj tr\u00f3jj\u0119zyczny rytm nauki i zabawy\" \/>\n<meta property=\"og:description\" content=\"Jak wygl\u0105da dzie\u0144 w mi\u0119dzynarodowym przedszkolu ITSW? Sprawd\u017a harmonogram, kt\u00f3ry \u0142\u0105czy nauk\u0119 trzech j\u0119zyk\u00f3w, kreatywno\u015b\u0107 i rozw\u00f3j dziecka w bezpiecznej atmosferze!\" \/>\n<meta property=\"og:url\" content=\"https:\/\/itsw.edu.pl\/es\/preescolar\/horarios\/\" \/>\n<meta property=\"og:site_name\" content=\"ITSW\" \/>\n<meta property=\"article:publisher\" content=\"https:\/\/www.facebook.com\/ITSW.School.Escuela.Ecole.XueXiao.Gakko.Warsaw\" \/>\n<meta property=\"article:modified_time\" content=\"2026-01-13T07:11:40+00:00\" \/>\n<meta name=\"twitter:card\" content=\"summary_large_image\" \/>\n<script type=\"application\/ld+json\" class=\"yoast-schema-graph\">{\"@context\":\"https:\\\/\\\/schema.org\",\"@graph\":[{\"@type\":\"Article\",\"@id\":\"https:\\\/\\\/itsw.edu.pl\\\/es\\\/preescolar\\\/horarios\\\/#article\",\"isPartOf\":{\"@id\":\"https:\\\/\\\/itsw.edu.pl\\\/es\\\/preescolar\\\/horarios\\\/\"},\"author\":{\"name\":\"M.K.\",\"@id\":\"https:\\\/\\\/itsw.edu.pl\\\/#\\\/schema\\\/person\\\/4a89b345dd3285b6de291f440f753c8f\"},\"headline\":\"Horarios\",\"datePublished\":\"2026-01-06T10:11:58+00:00\",\"dateModified\":\"2026-01-13T07:11:40+00:00\",\"mainEntityOfPage\":{\"@id\":\"https:\\\/\\\/itsw.edu.pl\\\/es\\\/preescolar\\\/horarios\\\/\"},\"wordCount\":1,\"publisher\":{\"@id\":\"https:\\\/\\\/itsw.edu.pl\\\/#organization\"},\"inLanguage\":\"es\"},{\"@type\":\"WebPage\",\"@id\":\"https:\\\/\\\/itsw.edu.pl\\\/es\\\/preescolar\\\/horarios\\\/\",\"url\":\"https:\\\/\\\/itsw.edu.pl\\\/es\\\/preescolar\\\/horarios\\\/\",\"name\":\"Plan zaj\u0119\u0107 w przedszkolu ITSW \u2013 tr\u00f3jj\u0119zyczna edukacja dzie\u0144 po dniu | Warszawa\",\"isPartOf\":{\"@id\":\"https:\\\/\\\/itsw.edu.pl\\\/#website\"},\"datePublished\":\"2026-01-06T10:11:58+00:00\",\"dateModified\":\"2026-01-13T07:11:40+00:00\",\"description\":\"Zobacz, jak wygl\u0105da dzie\u0144 w tr\u00f3jj\u0119zycznym przedszkolu ITSW! Edukacja, zabawa i j\u0119zyki \u2013 codzienny plan zaj\u0119\u0107 wspiera rozw\u00f3j dzieci w Warszawie przez ca\u0142y rok.\",\"breadcrumb\":{\"@id\":\"https:\\\/\\\/itsw.edu.pl\\\/es\\\/preescolar\\\/horarios\\\/#breadcrumb\"},\"inLanguage\":\"es\",\"potentialAction\":[{\"@type\":\"ReadAction\",\"target\":[\"https:\\\/\\\/itsw.edu.pl\\\/es\\\/preescolar\\\/horarios\\\/\"]}]},{\"@type\":\"BreadcrumbList\",\"@id\":\"https:\\\/\\\/itsw.edu.pl\\\/es\\\/preescolar\\\/horarios\\\/#breadcrumb\",\"itemListElement\":[{\"@type\":\"ListItem\",\"position\":1,\"name\":\"ITSW\",\"item\":\"https:\\\/\\\/itsw.edu.pl\\\/es\\\/\"},{\"@type\":\"ListItem\",\"position\":2,\"name\":\"Preescolar\",\"item\":\"https:\\\/\\\/itsw.edu.pl\\\/es\\\/preescolar\\\/\"},{\"@type\":\"ListItem\",\"position\":3,\"name\":\"Horarios\"}]},{\"@type\":\"WebSite\",\"@id\":\"https:\\\/\\\/itsw.edu.pl\\\/#website\",\"url\":\"https:\\\/\\\/itsw.edu.pl\\\/\",\"name\":\"ITSW\",\"description\":\"\",\"publisher\":{\"@id\":\"https:\\\/\\\/itsw.edu.pl\\\/#organization\"},\"alternateName\":\"International Trilingual School of Warsaw\",\"potentialAction\":[{\"@type\":\"SearchAction\",\"target\":{\"@type\":\"EntryPoint\",\"urlTemplate\":\"https:\\\/\\\/itsw.edu.pl\\\/?s={search_term_string}\"},\"query-input\":{\"@type\":\"PropertyValueSpecification\",\"valueRequired\":true,\"valueName\":\"search_term_string\"}}],\"inLanguage\":\"es\"},{\"@type\":\"Organization\",\"@id\":\"https:\\\/\\\/itsw.edu.pl\\\/#organization\",\"name\":\"International Trilingual School of Warsaw\",\"alternateName\":\"International Trilingual School of Warsaw\",\"url\":\"https:\\\/\\\/itsw.edu.pl\\\/\",\"logo\":{\"@type\":\"ImageObject\",\"inLanguage\":\"es\",\"@id\":\"https:\\\/\\\/itsw.edu.pl\\\/#\\\/schema\\\/logo\\\/image\\\/\",\"url\":\"https:\\\/\\\/itsw.edu.pl\\\/wp-content\\\/uploads\\\/itsw-logo.png\",\"contentUrl\":\"https:\\\/\\\/itsw.edu.pl\\\/wp-content\\\/uploads\\\/itsw-logo.png\",\"width\":350,\"height\":103,\"caption\":\"International Trilingual School of Warsaw\"},\"image\":{\"@id\":\"https:\\\/\\\/itsw.edu.pl\\\/#\\\/schema\\\/logo\\\/image\\\/\"},\"sameAs\":[\"https:\\\/\\\/www.facebook.com\\\/ITSW.School.Escuela.Ecole.XueXiao.Gakko.Warsaw\"]},{\"@type\":\"Person\",\"@id\":\"https:\\\/\\\/itsw.edu.pl\\\/#\\\/schema\\\/person\\\/4a89b345dd3285b6de291f440f753c8f\",\"name\":\"M.K.\"}]}<\/script>\n<!-- \/ Yoast SEO plugin. -->","yoast_head_json":{"title":"Plan zaj\u0119\u0107 w przedszkolu ITSW \u2013 tr\u00f3jj\u0119zyczna edukacja dzie\u0144 po dniu | Warszawa","description":"Zobacz, jak wygl\u0105da dzie\u0144 w tr\u00f3jj\u0119zycznym przedszkolu ITSW! Edukacja, zabawa i j\u0119zyki \u2013 codzienny plan zaj\u0119\u0107 wspiera rozw\u00f3j dzieci w Warszawie przez ca\u0142y rok.","robots":{"index":"index","follow":"follow","max-snippet":"max-snippet:-1","max-image-preview":"max-image-preview:large","max-video-preview":"max-video-preview:-1"},"canonical":"https:\/\/itsw.edu.pl\/es\/preescolar\/horarios\/","og_locale":"es_ES","og_type":"article","og_title":"Plan dnia w przedszkolu ITSW \u2013 poznaj tr\u00f3jj\u0119zyczny rytm nauki i zabawy","og_description":"Jak wygl\u0105da dzie\u0144 w mi\u0119dzynarodowym przedszkolu ITSW? Sprawd\u017a harmonogram, kt\u00f3ry \u0142\u0105czy nauk\u0119 trzech j\u0119zyk\u00f3w, kreatywno\u015b\u0107 i rozw\u00f3j dziecka w bezpiecznej atmosferze!","og_url":"https:\/\/itsw.edu.pl\/es\/preescolar\/horarios\/","og_site_name":"ITSW","article_publisher":"https:\/\/www.facebook.com\/ITSW.School.Escuela.Ecole.XueXiao.Gakko.Warsaw","article_modified_time":"2026-01-13T07:11:40+00:00","twitter_card":"summary_large_image","schema":{"@context":"https:\/\/schema.org","@graph":[{"@type":"Article","@id":"https:\/\/itsw.edu.pl\/es\/preescolar\/horarios\/#article","isPartOf":{"@id":"https:\/\/itsw.edu.pl\/es\/preescolar\/horarios\/"},"author":{"name":"M.K.","@id":"https:\/\/itsw.edu.pl\/#\/schema\/person\/4a89b345dd3285b6de291f440f753c8f"},"headline":"Horarios","datePublished":"2026-01-06T10:11:58+00:00","dateModified":"2026-01-13T07:11:40+00:00","mainEntityOfPage":{"@id":"https:\/\/itsw.edu.pl\/es\/preescolar\/horarios\/"},"wordCount":1,"publisher":{"@id":"https:\/\/itsw.edu.pl\/#organization"},"inLanguage":"es"},{"@type":"WebPage","@id":"https:\/\/itsw.edu.pl\/es\/preescolar\/horarios\/","url":"https:\/\/itsw.edu.pl\/es\/preescolar\/horarios\/","name":"Plan zaj\u0119\u0107 w przedszkolu ITSW \u2013 tr\u00f3jj\u0119zyczna edukacja dzie\u0144 po dniu | Warszawa","isPartOf":{"@id":"https:\/\/itsw.edu.pl\/#website"},"datePublished":"2026-01-06T10:11:58+00:00","dateModified":"2026-01-13T07:11:40+00:00","description":"Zobacz, jak wygl\u0105da dzie\u0144 w tr\u00f3jj\u0119zycznym przedszkolu ITSW! Edukacja, zabawa i j\u0119zyki \u2013 codzienny plan zaj\u0119\u0107 wspiera rozw\u00f3j dzieci w Warszawie przez ca\u0142y rok.","breadcrumb":{"@id":"https:\/\/itsw.edu.pl\/es\/preescolar\/horarios\/#breadcrumb"},"inLanguage":"es","potentialAction":[{"@type":"ReadAction","target":["https:\/\/itsw.edu.pl\/es\/preescolar\/horarios\/"]}]},{"@type":"BreadcrumbList","@id":"https:\/\/itsw.edu.pl\/es\/preescolar\/horarios\/#breadcrumb","itemListElement":[{"@type":"ListItem","position":1,"name":"ITSW","item":"https:\/\/itsw.edu.pl\/es\/"},{"@type":"ListItem","position":2,"name":"Preescolar","item":"https:\/\/itsw.edu.pl\/es\/preescolar\/"},{"@type":"ListItem","position":3,"name":"Horarios"}]},{"@type":"WebSite","@id":"https:\/\/itsw.edu.pl\/#website","url":"https:\/\/itsw.edu.pl\/","name":"ITSW","description":"","publisher":{"@id":"https:\/\/itsw.edu.pl\/#organization"},"alternateName":"International Trilingual School of Warsaw","potentialAction":[{"@type":"SearchAction","target":{"@type":"EntryPoint","urlTemplate":"https:\/\/itsw.edu.pl\/?s={search_term_string}"},"query-input":{"@type":"PropertyValueSpecification","valueRequired":true,"valueName":"search_term_string"}}],"inLanguage":"es"},{"@type":"Organization","@id":"https:\/\/itsw.edu.pl\/#organization","name":"International Trilingual School of Warsaw","alternateName":"International Trilingual School of Warsaw","url":"https:\/\/itsw.edu.pl\/","logo":{"@type":"ImageObject","inLanguage":"es","@id":"https:\/\/itsw.edu.pl\/#\/schema\/logo\/image\/","url":"https:\/\/itsw.edu.pl\/wp-content\/uploads\/itsw-logo.png","contentUrl":"https:\/\/itsw.edu.pl\/wp-content\/uploads\/itsw-logo.png","width":350,"height":103,"caption":"International Trilingual School of Warsaw"},"image":{"@id":"https:\/\/itsw.edu.pl\/#\/schema\/logo\/image\/"},"sameAs":["https:\/\/www.facebook.com\/ITSW.School.Escuela.Ecole.XueXiao.Gakko.Warsaw"]},{"@type":"Person","@id":"https:\/\/itsw.edu.pl\/#\/schema\/person\/4a89b345dd3285b6de291f440f753c8f","name":"M.K."}]}},"_links":{"self":[{"href":"https:\/\/itsw.edu.pl\/es\/wp-json\/wp\/v2\/pages\/243121","targetHints":{"allow":["GET"]}}],"collection":[{"href":"https:\/\/itsw.edu.pl\/es\/wp-json\/wp\/v2\/pages"}],"about":[{"href":"https:\/\/itsw.edu.pl\/es\/wp-json\/wp\/v2\/types\/page"}],"author":[{"embeddable":true,"href":"https:\/\/itsw.edu.pl\/es\/wp-json\/wp\/v2\/users\/3"}],"replies":[{"embeddable":true,"href":"https:\/\/itsw.edu.pl\/es\/wp-json\/wp\/v2\/comments?post=243121"}],"version-history":[{"count":10,"href":"https:\/\/itsw.edu.pl\/es\/wp-json\/wp\/v2\/pages\/243121\/revisions"}],"predecessor-version":[{"id":249644,"href":"https:\/\/itsw.edu.pl\/es\/wp-json\/wp\/v2\/pages\/243121\/revisions\/249644"}],"up":[{"embeddable":true,"href":"https:\/\/itsw.edu.pl\/es\/wp-json\/wp\/v2\/pages\/245824"}],"wp:attachment":[{"href":"https:\/\/itsw.edu.pl\/es\/wp-json\/wp\/v2\/media?parent=243121"}],"curies":[{"name":"wp","href":"https:\/\/api.w.org\/{rel}","templated":true}]}}