{"id":239060,"date":"2025-02-16T22:14:24","date_gmt":"2025-02-16T21:14:24","guid":{"rendered":"https:\/\/itsw.edu.pl\/marticula\/"},"modified":"2026-01-13T23:12:15","modified_gmt":"2026-01-13T22:12:15","slug":"matricula-costos","status":"publish","type":"page","link":"https:\/\/itsw.edu.pl\/es\/guarderia\/matricula-costos\/","title":{"rendered":"Matr\u00edcula y Costos"},"content":{"rendered":"<div class=\"et_pb_section_0 et_pb_section et_section_regular et_block_section\">\n<div class=\"et_pb_row_0 et_pb_row et_block_row\">\n<div class=\"et_pb_column_0 et_pb_column et_pb_column_4_4 et-last-child et_block_column et_pb_css_mix_blend_mode_passthrough\">\n<div class=\"et_pb_heading_0 et_pb_heading et_pb_module et_block_module\"><div class=\"et_pb_heading_container\"><h1 class=\"et_pb_module_header\">Matr\u00edcula y tarifas \u2013 primer ciclo de la escuela infantil ITSW en Varsovia<\/h1><\/div><\/div>\n<\/div>\n<\/div>\n<\/div>\n\n<div class=\"et_pb_section_1 et_pb_section et_section_regular et_block_section\">\n<div class=\"et_pb_row_1 et_pb_row et_flex_row\">\n<div class=\"et_pb_column_1 et_pb_column et_block_column et_pb_css_mix_blend_mode_passthrough et_flex_column_24_24 et_flex_column_24_24_tablet et_flex_column_24_24_phone\">\n<div class=\"et_pb_text_0 et_pb_text et_pb_bg_layout_light et_pb_module et_block_module\"><div class=\"et_pb_text_inner\"><p><strong>Nos complace que est\u00e9 considerando la educaci\u00f3n triling\u00fce para su hijo. Gracias por su inter\u00e9s en nuestra guarder\u00eda de idiomas, ITSW \u2013 Escuela Triling\u00fce Internacional de Varsovia.<\/strong><\/p>\n<p>La guarder\u00eda de idiomas es el momento perfecto para comenzar su camino hacia el triling\u00fcismo. Nuestros grupos se llenan muy r\u00e1pido y los padres suelen inscribir a sus hijos y hermanos con mucha antelaci\u00f3n. Por lo tanto, le animamos a que se ponga en contacto con nosotros en cuanto decida asegurar el futuro triling\u00fce de su hijo.<\/p>\n<\/div><\/div>\n\n<div class=\"et_pb_module et_pb_button_module_wrapper et_pb_button_0_wrapper\"><a class=\"et_pb_button_0 et_pb_button et_pb_bg_layout_light et_pb_module et_block_module\" href=\"https:\/\/itsw.edu.pl\/es\/contacto\/\">Reserva tu lugar<\/a><\/div>\n<\/div>\n\n<div class=\"et_pb_column_2 et_pb_column et-last-child et_block_column et_pb_css_mix_blend_mode_passthrough et_flex_column_24_24 et_flex_column_24_24_tablet et_flex_column_24_24_phone\">\n<div class=\"et_pb_image_0 et_pb_image et_pb_module et_block_module\"><span class=\"et_pb_image_wrap\"><img decoding=\"async\" src=\"https:\/\/itsw.edu.pl\/wp-content\/uploads\/dolacz-do-zlobka-jezykowego-itsw.jpg\" title=\"dolacz do zlobka jezykowego ITSW\" width=\"555\" height=\"450\" srcset=\"https:\/\/itsw.edu.pl\/wp-content\/uploads\/dolacz-do-zlobka-jezykowego-itsw.jpg 555w, https:\/\/itsw.edu.pl\/wp-content\/uploads\/dolacz-do-zlobka-jezykowego-itsw-480x389.jpg 480w\" sizes=\"(min-width: 0px) and (max-width: 480px) 480px, (min-width: 481px) 555px, 100vw\" class=\"wp-image-248460\" alt=\"Children learning by play ITSW\" \/><\/span><\/div>\n<\/div>\n<\/div>\n\n<div class=\"et_pb_row_2 et_pb_row et_flex_row\">\n<div class=\"et_pb_column_3 et_pb_column et_block_column et_pb_css_mix_blend_mode_passthrough et_flex_column_24_24 et_flex_column_24_24_tablet et_flex_column_24_24_phone\">\n<div class=\"et_pb_image_1 et_pb_image et_pb_module et_block_module\"><span class=\"et_pb_image_wrap\"><img decoding=\"async\" src=\"https:\/\/itsw.edu.pl\/wp-content\/uploads\/itsw-jest-otarty-caly-rok.jpg\" title=\"ITSW jest otarty ca\u0142y rok\" width=\"555\" height=\"450\" srcset=\"https:\/\/itsw.edu.pl\/wp-content\/uploads\/itsw-jest-otarty-caly-rok.jpg 555w, https:\/\/itsw.edu.pl\/wp-content\/uploads\/itsw-jest-otarty-caly-rok-480x389.jpg 480w\" sizes=\"(min-width: 0px) and (max-width: 480px) 480px, (min-width: 481px) 555px, 100vw\" class=\"wp-image-248468\" alt=\"Children learning by play ITSW\" \/><\/span><\/div>\n<\/div>\n\n<div class=\"et_pb_column_4 et_pb_column et-last-child et_block_column et_pb_css_mix_blend_mode_passthrough et_flex_column_24_24 et_flex_column_24_24_tablet et_flex_column_24_24_phone\">\n<div class=\"et_pb_text_1 et_pb_text et_pb_bg_layout_light et_pb_module et_block_module\"><div class=\"et_pb_text_inner\"><h2>\u00bfY qu\u00e9 ocurre despu\u00e9s de la guarder\u00eda de idiomas? Trayectoria Educativa ITSW<\/h2>\n<p><strong>Casi todos los ni\u00f1os, tras terminar la guarder\u00eda, contin\u00faan su educaci\u00f3n en nuestra escuela preescolar y luego en nuestra escuela primaria triling\u00fce.<\/strong> Por ello, el n\u00famero de plazas para preescolar y primer grado en ITSW es \u200b\u200blimitado.<\/p>\n<p>Aceptamos ni\u00f1os de cinco a\u00f1os para la clase de preescolar y de seis a\u00f1os para el primer a\u00f1o de la escuela primaria internacional. La matr\u00edcula en preescolar y primaria es selectiva.<\/p>\n<p>Para obtener m\u00e1s informaci\u00f3n sobre las oportunidades que ofrece nuestra guarder\u00eda de idiomas en Powi\u015ble y Saska K\u0119pa, complete nuestra encuesta de selecci\u00f3n. Tras recibirla, le invitamos a una reuni\u00f3n sin compromiso en uno de nuestros campus.<\/p>\n<p><strong>\u00a1Le invitamos cordialmente a visitarnos!<\/strong><\/p>\n<\/div><\/div>\n\n<div class=\"et_pb_module et_pb_button_module_wrapper et_pb_button_1_wrapper\"><a class=\"et_pb_button_1 et_pb_button et_pb_bg_layout_light et_pb_module et_block_module\" href=\"https:\/\/itsw.edu.pl\/es\/formulario-de-admision\/\">Reserve su plaza<\/a><\/div>\n<\/div>\n<\/div>\n<\/div>\n\n<div class=\"et_pb_section_2 et_pb_section et_section_regular et_flex_section\">\n<div class=\"et_pb_row_3 et_pb_row et_flex_row\">\n<div class=\"et_pb_column_5 et_pb_column et-last-child et_flex_column et_pb_css_mix_blend_mode_passthrough et_flex_column_24_24 et_flex_column_24_24_tablet et_flex_column_24_24_phone\">\n<div class=\"et_pb_image_2 et_pb_image et_pb_module et_flex_module\"><span class=\"et_pb_image_wrap\"><img decoding=\"async\" src=\"https:\/\/itsw.edu.pl\/wp-content\/uploads\/aktywny-rodzic-program-itsw.webp\" alt=\"Program aktywny rodzic\" title=\"aktywny-rodzic-program-itsw\" width=\"450\" height=\"200\" srcset=\"https:\/\/itsw.edu.pl\/wp-content\/uploads\/aktywny-rodzic-program-itsw.webp 450w, https:\/\/itsw.edu.pl\/wp-content\/uploads\/aktywny-rodzic-program-itsw-300x133.webp 300w\" sizes=\"(max-width: 450px) 100vw, 450px\" class=\"wp-image-248519\" \/><\/span><\/div>\n\n<div class=\"et_pb_text_2 et_pb_text et_pb_bg_layout_light et_pb_module et_flex_module\"><div class=\"et_pb_text_inner\"><h2 style=\"text-align: center;\">Programa Padres Activos: reduzca el coste de la guarder\u00eda en 1500 PLN al mes<\/h2>\n<p style=\"text-align: center;\">Si planea inscribir a su hijo en nuestra guarder\u00eda, recuerde que puede beneficiarse del programa \"Padres Activos\" del gobierno. Un subsidio de 1500 PLN al mes reduce significativamente el costo de la atenci\u00f3n y la educaci\u00f3n en ITSW. Nuestro centro cumple con todos los requisitos del programa, y \u200b\u200bnuestro equipo administrativo estar\u00e1 encantado de ayudarle con los tr\u00e1mites para que pueda recibir apoyo integral de forma f\u00e1cil y sin estr\u00e9s.<\/p>\n<\/div>\n<div class=\"et_pb_module et_pb_button_module_wrapper et_pb_button_2_wrapper\"><a class=\"et_pb_button_2 et_pb_button et_pb_bg_layout_light et_pb_module et_block_module\" href=\"https:\/\/itsw.edu.pl\/es\/contacto\/\">Pregunta<\/a><\/div>\n<\/div>\n<\/div>\n<\/div>\n<\/div>\n\n<div class=\"et_pb_section_3 et_pb_section et_section_regular et_block_section\">\n<div class=\"et_pb_row_4 et_pb_row et_block_row\">\n<div class=\"et_pb_column_6 et_pb_column et_pb_column_4_4 et-last-child et_block_column et_pb_css_mix_blend_mode_passthrough\">\n<div class=\"et_pb_text_3 et_pb_text et_pb_bg_layout_light et_pb_module et_block_module\"><div class=\"et_pb_text_inner\"><h2 style=\"text-align: center;\"><strong>Escuela infantil 1er ciclo \u2013 pago mensual 2025\/26 \u2013 ni\u00f1os de 1 a 2,5 a\u00f1os (12 a 30 meses)<\/strong><\/h2>\n<\/div><\/div>\n<\/div>\n<\/div>\n\n<div class=\"et_pb_row_5 et_pb_row et_block_row\">\n<div class=\"et_pb_column_7 et_pb_column et_pb_column_4_4 et-last-child et_block_column et_pb_css_mix_blend_mode_passthrough\">\n<div class=\"et_pb_code_0 et_pb_code et_pb_module\"><div class=\"et_pb_code_inner\"><table class=\"fees-table-yellow\" style=\"height: 168px;\"><tbody><tr><td style=\"width: 99.1833px;\"><strong>Cuota de inscripci\u00f3n<\/strong><\/td><td style=\"width: 559.967px;\">Pago al firmar el contrato de inscripci\u00f3n<\/td><td style=\"width: 84.15px;\">1920 PLN<\/td><td style=\"width: 402.7px;\">Pago al acceptaci\u00f3n de la inscripci\u00f3n. Los ni\u00f1os matriculados en la guarder\u00eda ITSW est\u00e1n exentos de los gastos de la inscripci\u00f3n en preescolar.<\/td><\/tr><tr><td style=\"width: 99.1833px;\" rowspan=\"6\"><strong>Gastos<\/strong><\/td><td style=\"width: 559.967px;\">Garant\u00eda<\/td><td style=\"width: 84.15px;\">1000 PLN<\/td><td style=\"width: 402.7px;\">Anticipo de la \u00faltima tarifa en el per\u00edodo de escolarizaci\u00f3n.Los ni\u00f1os matriculados en la guarder\u00eda ITSW est\u00e1n exentos de los gastos de la garant\u00eda en preescolar.<\/td><\/tr><tr><td style=\"width: 559.967px;\">Pago mensual por servicios de guarderia<\/td><td style=\"width: 84.15px;\">1500 PLN<\/td><td style=\"width: 402.7px;\">Hasta el 5 d\u00eda laborable de cada mes. Para los ni\u00f1os que participan en el programa \u00abAktywny w \u017c\u0142obku\u00bb, el pago mensual de la guarderia est\u00e1 cubierto en su totalidad por el ZUS del gobierno. Por favor, revise su solicitud de ZUS.<\/td><\/tr><tr><td style=\"width: 559.967px;\">Pago mensual por actividades linguisticas<\/td><td style=\"width: 84.15px;\">1719 PLN<\/td><td style=\"width: 402.7px;\"><\/td><\/tr><tr><td style=\"width: 559.967px;\">Pago diario (solo durante los meses de vacaciones declarados)<\/td><td style=\"width: 84.15px;\">175 PLN<\/td><td style=\"width: 402.7px;\"><\/td><\/tr><tr><td style=\"width: 559.967px;\">Reducci\u00f3n secundo y cada siguiente ni\u00f1o<\/td><td style=\"width: 84.15px;\">-10%<\/td><td style=\"width: 402.7px;\"><\/td><\/tr><tr><td style=\"width: 559.967px;\">Pago para todo el a\u00f1o escolar<\/td><td style=\"width: 84.15px;\">-5%<\/td><td style=\"width: 402.7px;\"><\/td><\/tr><tr><td style=\"width: 99.1833px;\"><strong>Comida<\/strong><\/td><td style=\"width: 559.967px;\">Comidas diarias (desayuno, almuerzo, merienda)<\/td><td style=\"width: 84.15px;\">26,60 PLN<\/td><td style=\"width: 402.7px;\">Pago basado en pedido mensual. La cancelaci\u00f3n del pedido es posible antes de las 8:00 del mismo d\u00eda.<\/td><\/tr><\/tbody><\/table>\n<style>\n.fees-table-yellow {\n  width: 100%;\n  border-collapse: collapse;\n  border: 1px solid #f1b23c;\n  border-radius: 5px;\n}\n\n.fees-table-yellow th,\n.fees-table-yellow td {\n  border: 1px solid #f1b23c;\n  padding: 12px 14px !important;\n  vertical-align: middle;\n  text-align: center;\n  background: #fbf1df; \/* pastel \u017c\u00f3\u0142ty *\/\n  color: #16447a !important;\n}\n\n\/* Wiersze *\/\n.fees-table-yellow tr,\n.fees-table-yellow tr td {\n  border: 2px solid #f1b23c;\n}\n\n\/* Nag\u0142\u00f3wek *\/\n.fees-table-yellow th {\n  font-weight: 700;\n  font-size: 20px;\n  text-align: left;\n  white-space: nowrap;\n  background: #f1b23c; \/* ciemniejszy \u017c\u00f3\u0142ty *\/\n  color: #16447a;\n  border-bottom: 2px solid #f1b23c;\n}\n\n\/* \u015arodkowe kolumny (np. opis + cena) *\/\n.fees-table-yellow__mid {\n  background: #fbf1df; \/* pastel *\/\n  border-color: #f1b23c;\n  color: #16447a;\n}\n\n\/* Cena *\/\n.fees-table-yellow__price {\n  white-space: nowrap;\n  text-align: right;\n  font-weight: 700;\n}\n\n  <\/style><\/div><\/div>\n<\/div>\n<\/div>\n\n<div class=\"et_pb_row_6 et_pb_row et_block_row\">\n<div class=\"et_pb_column_8 et_pb_column et_pb_column_4_4 et-last-child et_block_column et_pb_css_mix_blend_mode_passthrough\">\n<div class=\"et_pb_module et_pb_button_module_wrapper et_pb_button_3_wrapper\"><a class=\"et_pb_button_3 et_pb_button et_pb_bg_layout_light et_pb_module et_block_module\" href=\"https:\/\/itsw.edu.pl\/es\/escuela-primaria\/grados-4-6\/localizacion\/\">\u00a1Descubre nuestras guarder\u00edas en el centro de Varsovia, en Powi\u015ble y Saska K\u0119pa!<\/a><\/div>\n\n<div class=\"et_pb_module et_pb_button_module_wrapper et_pb_button_4_wrapper\"><a class=\"et_pb_button_4 et_pb_button et_pb_bg_layout_light et_pb_module et_block_module\" href=\"https:\/\/itsw.edu.pl\/es\/contacto\/\">Reserva tu lugar<\/a><\/div>\n<\/div>\n<\/div>\n\n<div class=\"et_pb_row_7 et_pb_row et_flex_row\">\n<div class=\"et_pb_column_9 et_pb_column et-last-child et_flex_column et_pb_css_mix_blend_mode_passthrough et_flex_column_24_24 et_flex_column_24_24_tablet et_flex_column_24_24_phone\">\n<div class=\"et_pb_row_8 et_pb_row et_pb_row_nested et_flex_row\">\n<div class=\"et_pb_column_10 et_pb_column et-last-child et_flex_column et_pb_css_mix_blend_mode_passthrough et_flex_column_24_24 et_flex_column_24_24_tablet et_flex_column_24_24_phone\">\n<div class=\"et_pb_accordion_0 et_pb_accordion et_pb_module et_block_module\">\n<div class=\"et_pb_text_4 et_pb_text et_pb_bg_layout_light et_pb_module et_flex_module\"><div class=\"et_pb_text_inner\"><h2 data-start=\"57\" data-end=\"151\" style=\"text-align: center;\"><strong data-start=\"57\" data-end=\"151\">FAQ \u2013 Las preguntas m\u00e1s frecuentes de los padres sobre la inscripci\u00f3n en la guarder\u00eda ITSW<\/strong><\/h2>\n<p data-start=\"153\" data-end=\"165\">\n<p>\u00a0<\/p>\n<\/div><\/div>\n\n<div class=\"et_pb_accordion_item_0 et_pb_accordion_item et_pb_toggle et_pb_module et_pb_toggle_open et_block_module\"><h5 class=\"et_pb_toggle_title\">\u00bfC\u00f3mo es el proceso de admisi\u00f3n en la guarder\u00eda? <\/h5><div class=\"et_pb_toggle_content\" data-et-mv-hidden-tablet=\"true\"><p data-start=\"62\" data-end=\"424\">La <strong data-start=\"65\" data-end=\"114\">admisi\u00f3n en una guarder\u00eda privada en Varsovia<\/strong> se lleva a cabo de acuerdo con el calendario disponible en el sistema de inscripci\u00f3n. Antes de iniciar el proceso, informamos a las familias sobre los plazos, la documentaci\u00f3n requerida y las normas aplicables; es recomendable familiarizarse con esta informaci\u00f3n para evitar errores al presentar la solicitud.<\/p>\n<p data-start=\"426\" data-end=\"782\">Aunque el proceso de admisi\u00f3n en nuestra instituci\u00f3n est\u00e1 <strong data-start=\"484\" data-end=\"515\">abierto durante todo el a\u00f1o<\/strong>, algunas guarder\u00edas privadas establecen per\u00edodos espec\u00edficos para la recepci\u00f3n de solicitudes. Por ello, conviene actuar con rapidez para asegurar una plaza en la <strong data-start=\"679\" data-end=\"716\">mejor guarder\u00eda ling\u00fc\u00edstica local<\/strong>, por ejemplo, en nuestra ubicaci\u00f3n cercana al centro de Varsovia.<\/p>\n<p data-start=\"784\" data-end=\"1036\">En la mayor\u00eda de los sistemas de admisi\u00f3n se aceptan ni\u00f1os desde aproximadamente la <strong data-start=\"868\" data-end=\"906\">semana 20 de vida hasta los 3 a\u00f1os<\/strong>. Nuestra oferta y nuestros procedimientos est\u00e1n dise\u00f1ados para responder a las necesidades de los m\u00e1s peque\u00f1os y de sus familias.<\/p>\n<\/div><\/div>\n\n<div class=\"et_pb_accordion_item_1 et_pb_accordion_item et_pb_toggle et_pb_module et_pb_toggle_close et_block_module\"><h5 class=\"et_pb_toggle_title\">Admisi\u00f3n en la guarder\u00eda ITSW: \u00bfqu\u00e9 documentos es necesario preparar?<\/h5><div class=\"et_pb_toggle_content\"><p data-start=\"62\" data-end=\"297\">Durante el <strong data-start=\"73\" data-end=\"117\">proceso de admisi\u00f3n en la guarder\u00eda ITSW<\/strong>, es fundamental preparar un <strong data-start=\"146\" data-end=\"181\">conjunto completo de documentos<\/strong>. A continuaci\u00f3n encontrar\u00e1 una lista de los documentos b\u00e1sicos que facilitan la verificaci\u00f3n y agilizan el proceso:<\/p>\n<ul data-start=\"299\" data-end=\"446\">\n<li data-start=\"299\" data-end=\"329\">\n<p data-start=\"301\" data-end=\"329\">certificado de nacimiento,<\/p>\n<\/li>\n<li data-start=\"330\" data-end=\"352\">\n<p data-start=\"332\" data-end=\"352\">cartilla de salud,<\/p>\n<\/li>\n<li data-start=\"353\" data-end=\"401\">\n<p data-start=\"355\" data-end=\"401\">documentos que acrediten el empadronamiento,<\/p>\n<\/li>\n<li data-start=\"402\" data-end=\"446\">\n<p data-start=\"404\" data-end=\"446\">formularios cumplimentados por los padres.<\/p>\n<\/li>\n<\/ul>\n<p data-start=\"448\" data-end=\"798\">Disponer de la documentaci\u00f3n completa nos permite <strong data-start=\"498\" data-end=\"546\">verificar de forma fiable los datos del ni\u00f1o<\/strong> y establecer el lugar de residencia de la familia. Como resultado, las decisiones de admisi\u00f3n se toman sobre la base de informaci\u00f3n completa y verificada, lo que se traduce en un <strong data-start=\"726\" data-end=\"764\">alto nivel de atenci\u00f3n y educaci\u00f3n<\/strong> en nuestra guarder\u00eda ling\u00fc\u00edstica.<\/p>\n<\/div><\/div>\n\n<div class=\"et_pb_accordion_item_2 et_pb_accordion_item et_pb_toggle et_pb_module et_pb_toggle_close et_block_module\"><h5 class=\"et_pb_toggle_title\">\u00bfSe puede inscribir a un ni\u00f1o en una guarder\u00eda privada en Varsovia a lo largo del a\u00f1o?<\/h5><div class=\"et_pb_toggle_content\"><p data-start=\"58\" data-end=\"442\"><strong data-start=\"58\" data-end=\"135\">Entendemos que las necesidades de las familias cambian a lo largo del a\u00f1o<\/strong>, por eso nos esforzamos por ser lo m\u00e1s flexibles posible. La inscripci\u00f3n de un ni\u00f1o durante el curso escolar depende de las normas de cada centro y de la disponibilidad de plazas. Le animamos a ponerse en contacto con nosotros directamente: juntos comprobaremos si podemos acoger a su peque\u00f1o de inmediato.<\/p>\n<p data-start=\"444\" data-end=\"629\">Nuestra flexibilidad y capacidad de respuesta a las necesidades de las familias hacen que muchas de ellas elijan <strong data-start=\"557\" data-end=\"600\">nuestra guarder\u00eda ling\u00fc\u00edstica triling\u00fce<\/strong>, \u00fanica y cercana a su hogar.<\/p>\n<p data-start=\"631\" data-end=\"834\">Si desea asegurar una plaza en la <strong data-start=\"665\" data-end=\"707\">mejor guarder\u00eda ling\u00fc\u00edstica de su zona<\/strong>, por ejemplo en nuestras sedes de <strong data-start=\"742\" data-end=\"766\">Powi\u015ble o Saska K\u0119pa<\/strong>, ll\u00e1menos o escr\u00edbanos: <strong data-start=\"791\" data-end=\"833\">juntos encontraremos la mejor soluci\u00f3n<\/strong>.<\/p>\n<\/div><\/div>\n<\/div>\n<\/div>\n<\/div>\n\n<div class=\"et_pb_text_5 et_pb_text et_pb_bg_layout_light et_pb_module et_flex_module\"><div class=\"et_pb_text_inner\"><p data-start=\"60\" data-end=\"307\"><span style=\"color: #16447a;\"><strong data-start=\"60\" data-end=\"159\">En la guarder\u00eda privada ITSW apostamos por la inmersi\u00f3n ling\u00fc\u00edstica y una experiencia triling\u00fce<\/strong><\/span>: nuestras actividades ofrecen una exposici\u00f3n natural a los idiomas, todo ello en un ambiente lleno de sonrisas y bajo un cuidado atento y cari\u00f1oso.<\/p>\n<p data-start=\"309\" data-end=\"580\"><span style=\"color: #16447a;\"><strong data-start=\"309\" data-end=\"360\">Le invitamos a ponerse en contacto con nosotros<\/strong><\/span> \u2014 visite nuestra guarder\u00eda ling\u00fc\u00edstica en Powi\u015ble o nuestra guarder\u00eda ling\u00fc\u00edstica en Saska K\u0119pa, en Varsovia, y descubra por qu\u00e9 los padres nos recomiendan como la mejor opci\u00f3n para los peque\u00f1os exploradores de idiomas.<\/p>\n<\/div><\/div>\n\n<div class=\"et_pb_module et_pb_button_module_wrapper et_pb_button_5_wrapper\"><a class=\"et_pb_button_5 et_pb_button et_pb_bg_layout_light et_pb_module et_block_module\" href=\"https:\/\/itsw.edu.pl\/es\/escuela-primaria\/grados-4-6\/localizacion\/\">\u00a1Descubre nuestras guarder\u00edas en el centro de Varsovia, en Powi\u015ble y Saska K\u0119pa!<\/a><\/div>\n<\/div>\n<\/div>\n<\/div>\n\n<div class=\"et_pb_section_4 et_pb_section et_section_regular et_block_section\">\n<div class=\"et_pb_row_9 et_pb_row et_block_row\">\n<div class=\"et_pb_column_11 et_pb_column et_pb_column_2_3 et_block_column et_pb_css_mix_blend_mode_passthrough\">\n<div class=\"et_pb_text_6 et_pb_text et_pb_bg_layout_light et_pb_module et_block_module\"><div class=\"et_pb_text_inner\"><div class=\"flex max-w-full flex-col flex-grow\">\n<div data-message-author-role=\"assistant\" data-message-id=\"e041fd6a-a14f-4a8b-b1a3-71b59274b3d7\" dir=\"auto\" class=\"min-h-8 text-message flex w-full flex-col items-end gap-2 whitespace-normal break-words text-start [.text-message+&amp;]:mt-5\" data-message-model-slug=\"gpt-4o\">\n<div class=\"flex w-full flex-col gap-1 empty:hidden first:pt-[3px]\">\n<div class=\"markdown prose w-full break-words dark:prose-invert light\">\n<p>Ayuda a tu hijo a conseguir superpoderes: \u00a1reserva una plaza y br\u00edndale la oportunidad del triling\u00fcismo!<\/p>\n<\/div>\n<\/div>\n<\/div>\n<\/div>\n<div class=\"mb-2 flex gap-3 empty:hidden -ml-2\">\n<div class=\"items-center justify-start rounded-xl p-1 flex\">\n<div class=\"flex items-center\"><span class=\"hidden\"><\/span><\/div>\n<\/div>\n<\/div>\n<\/div><\/div>\n<\/div>\n\n<div class=\"et_pb_column_12 et_pb_column et_pb_column_1_3 et-last-child et_block_column et_pb_css_mix_blend_mode_passthrough\">\n<div class=\"et_pb_module et_pb_button_module_wrapper et_pb_button_6_wrapper\"><a class=\"et_pb_button_6 et_pb_button et_pb_bg_layout_light et_pb_module et_block_module\" href=\"https:\/\/itsw.edu.pl\/es\/matricula\/\" target=\"_blank\">Inscr\u00edbete<\/a><\/div>\n<\/div>\n<\/div>\n<\/div>","protected":false},"excerpt":{"rendered":"","protected":false},"author":3,"featured_media":0,"parent":237498,"menu_order":6,"comment_status":"closed","ping_status":"closed","template":"","meta":{"_acf_changed":false,"inline_featured_image":false,"footnotes":""},"class_list":["post-239060","page","type-page","status-publish","hentry"],"acf":[],"yoast_head":"<!-- This site is optimized with the Yoast SEO plugin v27.5 - https:\/\/yoast.com\/product\/yoast-seo-wordpress\/ -->\n<title>Inscripciones en la escuela infantil ling\u00fc\u00edstica ITSW en Varsovia \u2013 Powi\u015ble, Saska K\u0119pa - ITSW<\/title>\n<meta name=\"description\" content=\"Inicia la aventura de tu hijo en el aprendizaje de idiomas en la guarder\u00eda ITSW. Ofrecemos grupos triling\u00fces con espa\u00f1ol en el centro de Varsovia \u2013 Powi\u015ble y Saska K\u0119pa. \u00a1Las inscripciones para 2025\/26 ya est\u00e1n abiertas, reserva tu lugar!\" \/>\n<meta name=\"robots\" content=\"index, follow, max-snippet:-1, max-image-preview:large, max-video-preview:-1\" \/>\n<link rel=\"canonical\" href=\"https:\/\/itsw.edu.pl\/es\/guarderia\/matricula-costos\/\" \/>\n<meta property=\"og:locale\" content=\"es_ES\" \/>\n<meta property=\"og:type\" content=\"article\" \/>\n<meta property=\"og:title\" content=\"Inscripciones en la escuela infantil ling\u00fc\u00edstica ITSW en Varsovia \u2013 Powi\u015ble, Saska K\u0119pa - ITSW\" \/>\n<meta property=\"og:description\" content=\"Inicia la aventura de tu hijo en el aprendizaje de idiomas en la guarder\u00eda ITSW. Ofrecemos grupos triling\u00fces con espa\u00f1ol en el centro de Varsovia \u2013 Powi\u015ble y Saska K\u0119pa. \u00a1Las inscripciones para 2025\/26 ya est\u00e1n abiertas, reserva tu lugar!\" \/>\n<meta property=\"og:url\" content=\"https:\/\/itsw.edu.pl\/es\/guarderia\/matricula-costos\/\" \/>\n<meta property=\"og:site_name\" content=\"ITSW\" \/>\n<meta property=\"article:publisher\" content=\"https:\/\/www.facebook.com\/ITSW.School.Escuela.Ecole.XueXiao.Gakko.Warsaw\" \/>\n<meta property=\"article:modified_time\" content=\"2026-01-13T22:12:15+00:00\" \/>\n<meta property=\"og:image\" content=\"https:\/\/itsw.edu.pl\/wp-content\/uploads\/karowa-4-300x300.jpg\" \/>\n<meta name=\"twitter:card\" content=\"summary_large_image\" \/>\n<meta name=\"twitter:label1\" content=\"Tiempo de lectura\" \/>\n\t<meta name=\"twitter:data1\" content=\"3 minutos\" \/>\n<script type=\"application\/ld+json\" class=\"yoast-schema-graph\">{\"@context\":\"https:\\\/\\\/schema.org\",\"@graph\":[{\"@type\":\"Article\",\"@id\":\"https:\\\/\\\/itsw.edu.pl\\\/es\\\/guarderia\\\/matricula-costos\\\/#article\",\"isPartOf\":{\"@id\":\"https:\\\/\\\/itsw.edu.pl\\\/es\\\/guarderia\\\/matricula-costos\\\/\"},\"author\":{\"name\":\"M.K.\",\"@id\":\"https:\\\/\\\/itsw.edu.pl\\\/#\\\/schema\\\/person\\\/4a89b345dd3285b6de291f440f753c8f\"},\"headline\":\"Matr\u00edcula y Costos\",\"datePublished\":\"2025-02-16T21:14:24+00:00\",\"dateModified\":\"2026-01-13T22:12:15+00:00\",\"mainEntityOfPage\":{\"@id\":\"https:\\\/\\\/itsw.edu.pl\\\/es\\\/guarderia\\\/matricula-costos\\\/\"},\"wordCount\":4,\"publisher\":{\"@id\":\"https:\\\/\\\/itsw.edu.pl\\\/#organization\"},\"inLanguage\":\"es\"},{\"@type\":\"WebPage\",\"@id\":\"https:\\\/\\\/itsw.edu.pl\\\/es\\\/guarderia\\\/matricula-costos\\\/\",\"url\":\"https:\\\/\\\/itsw.edu.pl\\\/es\\\/guarderia\\\/matricula-costos\\\/\",\"name\":\"Inscripciones en la escuela infantil ling\u00fc\u00edstica ITSW en Varsovia \u2013 Powi\u015ble, Saska K\u0119pa - ITSW\",\"isPartOf\":{\"@id\":\"https:\\\/\\\/itsw.edu.pl\\\/#website\"},\"datePublished\":\"2025-02-16T21:14:24+00:00\",\"dateModified\":\"2026-01-13T22:12:15+00:00\",\"description\":\"Inicia la aventura de tu hijo en el aprendizaje de idiomas en la guarder\u00eda ITSW. Ofrecemos grupos triling\u00fces con espa\u00f1ol en el centro de Varsovia \u2013 Powi\u015ble y Saska K\u0119pa. \u00a1Las inscripciones para 2025\\\/26 ya est\u00e1n abiertas, reserva tu lugar!\",\"breadcrumb\":{\"@id\":\"https:\\\/\\\/itsw.edu.pl\\\/es\\\/guarderia\\\/matricula-costos\\\/#breadcrumb\"},\"inLanguage\":\"es\",\"potentialAction\":[{\"@type\":\"ReadAction\",\"target\":[\"https:\\\/\\\/itsw.edu.pl\\\/es\\\/guarderia\\\/matricula-costos\\\/\"]}]},{\"@type\":\"BreadcrumbList\",\"@id\":\"https:\\\/\\\/itsw.edu.pl\\\/es\\\/guarderia\\\/matricula-costos\\\/#breadcrumb\",\"itemListElement\":[{\"@type\":\"ListItem\",\"position\":1,\"name\":\"ITSW\",\"item\":\"https:\\\/\\\/itsw.edu.pl\\\/es\\\/\"},{\"@type\":\"ListItem\",\"position\":2,\"name\":\"Guarder\u00eda\",\"item\":\"https:\\\/\\\/itsw.edu.pl\\\/es\\\/guarderia\\\/\"},{\"@type\":\"ListItem\",\"position\":3,\"name\":\"Matr\u00edcula y Costos\"}]},{\"@type\":\"WebSite\",\"@id\":\"https:\\\/\\\/itsw.edu.pl\\\/#website\",\"url\":\"https:\\\/\\\/itsw.edu.pl\\\/\",\"name\":\"ITSW\",\"description\":\"\",\"publisher\":{\"@id\":\"https:\\\/\\\/itsw.edu.pl\\\/#organization\"},\"alternateName\":\"International Trilingual School of Warsaw\",\"potentialAction\":[{\"@type\":\"SearchAction\",\"target\":{\"@type\":\"EntryPoint\",\"urlTemplate\":\"https:\\\/\\\/itsw.edu.pl\\\/?s={search_term_string}\"},\"query-input\":{\"@type\":\"PropertyValueSpecification\",\"valueRequired\":true,\"valueName\":\"search_term_string\"}}],\"inLanguage\":\"es\"},{\"@type\":\"Organization\",\"@id\":\"https:\\\/\\\/itsw.edu.pl\\\/#organization\",\"name\":\"International Trilingual School of Warsaw\",\"alternateName\":\"International Trilingual School of Warsaw\",\"url\":\"https:\\\/\\\/itsw.edu.pl\\\/\",\"logo\":{\"@type\":\"ImageObject\",\"inLanguage\":\"es\",\"@id\":\"https:\\\/\\\/itsw.edu.pl\\\/#\\\/schema\\\/logo\\\/image\\\/\",\"url\":\"https:\\\/\\\/itsw.edu.pl\\\/wp-content\\\/uploads\\\/itsw-logo.png\",\"contentUrl\":\"https:\\\/\\\/itsw.edu.pl\\\/wp-content\\\/uploads\\\/itsw-logo.png\",\"width\":350,\"height\":103,\"caption\":\"International Trilingual School of Warsaw\"},\"image\":{\"@id\":\"https:\\\/\\\/itsw.edu.pl\\\/#\\\/schema\\\/logo\\\/image\\\/\"},\"sameAs\":[\"https:\\\/\\\/www.facebook.com\\\/ITSW.School.Escuela.Ecole.XueXiao.Gakko.Warsaw\"]},{\"@type\":\"Person\",\"@id\":\"https:\\\/\\\/itsw.edu.pl\\\/#\\\/schema\\\/person\\\/4a89b345dd3285b6de291f440f753c8f\",\"name\":\"M.K.\"}]}<\/script>\n<!-- \/ Yoast SEO plugin. -->","yoast_head_json":{"title":"Inscripciones en la escuela infantil ling\u00fc\u00edstica ITSW en Varsovia \u2013 Powi\u015ble, Saska K\u0119pa - ITSW","description":"Inicia la aventura de tu hijo en el aprendizaje de idiomas en la guarder\u00eda ITSW. Ofrecemos grupos triling\u00fces con espa\u00f1ol en el centro de Varsovia \u2013 Powi\u015ble y Saska K\u0119pa. \u00a1Las inscripciones para 2025\/26 ya est\u00e1n abiertas, reserva tu lugar!","robots":{"index":"index","follow":"follow","max-snippet":"max-snippet:-1","max-image-preview":"max-image-preview:large","max-video-preview":"max-video-preview:-1"},"canonical":"https:\/\/itsw.edu.pl\/es\/guarderia\/matricula-costos\/","og_locale":"es_ES","og_type":"article","og_title":"Inscripciones en la escuela infantil ling\u00fc\u00edstica ITSW en Varsovia \u2013 Powi\u015ble, Saska K\u0119pa - ITSW","og_description":"Inicia la aventura de tu hijo en el aprendizaje de idiomas en la guarder\u00eda ITSW. Ofrecemos grupos triling\u00fces con espa\u00f1ol en el centro de Varsovia \u2013 Powi\u015ble y Saska K\u0119pa. \u00a1Las inscripciones para 2025\/26 ya est\u00e1n abiertas, reserva tu lugar!","og_url":"https:\/\/itsw.edu.pl\/es\/guarderia\/matricula-costos\/","og_site_name":"ITSW","article_publisher":"https:\/\/www.facebook.com\/ITSW.School.Escuela.Ecole.XueXiao.Gakko.Warsaw","article_modified_time":"2026-01-13T22:12:15+00:00","og_image":[{"url":"https:\/\/itsw.edu.pl\/wp-content\/uploads\/karowa-4-300x300.jpg","type":"","width":"","height":""}],"twitter_card":"summary_large_image","twitter_misc":{"Tiempo de lectura":"3 minutos"},"schema":{"@context":"https:\/\/schema.org","@graph":[{"@type":"Article","@id":"https:\/\/itsw.edu.pl\/es\/guarderia\/matricula-costos\/#article","isPartOf":{"@id":"https:\/\/itsw.edu.pl\/es\/guarderia\/matricula-costos\/"},"author":{"name":"M.K.","@id":"https:\/\/itsw.edu.pl\/#\/schema\/person\/4a89b345dd3285b6de291f440f753c8f"},"headline":"Matr\u00edcula y Costos","datePublished":"2025-02-16T21:14:24+00:00","dateModified":"2026-01-13T22:12:15+00:00","mainEntityOfPage":{"@id":"https:\/\/itsw.edu.pl\/es\/guarderia\/matricula-costos\/"},"wordCount":4,"publisher":{"@id":"https:\/\/itsw.edu.pl\/#organization"},"inLanguage":"es"},{"@type":"WebPage","@id":"https:\/\/itsw.edu.pl\/es\/guarderia\/matricula-costos\/","url":"https:\/\/itsw.edu.pl\/es\/guarderia\/matricula-costos\/","name":"Inscripciones en la escuela infantil ling\u00fc\u00edstica ITSW en Varsovia \u2013 Powi\u015ble, Saska K\u0119pa - ITSW","isPartOf":{"@id":"https:\/\/itsw.edu.pl\/#website"},"datePublished":"2025-02-16T21:14:24+00:00","dateModified":"2026-01-13T22:12:15+00:00","description":"Inicia la aventura de tu hijo en el aprendizaje de idiomas en la guarder\u00eda ITSW. Ofrecemos grupos triling\u00fces con espa\u00f1ol en el centro de Varsovia \u2013 Powi\u015ble y Saska K\u0119pa. \u00a1Las inscripciones para 2025\/26 ya est\u00e1n abiertas, reserva tu lugar!","breadcrumb":{"@id":"https:\/\/itsw.edu.pl\/es\/guarderia\/matricula-costos\/#breadcrumb"},"inLanguage":"es","potentialAction":[{"@type":"ReadAction","target":["https:\/\/itsw.edu.pl\/es\/guarderia\/matricula-costos\/"]}]},{"@type":"BreadcrumbList","@id":"https:\/\/itsw.edu.pl\/es\/guarderia\/matricula-costos\/#breadcrumb","itemListElement":[{"@type":"ListItem","position":1,"name":"ITSW","item":"https:\/\/itsw.edu.pl\/es\/"},{"@type":"ListItem","position":2,"name":"Guarder\u00eda","item":"https:\/\/itsw.edu.pl\/es\/guarderia\/"},{"@type":"ListItem","position":3,"name":"Matr\u00edcula y Costos"}]},{"@type":"WebSite","@id":"https:\/\/itsw.edu.pl\/#website","url":"https:\/\/itsw.edu.pl\/","name":"ITSW","description":"","publisher":{"@id":"https:\/\/itsw.edu.pl\/#organization"},"alternateName":"International Trilingual School of Warsaw","potentialAction":[{"@type":"SearchAction","target":{"@type":"EntryPoint","urlTemplate":"https:\/\/itsw.edu.pl\/?s={search_term_string}"},"query-input":{"@type":"PropertyValueSpecification","valueRequired":true,"valueName":"search_term_string"}}],"inLanguage":"es"},{"@type":"Organization","@id":"https:\/\/itsw.edu.pl\/#organization","name":"International Trilingual School of Warsaw","alternateName":"International Trilingual School of Warsaw","url":"https:\/\/itsw.edu.pl\/","logo":{"@type":"ImageObject","inLanguage":"es","@id":"https:\/\/itsw.edu.pl\/#\/schema\/logo\/image\/","url":"https:\/\/itsw.edu.pl\/wp-content\/uploads\/itsw-logo.png","contentUrl":"https:\/\/itsw.edu.pl\/wp-content\/uploads\/itsw-logo.png","width":350,"height":103,"caption":"International Trilingual School of Warsaw"},"image":{"@id":"https:\/\/itsw.edu.pl\/#\/schema\/logo\/image\/"},"sameAs":["https:\/\/www.facebook.com\/ITSW.School.Escuela.Ecole.XueXiao.Gakko.Warsaw"]},{"@type":"Person","@id":"https:\/\/itsw.edu.pl\/#\/schema\/person\/4a89b345dd3285b6de291f440f753c8f","name":"M.K."}]}},"_links":{"self":[{"href":"https:\/\/itsw.edu.pl\/es\/wp-json\/wp\/v2\/pages\/239060","targetHints":{"allow":["GET"]}}],"collection":[{"href":"https:\/\/itsw.edu.pl\/es\/wp-json\/wp\/v2\/pages"}],"about":[{"href":"https:\/\/itsw.edu.pl\/es\/wp-json\/wp\/v2\/types\/page"}],"author":[{"embeddable":true,"href":"https:\/\/itsw.edu.pl\/es\/wp-json\/wp\/v2\/users\/3"}],"replies":[{"embeddable":true,"href":"https:\/\/itsw.edu.pl\/es\/wp-json\/wp\/v2\/comments?post=239060"}],"version-history":[{"count":25,"href":"https:\/\/itsw.edu.pl\/es\/wp-json\/wp\/v2\/pages\/239060\/revisions"}],"predecessor-version":[{"id":249705,"href":"https:\/\/itsw.edu.pl\/es\/wp-json\/wp\/v2\/pages\/239060\/revisions\/249705"}],"up":[{"embeddable":true,"href":"https:\/\/itsw.edu.pl\/es\/wp-json\/wp\/v2\/pages\/237498"}],"wp:attachment":[{"href":"https:\/\/itsw.edu.pl\/es\/wp-json\/wp\/v2\/media?parent=239060"}],"curies":[{"name":"wp","href":"https:\/\/api.w.org\/{rel}","templated":true}]}}